{"id":10786,"date":"2025-01-22T07:30:45","date_gmt":"2025-01-22T07:30:45","guid":{"rendered":"https:\/\/plasticseurope.org\/pl\/?post_type=pe_event&#038;p=10786"},"modified":"2025-12-01T11:56:53","modified_gmt":"2025-12-01T11:56:53","slug":"pack4future-foodfakty","status":"publish","type":"pe_event","link":"https:\/\/plasticseurope.org\/pl\/events\/pack4future-foodfakty\/","title":{"rendered":"Pack4Future FoodFakty"},"content":{"rendered":"\n<p class=\"has-large-font-size\">Jako\u015b\u0107 i bezpiecze\u0144stwo opakowania \u017cywno\u015bci i suplement\u00f3w. W odpowiedzi na \u201eRewolucj\u0119 opakowaniow\u0105 PPWR i ROP\u201d &#8211; Forum Managerskie i Warsztaty &#8211; Pack4Future<\/p>\n\n\n\n<p>Mi\u0142o nam poinformowa\u0107, \u017ce nasza organizacja zosta\u0142a Partnerem wydarzenia <strong>Jako\u015b\u0107 i bezpiecze\u0144stwo opakowania \u017cywno\u015bci i suplement\u00f3w. W odpowiedzi na \u201eRewolucj\u0119 opakowaniow\u0105 PPWR i ROP\u201d &#8211; Forum Managerskie i Warsztaty &#8211; Pack4Future<\/strong> organizowanego przez FoodFakty.<\/p>\n\n\n\n<p><br>Ju\u017c w dn. 11-12 marca 2025 w \u0141odzi spotka si\u0119 ponad 50 ekspert\u00f3w z najbardziej kluczowych dla obszaru opakowa\u0144 organizacji, wyspecjalizowanych firm, urz\u0119d\u00f3w, instytut\u00f3w i uczelni, kt\u00f3rzy przedstawi\u0105 naj\u015bwie\u017csze interpretacje i praktyczne rozwi\u0105zania dotycz\u0105ce tak zwanej rewolucji opakowaniowej oraz nowych mo\u017cliwo\u015bci technologicznych zwi\u0105zanych z opakowaniem i etykiet\u0105.<\/p>\n\n\n\n<p><br>Podczas Pack4Future na uczestnik\u00f3w czekaj\u0105:<br>\uf0fc 2 dni intensywnych spotka\u0144 i warsztat\u00f3w<br>\uf0fc 2 debaty eksperckie<br>\uf0fc 11 sesji tematycznych, w tym w formacie sprint\u00f3w eksperckich<br>\uf0fc 11 godzinnych warsztat\u00f3w szkoleniowych<br>\uf0fc 2 wyjazdy studyjne do fabryki opakowa\u0144<br>\uf0fc wiecz\u00f3r ekspercki w wyj\u0105tkowej scenerii<br>\uf0fc &gt;50 prelegent\u00f3w, ekspert\u00f3w i praktyk\u00f3w<\/p>\n\n\n\n<p><\/p>\n\n\n\n<p class=\"has-jade-color has-text-color has-link-color wp-elements-0fc08ecf08802f4cd188091cb9af39a8\"><strong>Zesp\u00f3\u0142 Fundacji PlasticsEurope Polska b\u0119dzie mie\u0107 przyjemno\u015b\u0107 podzieli\u0107 si\u0119 swoj\u0105 ekspertyz\u0105 w a\u017c trzech punktach programu:<\/strong><\/p>\n\n\n\n<p>DZIE\u0143 1<\/p>\n\n\n\n<p>13:15-14:30 Sesja: Nowe obowi\u0105zki i ryzyka dla operatora \u017cywno\u015bci w kontek\u015bcie opakowa\u0144 (wyst\u0105pienie &#8222;PPWR \u2013 pocz\u0105tek d\u0142ugiej podr\u00f3\u017cy&#8221;)<\/p>\n\n\n\n<p>15:00-16:00 Debata: Perspektywa regulacyjna ROP w bran\u017cy spo\u017cywczej<\/p>\n\n\n\n<p>DZIE\u0143 2<\/p>\n\n\n\n<p>14:15-15:00 Warsztat: Opakowania z tworzy sztucznych \u2013 fakty i mity<\/p>\n\n\n\n<p><\/p>\n\n\n\n<p>Serdecznie zapraszamy!<\/p>\n\n\n\n<p><\/p>\n\n\n\n<p><\/p>\n\n\n\n<p><\/p>\n","protected":false},"excerpt":{"rendered":"<p>Jako\u015b\u0107 i bezpiecze\u0144stwo opakowania \u017cywno\u015bci i suplement\u00f3w. W odpowiedzi na \u201eRewolucj\u0119 opakowaniow\u0105 PPWR i ROP\u201d &#8211; Forum Managerskie i Warsztaty &#8211; Pack4Future Mi\u0142o nam poinformowa\u0107, \u017ce nasza organizacja zosta\u0142a Partnerem wydarzenia Jako\u015b\u0107 i bezpiecze\u0144stwo opakowania \u017cywno\u015bci i suplement\u00f3w. W odpowiedzi na \u201eRewolucj\u0119 opakowaniow\u0105 PPWR i ROP\u201d &#8211; Forum Managerskie i Warsztaty &#8211; Pack4Future organizowanego przez [&hellip;]<\/p>\n","protected":false},"featured_media":10795,"template":"","event-type":[],"class_list":["post-10786","pe_event","type-pe_event","status-publish","has-post-thumbnail","hentry"],"acf":[],"yoast_head":"<!-- This site is optimized with the Yoast SEO plugin v21.6 - https:\/\/yoast.com\/wordpress\/plugins\/seo\/ -->\n<title>Pack4Future FoodFakty - Plastics Europe PL<\/title>\n<meta name=\"robots\" content=\"index, follow, max-snippet:-1, max-image-preview:large, max-video-preview:-1\" \/>\n<link rel=\"canonical\" href=\"https:\/\/plasticseurope.org\/pl\/events\/pack4future-foodfakty\/\" \/>\n<meta property=\"og:locale\" content=\"pl_PL\" \/>\n<meta property=\"og:type\" content=\"article\" \/>\n<meta property=\"og:title\" content=\"Pack4Future FoodFakty - Plastics Europe PL\" \/>\n<meta property=\"og:description\" content=\"Jako\u015b\u0107 i bezpiecze\u0144stwo opakowania \u017cywno\u015bci i suplement\u00f3w. W odpowiedzi na \u201eRewolucj\u0119 opakowaniow\u0105 PPWR i ROP\u201d &#8211; Forum Managerskie i Warsztaty &#8211; Pack4Future Mi\u0142o nam poinformowa\u0107, \u017ce nasza organizacja zosta\u0142a Partnerem wydarzenia Jako\u015b\u0107 i bezpiecze\u0144stwo opakowania \u017cywno\u015bci i suplement\u00f3w. W odpowiedzi na \u201eRewolucj\u0119 opakowaniow\u0105 PPWR i ROP\u201d &#8211; Forum Managerskie i Warsztaty &#8211; Pack4Future organizowanego przez [&hellip;]\" \/>\n<meta property=\"og:url\" content=\"https:\/\/plasticseurope.org\/pl\/events\/pack4future-foodfakty\/\" \/>\n<meta property=\"og:site_name\" content=\"Plastics Europe PL\" \/>\n<meta property=\"article:modified_time\" content=\"2025-12-01T11:56:53+00:00\" \/>\n<meta property=\"og:image\" content=\"https:\/\/plasticseurope.org\/pl\/wp-content\/uploads\/sites\/7\/2025\/01\/Plastic-Europe-LIn.png\" \/>\n\t<meta property=\"og:image:width\" content=\"1080\" \/>\n\t<meta property=\"og:image:height\" content=\"1080\" \/>\n\t<meta property=\"og:image:type\" content=\"image\/png\" \/>\n<meta name=\"twitter:card\" content=\"summary_large_image\" \/>\n<meta name=\"twitter:label1\" content=\"Szacowany czas czytania\" \/>\n\t<meta name=\"twitter:data1\" content=\"2 minuty\" \/>\n<script type=\"application\/ld+json\" class=\"yoast-schema-graph\">{\"@context\":\"https:\/\/schema.org\",\"@graph\":[{\"@type\":\"WebPage\",\"@id\":\"https:\/\/plasticseurope.org\/pl\/events\/pack4future-foodfakty\/\",\"url\":\"https:\/\/plasticseurope.org\/pl\/events\/pack4future-foodfakty\/\",\"name\":\"Pack4Future FoodFakty - Plastics Europe PL\",\"isPartOf\":{\"@id\":\"https:\/\/plasticseurope.org\/pl\/#website\"},\"datePublished\":\"2025-01-22T07:30:45+00:00\",\"dateModified\":\"2025-12-01T11:56:53+00:00\",\"breadcrumb\":{\"@id\":\"https:\/\/plasticseurope.org\/pl\/events\/pack4future-foodfakty\/#breadcrumb\"},\"inLanguage\":\"pl-PL\",\"potentialAction\":[{\"@type\":\"ReadAction\",\"target\":[\"https:\/\/plasticseurope.org\/pl\/events\/pack4future-foodfakty\/\"]}]},{\"@type\":\"BreadcrumbList\",\"@id\":\"https:\/\/plasticseurope.org\/pl\/events\/pack4future-foodfakty\/#breadcrumb\",\"itemListElement\":[{\"@type\":\"ListItem\",\"position\":1,\"name\":\"Home\",\"item\":\"https:\/\/plasticseurope.org\/pl\/\"},{\"@type\":\"ListItem\",\"position\":2,\"name\":\"Pack4Future FoodFakty\"}]},{\"@type\":\"WebSite\",\"@id\":\"https:\/\/plasticseurope.org\/pl\/#website\",\"url\":\"https:\/\/plasticseurope.org\/pl\/\",\"name\":\"Plastics Europe PL\",\"description\":\"Enabling a sustainable future\",\"potentialAction\":[{\"@type\":\"SearchAction\",\"target\":{\"@type\":\"EntryPoint\",\"urlTemplate\":\"https:\/\/plasticseurope.org\/pl\/?s={search_term_string}\"},\"query-input\":\"required name=search_term_string\"}],\"inLanguage\":\"pl-PL\"}]}<\/script>\n<!-- \/ Yoast SEO plugin. -->","yoast_head_json":{"title":"Pack4Future FoodFakty - Plastics Europe PL","robots":{"index":"index","follow":"follow","max-snippet":"max-snippet:-1","max-image-preview":"max-image-preview:large","max-video-preview":"max-video-preview:-1"},"canonical":"https:\/\/plasticseurope.org\/pl\/events\/pack4future-foodfakty\/","og_locale":"pl_PL","og_type":"article","og_title":"Pack4Future FoodFakty - Plastics Europe PL","og_description":"Jako\u015b\u0107 i bezpiecze\u0144stwo opakowania \u017cywno\u015bci i suplement\u00f3w. W odpowiedzi na \u201eRewolucj\u0119 opakowaniow\u0105 PPWR i ROP\u201d &#8211; Forum Managerskie i Warsztaty &#8211; Pack4Future Mi\u0142o nam poinformowa\u0107, \u017ce nasza organizacja zosta\u0142a Partnerem wydarzenia Jako\u015b\u0107 i bezpiecze\u0144stwo opakowania \u017cywno\u015bci i suplement\u00f3w. W odpowiedzi na \u201eRewolucj\u0119 opakowaniow\u0105 PPWR i ROP\u201d &#8211; Forum Managerskie i Warsztaty &#8211; Pack4Future organizowanego przez [&hellip;]","og_url":"https:\/\/plasticseurope.org\/pl\/events\/pack4future-foodfakty\/","og_site_name":"Plastics Europe PL","article_modified_time":"2025-12-01T11:56:53+00:00","og_image":[{"width":1080,"height":1080,"url":"https:\/\/plasticseurope.org\/pl\/wp-content\/uploads\/sites\/7\/2025\/01\/Plastic-Europe-LIn.png","type":"image\/png"}],"twitter_card":"summary_large_image","twitter_misc":{"Szacowany czas czytania":"2 minuty"},"schema":{"@context":"https:\/\/schema.org","@graph":[{"@type":"WebPage","@id":"https:\/\/plasticseurope.org\/pl\/events\/pack4future-foodfakty\/","url":"https:\/\/plasticseurope.org\/pl\/events\/pack4future-foodfakty\/","name":"Pack4Future FoodFakty - Plastics Europe PL","isPartOf":{"@id":"https:\/\/plasticseurope.org\/pl\/#website"},"datePublished":"2025-01-22T07:30:45+00:00","dateModified":"2025-12-01T11:56:53+00:00","breadcrumb":{"@id":"https:\/\/plasticseurope.org\/pl\/events\/pack4future-foodfakty\/#breadcrumb"},"inLanguage":"pl-PL","potentialAction":[{"@type":"ReadAction","target":["https:\/\/plasticseurope.org\/pl\/events\/pack4future-foodfakty\/"]}]},{"@type":"BreadcrumbList","@id":"https:\/\/plasticseurope.org\/pl\/events\/pack4future-foodfakty\/#breadcrumb","itemListElement":[{"@type":"ListItem","position":1,"name":"Home","item":"https:\/\/plasticseurope.org\/pl\/"},{"@type":"ListItem","position":2,"name":"Pack4Future FoodFakty"}]},{"@type":"WebSite","@id":"https:\/\/plasticseurope.org\/pl\/#website","url":"https:\/\/plasticseurope.org\/pl\/","name":"Plastics Europe PL","description":"Enabling a sustainable future","potentialAction":[{"@type":"SearchAction","target":{"@type":"EntryPoint","urlTemplate":"https:\/\/plasticseurope.org\/pl\/?s={search_term_string}"},"query-input":"required name=search_term_string"}],"inLanguage":"pl-PL"}]}},"_links":{"self":[{"href":"https:\/\/plasticseurope.org\/pl\/wp-json\/wp\/v2\/pe_event\/10786","targetHints":{"allow":["GET"]}}],"collection":[{"href":"https:\/\/plasticseurope.org\/pl\/wp-json\/wp\/v2\/pe_event"}],"about":[{"href":"https:\/\/plasticseurope.org\/pl\/wp-json\/wp\/v2\/types\/pe_event"}],"wp:featuredmedia":[{"embeddable":true,"href":"https:\/\/plasticseurope.org\/pl\/wp-json\/wp\/v2\/media\/10795"}],"wp:attachment":[{"href":"https:\/\/plasticseurope.org\/pl\/wp-json\/wp\/v2\/media?parent=10786"}],"wp:term":[{"taxonomy":"event-type","embeddable":true,"href":"https:\/\/plasticseurope.org\/pl\/wp-json\/wp\/v2\/event-type?post=10786"}],"curies":[{"name":"wp","href":"https:\/\/api.w.org\/{rel}","templated":true}]}}