{"id":48,"date":"2021-10-23T08:40:59","date_gmt":"2021-10-23T08:40:59","guid":{"rendered":"https:\/\/plasticseurope.wpenginepowered.com\/pl\/centrum-wiedzy\/"},"modified":"2025-11-10T10:52:05","modified_gmt":"2025-11-10T10:52:05","slug":"centrum-wiedzy","status":"publish","type":"page","link":"https:\/\/plasticseurope.org\/pl\/centrum-wiedzy\/","title":{"rendered":"Centrum wiedzy"},"content":{"rendered":"\n<div class=\"wp-block-group is-layout-constrained wp-block-group-is-layout-constrained\">\n<h2 class=\"wp-block-heading\">&#8222;Tworzywa \u2013 Fakty 2025 w pigu\u0142ce&#8221;: wybrane dane<\/h2>\n\n\n\n<div class=\"wp-block-group is-content-justification-space-between is-layout-flex wp-container-core-group-is-layout-9366075c wp-block-group-is-layout-flex\">\n<div class=\"wp-block-group is-layout-constrained wp-block-group-is-layout-constrained\">\n<p>\u201eTworzywa \u2013 Fakty 2025 w pigu\u0142ce\u201d zawieraj\u0105 wst\u0119pne \u015bwiatowe i europejskie dane dotycz\u0105ce produkcji tworzyw sztucznych w 2024 roku. <br>Prezentuj\u0105 tak\u017ce najwa\u017cniejsze dane ekonomiczne dotycz\u0105ce europejskiego przemys\u0142u tworzyw sztucznych, jego bilansu handlowego i g\u0142\u00f3wnych partner\u00f3w handlowych.<\/p>\n<\/div>\n\n\n\n<div class=\"wp-block-buttons is-layout-flex wp-block-buttons-is-layout-flex\">\n<div class=\"wp-block-button\"><a class=\"wp-block-button__link has-satsuma-background-color has-background has-medium-font-size has-custom-font-size wp-element-button\" href=\"https:\/\/plasticseurope.org\/pl\/knowledge-hub\/tworzywa-fakty-2025-w-pigulce\/\" style=\"padding-top:12px;padding-right:20px;padding-bottom:12px;padding-left:20px;font-style:normal;font-weight:700\">Zapoznaj si\u0119 z raportem<\/a><\/div>\n<\/div>\n<\/div>\n\n\n\n<div class=\"wp-block-group is-layout-constrained wp-block-group-is-layout-constrained\">\n<p class=\"has-text-align-center md:hidden\"><em>Tap the graphs to reveal additional information<\/em><\/p>\n\n\n\n<p class=\"has-text-align-center md:block\"><em>Najed\u017a kursorem na wykres, aby wy\u015bwietli\u0107 dodatkowe informacje<\/em><\/p>\n\n\n\n<div class=\"wp-block-columns is-layout-flex wp-container-core-columns-is-layout-3df12104 wp-block-columns-is-layout-flex\" style=\"margin-top:8px\">\n<div class=\"wp-block-column is-layout-flow wp-block-column-is-layout-flow\">\n<div class=\"wp-block-group has-border-color has-grey-border-color is-layout-constrained wp-container-core-group-is-layout-0b691c38 wp-block-group-is-layout-constrained\" style=\"border-width:1px;border-radius:6px;padding-top:15px;padding-right:15px;padding-bottom:15px;padding-left:15px;box-shadow:var(--wp--preset--shadow--light)\">\n<h5 class=\"wp-block-heading text-sm has-medium-font-size\">Por\u00f3wnanie produkcji tworzyw sztucznych<\/h5>\n\n\n\n<div class=\"wp-block-group is-nowrap is-layout-flex wp-container-core-group-is-layout-37505225 wp-block-group-is-layout-flex\">\n<p class=\"has-text-align-center has-white-color has-jade-background-color has-text-color has-background has-link-color has-small-font-size wp-elements-24fc3c9296111ce09ae80b4278449d9e\" id=\"wp-block-button__link-has-jade-background-color-has-background-has-small-font-size-has-custom-font-size-wp-element-button\" style=\"border-radius:99px;padding-top:10px;padding-right:20px;padding-bottom:10px;padding-left:20px;font-style:normal;font-weight:700\">\u015awiatowa produkcja tworzyw<\/p>\n\n\n\n<p class=\"has-text-align-center wp-container-content-c42f3963\">vs<\/p>\n\n\n\n<p class=\"has-text-align-center has-white-color has-ember-background-color has-text-color has-background has-link-color has-small-font-size wp-elements-b1fd6d11d1c6e6097ab4d9831551e602\" id=\"wp-block-button__link-has-jade-background-color-has-background-has-small-font-size-has-custom-font-size-wp-element-button\" style=\"border-radius:99px;padding-top:10px;padding-right:20px;padding-bottom:10px;padding-left:20px;font-style:normal;font-weight:700\">Europejska produkcja tworzyw<\/p>\n<\/div>\n\n\n<div class=\"visualizer-front-container\" id=\"chart_wrapper_visualizer-12405-2019195334\"><style type=\"text\/css\" name=\"visualizer-custom-css\" id=\"customcss-visualizer-12405\">.locker,.locker-loader{position:absolute;top:0;left:0;width:100%;height:100%}.locker{z-index:1000;opacity:.8;background-color:#fff;-ms-filter:\"progid:DXImageTransform.Microsoft.Alpha(Opacity=80)\";filter:alpha(opacity=80)}.locker-loader{z-index:1001;background:url(https:\/\/plasticseurope.org\/pl\/wp-content\/plugins\/visualizer\/images\/ajax-loader.gif) no-repeat center center}.dt-button{display:none!important}.visualizer-front-container.visualizer-lazy-render{content-visibility: auto;}.google-visualization-controls-categoryfilter label.google-visualization-controls-label {vertical-align: middle;}.google-visualization-controls-categoryfilter li.goog-inline-block {margin: 0 0.2em;}.google-visualization-controls-categoryfilter li {padding: 0 0.2em;}.visualizer-front-container .dataTables_scrollHeadInner{margin: 0 auto;}.visualizer-editor-front-container{position:relative;width:auto;margin:5%;background:#fff}.visualizer-editor-front{overflow:hidden;width:100%;height:500px}.visualizer-editor-front-actions{padding-bottom:3px}.visualizer-editor-save,.visualizer-editor-cancel{margin:0 4px;padding:2px 15px}.visualizer-cw-error .visualizer-actions{display:none !important;} <\/style><div id=\"visualizer-12405-2019195334\" class=\"visualizer-front  visualizer-front-12405\"><\/div><!-- Not showing structured data for chart 12405 because title is empty --><\/div><\/div>\n<\/div>\n\n\n\n<div class=\"wp-block-column is-layout-flow wp-block-column-is-layout-flow\">\n<div class=\"wp-block-group has-border-color has-grey-border-color is-layout-constrained wp-container-core-group-is-layout-0b691c38 wp-block-group-is-layout-constrained\" style=\"border-width:1px;border-radius:6px;padding-top:15px;padding-right:15px;padding-bottom:15px;padding-left:15px;box-shadow:var(--wp--preset--shadow--light)\">\n<h5 class=\"wp-block-heading has-medium-font-size\">Recyklaty z pokonsumenckich odpad\u00f3w tworzyw sztucznych<\/h5>\n\n\n\n<div class=\"wp-block-columns is-not-stacked-on-mobile is-layout-flex wp-container-core-columns-is-layout-28f84493 wp-block-columns-is-layout-flex\">\n<div class=\"wp-block-column is-vertically-aligned-center is-layout-flow wp-container-core-column-is-layout-47e5a185 wp-block-column-is-layout-flow\" style=\"flex-basis:50%\">\n<p class=\"has-sky-color has-text-color has-link-color wp-elements-a98ea1540abdab04ac1a2314f2cc70c4\" style=\"font-size:20px\">Produkcja recyklat\u00f3w z pokonsumenckich odpad\u00f3w tworzyw sztucznych w Europie <br><mark style=\"background-color:#15ACD4\" class=\"has-inline-color has-white-color\"><strong>&nbsp;wzros\u0142a o&nbsp;<\/strong><\/mark> <\/p>\n\n\n\n<p class=\"has-sky-color has-text-color has-link-color wp-elements-5cdc06ad74cf71bae080b3eed3955be6\" style=\"font-size:60px;font-style:normal;font-weight:700;line-height:1\">59,1%<\/p>\n\n\n\n<p class=\"has-sky-color has-text-color has-link-color wp-elements-f337074c6b9dfb4ff1a3e3348ec2ee01\" style=\"font-size:12px\">od 2018 roku<\/p>\n<\/div>\n\n\n\n<div class=\"wp-block-column is-layout-flow wp-block-column-is-layout-flow\" style=\"flex-basis:50%\"><div class=\"visualizer-front-container\" id=\"chart_wrapper_visualizer-12443-289148942\"><style type=\"text\/css\" name=\"visualizer-custom-css\" id=\"customcss-visualizer-12443\">.locker,.locker-loader{position:absolute;top:0;left:0;width:100%;height:100%}.locker{z-index:1000;opacity:.8;background-color:#fff;-ms-filter:\"progid:DXImageTransform.Microsoft.Alpha(Opacity=80)\";filter:alpha(opacity=80)}.locker-loader{z-index:1001;background:url(https:\/\/plasticseurope.org\/pl\/wp-content\/plugins\/visualizer\/images\/ajax-loader.gif) no-repeat center center}.dt-button{display:none!important}.visualizer-front-container.visualizer-lazy-render{content-visibility: auto;}.google-visualization-controls-categoryfilter label.google-visualization-controls-label {vertical-align: middle;}.google-visualization-controls-categoryfilter li.goog-inline-block {margin: 0 0.2em;}.google-visualization-controls-categoryfilter li {padding: 0 0.2em;}.visualizer-front-container .dataTables_scrollHeadInner{margin: 0 auto;}.visualizer-editor-front-container{position:relative;width:auto;margin:5%;background:#fff}.visualizer-editor-front{overflow:hidden;width:100%;height:500px}.visualizer-editor-front-actions{padding-bottom:3px}.visualizer-editor-save,.visualizer-editor-cancel{margin:0 4px;padding:2px 15px}.visualizer-cw-error .visualizer-actions{display:none !important;} <\/style><div id=\"visualizer-12443-289148942\" class=\"visualizer-front  visualizer-front-12443\"><\/div><!-- Not showing structured data for chart 12443 because title is empty --><\/div><\/div>\n<\/div>\n<\/div>\n\n\n\n<div class=\"wp-block-group has-border-color has-grey-border-color is-layout-constrained wp-container-core-group-is-layout-0b691c38 wp-block-group-is-layout-constrained\" style=\"border-width:1px;border-radius:6px;padding-top:15px;padding-right:15px;padding-bottom:15px;padding-left:15px;box-shadow:var(--wp--preset--shadow--light)\">\n<h5 class=\"wp-block-heading text-sm has-medium-font-size\">Udzia\u0142 w \u015bwiatowej produkcji tworzyw<\/h5>\n\n\n<div class=\"visualizer-front-container\" id=\"chart_wrapper_visualizer-12689-1285332575\"><style type=\"text\/css\" name=\"visualizer-custom-css\" id=\"customcss-visualizer-12689\">.locker,.locker-loader{position:absolute;top:0;left:0;width:100%;height:100%}.locker{z-index:1000;opacity:.8;background-color:#fff;-ms-filter:\"progid:DXImageTransform.Microsoft.Alpha(Opacity=80)\";filter:alpha(opacity=80)}.locker-loader{z-index:1001;background:url(https:\/\/plasticseurope.org\/pl\/wp-content\/plugins\/visualizer\/images\/ajax-loader.gif) no-repeat center center}.dt-button{display:none!important}.visualizer-front-container.visualizer-lazy-render{content-visibility: auto;}.google-visualization-controls-categoryfilter label.google-visualization-controls-label {vertical-align: middle;}.google-visualization-controls-categoryfilter li.goog-inline-block {margin: 0 0.2em;}.google-visualization-controls-categoryfilter li {padding: 0 0.2em;}.visualizer-front-container .dataTables_scrollHeadInner{margin: 0 auto;}.visualizer-editor-front-container{position:relative;width:auto;margin:5%;background:#fff}.visualizer-editor-front{overflow:hidden;width:100%;height:500px}.visualizer-editor-front-actions{padding-bottom:3px}.visualizer-editor-save,.visualizer-editor-cancel{margin:0 4px;padding:2px 15px}.visualizer-cw-error .visualizer-actions{display:none !important;} <\/style><div id=\"visualizer-12689-1285332575\" class=\"visualizer-front  visualizer-front-12689\"><\/div><!-- Not showing structured data for chart 12689 because title is empty --><\/div>\n\n\n<div class=\"wp-block-group is-vertical is-content-justification-center is-layout-flex wp-container-core-group-is-layout-24d606cf wp-block-group-is-layout-flex\" style=\"margin-top:0px\">\n<p class=\"has-text-align-center text-sm has-satsuma-color has-text-color has-link-color has-medium-font-size wp-elements-1830532f3b52c3588eb3fd843c5fb8f8\">Europejski przemys\u0142 tworzyw<\/p>\n\n\n\n<p class=\"has-text-align-center text-sm has-white-color has-satsuma-background-color has-text-color has-background has-link-color has-medium-font-size wp-elements-a86c13020364ef08ee288ffe2f78f630\" style=\"padding-top:0px;padding-bottom:0px\"><strong>traci swoj\u0105 konkurencyjno\u015b\u0107<\/strong><\/p>\n<\/div>\n<\/div>\n<\/div>\n<\/div>\n<\/div>\n<\/div>\n\n\n\n<div class=\"wp-block-group alignfull has-systemiq-light-green-background-color has-background is-layout-constrained wp-container-core-group-is-layout-94ae4d1e wp-block-group-is-layout-constrained\" style=\"margin-top:40px;padding-top:40px;padding-bottom:40px\">\n<div class=\"wp-block-group is-layout-constrained wp-block-group-is-layout-constrained\">\n<h2 class=\"wp-block-heading px-4 xl:px-0 has-systemiq-green-color has-text-color has-link-color wp-elements-dfdf90624433b4cad190bad397d57410\" style=\"font-style:normal;font-weight:900\">Nasze komentarze i analizy<\/h2>\n\n\n\n<div class=\"wp-block-query swiper postsSwiper px-4 xl:px-0 is-layout-flow wp-block-query-is-layout-flow\"><ul class=\"columns-4 swiper-wrapper flex sm:grid wp-block-post-template is-layout-grid wp-container-core-post-template-is-layout-aad3ae65 wp-block-post-template-is-layout-grid\"><li class=\"wp-block-post post-12994 post type-post status-publish format-standard has-post-thumbnail hentry category-informacje-prasowe tag-cyrkularnosc tag-goz tag-recykling tag-tworzywa\">\n\n<div class=\"wp-block-group relative flex flex-col items-stretch rounded-md overflow-hidden h-96 md:h-96 has-white-background-color has-background is-vertical is-content-justification-left is-layout-flex wp-container-core-group-is-layout-2635289b wp-block-group-is-layout-flex\" style=\"border-radius:6px;min-height:100%\">\n<div class=\"wp-block-group post-img-view-link relative flex-shrink-0 bg-seafoam-900 h-48 md:h-48 is-layout-constrained wp-container-core-group-is-layout-c8431ee3 wp-block-group-is-layout-constrained\"><figure class=\"wp-block-post-featured-image\"><img loading=\"lazy\" decoding=\"async\" width=\"1754\" height=\"986\" src=\"https:\/\/plasticseurope.org\/pl\/wp-content\/uploads\/sites\/7\/2026\/04\/2735267_CircularityReportBanners_1754X986_2_041026-1.png\" class=\"attachment-post-thumbnail size-post-thumbnail wp-post-image\" alt=\"\" style=\"border-top-left-radius:6px;border-top-right-radius:6px;object-fit:cover;\" srcset=\"https:\/\/plasticseurope.org\/pl\/wp-content\/uploads\/sites\/7\/2026\/04\/2735267_CircularityReportBanners_1754X986_2_041026-1.png 1754w, https:\/\/plasticseurope.org\/pl\/wp-content\/uploads\/sites\/7\/2026\/04\/2735267_CircularityReportBanners_1754X986_2_041026-1-300x169.png 300w, https:\/\/plasticseurope.org\/pl\/wp-content\/uploads\/sites\/7\/2026\/04\/2735267_CircularityReportBanners_1754X986_2_041026-1-1024x576.png 1024w, https:\/\/plasticseurope.org\/pl\/wp-content\/uploads\/sites\/7\/2026\/04\/2735267_CircularityReportBanners_1754X986_2_041026-1-768x432.png 768w, https:\/\/plasticseurope.org\/pl\/wp-content\/uploads\/sites\/7\/2026\/04\/2735267_CircularityReportBanners_1754X986_2_041026-1-1536x863.png 1536w, https:\/\/plasticseurope.org\/pl\/wp-content\/uploads\/sites\/7\/2026\/04\/2735267_CircularityReportBanners_1754X986_2_041026-1-1280x720.png 1280w\" sizes=\"auto, (max-width: 1754px) 100vw, 1754px\" \/><\/figure>\n\n<a style=\"border-radius:99px; padding-top:5px;padding-bottom:5px;padding-left:12px;padding-right:12px;\" class=\"wp-elements-35c6d49197be1cacb5720165d8b3efa6 wp-block-read-more has-text-color has-white-color has-background has-satsuma-background-color\" href=\"https:\/\/plasticseurope.org\/pl\/2026\/04\/28\/nowy-raport-tworzywa-sztuczne-w-obiegu-zamknietym-analiza-sytuacji-w-europie-2026\/\" target=\"_self\"><strong>Zobacz<\/strong><span class=\"screen-reader-text\">: Nowy raport \u201eTworzywa sztuczne w obiegu zamkni\u0119tym \u2013 analiza sytuacji w Europie 2026\u201d [premiera 19-ego maja 2026 r.]<\/span><\/a><\/div>\n\n\n\n<div class=\"wp-block-group overlay absolute flex flex-col justify-between bg-white transform translate-y-48 md:translate-y-48 transition duration-100 ease-out h-1\/2 w-full is-layout-flow wp-block-group-is-layout-flow\"><h2 style=\"padding-right:24px;padding-left:24px;padding-top:22px;\" class=\"wp-block-post-title has-medium-font-size\"><a href=\"https:\/\/plasticseurope.org\/pl\/2026\/04\/28\/nowy-raport-tworzywa-sztuczne-w-obiegu-zamknietym-analiza-sytuacji-w-europie-2026\/\" target=\"_self\" >Nowy raport \u201eTworzywa sztuczne w obiegu zamkni\u0119tym \u2013 analiza sytuacji w Europie 2026\u201d [premiera 19-ego maja 2026 r.]<\/a><\/h2>\n\n<div style=\"padding-right:24px;padding-left:24px;\" class=\"post-excerpt mt-3 mb-auto hidden opacity-0 wp-block-post-excerpt\"><p class=\"wp-block-post-excerpt__excerpt\">\u201cTworzywa sztuczne w obiegu zamkni\u0119tym\u201d \u2013 trzecia edycja raportu Plastics Europe ju\u017c dost\u0119pna <\/p><\/div>\n\n<div style=\"text-transform:uppercase; padding-right:24px;padding-left:24px;padding-bottom:22px;margin-top:0px;margin-bottom:0px;margin-left:0px;margin-right:0px;\" class=\"has-text-align-left wp-block-post-date has-small-font-size\"><time datetime=\"2026-04-28T08:44:58+00:00\">28 kwi 2026<\/time><\/div><\/div>\n<\/div>\n\n<\/li><li class=\"wp-block-post post-12855 post type-post status-publish format-standard has-post-thumbnail hentry category-aktualnosci category-stanowiska\">\n\n<div class=\"wp-block-group relative flex flex-col items-stretch rounded-md overflow-hidden h-96 md:h-96 has-white-background-color has-background is-vertical is-content-justification-left is-layout-flex wp-container-core-group-is-layout-2635289b wp-block-group-is-layout-flex\" style=\"border-radius:6px;min-height:100%\">\n<div class=\"wp-block-group post-img-view-link relative flex-shrink-0 bg-seafoam-900 h-48 md:h-48 is-layout-constrained wp-container-core-group-is-layout-c8431ee3 wp-block-group-is-layout-constrained\"><figure class=\"wp-block-post-featured-image\"><img loading=\"lazy\" decoding=\"async\" width=\"2560\" height=\"1749\" src=\"https:\/\/plasticseurope.org\/pl\/wp-content\/uploads\/sites\/7\/2026\/03\/MicrosoftTeams-image-34-scaled.jpg\" class=\"attachment-post-thumbnail size-post-thumbnail wp-post-image\" alt=\"\" style=\"border-top-left-radius:6px;border-top-right-radius:6px;object-fit:cover;\" srcset=\"https:\/\/plasticseurope.org\/pl\/wp-content\/uploads\/sites\/7\/2026\/03\/MicrosoftTeams-image-34-scaled.jpg 2560w, https:\/\/plasticseurope.org\/pl\/wp-content\/uploads\/sites\/7\/2026\/03\/MicrosoftTeams-image-34-300x205.jpg 300w, https:\/\/plasticseurope.org\/pl\/wp-content\/uploads\/sites\/7\/2026\/03\/MicrosoftTeams-image-34-1024x699.jpg 1024w, https:\/\/plasticseurope.org\/pl\/wp-content\/uploads\/sites\/7\/2026\/03\/MicrosoftTeams-image-34-768x525.jpg 768w, https:\/\/plasticseurope.org\/pl\/wp-content\/uploads\/sites\/7\/2026\/03\/MicrosoftTeams-image-34-1536x1049.jpg 1536w, https:\/\/plasticseurope.org\/pl\/wp-content\/uploads\/sites\/7\/2026\/03\/MicrosoftTeams-image-34-2048x1399.jpg 2048w, https:\/\/plasticseurope.org\/pl\/wp-content\/uploads\/sites\/7\/2026\/03\/MicrosoftTeams-image-34-1980x1352.jpg 1980w, https:\/\/plasticseurope.org\/pl\/wp-content\/uploads\/sites\/7\/2026\/03\/MicrosoftTeams-image-34-1230x840.jpg 1230w\" sizes=\"auto, (max-width: 2560px) 100vw, 2560px\" \/><\/figure>\n\n<a style=\"border-radius:99px; padding-top:5px;padding-bottom:5px;padding-left:12px;padding-right:12px;\" class=\"wp-elements-35c6d49197be1cacb5720165d8b3efa6 wp-block-read-more has-text-color has-white-color has-background has-satsuma-background-color\" href=\"https:\/\/plasticseurope.org\/pl\/2026\/03\/24\/rekomendacje-dotyczace-zharmonizowanych-i-mozliwych-do-wdrozenia-w-calej-ue-ram-rozszerzonej-odpowiedzialnosci-producenta\/\" target=\"_self\"><strong>Zobacz<\/strong><span class=\"screen-reader-text\">: Rekomendacje dotycz\u0105ce zharmonizowanych i mo\u017cliwych do wdro\u017cenia w ca\u0142ej UE ram Rozszerzonej Odpowiedzialno\u015bci Producenta<\/span><\/a><\/div>\n\n\n\n<div class=\"wp-block-group overlay absolute flex flex-col justify-between bg-white transform translate-y-48 md:translate-y-48 transition duration-100 ease-out h-1\/2 w-full is-layout-flow wp-block-group-is-layout-flow\"><h2 style=\"padding-right:24px;padding-left:24px;padding-top:22px;\" class=\"wp-block-post-title has-medium-font-size\"><a href=\"https:\/\/plasticseurope.org\/pl\/2026\/03\/24\/rekomendacje-dotyczace-zharmonizowanych-i-mozliwych-do-wdrozenia-w-calej-ue-ram-rozszerzonej-odpowiedzialnosci-producenta\/\" target=\"_self\" >Rekomendacje dotycz\u0105ce zharmonizowanych i mo\u017cliwych do wdro\u017cenia w ca\u0142ej UE ram Rozszerzonej Odpowiedzialno\u015bci Producenta<\/a><\/h2>\n\n<div style=\"padding-right:24px;padding-left:24px;\" class=\"post-excerpt mt-3 mb-auto hidden opacity-0 wp-block-post-excerpt\"><p class=\"wp-block-post-excerpt__excerpt\"> <\/p><\/div>\n\n<div style=\"text-transform:uppercase; padding-right:24px;padding-left:24px;padding-bottom:22px;margin-top:0px;margin-bottom:0px;margin-left:0px;margin-right:0px;\" class=\"has-text-align-left wp-block-post-date has-small-font-size\"><time datetime=\"2026-03-24T08:22:09+00:00\">24 mar 2026<\/time><\/div><\/div>\n<\/div>\n\n<\/li><li class=\"wp-block-post post-12823 post type-post status-publish format-standard has-post-thumbnail hentry category-aktualnosci category-stanowiska\">\n\n<div class=\"wp-block-group relative flex flex-col items-stretch rounded-md overflow-hidden h-96 md:h-96 has-white-background-color has-background is-vertical is-content-justification-left is-layout-flex wp-container-core-group-is-layout-2635289b wp-block-group-is-layout-flex\" style=\"border-radius:6px;min-height:100%\">\n<div class=\"wp-block-group post-img-view-link relative flex-shrink-0 bg-seafoam-900 h-48 md:h-48 is-layout-constrained wp-container-core-group-is-layout-c8431ee3 wp-block-group-is-layout-constrained\"><figure class=\"wp-block-post-featured-image\"><img loading=\"lazy\" decoding=\"async\" width=\"1200\" height=\"1200\" src=\"https:\/\/plasticseurope.org\/pl\/wp-content\/uploads\/sites\/7\/2026\/03\/Chemical-industry.png\" class=\"attachment-post-thumbnail size-post-thumbnail wp-post-image\" alt=\"\" style=\"border-top-left-radius:6px;border-top-right-radius:6px;object-fit:cover;\" srcset=\"https:\/\/plasticseurope.org\/pl\/wp-content\/uploads\/sites\/7\/2026\/03\/Chemical-industry.png 1200w, https:\/\/plasticseurope.org\/pl\/wp-content\/uploads\/sites\/7\/2026\/03\/Chemical-industry-300x300.png 300w, https:\/\/plasticseurope.org\/pl\/wp-content\/uploads\/sites\/7\/2026\/03\/Chemical-industry-1024x1024.png 1024w, https:\/\/plasticseurope.org\/pl\/wp-content\/uploads\/sites\/7\/2026\/03\/Chemical-industry-150x150.png 150w, https:\/\/plasticseurope.org\/pl\/wp-content\/uploads\/sites\/7\/2026\/03\/Chemical-industry-768x768.png 768w, https:\/\/plasticseurope.org\/pl\/wp-content\/uploads\/sites\/7\/2026\/03\/Chemical-industry-840x840.png 840w\" sizes=\"auto, (max-width: 1200px) 100vw, 1200px\" \/><\/figure>\n\n<a style=\"border-radius:99px; padding-top:5px;padding-bottom:5px;padding-left:12px;padding-right:12px;\" class=\"wp-elements-35c6d49197be1cacb5720165d8b3efa6 wp-block-read-more has-text-color has-white-color has-background has-satsuma-background-color\" href=\"https:\/\/plasticseurope.org\/pl\/2026\/03\/09\/stanowisko-plastics-europe-na-temat-opublikowanego-przez-komisje-europejska-industrial-accelerator-act\/\" target=\"_self\"><strong>Zobacz<\/strong><span class=\"screen-reader-text\">: Stanowisko Plastics Europe na temat opublikowanego przez Komisj\u0119 Europejsk\u0105 Industrial Accelerator Act<\/span><\/a><\/div>\n\n\n\n<div class=\"wp-block-group overlay absolute flex flex-col justify-between bg-white transform translate-y-48 md:translate-y-48 transition duration-100 ease-out h-1\/2 w-full is-layout-flow wp-block-group-is-layout-flow\"><h2 style=\"padding-right:24px;padding-left:24px;padding-top:22px;\" class=\"wp-block-post-title has-medium-font-size\"><a href=\"https:\/\/plasticseurope.org\/pl\/2026\/03\/09\/stanowisko-plastics-europe-na-temat-opublikowanego-przez-komisje-europejska-industrial-accelerator-act\/\" target=\"_self\" >Stanowisko Plastics Europe na temat opublikowanego przez Komisj\u0119 Europejsk\u0105 Industrial Accelerator Act<\/a><\/h2>\n\n<div style=\"padding-right:24px;padding-left:24px;\" class=\"post-excerpt mt-3 mb-auto hidden opacity-0 wp-block-post-excerpt\"><p class=\"wp-block-post-excerpt__excerpt\"> <\/p><\/div>\n\n<div style=\"text-transform:uppercase; padding-right:24px;padding-left:24px;padding-bottom:22px;margin-top:0px;margin-bottom:0px;margin-left:0px;margin-right:0px;\" class=\"has-text-align-left wp-block-post-date has-small-font-size\"><time datetime=\"2026-03-09T09:39:05+00:00\">9 mar 2026<\/time><\/div><\/div>\n<\/div>\n\n<\/li><li class=\"wp-block-post post-12816 post type-post status-publish format-standard has-post-thumbnail hentry category-aktualnosci\">\n\n<div class=\"wp-block-group relative flex flex-col items-stretch rounded-md overflow-hidden h-96 md:h-96 has-white-background-color has-background is-vertical is-content-justification-left is-layout-flex wp-container-core-group-is-layout-2635289b wp-block-group-is-layout-flex\" style=\"border-radius:6px;min-height:100%\">\n<div class=\"wp-block-group post-img-view-link relative flex-shrink-0 bg-seafoam-900 h-48 md:h-48 is-layout-constrained wp-container-core-group-is-layout-c8431ee3 wp-block-group-is-layout-constrained\"><figure class=\"wp-block-post-featured-image\"><img loading=\"lazy\" decoding=\"async\" width=\"1024\" height=\"768\" src=\"https:\/\/plasticseurope.org\/pl\/wp-content\/uploads\/sites\/7\/2026\/02\/Image-26.jpg\" class=\"attachment-post-thumbnail size-post-thumbnail wp-post-image\" alt=\"\" style=\"border-top-left-radius:6px;border-top-right-radius:6px;object-fit:cover;\" srcset=\"https:\/\/plasticseurope.org\/pl\/wp-content\/uploads\/sites\/7\/2026\/02\/Image-26.jpg 1024w, https:\/\/plasticseurope.org\/pl\/wp-content\/uploads\/sites\/7\/2026\/02\/Image-26-300x225.jpg 300w, https:\/\/plasticseurope.org\/pl\/wp-content\/uploads\/sites\/7\/2026\/02\/Image-26-768x576.jpg 768w\" sizes=\"auto, (max-width: 1024px) 100vw, 1024px\" \/><\/figure>\n\n<a style=\"border-radius:99px; padding-top:5px;padding-bottom:5px;padding-left:12px;padding-right:12px;\" class=\"wp-elements-35c6d49197be1cacb5720165d8b3efa6 wp-block-read-more has-text-color has-white-color has-background has-satsuma-background-color\" href=\"https:\/\/plasticseurope.org\/pl\/2026\/02\/12\/strategiczna-autonomia-i-bezpieczenstwo-gospodarcze-europy-zagrozone-zabezpieczenie-kluczowej-produkcji-tworzyw-sztucznych-innowacji-i-gospodarki-cyrkularnej-w-europie\/\" target=\"_self\"><strong>Zobacz<\/strong><span class=\"screen-reader-text\">: Strategiczna autonomia i bezpiecze\u0144stwo gospodarcze Europy zagro\u017cone: zabezpieczenie kluczowej produkcji tworzyw sztucznych, innowacji i gospodarki cyrkularnej w Europie<\/span><\/a><\/div>\n\n\n\n<div class=\"wp-block-group overlay absolute flex flex-col justify-between bg-white transform translate-y-48 md:translate-y-48 transition duration-100 ease-out h-1\/2 w-full is-layout-flow wp-block-group-is-layout-flow\"><h2 style=\"padding-right:24px;padding-left:24px;padding-top:22px;\" class=\"wp-block-post-title has-medium-font-size\"><a href=\"https:\/\/plasticseurope.org\/pl\/2026\/02\/12\/strategiczna-autonomia-i-bezpieczenstwo-gospodarcze-europy-zagrozone-zabezpieczenie-kluczowej-produkcji-tworzyw-sztucznych-innowacji-i-gospodarki-cyrkularnej-w-europie\/\" target=\"_self\" >Strategiczna autonomia i bezpiecze\u0144stwo gospodarcze Europy zagro\u017cone: zabezpieczenie kluczowej produkcji tworzyw sztucznych, innowacji i gospodarki cyrkularnej w Europie<\/a><\/h2>\n\n<div style=\"padding-right:24px;padding-left:24px;\" class=\"post-excerpt mt-3 mb-auto hidden opacity-0 wp-block-post-excerpt\"><p class=\"wp-block-post-excerpt__excerpt\"> <\/p><\/div>\n\n<div style=\"text-transform:uppercase; padding-right:24px;padding-left:24px;padding-bottom:22px;margin-top:0px;margin-bottom:0px;margin-left:0px;margin-right:0px;\" class=\"has-text-align-left wp-block-post-date has-small-font-size\"><time datetime=\"2026-02-12T07:23:44+00:00\">12 lut 2026<\/time><\/div><\/div>\n<\/div>\n\n<\/li><\/ul><\/div>\n\n\n\n<div class=\"wp-block-buttons px-4 xl:px-0 is-content-justification-right is-layout-flex wp-container-core-buttons-is-layout-d445cf74 wp-block-buttons-is-layout-flex\">\n<div class=\"wp-block-button\"><a class=\"wp-block-button__link has-satsuma-background-color has-background wp-element-button\" href=\"https:\/\/plasticseurope.org\/pl\/media\/\">Zobacz wszystkie<\/a><\/div>\n<\/div>\n<\/div>\n<\/div>\n\n\n\n<div style=\"height:40px\" aria-hidden=\"true\" class=\"wp-block-spacer\"><\/div>\n\n\n\n<div class=\"wp-block-group alignfull px-4 xl:px-0 is-layout-constrained wp-block-group-is-layout-constrained\">\n<h2 class=\"wp-block-heading\" style=\"font-style:normal;font-weight:700\">Materia\u0142y<\/h2>\n\n\n\n<div style=\"height:62px\" aria-hidden=\"true\" class=\"wp-block-spacer is-style-small\"><\/div>\n\n\n\n<div class=\"wp-block-pe-block-filter-posts filter-posts alignwide\" data-post-type=\"pe_resource\"><aside id=\"filter-posts-sidebar\" class=\"filter-posts__sidebar\"><h4 class=\"mb-8\">Filtruj wed\u0142ug&#8230;<\/h4><div class=\"filter-posts__taxonomies\" data-taxonomies-container=\"true\"><\/div><\/aside><main class=\"filter-posts__main\"><div class=\"filter-posts__controls\" data-is-filter-posts-block=\"true\"><div class=\"filter-posts__search\"><input type=\"search\" class=\"filter-posts__search-input\" placeholder=\"Szukaj..\" aria-label=\"Search posts\"\/><button type=\"button\" class=\"filter-posts__search-icon\">Clear<\/button><\/div><div class=\"filter-posts__sort\"><label for=\"filter-posts-sort\">Sortuj wed\u0142ug<\/label><select id=\"filter-posts-sort\" class=\"filter-posts__sort-select\"><option value=\"desc\">Najnowsze<\/option><option value=\"asc\">Najstarsze<\/option><\/select><\/div><\/div><div class=\"filter-posts__results\" data-results-container=\"true\"><\/div><\/main><\/div>\n<\/div>\n","protected":false},"excerpt":{"rendered":"<p>&#8222;Tworzywa \u2013 Fakty 2025 w pigu\u0142ce&#8221;: wybrane dane \u201eTworzywa \u2013 Fakty 2025 w pigu\u0142ce\u201d zawieraj\u0105 wst\u0119pne \u015bwiatowe i europejskie dane dotycz\u0105ce produkcji tworzyw sztucznych w 2024 roku. Prezentuj\u0105 tak\u017ce najwa\u017cniejsze dane ekonomiczne dotycz\u0105ce europejskiego przemys\u0142u tworzyw sztucznych, jego bilansu handlowego i g\u0142\u00f3wnych partner\u00f3w handlowych. Tap the graphs to reveal additional information Najed\u017a kursorem na wykres, [&hellip;]<\/p>\n","protected":false},"author":1,"featured_media":12693,"parent":0,"menu_order":0,"comment_status":"closed","ping_status":"closed","template":"views\/template-knowledgehub.blade.php","meta":{"footnotes":""},"class_list":["post-48","page","type-page","status-publish","has-post-thumbnail","hentry"],"acf":[],"yoast_head":"<!-- This site is optimized with the Yoast SEO plugin v21.6 - https:\/\/yoast.com\/wordpress\/plugins\/seo\/ -->\n<title>Centrum wiedzy - Plastics Europe PL<\/title>\n<meta name=\"robots\" content=\"index, follow, max-snippet:-1, max-image-preview:large, max-video-preview:-1\" \/>\n<link rel=\"canonical\" href=\"https:\/\/plasticseurope.org\/pl\/centrum-wiedzy\/\" \/>\n<meta property=\"og:locale\" content=\"pl_PL\" \/>\n<meta property=\"og:type\" content=\"article\" \/>\n<meta property=\"og:title\" content=\"Centrum wiedzy - Plastics Europe PL\" \/>\n<meta property=\"og:description\" content=\"&#8222;Tworzywa \u2013 Fakty 2025 w pigu\u0142ce&#8221;: wybrane dane \u201eTworzywa \u2013 Fakty 2025 w pigu\u0142ce\u201d zawieraj\u0105 wst\u0119pne \u015bwiatowe i europejskie dane dotycz\u0105ce produkcji tworzyw sztucznych w 2024 roku. Prezentuj\u0105 tak\u017ce najwa\u017cniejsze dane ekonomiczne dotycz\u0105ce europejskiego przemys\u0142u tworzyw sztucznych, jego bilansu handlowego i g\u0142\u00f3wnych partner\u00f3w handlowych. Tap the graphs to reveal additional information Najed\u017a kursorem na wykres, [&hellip;]\" \/>\n<meta property=\"og:url\" content=\"https:\/\/plasticseurope.org\/pl\/centrum-wiedzy\/\" \/>\n<meta property=\"og:site_name\" content=\"Plastics Europe PL\" \/>\n<meta property=\"article:modified_time\" content=\"2025-11-10T10:52:05+00:00\" \/>\n<meta property=\"og:image\" content=\"https:\/\/plasticseurope.org\/pl\/wp-content\/uploads\/sites\/7\/2025\/10\/plastics-technology-with-overlay.jpg\" \/>\n\t<meta property=\"og:image:width\" content=\"1440\" \/>\n\t<meta property=\"og:image:height\" content=\"260\" \/>\n\t<meta property=\"og:image:type\" content=\"image\/jpeg\" \/>\n<meta name=\"twitter:card\" content=\"summary_large_image\" \/>\n<meta name=\"twitter:label1\" content=\"Szacowany czas czytania\" \/>\n\t<meta name=\"twitter:data1\" content=\"1 minuta\" \/>\n<script type=\"application\/ld+json\" class=\"yoast-schema-graph\">{\"@context\":\"https:\/\/schema.org\",\"@graph\":[{\"@type\":\"WebPage\",\"@id\":\"https:\/\/plasticseurope.org\/pl\/centrum-wiedzy\/\",\"url\":\"https:\/\/plasticseurope.org\/pl\/centrum-wiedzy\/\",\"name\":\"Centrum wiedzy - Plastics Europe PL\",\"isPartOf\":{\"@id\":\"https:\/\/plasticseurope.org\/pl\/#website\"},\"datePublished\":\"2021-10-23T08:40:59+00:00\",\"dateModified\":\"2025-11-10T10:52:05+00:00\",\"breadcrumb\":{\"@id\":\"https:\/\/plasticseurope.org\/pl\/centrum-wiedzy\/#breadcrumb\"},\"inLanguage\":\"pl-PL\",\"potentialAction\":[{\"@type\":\"ReadAction\",\"target\":[\"https:\/\/plasticseurope.org\/pl\/centrum-wiedzy\/\"]}]},{\"@type\":\"BreadcrumbList\",\"@id\":\"https:\/\/plasticseurope.org\/pl\/centrum-wiedzy\/#breadcrumb\",\"itemListElement\":[{\"@type\":\"ListItem\",\"position\":1,\"name\":\"Home\",\"item\":\"https:\/\/plasticseurope.org\/pl\/\"},{\"@type\":\"ListItem\",\"position\":2,\"name\":\"Centrum wiedzy\"}]},{\"@type\":\"WebSite\",\"@id\":\"https:\/\/plasticseurope.org\/pl\/#website\",\"url\":\"https:\/\/plasticseurope.org\/pl\/\",\"name\":\"Plastics Europe PL\",\"description\":\"Enabling a sustainable future\",\"potentialAction\":[{\"@type\":\"SearchAction\",\"target\":{\"@type\":\"EntryPoint\",\"urlTemplate\":\"https:\/\/plasticseurope.org\/pl\/?s={search_term_string}\"},\"query-input\":\"required name=search_term_string\"}],\"inLanguage\":\"pl-PL\"}]}<\/script>\n<!-- \/ Yoast SEO plugin. -->","yoast_head_json":{"title":"Centrum wiedzy - Plastics Europe PL","robots":{"index":"index","follow":"follow","max-snippet":"max-snippet:-1","max-image-preview":"max-image-preview:large","max-video-preview":"max-video-preview:-1"},"canonical":"https:\/\/plasticseurope.org\/pl\/centrum-wiedzy\/","og_locale":"pl_PL","og_type":"article","og_title":"Centrum wiedzy - Plastics Europe PL","og_description":"&#8222;Tworzywa \u2013 Fakty 2025 w pigu\u0142ce&#8221;: wybrane dane \u201eTworzywa \u2013 Fakty 2025 w pigu\u0142ce\u201d zawieraj\u0105 wst\u0119pne \u015bwiatowe i europejskie dane dotycz\u0105ce produkcji tworzyw sztucznych w 2024 roku. Prezentuj\u0105 tak\u017ce najwa\u017cniejsze dane ekonomiczne dotycz\u0105ce europejskiego przemys\u0142u tworzyw sztucznych, jego bilansu handlowego i g\u0142\u00f3wnych partner\u00f3w handlowych. Tap the graphs to reveal additional information Najed\u017a kursorem na wykres, [&hellip;]","og_url":"https:\/\/plasticseurope.org\/pl\/centrum-wiedzy\/","og_site_name":"Plastics Europe PL","article_modified_time":"2025-11-10T10:52:05+00:00","og_image":[{"width":1440,"height":260,"url":"https:\/\/plasticseurope.org\/pl\/wp-content\/uploads\/sites\/7\/2025\/10\/plastics-technology-with-overlay.jpg","type":"image\/jpeg"}],"twitter_card":"summary_large_image","twitter_misc":{"Szacowany czas czytania":"1 minuta"},"schema":{"@context":"https:\/\/schema.org","@graph":[{"@type":"WebPage","@id":"https:\/\/plasticseurope.org\/pl\/centrum-wiedzy\/","url":"https:\/\/plasticseurope.org\/pl\/centrum-wiedzy\/","name":"Centrum wiedzy - Plastics Europe PL","isPartOf":{"@id":"https:\/\/plasticseurope.org\/pl\/#website"},"datePublished":"2021-10-23T08:40:59+00:00","dateModified":"2025-11-10T10:52:05+00:00","breadcrumb":{"@id":"https:\/\/plasticseurope.org\/pl\/centrum-wiedzy\/#breadcrumb"},"inLanguage":"pl-PL","potentialAction":[{"@type":"ReadAction","target":["https:\/\/plasticseurope.org\/pl\/centrum-wiedzy\/"]}]},{"@type":"BreadcrumbList","@id":"https:\/\/plasticseurope.org\/pl\/centrum-wiedzy\/#breadcrumb","itemListElement":[{"@type":"ListItem","position":1,"name":"Home","item":"https:\/\/plasticseurope.org\/pl\/"},{"@type":"ListItem","position":2,"name":"Centrum wiedzy"}]},{"@type":"WebSite","@id":"https:\/\/plasticseurope.org\/pl\/#website","url":"https:\/\/plasticseurope.org\/pl\/","name":"Plastics Europe PL","description":"Enabling a sustainable future","potentialAction":[{"@type":"SearchAction","target":{"@type":"EntryPoint","urlTemplate":"https:\/\/plasticseurope.org\/pl\/?s={search_term_string}"},"query-input":"required name=search_term_string"}],"inLanguage":"pl-PL"}]}},"_links":{"self":[{"href":"https:\/\/plasticseurope.org\/pl\/wp-json\/wp\/v2\/pages\/48","targetHints":{"allow":["GET"]}}],"collection":[{"href":"https:\/\/plasticseurope.org\/pl\/wp-json\/wp\/v2\/pages"}],"about":[{"href":"https:\/\/plasticseurope.org\/pl\/wp-json\/wp\/v2\/types\/page"}],"author":[{"embeddable":true,"href":"https:\/\/plasticseurope.org\/pl\/wp-json\/wp\/v2\/users\/1"}],"replies":[{"embeddable":true,"href":"https:\/\/plasticseurope.org\/pl\/wp-json\/wp\/v2\/comments?post=48"}],"version-history":[{"count":0,"href":"https:\/\/plasticseurope.org\/pl\/wp-json\/wp\/v2\/pages\/48\/revisions"}],"wp:featuredmedia":[{"embeddable":true,"href":"https:\/\/plasticseurope.org\/pl\/wp-json\/wp\/v2\/media\/12693"}],"wp:attachment":[{"href":"https:\/\/plasticseurope.org\/pl\/wp-json\/wp\/v2\/media?parent=48"}],"curies":[{"name":"wp","href":"https:\/\/api.w.org\/{rel}","templated":true}]}}