{"id":45,"date":"2021-10-23T08:39:28","date_gmt":"2021-10-23T08:39:28","guid":{"rendered":"https:\/\/plasticseurope.wpenginepowered.com\/pl\/?page_id=45"},"modified":"2025-01-15T09:34:16","modified_gmt":"2025-01-15T09:34:16","slug":"plastics-europe","status":"publish","type":"page","link":"https:\/\/plasticseurope.org\/pl\/","title":{"rendered":"Plastics Europe"},"content":{"rendered":"\n<div id=\"header-carousel-block_1592ce5f6878db47ab38a9483f5fbcad\" class=\"header-carousel relative alignfull\">\n      <div class=\"fashion-slider\">\n      <div class=\"swiper\">\n        <div class=\"swiper-wrapper\">\n                  <!-- configure slide color with \"data-slide-bg-color\" attribute -->\n          <div class=\"swiper-slide\" data-slide-bg-color=\"#ffffff\" data-swiper-autoplay=\"2000\">\n            <!-- slide title wrap -->\n            <div class=\"fashion-slider-title w-full sm:max-w-2xl lg:max-w-4xl xl:max-w-6xl mx-auto px-4 sm:px-6 lg:px-8 flex text-left\" data-swiper-parallax=\"-120%\">\n              <!-- slide title text -->\n              <div class=\"max-w-xl mr-auto px-8 lg:px-0 space-y-4 md:space-y-4 xl:space-y-8\">\n                <span class=\"badge badge-tag inverse capitalize\">content<\/span>\n                <h2 class=\"h1 text-white\">Europejski system tworzyw sztucznych bez tajemnic<\/h2>\n                <div class=\"hidden md:block\"><p class=\"lg:text-lg text-white line-clamp-3\">Wyobra\u017casz sobie zr\u00f3wnowa\u017cony system tworzyw sztucznych, kt\u00f3ry spe\u0142nia wymagania spo\u0142eczne, wspiera krytyczne sektory gospodarki i pozostaje strategicznym atutem Europy? My tak. W naszej wizji system tworzyw sztucznych w Europie do 2050 roku jest cyrkularny i zeroemisyjny netto. Plastics Europe i wraz ze swoimi firmami cz\u0142onkowskimi podziela obawy spo\u0142ecze\u0144stwa dotycz\u0105ce wp\u0142ywu naszej bran\u017cy na wyzwanie zanieczyszczenia [&hellip;]<\/p><\/div>\n                                  <a href=\"https:\/\/plasticseurope.org\/pl\/zrownowazony-rozwoj\/europejski-system-tworzyw-sztucznych-bez-tajemnic\/\" class=\"btn w-auto px-6 py-2 lg:px-9 lg:py-3 text-tiny lg:text-base\">Czytaj wi\u0119cej<\/a>\n                              <\/div>\n            <\/div>\n            <!-- slide image wrap -->\n            <div class=\"fashion-slider-scale bg-gray-900\">\n              <!-- slide image -->\n              <img loading=\"lazy\" decoding=\"async\" width=\"1024\" height=\"683\" src=\"https:\/\/plasticseurope.org\/pl\/wp-content\/uploads\/sites\/7\/2024\/08\/pexels-shvetsa-3900505-scaled-1-1024x683.jpg\" class=\"lg:hidden wp-post-image\" alt=\"\" srcset=\"https:\/\/plasticseurope.org\/pl\/wp-content\/uploads\/sites\/7\/2024\/08\/pexels-shvetsa-3900505-scaled-1-1024x683.jpg 1024w, https:\/\/plasticseurope.org\/pl\/wp-content\/uploads\/sites\/7\/2024\/08\/pexels-shvetsa-3900505-scaled-1-300x200.jpg 300w, https:\/\/plasticseurope.org\/pl\/wp-content\/uploads\/sites\/7\/2024\/08\/pexels-shvetsa-3900505-scaled-1-768x512.jpg 768w, https:\/\/plasticseurope.org\/pl\/wp-content\/uploads\/sites\/7\/2024\/08\/pexels-shvetsa-3900505-scaled-1-1536x1024.jpg 1536w, https:\/\/plasticseurope.org\/pl\/wp-content\/uploads\/sites\/7\/2024\/08\/pexels-shvetsa-3900505-scaled-1-2048x1366.jpg 2048w, https:\/\/plasticseurope.org\/pl\/wp-content\/uploads\/sites\/7\/2024\/08\/pexels-shvetsa-3900505-scaled-1-1980x1320.jpg 1980w, https:\/\/plasticseurope.org\/pl\/wp-content\/uploads\/sites\/7\/2024\/08\/pexels-shvetsa-3900505-scaled-1-1260x840.jpg 1260w\" sizes=\"auto, (max-width: 1024px) 100vw, 1024px\" \/>              <img loading=\"lazy\" decoding=\"async\" width=\"1980\" height=\"1320\" src=\"https:\/\/plasticseurope.org\/pl\/wp-content\/uploads\/sites\/7\/2024\/08\/pexels-shvetsa-3900505-scaled-1-1980x1320.jpg\" class=\"hidden lg:block wp-post-image\" alt=\"\" srcset=\"https:\/\/plasticseurope.org\/pl\/wp-content\/uploads\/sites\/7\/2024\/08\/pexels-shvetsa-3900505-scaled-1-1980x1320.jpg 1980w, https:\/\/plasticseurope.org\/pl\/wp-content\/uploads\/sites\/7\/2024\/08\/pexels-shvetsa-3900505-scaled-1-300x200.jpg 300w, https:\/\/plasticseurope.org\/pl\/wp-content\/uploads\/sites\/7\/2024\/08\/pexels-shvetsa-3900505-scaled-1-1024x683.jpg 1024w, https:\/\/plasticseurope.org\/pl\/wp-content\/uploads\/sites\/7\/2024\/08\/pexels-shvetsa-3900505-scaled-1-768x512.jpg 768w, https:\/\/plasticseurope.org\/pl\/wp-content\/uploads\/sites\/7\/2024\/08\/pexels-shvetsa-3900505-scaled-1-1536x1024.jpg 1536w, https:\/\/plasticseurope.org\/pl\/wp-content\/uploads\/sites\/7\/2024\/08\/pexels-shvetsa-3900505-scaled-1-2048x1366.jpg 2048w, https:\/\/plasticseurope.org\/pl\/wp-content\/uploads\/sites\/7\/2024\/08\/pexels-shvetsa-3900505-scaled-1-1260x840.jpg 1260w\" sizes=\"auto, (max-width: 1980px) 100vw, 1980px\" \/>              <div class=\"absolute inset-0 bg-gray-900 mix-blend-multiply opacity-30\"><\/div>\n            <\/div>\n          <\/div>\n                  <!-- configure slide color with \"data-slide-bg-color\" attribute -->\n          <div class=\"swiper-slide\" data-slide-bg-color=\"#ffffff\" data-swiper-autoplay=\"2000\">\n            <!-- slide title wrap -->\n            <div class=\"fashion-slider-title w-full sm:max-w-2xl lg:max-w-4xl xl:max-w-6xl mx-auto px-4 sm:px-6 lg:px-8 flex text-left\" data-swiper-parallax=\"-120%\">\n              <!-- slide title text -->\n              <div class=\"max-w-xl mr-auto px-8 lg:px-0 space-y-4 md:space-y-4 xl:space-y-8\">\n                <span class=\"badge badge-tag inverse capitalize\">content<\/span>\n                <h2 class=\"h1 text-white\">The Plastics Transition<\/h2>\n                <div class=\"hidden md:block\"><p class=\"lg:text-lg text-white line-clamp-3\">Plastics Europe wraz ze swoimi firmami cz\u0142onkowskimi podzielaj\u0105 obawy spo\u0142eczne dotycz\u0105ce wp\u0142ywu europejskiego systemu tworzyw sztucznych na zmiany klimatyczne, a tak\u017ce te zwi\u0105zane z odpadami tworzyw sztucznych oraz wsp\u00f3lnie uznaj\u0105 konieczno\u015b\u0107 wspierania zr\u00f3wnowa\u017conego wykorzystywania tworzyw sztucznych. Tworzywa sztuczne s\u0105 niezast\u0105pionym materia\u0142em w wielu zastosowaniach i maj\u0105 do odegrania kluczow\u0105 rol\u0119 w umo\u017cliwieniu transformacji w kierunku [&hellip;]<\/p><\/div>\n                                  <a href=\"https:\/\/plasticseurope.org\/pl\/changingplasticsforgood\/the-plastics-transition\/\" class=\"btn w-auto px-6 py-2 lg:px-9 lg:py-3 text-tiny lg:text-base\">Czytaj wi\u0119cej<\/a>\n                              <\/div>\n            <\/div>\n            <!-- slide image wrap -->\n            <div class=\"fashion-slider-scale bg-gray-900\">\n              <!-- slide image -->\n              <img loading=\"lazy\" decoding=\"async\" width=\"1024\" height=\"574\" src=\"https:\/\/plasticseurope.org\/pl\/wp-content\/uploads\/sites\/7\/2023\/10\/the-plastics-transition-1024x574.jpg\" class=\"lg:hidden wp-post-image\" alt=\"\" srcset=\"https:\/\/plasticseurope.org\/pl\/wp-content\/uploads\/sites\/7\/2023\/10\/the-plastics-transition-1024x574.jpg 1024w, https:\/\/plasticseurope.org\/pl\/wp-content\/uploads\/sites\/7\/2023\/10\/the-plastics-transition-300x168.jpg 300w, https:\/\/plasticseurope.org\/pl\/wp-content\/uploads\/sites\/7\/2023\/10\/the-plastics-transition-768x431.jpg 768w, https:\/\/plasticseurope.org\/pl\/wp-content\/uploads\/sites\/7\/2023\/10\/the-plastics-transition-1536x862.jpg 1536w, https:\/\/plasticseurope.org\/pl\/wp-content\/uploads\/sites\/7\/2023\/10\/the-plastics-transition-1980x1111.jpg 1980w, https:\/\/plasticseurope.org\/pl\/wp-content\/uploads\/sites\/7\/2023\/10\/the-plastics-transition-1280x718.jpg 1280w, https:\/\/plasticseurope.org\/pl\/wp-content\/uploads\/sites\/7\/2023\/10\/the-plastics-transition.jpg 2000w\" sizes=\"auto, (max-width: 1024px) 100vw, 1024px\" \/>              <img loading=\"lazy\" decoding=\"async\" width=\"1980\" height=\"1111\" src=\"https:\/\/plasticseurope.org\/pl\/wp-content\/uploads\/sites\/7\/2023\/10\/the-plastics-transition-1980x1111.jpg\" class=\"hidden lg:block wp-post-image\" alt=\"\" srcset=\"https:\/\/plasticseurope.org\/pl\/wp-content\/uploads\/sites\/7\/2023\/10\/the-plastics-transition-1980x1111.jpg 1980w, https:\/\/plasticseurope.org\/pl\/wp-content\/uploads\/sites\/7\/2023\/10\/the-plastics-transition-300x168.jpg 300w, https:\/\/plasticseurope.org\/pl\/wp-content\/uploads\/sites\/7\/2023\/10\/the-plastics-transition-1024x574.jpg 1024w, https:\/\/plasticseurope.org\/pl\/wp-content\/uploads\/sites\/7\/2023\/10\/the-plastics-transition-768x431.jpg 768w, https:\/\/plasticseurope.org\/pl\/wp-content\/uploads\/sites\/7\/2023\/10\/the-plastics-transition-1536x862.jpg 1536w, https:\/\/plasticseurope.org\/pl\/wp-content\/uploads\/sites\/7\/2023\/10\/the-plastics-transition-1280x718.jpg 1280w, https:\/\/plasticseurope.org\/pl\/wp-content\/uploads\/sites\/7\/2023\/10\/the-plastics-transition.jpg 2000w\" sizes=\"auto, (max-width: 1980px) 100vw, 1980px\" \/>              <div class=\"absolute inset-0 bg-gray-900 mix-blend-multiply opacity-30\"><\/div>\n            <\/div>\n          <\/div>\n                  <!-- configure slide color with \"data-slide-bg-color\" attribute -->\n          <div class=\"swiper-slide\" data-slide-bg-color=\"#ffffff\" data-swiper-autoplay=\"2000\">\n            <!-- slide title wrap -->\n            <div class=\"fashion-slider-title w-full sm:max-w-2xl lg:max-w-4xl xl:max-w-6xl mx-auto px-4 sm:px-6 lg:px-8 flex text-left\" data-swiper-parallax=\"-120%\">\n              <!-- slide title text -->\n              <div class=\"max-w-xl mr-auto px-8 lg:px-0 space-y-4 md:space-y-4 xl:space-y-8\">\n                <span class=\"badge badge-tag inverse capitalize\">media<\/span>\n                <h2 class=\"h1 text-white\">Najnowszy raport potwierdza znacz\u0105cy post\u0119p w zakresie cyrkularno\u015bci systemu tworzyw sztucznych, jednak wyzwania wci\u0105\u017c pozostaj\u0105<\/h2>\n                <div class=\"hidden md:block\"><p class=\"lg:text-lg text-white line-clamp-3\">\u201cTworzywa sztuczne w obiegu zamkni\u0119tym\u201d \u2013 trzecia edycja raportu Plastics Europe ju\u017c dost\u0119pna <\/p><\/div>\n                                  <a href=\"https:\/\/plasticseurope.org\/pl\/2024\/03\/19\/najnowszy-raport-potwierdza-znaczacy-postep-w-zakresie-cyrkularnosci-systemu-tworzyw-sztucznych-jednak-wyzwania-wciaz-pozostaja\/\" class=\"btn w-auto px-6 py-2 lg:px-9 lg:py-3 text-tiny lg:text-base\">Czytaj wi\u0119cej<\/a>\n                              <\/div>\n            <\/div>\n            <!-- slide image wrap -->\n            <div class=\"fashion-slider-scale bg-gray-900\">\n              <!-- slide image -->\n              <img loading=\"lazy\" decoding=\"async\" width=\"1024\" height=\"576\" src=\"https:\/\/plasticseurope.org\/pl\/wp-content\/uploads\/sites\/7\/2024\/03\/Raport_2024-1024x576.jpg\" class=\"lg:hidden wp-post-image\" alt=\"\" srcset=\"https:\/\/plasticseurope.org\/pl\/wp-content\/uploads\/sites\/7\/2024\/03\/Raport_2024-1024x576.jpg 1024w, https:\/\/plasticseurope.org\/pl\/wp-content\/uploads\/sites\/7\/2024\/03\/Raport_2024-300x169.jpg 300w, https:\/\/plasticseurope.org\/pl\/wp-content\/uploads\/sites\/7\/2024\/03\/Raport_2024-768x432.jpg 768w, https:\/\/plasticseurope.org\/pl\/wp-content\/uploads\/sites\/7\/2024\/03\/Raport_2024-1536x864.jpg 1536w, https:\/\/plasticseurope.org\/pl\/wp-content\/uploads\/sites\/7\/2024\/03\/Raport_2024-1280x720.jpg 1280w, https:\/\/plasticseurope.org\/pl\/wp-content\/uploads\/sites\/7\/2024\/03\/Raport_2024.jpg 1920w\" sizes=\"auto, (max-width: 1024px) 100vw, 1024px\" \/>              <img loading=\"lazy\" decoding=\"async\" width=\"1920\" height=\"1080\" src=\"https:\/\/plasticseurope.org\/pl\/wp-content\/uploads\/sites\/7\/2024\/03\/Raport_2024.jpg\" class=\"hidden lg:block wp-post-image\" alt=\"\" srcset=\"https:\/\/plasticseurope.org\/pl\/wp-content\/uploads\/sites\/7\/2024\/03\/Raport_2024.jpg 1920w, https:\/\/plasticseurope.org\/pl\/wp-content\/uploads\/sites\/7\/2024\/03\/Raport_2024-300x169.jpg 300w, https:\/\/plasticseurope.org\/pl\/wp-content\/uploads\/sites\/7\/2024\/03\/Raport_2024-1024x576.jpg 1024w, https:\/\/plasticseurope.org\/pl\/wp-content\/uploads\/sites\/7\/2024\/03\/Raport_2024-768x432.jpg 768w, https:\/\/plasticseurope.org\/pl\/wp-content\/uploads\/sites\/7\/2024\/03\/Raport_2024-1536x864.jpg 1536w, https:\/\/plasticseurope.org\/pl\/wp-content\/uploads\/sites\/7\/2024\/03\/Raport_2024-1280x720.jpg 1280w\" sizes=\"auto, (max-width: 1920px) 100vw, 1920px\" \/>              <div class=\"absolute inset-0 bg-gray-900 mix-blend-multiply opacity-30\"><\/div>\n            <\/div>\n          <\/div>\n                <\/div>\n        <!-- right\/next navigation button -->\n        <div class=\"hidden md:block fashion-slider-button-prev fashion-slider-button\">\n          <svg xmlns=\"http:\/\/www.w3.org\/2000\/svg\" viewBox=\"0 350 160 90\">\n            <g class=\"fashion-slider-svg-wrap\">\n              <!-- <g class=\"fashion-slider-svg-circle-wrap\">\n                <circle cx=\"42\" cy=\"42\" r=\"40\"><\/circle>\n              <\/g> -->\n              <path class=\"fashion-slider-svg-arrow\" d=\"M.983,6.929,4.447,3.464.983,0,0,.983,2.482,3.464,0,5.946Z\">\n              <\/path>\n              <path class=\"fashion-slider-svg-line\" d=\"M40,0H0\"><\/path>\n            <\/g>\n          <\/svg>\n        <\/div>\n        <!-- left\/previous navigation button -->\n        <div class=\"hidden md:block fashion-slider-button-next fashion-slider-button\">\n          <svg xmlns=\"http:\/\/www.w3.org\/2000\/svg\" viewBox=\"0 350 160 90\">\n            <g class=\"fashion-slider-svg-wrap\">\n              <!-- <g class=\"fashion-slider-svg-circle-wrap\">\n                <circle cx=\"42\" cy=\"42\" r=\"40\"><\/circle>\n              <\/g> -->\n              <path class=\"fashion-slider-svg-arrow\" d=\"M.983,6.929,4.447,3.464.983,0,0,.983,2.482,3.464,0,5.946Z\">\n              <\/path>\n              <path class=\"fashion-slider-svg-line\" d=\"M40,0H0\"><\/path>\n            <\/g>\n          <\/svg>\n        <\/div>\n      <\/div>\n    <\/div>\n  <\/div>\n\n\n\n\n<div style=\"height:100px\" aria-hidden=\"true\" class=\"wp-block-spacer is-style-large\"><\/div>\n\n\n\n<div id=\"contentslider-block_2b2e58047fdc89b7537602f258390ca8\" class=\"contentslider\">\n  <h2 class=\"md:text-3xl mb-4 md:mb-8\">Aktualno\u015bci      <span class=\"text-tiny font-normal ml-4\">\n      <a href=\"https:\/\/plasticseurope.org\/pl\/aktualnosci-i-stanowiska\/\">Wy\u015bwietl wi\u0119cej<\/a>\n    <\/span>\n    <\/h2>\n  <!-- Swiper -->\n  <div>\n    <div class=\"swiper gridSwiper pb-10 pl-4 lg:pl-0 relative w-screen left-1\/2 right-1\/2 -ml-1\/2-screen -mr-1\/2-screen lg:w-full lg:left-0 lg:right-0 lg:mx-0\">\n      <div class=\"swiper-wrapper\">\n              \n                <div class=\"swiper-slide h-auto\">\n          <a href=\"https:\/\/plasticseurope.org\/pl\/2026\/04\/28\/nowy-raport-tworzywa-sztuczne-w-obiegu-zamknietym-analiza-sytuacji-w-europie-2026\/\">\n            <div class=\"relative flex flex-col items-stretch rounded-md overflow-hidden h-56 md:h-96\">\n                              <div class=\"relative flex-shrink-0 bg-seafoam-900 h-28 md:h-48\">\n                  <img loading=\"lazy\" decoding=\"async\" width=\"1024\" height=\"576\" src=\"https:\/\/plasticseurope.org\/pl\/wp-content\/uploads\/sites\/7\/2026\/04\/2735267_CircularityReportBanners_1754X986_2_041026-1-1024x576.png\" class=\"h-full w-full object-cover object-center wp-post-image\" alt=\"\" srcset=\"https:\/\/plasticseurope.org\/pl\/wp-content\/uploads\/sites\/7\/2026\/04\/2735267_CircularityReportBanners_1754X986_2_041026-1-1024x576.png 1024w, https:\/\/plasticseurope.org\/pl\/wp-content\/uploads\/sites\/7\/2026\/04\/2735267_CircularityReportBanners_1754X986_2_041026-1-300x169.png 300w, https:\/\/plasticseurope.org\/pl\/wp-content\/uploads\/sites\/7\/2026\/04\/2735267_CircularityReportBanners_1754X986_2_041026-1-768x432.png 768w, https:\/\/plasticseurope.org\/pl\/wp-content\/uploads\/sites\/7\/2026\/04\/2735267_CircularityReportBanners_1754X986_2_041026-1-1536x863.png 1536w, https:\/\/plasticseurope.org\/pl\/wp-content\/uploads\/sites\/7\/2026\/04\/2735267_CircularityReportBanners_1754X986_2_041026-1-1280x720.png 1280w, https:\/\/plasticseurope.org\/pl\/wp-content\/uploads\/sites\/7\/2026\/04\/2735267_CircularityReportBanners_1754X986_2_041026-1.png 1754w\" sizes=\"auto, (max-width: 1024px) 100vw, 1024px\" \/>                  <div class=\"absolute left-6 bottom-4 hidden md:block\">\n                                          <span class=\"inline-flex items-center px-3 py-1 rounded-full text-sm font-medium bg-satsuma-900 text-white\">Informacje prasowe<\/span>\n                                      <\/div>\n                <\/div>\n              \n              <div class=\"overlay absolute inset-0 flex-1 p-4 md:p-6 flex flex-col justify-between bg-mist-900 transform translate-y-28 md:translate-y-48 transition duration-100 ease-out h-1\/2\" data-overlay=\"bg-sky-900\" data-color=\"bg-mist-900\">\n                <div class=\"flex-1\">\n                  <div class=\"mb-4 hidden\">\n                    <time class=\"updated text-tiny uppercase\" datetime=\"2026-04-28T08:44:58+00:00\">28 kwi 2026<\/time>\n                  <\/div>\n                  <h4 class=\"text-tiny md:text-base line-clamp-3 mb-0\">Nowy raport \u201eTworzywa sztuczne w obiegu zamkni\u0119tym \u2013 analiza sytuacji w Europie 2026\u201d [premiera 19-ego maja 2026 r.]<\/h4>\n                  <p class=\"mt-3 hidden opacity-0\">\n\u23f3PREMIERA RAPORTU 19-EGO MAJA 2026 R. \u23f3\n<\/p>\n                <\/div>\n                <div class=\"md:mt-6 flex items-center\">\n                  <div class=\"flex space-x-1 text-xs md:text-tiny\">\n                    <time class=\"updated uppercase\" datetime=\"2026-04-28T08:44:58+00:00\">\n                      28 kwi 2026                    <\/time>\n                    <span class=\"hidden\">\n                      4 min read\n                    <\/span>\n                  <\/div>\n                <\/div>\n              <\/div>\n            <\/div>\n          <\/a>\n        <\/div>\n                      \n                <div class=\"swiper-slide h-auto\">\n          <a href=\"https:\/\/plasticseurope.org\/pl\/2026\/03\/24\/rekomendacje-dotyczace-zharmonizowanych-i-mozliwych-do-wdrozenia-w-calej-ue-ram-rozszerzonej-odpowiedzialnosci-producenta\/\">\n            <div class=\"relative flex flex-col items-stretch rounded-md overflow-hidden h-56 md:h-96\">\n                              <div class=\"relative flex-shrink-0 bg-seafoam-900 h-28 md:h-48\">\n                  <img loading=\"lazy\" decoding=\"async\" width=\"1024\" height=\"699\" src=\"https:\/\/plasticseurope.org\/pl\/wp-content\/uploads\/sites\/7\/2026\/03\/MicrosoftTeams-image-34-1024x699.jpg\" class=\"h-full w-full object-cover object-center wp-post-image\" alt=\"\" srcset=\"https:\/\/plasticseurope.org\/pl\/wp-content\/uploads\/sites\/7\/2026\/03\/MicrosoftTeams-image-34-1024x699.jpg 1024w, https:\/\/plasticseurope.org\/pl\/wp-content\/uploads\/sites\/7\/2026\/03\/MicrosoftTeams-image-34-300x205.jpg 300w, https:\/\/plasticseurope.org\/pl\/wp-content\/uploads\/sites\/7\/2026\/03\/MicrosoftTeams-image-34-768x525.jpg 768w, https:\/\/plasticseurope.org\/pl\/wp-content\/uploads\/sites\/7\/2026\/03\/MicrosoftTeams-image-34-1536x1049.jpg 1536w, https:\/\/plasticseurope.org\/pl\/wp-content\/uploads\/sites\/7\/2026\/03\/MicrosoftTeams-image-34-2048x1399.jpg 2048w, https:\/\/plasticseurope.org\/pl\/wp-content\/uploads\/sites\/7\/2026\/03\/MicrosoftTeams-image-34-1980x1352.jpg 1980w, https:\/\/plasticseurope.org\/pl\/wp-content\/uploads\/sites\/7\/2026\/03\/MicrosoftTeams-image-34-1230x840.jpg 1230w\" sizes=\"auto, (max-width: 1024px) 100vw, 1024px\" \/>                  <div class=\"absolute left-6 bottom-4 hidden md:block\">\n                                          <span class=\"inline-flex items-center px-3 py-1 rounded-full text-sm font-medium bg-satsuma-900 text-white\">Stanowiska<\/span>\n                                      <\/div>\n                <\/div>\n              \n              <div class=\"overlay absolute inset-0 flex-1 p-4 md:p-6 flex flex-col justify-between bg-mist-900 transform translate-y-28 md:translate-y-48 transition duration-100 ease-out h-1\/2\" data-overlay=\"bg-sky-900\" data-color=\"bg-mist-900\">\n                <div class=\"flex-1\">\n                  <div class=\"mb-4 hidden\">\n                    <time class=\"updated text-tiny uppercase\" datetime=\"2026-03-24T08:22:09+00:00\">24 mar 2026<\/time>\n                  <\/div>\n                  <h4 class=\"text-tiny md:text-base line-clamp-3 mb-0\">Rekomendacje dotycz\u0105ce zharmonizowanych i mo\u017cliwych do wdro\u017cenia w ca\u0142ej UE ram Rozszerzonej Odpowiedzialno\u015bci Producenta<\/h4>\n                  <p class=\"mt-3 hidden opacity-0\">\n\n<\/p>\n                <\/div>\n                <div class=\"md:mt-6 flex items-center\">\n                  <div class=\"flex space-x-1 text-xs md:text-tiny\">\n                    <time class=\"updated uppercase\" datetime=\"2026-03-24T08:22:09+00:00\">\n                      24 mar 2026                    <\/time>\n                    <span class=\"hidden\">\n                      4 min read\n                    <\/span>\n                  <\/div>\n                <\/div>\n              <\/div>\n            <\/div>\n          <\/a>\n        <\/div>\n                      \n                <div class=\"swiper-slide h-auto\">\n          <a href=\"https:\/\/plasticseurope.org\/pl\/2026\/03\/09\/stanowisko-plastics-europe-na-temat-opublikowanego-przez-komisje-europejska-industrial-accelerator-act\/\">\n            <div class=\"relative flex flex-col items-stretch rounded-md overflow-hidden h-56 md:h-96\">\n                              <div class=\"relative flex-shrink-0 bg-seafoam-900 h-28 md:h-48\">\n                  <img loading=\"lazy\" decoding=\"async\" width=\"1024\" height=\"1024\" src=\"https:\/\/plasticseurope.org\/pl\/wp-content\/uploads\/sites\/7\/2026\/03\/Chemical-industry-1024x1024.png\" class=\"h-full w-full object-cover object-center wp-post-image\" alt=\"\" srcset=\"https:\/\/plasticseurope.org\/pl\/wp-content\/uploads\/sites\/7\/2026\/03\/Chemical-industry-1024x1024.png 1024w, https:\/\/plasticseurope.org\/pl\/wp-content\/uploads\/sites\/7\/2026\/03\/Chemical-industry-300x300.png 300w, https:\/\/plasticseurope.org\/pl\/wp-content\/uploads\/sites\/7\/2026\/03\/Chemical-industry-150x150.png 150w, https:\/\/plasticseurope.org\/pl\/wp-content\/uploads\/sites\/7\/2026\/03\/Chemical-industry-768x768.png 768w, https:\/\/plasticseurope.org\/pl\/wp-content\/uploads\/sites\/7\/2026\/03\/Chemical-industry-840x840.png 840w, https:\/\/plasticseurope.org\/pl\/wp-content\/uploads\/sites\/7\/2026\/03\/Chemical-industry.png 1200w\" sizes=\"auto, (max-width: 1024px) 100vw, 1024px\" \/>                  <div class=\"absolute left-6 bottom-4 hidden md:block\">\n                                          <span class=\"inline-flex items-center px-3 py-1 rounded-full text-sm font-medium bg-satsuma-900 text-white\">Stanowiska<\/span>\n                                      <\/div>\n                <\/div>\n              \n              <div class=\"overlay absolute inset-0 flex-1 p-4 md:p-6 flex flex-col justify-between bg-mist-900 transform translate-y-28 md:translate-y-48 transition duration-100 ease-out h-1\/2\" data-overlay=\"bg-sky-900\" data-color=\"bg-mist-900\">\n                <div class=\"flex-1\">\n                  <div class=\"mb-4 hidden\">\n                    <time class=\"updated text-tiny uppercase\" datetime=\"2026-03-09T09:39:05+00:00\">09 mar 2026<\/time>\n                  <\/div>\n                  <h4 class=\"text-tiny md:text-base line-clamp-3 mb-0\">Stanowisko Plastics Europe na temat opublikowanego przez Komisj\u0119 Europejsk\u0105 Industrial Accelerator Act<\/h4>\n                  <p class=\"mt-3 hidden opacity-0\">\n\n<\/p>\n                <\/div>\n                <div class=\"md:mt-6 flex items-center\">\n                  <div class=\"flex space-x-1 text-xs md:text-tiny\">\n                    <time class=\"updated uppercase\" datetime=\"2026-03-09T09:39:05+00:00\">\n                      09 mar 2026                    <\/time>\n                    <span class=\"hidden\">\n                      4 min read\n                    <\/span>\n                  <\/div>\n                <\/div>\n              <\/div>\n            <\/div>\n          <\/a>\n        <\/div>\n                      \n                <div class=\"swiper-slide h-auto\">\n          <a href=\"https:\/\/plasticseurope.org\/pl\/2026\/02\/12\/strategiczna-autonomia-i-bezpieczenstwo-gospodarcze-europy-zagrozone-zabezpieczenie-kluczowej-produkcji-tworzyw-sztucznych-innowacji-i-gospodarki-cyrkularnej-w-europie\/\">\n            <div class=\"relative flex flex-col items-stretch rounded-md overflow-hidden h-56 md:h-96\">\n                              <div class=\"relative flex-shrink-0 bg-seafoam-900 h-28 md:h-48\">\n                  <img loading=\"lazy\" decoding=\"async\" width=\"1024\" height=\"768\" src=\"https:\/\/plasticseurope.org\/pl\/wp-content\/uploads\/sites\/7\/2026\/02\/Image-26.jpg\" class=\"h-full w-full object-cover object-center wp-post-image\" alt=\"\" srcset=\"https:\/\/plasticseurope.org\/pl\/wp-content\/uploads\/sites\/7\/2026\/02\/Image-26.jpg 1024w, https:\/\/plasticseurope.org\/pl\/wp-content\/uploads\/sites\/7\/2026\/02\/Image-26-300x225.jpg 300w, https:\/\/plasticseurope.org\/pl\/wp-content\/uploads\/sites\/7\/2026\/02\/Image-26-768x576.jpg 768w\" sizes=\"auto, (max-width: 1024px) 100vw, 1024px\" \/>                  <div class=\"absolute left-6 bottom-4 hidden md:block\">\n                                          <span class=\"inline-flex items-center px-3 py-1 rounded-full text-sm font-medium bg-satsuma-900 text-white\">Aktualno\u015bci<\/span>\n                                      <\/div>\n                <\/div>\n              \n              <div class=\"overlay absolute inset-0 flex-1 p-4 md:p-6 flex flex-col justify-between bg-mist-900 transform translate-y-28 md:translate-y-48 transition duration-100 ease-out h-1\/2\" data-overlay=\"bg-sky-900\" data-color=\"bg-mist-900\">\n                <div class=\"flex-1\">\n                  <div class=\"mb-4 hidden\">\n                    <time class=\"updated text-tiny uppercase\" datetime=\"2026-02-12T07:23:44+00:00\">12 lut 2026<\/time>\n                  <\/div>\n                  <h4 class=\"text-tiny md:text-base line-clamp-3 mb-0\">Strategiczna autonomia i bezpiecze\u0144stwo gospodarcze Europy zagro\u017cone: zabezpieczenie kluczowej produkcji tworzyw sztucznych, innowacji i gospodarki cyrkularnej w Europie<\/h4>\n                  <p class=\"mt-3 hidden opacity-0\">\n\n<\/p>\n                <\/div>\n                <div class=\"md:mt-6 flex items-center\">\n                  <div class=\"flex space-x-1 text-xs md:text-tiny\">\n                    <time class=\"updated uppercase\" datetime=\"2026-02-12T07:23:44+00:00\">\n                      12 lut 2026                    <\/time>\n                    <span class=\"hidden\">\n                      4 min read\n                    <\/span>\n                  <\/div>\n                <\/div>\n              <\/div>\n            <\/div>\n          <\/a>\n        <\/div>\n                      \n                <div class=\"swiper-slide h-auto\">\n          <a href=\"https:\/\/plasticseurope.org\/pl\/2026\/01\/05\/rob-ingram-ceo-ineos-olefins-polymers-europe-nowym-prezesem-plastics-europe\/\">\n            <div class=\"relative flex flex-col items-stretch rounded-md overflow-hidden h-56 md:h-96\">\n                              <div class=\"relative flex-shrink-0 bg-seafoam-900 h-28 md:h-48\">\n                  <img loading=\"lazy\" decoding=\"async\" width=\"1024\" height=\"570\" src=\"https:\/\/plasticseurope.org\/pl\/wp-content\/uploads\/sites\/7\/2026\/01\/Rob-Ingram-1-1024x570.jpg\" class=\"h-full w-full object-cover object-center wp-post-image\" alt=\"\" srcset=\"https:\/\/plasticseurope.org\/pl\/wp-content\/uploads\/sites\/7\/2026\/01\/Rob-Ingram-1-1024x570.jpg 1024w, https:\/\/plasticseurope.org\/pl\/wp-content\/uploads\/sites\/7\/2026\/01\/Rob-Ingram-1-300x167.jpg 300w, https:\/\/plasticseurope.org\/pl\/wp-content\/uploads\/sites\/7\/2026\/01\/Rob-Ingram-1-768x428.jpg 768w, https:\/\/plasticseurope.org\/pl\/wp-content\/uploads\/sites\/7\/2026\/01\/Rob-Ingram-1.jpg 1079w\" sizes=\"auto, (max-width: 1024px) 100vw, 1024px\" \/>                  <div class=\"absolute left-6 bottom-4 hidden md:block\">\n                                          <span class=\"inline-flex items-center px-3 py-1 rounded-full text-sm font-medium bg-satsuma-900 text-white\">Informacje prasowe<\/span>\n                                      <\/div>\n                <\/div>\n              \n              <div class=\"overlay absolute inset-0 flex-1 p-4 md:p-6 flex flex-col justify-between bg-mist-900 transform translate-y-28 md:translate-y-48 transition duration-100 ease-out h-1\/2\" data-overlay=\"bg-sky-900\" data-color=\"bg-mist-900\">\n                <div class=\"flex-1\">\n                  <div class=\"mb-4 hidden\">\n                    <time class=\"updated text-tiny uppercase\" datetime=\"2026-01-05T09:48:54+00:00\">05 sty 2026<\/time>\n                  <\/div>\n                  <h4 class=\"text-tiny md:text-base line-clamp-3 mb-0\">Rob Ingram, CEO INEOS Olefins &amp; Polymers Europe, nowym prezesem Plastics Europe<\/h4>\n                  <p class=\"mt-3 hidden opacity-0\">\nPlastics Europe, paneuropejskie stowarzyszenie bran\u017cowe reprezentuj\u0105ce producent\u00f3w tworzyw sztucznych, og\u0142osi\u0142o powo\u0142anie Roba Ingrama, CEO INEOS Olefins &amp; Polymers Europe, na stanowisko prezesa Plastics Europe. Rob Ingram obj\u0105\u0142 t\u0119 funkcj\u0119 z dniem 1 stycznia 2026 r., zast\u0119puj\u0105c Benny\u2019ego Mermansa, Wiceprezesa ds. Zr\u00f3wnowa\u017conego Rozwoju w Chevron Phillips Chemical. Nowy prezes Plastics Europe b\u0119dzie przewodzi\u0142 wysi\u0142kom stowarzyszenia na rzecz przyspieszenia transformacji w kierunku gospodarki o obiegu zamkni\u0119tym oraz wzmacniania konkurencyjno\u015bci europejskiego przemys\u0142u tworzyw sztucznych.\n<\/p>\n                <\/div>\n                <div class=\"md:mt-6 flex items-center\">\n                  <div class=\"flex space-x-1 text-xs md:text-tiny\">\n                    <time class=\"updated uppercase\" datetime=\"2026-01-05T09:48:54+00:00\">\n                      05 sty 2026                    <\/time>\n                    <span class=\"hidden\">\n                      4 min read\n                    <\/span>\n                  <\/div>\n                <\/div>\n              <\/div>\n            <\/div>\n          <\/a>\n        <\/div>\n                      \n                <div class=\"swiper-slide h-auto\">\n          <a href=\"https:\/\/plasticseurope.org\/pl\/2025\/12\/30\/reakcja-plastics-europe-na-komunikat-komisji-europejskiej-przyspieszanie-transformacji-europy-w-kierunku-gospodarki-cyrkularnej-pilotazowy-projekt-na-rzecz-zwiekszenia-cyrkularnosci-tworzyw\/\">\n            <div class=\"relative flex flex-col items-stretch rounded-md overflow-hidden h-56 md:h-96\">\n                              <div class=\"relative flex-shrink-0 bg-seafoam-900 h-28 md:h-48\">\n                  <img loading=\"lazy\" decoding=\"async\" width=\"1024\" height=\"576\" src=\"https:\/\/plasticseurope.org\/pl\/wp-content\/uploads\/sites\/7\/2025\/12\/shutterstock_2064279029-1024x576.jpg\" class=\"h-full w-full object-cover object-center wp-post-image\" alt=\"\" srcset=\"https:\/\/plasticseurope.org\/pl\/wp-content\/uploads\/sites\/7\/2025\/12\/shutterstock_2064279029-1024x576.jpg 1024w, https:\/\/plasticseurope.org\/pl\/wp-content\/uploads\/sites\/7\/2025\/12\/shutterstock_2064279029-300x169.jpg 300w, https:\/\/plasticseurope.org\/pl\/wp-content\/uploads\/sites\/7\/2025\/12\/shutterstock_2064279029-768x432.jpg 768w, https:\/\/plasticseurope.org\/pl\/wp-content\/uploads\/sites\/7\/2025\/12\/shutterstock_2064279029-1536x864.jpg 1536w, https:\/\/plasticseurope.org\/pl\/wp-content\/uploads\/sites\/7\/2025\/12\/shutterstock_2064279029-2048x1152.jpg 2048w, https:\/\/plasticseurope.org\/pl\/wp-content\/uploads\/sites\/7\/2025\/12\/shutterstock_2064279029-1980x1114.jpg 1980w, https:\/\/plasticseurope.org\/pl\/wp-content\/uploads\/sites\/7\/2025\/12\/shutterstock_2064279029-1280x720.jpg 1280w\" sizes=\"auto, (max-width: 1024px) 100vw, 1024px\" \/>                  <div class=\"absolute left-6 bottom-4 hidden md:block\">\n                                          <span class=\"inline-flex items-center px-3 py-1 rounded-full text-sm font-medium bg-satsuma-900 text-white\">Informacje prasowe<\/span>\n                                      <\/div>\n                <\/div>\n              \n              <div class=\"overlay absolute inset-0 flex-1 p-4 md:p-6 flex flex-col justify-between bg-mist-900 transform translate-y-28 md:translate-y-48 transition duration-100 ease-out h-1\/2\" data-overlay=\"bg-sky-900\" data-color=\"bg-mist-900\">\n                <div class=\"flex-1\">\n                  <div class=\"mb-4 hidden\">\n                    <time class=\"updated text-tiny uppercase\" datetime=\"2025-12-30T10:09:59+00:00\">30 gru 2025<\/time>\n                  <\/div>\n                  <h4 class=\"text-tiny md:text-base line-clamp-3 mb-0\">Reakcja Plastics Europe na komunikat Komisji \u201ePrzyspieszanie transformacji Europy w kierunku gospodarki cyrkularnej: pilota\u017cowy projekt na rzecz zwi\u0119kszenia cyrkularno\u015bci tworzyw\u201d<\/h4>\n                  <p class=\"mt-3 hidden opacity-0\">\nVirginia Janssens, Dyrektor Zarz\u0105dzaj\u0105ca Plastics Europe:\n<\/p>\n                <\/div>\n                <div class=\"md:mt-6 flex items-center\">\n                  <div class=\"flex space-x-1 text-xs md:text-tiny\">\n                    <time class=\"updated uppercase\" datetime=\"2025-12-30T10:09:59+00:00\">\n                      30 gru 2025                    <\/time>\n                    <span class=\"hidden\">\n                      4 min read\n                    <\/span>\n                  <\/div>\n                <\/div>\n              <\/div>\n            <\/div>\n          <\/a>\n        <\/div>\n                      \n                <div class=\"swiper-slide h-auto\">\n          <a href=\"https:\/\/plasticseurope.org\/pl\/2025\/12\/12\/reakcja-plastics-europe-na-wstepne-porozumienie-w-sprawie-cyrkularnosci-w-sektorze-motoryzacyjnym\/\">\n            <div class=\"relative flex flex-col items-stretch rounded-md overflow-hidden h-56 md:h-96\">\n                              <div class=\"relative flex-shrink-0 bg-seafoam-900 h-28 md:h-48\">\n                  <img loading=\"lazy\" decoding=\"async\" width=\"1024\" height=\"683\" src=\"https:\/\/plasticseurope.org\/pl\/wp-content\/uploads\/sites\/7\/2025\/12\/plastics-electric-car-1024x683.jpg\" class=\"h-full w-full object-cover object-center wp-post-image\" alt=\"\" srcset=\"https:\/\/plasticseurope.org\/pl\/wp-content\/uploads\/sites\/7\/2025\/12\/plastics-electric-car-1024x683.jpg 1024w, https:\/\/plasticseurope.org\/pl\/wp-content\/uploads\/sites\/7\/2025\/12\/plastics-electric-car-300x200.jpg 300w, https:\/\/plasticseurope.org\/pl\/wp-content\/uploads\/sites\/7\/2025\/12\/plastics-electric-car-768x512.jpg 768w, https:\/\/plasticseurope.org\/pl\/wp-content\/uploads\/sites\/7\/2025\/12\/plastics-electric-car-1536x1024.jpg 1536w, https:\/\/plasticseurope.org\/pl\/wp-content\/uploads\/sites\/7\/2025\/12\/plastics-electric-car-1260x840.jpg 1260w\" sizes=\"auto, (max-width: 1024px) 100vw, 1024px\" \/>                  <div class=\"absolute left-6 bottom-4 hidden md:block\">\n                                          <span class=\"inline-flex items-center px-3 py-1 rounded-full text-sm font-medium bg-satsuma-900 text-white\">Informacje prasowe<\/span>\n                                      <\/div>\n                <\/div>\n              \n              <div class=\"overlay absolute inset-0 flex-1 p-4 md:p-6 flex flex-col justify-between bg-mist-900 transform translate-y-28 md:translate-y-48 transition duration-100 ease-out h-1\/2\" data-overlay=\"bg-sky-900\" data-color=\"bg-mist-900\">\n                <div class=\"flex-1\">\n                  <div class=\"mb-4 hidden\">\n                    <time class=\"updated text-tiny uppercase\" datetime=\"2025-12-12T11:48:29+00:00\">12 gru 2025<\/time>\n                  <\/div>\n                  <h4 class=\"text-tiny md:text-base line-clamp-3 mb-0\">Reakcja Plastics Europe na wst\u0119pne porozumienie w sprawie cyrkularno\u015bci w sektorze motoryzacyjnym<\/h4>\n                  <p class=\"mt-3 hidden opacity-0\">\nVirginia Janssens, Dyrektor Zarz\u0105dzaj\u0105ca Plastics Europe:\n<\/p>\n                <\/div>\n                <div class=\"md:mt-6 flex items-center\">\n                  <div class=\"flex space-x-1 text-xs md:text-tiny\">\n                    <time class=\"updated uppercase\" datetime=\"2025-12-12T11:48:29+00:00\">\n                      12 gru 2025                    <\/time>\n                    <span class=\"hidden\">\n                      4 min read\n                    <\/span>\n                  <\/div>\n                <\/div>\n              <\/div>\n            <\/div>\n          <\/a>\n        <\/div>\n                      \n                <div class=\"swiper-slide h-auto\">\n          <a href=\"https:\/\/plasticseurope.org\/pl\/2025\/12\/08\/guidelines-to-estimate-pellet-loss-for-reporting-under-the-reach-restriction-on-intentionally-added-microplastics\/\">\n            <div class=\"relative flex flex-col items-stretch rounded-md overflow-hidden h-56 md:h-96\">\n                              <div class=\"relative flex-shrink-0 bg-seafoam-900 h-28 md:h-48\">\n                  <img loading=\"lazy\" decoding=\"async\" width=\"1024\" height=\"683\" src=\"https:\/\/plasticseurope.org\/pl\/wp-content\/uploads\/sites\/7\/2025\/12\/plastics-pellets-blue-1-1024x683.jpg\" class=\"h-full w-full object-cover object-center wp-post-image\" alt=\"\" srcset=\"https:\/\/plasticseurope.org\/pl\/wp-content\/uploads\/sites\/7\/2025\/12\/plastics-pellets-blue-1-1024x683.jpg 1024w, https:\/\/plasticseurope.org\/pl\/wp-content\/uploads\/sites\/7\/2025\/12\/plastics-pellets-blue-1-300x200.jpg 300w, https:\/\/plasticseurope.org\/pl\/wp-content\/uploads\/sites\/7\/2025\/12\/plastics-pellets-blue-1-768x512.jpg 768w, https:\/\/plasticseurope.org\/pl\/wp-content\/uploads\/sites\/7\/2025\/12\/plastics-pellets-blue-1-1536x1024.jpg 1536w, https:\/\/plasticseurope.org\/pl\/wp-content\/uploads\/sites\/7\/2025\/12\/plastics-pellets-blue-1-2048x1365.jpg 2048w, https:\/\/plasticseurope.org\/pl\/wp-content\/uploads\/sites\/7\/2025\/12\/plastics-pellets-blue-1-1980x1320.jpg 1980w, https:\/\/plasticseurope.org\/pl\/wp-content\/uploads\/sites\/7\/2025\/12\/plastics-pellets-blue-1-1260x840.jpg 1260w\" sizes=\"auto, (max-width: 1024px) 100vw, 1024px\" \/>                  <div class=\"absolute left-6 bottom-4 hidden md:block\">\n                                          <span class=\"inline-flex items-center px-3 py-1 rounded-full text-sm font-medium bg-satsuma-900 text-white\">Aktualno\u015bci<\/span>\n                                      <\/div>\n                <\/div>\n              \n              <div class=\"overlay absolute inset-0 flex-1 p-4 md:p-6 flex flex-col justify-between bg-mist-900 transform translate-y-28 md:translate-y-48 transition duration-100 ease-out h-1\/2\" data-overlay=\"bg-sky-900\" data-color=\"bg-mist-900\">\n                <div class=\"flex-1\">\n                  <div class=\"mb-4 hidden\">\n                    <time class=\"updated text-tiny uppercase\" datetime=\"2025-12-08T13:53:59+00:00\">08 gru 2025<\/time>\n                  <\/div>\n                  <h4 class=\"text-tiny md:text-base line-clamp-3 mb-0\">Wytyczne dot. szacowania strat granulatu tworzyw opracowane na potrzeby raportowania zgodnie z REACH &#8211; w odniesieniu do celowo dodanych mikrocz\u0105steczek polimer\u00f3w syntetycznych<\/h4>\n                  <p class=\"mt-3 hidden opacity-0\">\n\n<\/p>\n                <\/div>\n                <div class=\"md:mt-6 flex items-center\">\n                  <div class=\"flex space-x-1 text-xs md:text-tiny\">\n                    <time class=\"updated uppercase\" datetime=\"2025-12-08T13:53:59+00:00\">\n                      08 gru 2025                    <\/time>\n                    <span class=\"hidden\">\n                      4 min read\n                    <\/span>\n                  <\/div>\n                <\/div>\n              <\/div>\n            <\/div>\n          <\/a>\n        <\/div>\n                      \n                <div class=\"swiper-slide h-auto\">\n          <a href=\"https:\/\/plasticseurope.org\/pl\/2025\/10\/08\/gwaltowne-zalamanie-konkurencyjnosci-europejski-przemysl-tworzyw-sztucznych-na-krawedzi\/\">\n            <div class=\"relative flex flex-col items-stretch rounded-md overflow-hidden h-56 md:h-96\">\n                              <div class=\"relative flex-shrink-0 bg-seafoam-900 h-28 md:h-48\">\n                  <img loading=\"lazy\" decoding=\"async\" width=\"928\" height=\"703\" src=\"https:\/\/plasticseurope.org\/pl\/wp-content\/uploads\/sites\/7\/2025\/10\/Okladka.png\" class=\"h-full w-full object-cover object-center wp-post-image\" alt=\"\" srcset=\"https:\/\/plasticseurope.org\/pl\/wp-content\/uploads\/sites\/7\/2025\/10\/Okladka.png 928w, https:\/\/plasticseurope.org\/pl\/wp-content\/uploads\/sites\/7\/2025\/10\/Okladka-300x227.png 300w, https:\/\/plasticseurope.org\/pl\/wp-content\/uploads\/sites\/7\/2025\/10\/Okladka-768x582.png 768w\" sizes=\"auto, (max-width: 928px) 100vw, 928px\" \/>                  <div class=\"absolute left-6 bottom-4 hidden md:block\">\n                                          <span class=\"inline-flex items-center px-3 py-1 rounded-full text-sm font-medium bg-satsuma-900 text-white\">Informacje prasowe<\/span>\n                                      <\/div>\n                <\/div>\n              \n              <div class=\"overlay absolute inset-0 flex-1 p-4 md:p-6 flex flex-col justify-between bg-mist-900 transform translate-y-28 md:translate-y-48 transition duration-100 ease-out h-1\/2\" data-overlay=\"bg-sky-900\" data-color=\"bg-mist-900\">\n                <div class=\"flex-1\">\n                  <div class=\"mb-4 hidden\">\n                    <time class=\"updated text-tiny uppercase\" datetime=\"2025-10-08T11:17:08+00:00\">08 pa\u017a 2025<\/time>\n                  <\/div>\n                  <h4 class=\"text-tiny md:text-base line-clamp-3 mb-0\">Gwa\u0142towne za\u0142amanie konkurencyjno\u015bci \u2013 europejski przemys\u0142 tworzyw sztucznych na kraw\u0119dzi<\/h4>\n                  <p class=\"mt-3 hidden opacity-0\">\nNowe dane pokazuj\u0105 malej\u0105cy udzia\u0142 w rynku, spadaj\u0105ce obroty i wstrzyman\u0105 transformacj\u0119 w kierunku cyrkularno\u015bci\n<\/p>\n                <\/div>\n                <div class=\"md:mt-6 flex items-center\">\n                  <div class=\"flex space-x-1 text-xs md:text-tiny\">\n                    <time class=\"updated uppercase\" datetime=\"2025-10-08T11:17:08+00:00\">\n                      08 pa\u017a 2025                    <\/time>\n                    <span class=\"hidden\">\n                      4 min read\n                    <\/span>\n                  <\/div>\n                <\/div>\n              <\/div>\n            <\/div>\n          <\/a>\n        <\/div>\n                      \n                <div class=\"swiper-slide h-auto\">\n          <a href=\"https:\/\/plasticseurope.org\/pl\/2025\/09\/24\/polacy-wierni-recyklingowi-ale-fala-krytyki-zniecheca\/\">\n            <div class=\"relative flex flex-col items-stretch rounded-md overflow-hidden h-56 md:h-96\">\n                              <div class=\"relative flex-shrink-0 bg-seafoam-900 h-28 md:h-48\">\n                  <img loading=\"lazy\" decoding=\"async\" width=\"1024\" height=\"570\" src=\"https:\/\/plasticseurope.org\/pl\/wp-content\/uploads\/sites\/7\/2025\/09\/Recykling_fot.-Shutterstock-1024x570.png\" class=\"h-full w-full object-cover object-center wp-post-image\" alt=\"\" srcset=\"https:\/\/plasticseurope.org\/pl\/wp-content\/uploads\/sites\/7\/2025\/09\/Recykling_fot.-Shutterstock-1024x570.png 1024w, https:\/\/plasticseurope.org\/pl\/wp-content\/uploads\/sites\/7\/2025\/09\/Recykling_fot.-Shutterstock-300x167.png 300w, https:\/\/plasticseurope.org\/pl\/wp-content\/uploads\/sites\/7\/2025\/09\/Recykling_fot.-Shutterstock-768x428.png 768w, https:\/\/plasticseurope.org\/pl\/wp-content\/uploads\/sites\/7\/2025\/09\/Recykling_fot.-Shutterstock-1536x856.png 1536w, https:\/\/plasticseurope.org\/pl\/wp-content\/uploads\/sites\/7\/2025\/09\/Recykling_fot.-Shutterstock-1280x713.png 1280w, https:\/\/plasticseurope.org\/pl\/wp-content\/uploads\/sites\/7\/2025\/09\/Recykling_fot.-Shutterstock.png 1655w\" sizes=\"auto, (max-width: 1024px) 100vw, 1024px\" \/>                  <div class=\"absolute left-6 bottom-4 hidden md:block\">\n                                          <span class=\"inline-flex items-center px-3 py-1 rounded-full text-sm font-medium bg-satsuma-900 text-white\">Informacje prasowe<\/span>\n                                      <\/div>\n                <\/div>\n              \n              <div class=\"overlay absolute inset-0 flex-1 p-4 md:p-6 flex flex-col justify-between bg-mist-900 transform translate-y-28 md:translate-y-48 transition duration-100 ease-out h-1\/2\" data-overlay=\"bg-sky-900\" data-color=\"bg-mist-900\">\n                <div class=\"flex-1\">\n                  <div class=\"mb-4 hidden\">\n                    <time class=\"updated text-tiny uppercase\" datetime=\"2025-09-24T08:11:27+00:00\">24 wrz 2025<\/time>\n                  <\/div>\n                  <h4 class=\"text-tiny md:text-base line-clamp-3 mb-0\">Polacy wierni recyklingowi, ale fala krytyki zniech\u0119ca<\/h4>\n                  <p class=\"mt-3 hidden opacity-0\">\nPolacy wierz\u0105 w recykling, wynika z badania [1] \u2013 mo\u017cliwo\u015b\u0107 ponownego przetwarzania by\u0142a najcz\u0119\u015bciej wskazywanym powodem wyboru opakowa\u0144 z tworzyw sztucznych podczas zakup\u00f3w spo\u017cywczych. Fala krytyki podwa\u017caj\u0105ca skuteczno\u015b\u0107 recyklingu znacz\u0105co os\u0142abi\u0142a jednak motywacj\u0119 do segregowania odpad\u00f3w, zagra\u017caj\u0105c celom gospodarki o obiegu zamkni\u0119tym. Opr\u00f3cz tego w opinii ekspert\u00f3w brakuje r\u00f3wnie\u017c podstawowej wiedzy na temat tworzyw sztucznych.\n<\/p>\n                <\/div>\n                <div class=\"md:mt-6 flex items-center\">\n                  <div class=\"flex space-x-1 text-xs md:text-tiny\">\n                    <time class=\"updated uppercase\" datetime=\"2025-09-24T08:11:27+00:00\">\n                      24 wrz 2025                    <\/time>\n                    <span class=\"hidden\">\n                      4 min read\n                    <\/span>\n                  <\/div>\n                <\/div>\n              <\/div>\n            <\/div>\n          <\/a>\n        <\/div>\n                      \n                <div class=\"swiper-slide h-auto\">\n          <a href=\"https:\/\/plasticseurope.org\/pl\/2025\/09\/15\/a-call-for-maintaining-the-current-plastics-own-resource-at-0-80-euro-kg-and-earmarking-the-revenues-to-fund-plastics-circularity\/\">\n            <div class=\"relative flex flex-col items-stretch rounded-md overflow-hidden h-56 md:h-96\">\n                              <div class=\"relative flex-shrink-0 bg-seafoam-900 h-28 md:h-48\">\n                  <img loading=\"lazy\" decoding=\"async\" width=\"1024\" height=\"683\" src=\"https:\/\/plasticseurope.org\/pl\/wp-content\/uploads\/sites\/7\/2025\/10\/asian-male-putting-twisted-green-plastic_shutterstock_1453413800-scaled-1-1024x683.jpg\" class=\"h-full w-full object-cover object-center wp-post-image\" alt=\"\" srcset=\"https:\/\/plasticseurope.org\/pl\/wp-content\/uploads\/sites\/7\/2025\/10\/asian-male-putting-twisted-green-plastic_shutterstock_1453413800-scaled-1-1024x683.jpg 1024w, https:\/\/plasticseurope.org\/pl\/wp-content\/uploads\/sites\/7\/2025\/10\/asian-male-putting-twisted-green-plastic_shutterstock_1453413800-scaled-1-300x200.jpg 300w, https:\/\/plasticseurope.org\/pl\/wp-content\/uploads\/sites\/7\/2025\/10\/asian-male-putting-twisted-green-plastic_shutterstock_1453413800-scaled-1-768x512.jpg 768w, https:\/\/plasticseurope.org\/pl\/wp-content\/uploads\/sites\/7\/2025\/10\/asian-male-putting-twisted-green-plastic_shutterstock_1453413800-scaled-1-1536x1024.jpg 1536w, https:\/\/plasticseurope.org\/pl\/wp-content\/uploads\/sites\/7\/2025\/10\/asian-male-putting-twisted-green-plastic_shutterstock_1453413800-scaled-1-2048x1366.jpg 2048w, https:\/\/plasticseurope.org\/pl\/wp-content\/uploads\/sites\/7\/2025\/10\/asian-male-putting-twisted-green-plastic_shutterstock_1453413800-scaled-1-1980x1320.jpg 1980w, https:\/\/plasticseurope.org\/pl\/wp-content\/uploads\/sites\/7\/2025\/10\/asian-male-putting-twisted-green-plastic_shutterstock_1453413800-scaled-1-1260x840.jpg 1260w\" sizes=\"auto, (max-width: 1024px) 100vw, 1024px\" \/>                  <div class=\"absolute left-6 bottom-4 hidden md:block\">\n                                          <span class=\"inline-flex items-center px-3 py-1 rounded-full text-sm font-medium bg-satsuma-900 text-white\">Aktualno\u015bci<\/span>\n                                      <\/div>\n                <\/div>\n              \n              <div class=\"overlay absolute inset-0 flex-1 p-4 md:p-6 flex flex-col justify-between bg-mist-900 transform translate-y-28 md:translate-y-48 transition duration-100 ease-out h-1\/2\" data-overlay=\"bg-sky-900\" data-color=\"bg-mist-900\">\n                <div class=\"flex-1\">\n                  <div class=\"mb-4 hidden\">\n                    <time class=\"updated text-tiny uppercase\" datetime=\"2025-09-15T11:29:00+00:00\">15 wrz 2025<\/time>\n                  <\/div>\n                  <h4 class=\"text-tiny md:text-base line-clamp-3 mb-0\">A call for maintaining the current Plastics Own Resource at 0.80 euro\/kg and earmarking the revenues to fund plastics circularity<\/h4>\n                  <p class=\"mt-3 hidden opacity-0\"><\/p>\n                <\/div>\n                <div class=\"md:mt-6 flex items-center\">\n                  <div class=\"flex space-x-1 text-xs md:text-tiny\">\n                    <time class=\"updated uppercase\" datetime=\"2025-09-15T11:29:00+00:00\">\n                      15 wrz 2025                    <\/time>\n                    <span class=\"hidden\">\n                      4 min read\n                    <\/span>\n                  <\/div>\n                <\/div>\n              <\/div>\n            <\/div>\n          <\/a>\n        <\/div>\n                      \n                <div class=\"swiper-slide h-auto\">\n          <a href=\"https:\/\/plasticseurope.org\/pl\/2025\/09\/10\/simplification-of-administrative-burden-in-environmental-legislation\/\">\n            <div class=\"relative flex flex-col items-stretch rounded-md overflow-hidden h-56 md:h-96\">\n                              <div class=\"relative flex-shrink-0 bg-seafoam-900 h-28 md:h-48\">\n                  <img loading=\"lazy\" decoding=\"async\" width=\"980\" height=\"653\" src=\"https:\/\/plasticseurope.org\/pl\/wp-content\/uploads\/sites\/7\/2025\/10\/mainheader-980x653-1.jpg\" class=\"h-full w-full object-cover object-center wp-post-image\" alt=\"\" srcset=\"https:\/\/plasticseurope.org\/pl\/wp-content\/uploads\/sites\/7\/2025\/10\/mainheader-980x653-1.jpg 980w, https:\/\/plasticseurope.org\/pl\/wp-content\/uploads\/sites\/7\/2025\/10\/mainheader-980x653-1-300x200.jpg 300w, https:\/\/plasticseurope.org\/pl\/wp-content\/uploads\/sites\/7\/2025\/10\/mainheader-980x653-1-768x512.jpg 768w\" sizes=\"auto, (max-width: 980px) 100vw, 980px\" \/>                  <div class=\"absolute left-6 bottom-4 hidden md:block\">\n                                          <span class=\"inline-flex items-center px-3 py-1 rounded-full text-sm font-medium bg-satsuma-900 text-white\">Aktualno\u015bci<\/span>\n                                      <\/div>\n                <\/div>\n              \n              <div class=\"overlay absolute inset-0 flex-1 p-4 md:p-6 flex flex-col justify-between bg-mist-900 transform translate-y-28 md:translate-y-48 transition duration-100 ease-out h-1\/2\" data-overlay=\"bg-sky-900\" data-color=\"bg-mist-900\">\n                <div class=\"flex-1\">\n                  <div class=\"mb-4 hidden\">\n                    <time class=\"updated text-tiny uppercase\" datetime=\"2025-09-10T11:33:00+00:00\">10 wrz 2025<\/time>\n                  <\/div>\n                  <h4 class=\"text-tiny md:text-base line-clamp-3 mb-0\">Simplification of administrative burden in environmental legislation<\/h4>\n                  <p class=\"mt-3 hidden opacity-0\">\nPlastics Europe welcomes the European Commission initiative on enhancing the effectiveness of EU legislation and fostering a regulatory environment that enables businesses to thrive is essential. However, simplification efforts must be carefully designed to avoid undermining the EU\u2019s circularity objectives.\n<\/p>\n                <\/div>\n                <div class=\"md:mt-6 flex items-center\">\n                  <div class=\"flex space-x-1 text-xs md:text-tiny\">\n                    <time class=\"updated uppercase\" datetime=\"2025-09-10T11:33:00+00:00\">\n                      10 wrz 2025                    <\/time>\n                    <span class=\"hidden\">\n                      4 min read\n                    <\/span>\n                  <\/div>\n                <\/div>\n              <\/div>\n            <\/div>\n          <\/a>\n        <\/div>\n                    <\/div>\n      <div class=\"swiper-button-next hidden lg:inline-flex absolute w-10 h-10 lg:w-12 lg:h-12 z-90\"><\/div>\n      <div class=\"swiper-button-prev hidden lg:inline-flex absolute w-10 h-10 lg:w-12 lg:h-12 z-10\"><\/div>\n    <\/div>\n  <\/div>\n<\/div>\n\n\n\n\n<h2 class=\"wp-block-heading\">#changingplasticsforgood<\/h2>\n\n\n\n<div class=\"wp-block-columns is-layout-flex wp-container-core-columns-is-layout-28f84493 wp-block-columns-is-layout-flex\">\n<div class=\"wp-block-column is-layout-flow wp-block-column-is-layout-flow\">\n<figure class=\"wp-block-embed is-type-video is-provider-vimeo wp-block-embed-vimeo wp-embed-aspect-16-9 wp-has-aspect-ratio\"><div class=\"wp-block-embed__wrapper\">\n<iframe loading=\"lazy\" src=\"https:\/\/player.vimeo.com\/video\/655266226?dnt=1&amp;app_id=122963\" width=\"500\" height=\"281\" frameborder=\"0\" allow=\"autoplay; fullscreen; picture-in-picture; clipboard-write\"><\/iframe>\n<\/div><figcaption class=\"wp-element-caption\">Wielokrotnie przerabiamy pojemniki na jogurty w\u2026 pojemniki na jogurty!<\/figcaption><\/figure>\n<\/div>\n\n\n\n<div class=\"wp-block-column is-layout-flow wp-block-column-is-layout-flow\">\n<figure class=\"wp-block-embed is-type-video is-provider-vimeo wp-block-embed-vimeo wp-embed-aspect-16-9 wp-has-aspect-ratio\"><div class=\"wp-block-embed__wrapper\">\n<iframe loading=\"lazy\" src=\"https:\/\/player.vimeo.com\/video\/642693095?dnt=1&amp;app_id=122963\" width=\"500\" height=\"281\" frameborder=\"0\" allow=\"autoplay; fullscreen; picture-in-picture; clipboard-write\"><\/iframe>\n<\/div><figcaption class=\"wp-element-caption\">Projektowanie produkt\u00f3w z my\u015bl\u0105 o recyklingu<\/figcaption><\/figure>\n<\/div>\n<\/div>\n\n\n\n<div class=\"wp-block-columns is-layout-flex wp-container-core-columns-is-layout-28f84493 wp-block-columns-is-layout-flex\">\n<div class=\"wp-block-column is-layout-flow wp-block-column-is-layout-flow\" style=\"flex-basis:100%\">\n<div class=\"wp-block-columns is-layout-flex wp-container-core-columns-is-layout-28f84493 wp-block-columns-is-layout-flex\">\n<div class=\"wp-block-column is-layout-flow wp-block-column-is-layout-flow\">\n<figure class=\"wp-block-embed is-type-video is-provider-vimeo wp-block-embed-vimeo wp-embed-aspect-16-9 wp-has-aspect-ratio\"><div class=\"wp-block-embed__wrapper\">\n<iframe loading=\"lazy\" src=\"https:\/\/player.vimeo.com\/video\/698971642?dnt=1&amp;app_id=122963\" width=\"500\" height=\"281\" frameborder=\"0\" allow=\"autoplay; fullscreen; picture-in-picture; clipboard-write\"><\/iframe>\n<\/div><figcaption class=\"wp-element-caption\">Znajdowanie nowych sposob\u00f3w recyklingu tworzyw sztucznych stosowanych w piankach materacowych<\/figcaption><\/figure>\n<\/div>\n\n\n\n<div class=\"wp-block-column is-layout-flow wp-block-column-is-layout-flow\">\n<figure class=\"wp-block-embed is-type-video is-provider-vimeo wp-block-embed-vimeo wp-embed-aspect-16-9 wp-has-aspect-ratio\"><div class=\"wp-block-embed__wrapper\">\n<iframe loading=\"lazy\" src=\"https:\/\/player.vimeo.com\/video\/779188366?dnt=1&amp;app_id=122963\" width=\"500\" height=\"281\" frameborder=\"0\" allow=\"autoplay; fullscreen; picture-in-picture; clipboard-write\"><\/iframe>\n<\/div><figcaption class=\"wp-element-caption\">Produkowane przez nas tworzywa sztuczne odgrywaj\u0105 kluczow\u0105 rol\u0119 w budowaniu sieci energii odnawialnej<\/figcaption><\/figure>\n<\/div>\n<\/div>\n<\/div>\n<\/div>\n\n\n\n<p><\/p>\n\n\n\n<div class=\"wp-block-columns max-w-7xl mx-auto is-layout-flex wp-container-core-columns-is-layout-28f84493 wp-block-columns-is-layout-flex\">\n<div class=\"wp-block-column is-vertically-aligned-top is-layout-flow wp-block-column-is-layout-flow\" style=\"flex-basis:50%\">\n<p><\/p>\n\n\n\n<p><\/p>\n\n\n\n<p><\/p>\n\n\n\n<p><\/p>\n\n\n\n<p><\/p>\n\n\n\n<p><\/p>\n\n\n\n<h2 class=\"wp-block-heading\" id=\"plastics-europe-enabling-a-sustainable-future\">Plastics Europe: enabling a sustainable future<\/h2>\n<\/div>\n\n\n\n<div class=\"wp-block-column is-layout-flow wp-block-column-is-layout-flow\" style=\"flex-basis:50%\">\n<p class=\"has-sky-color has-text-color has-large-font-size\">Plastics Europe jest jednym z czo\u0142owych europejskich stowarzysze\u0144 bran\u017cowych, kt\u00f3rego centra zlokalizowane s\u0105 w Brukseli, Frankfurcie, Londynie, Madrycie, Mediolanie i Pary\u017cu.<\/p>\n\n\n\n<p>Plastics Europe utrzymuje&nbsp;\u015bcis\u0142\u0105 wsp\u00f3\u0142prac\u0119 z krajowymi stowarzyszeniami zwi\u0105zanymi z przemys\u0142em tworzyw, dzia\u0142aj\u0105cymi zar\u00f3wno w Europie jaki i na \u015bwiecie. W stowarzyszeniu zrzeszonych jest ponad 100 firm&nbsp;cz\u0142onkowskich, kt\u00f3rych&nbsp;\u0142\u0105czny udzia\u0142 w produkcji wszystkich polimer\u00f3w wytwarzanych w krajach Unii Europejskiej (EU27), a tak\u017ce w Norwegii, Szwajcarii, Turcji i Wielkiej Brytanii, wynosi&nbsp;powy\u017cej 90%. Plastics Europe wsp\u00f3\u0142pracuje tak\u017ce na poziomie globalnym poprzez \u015awiatow\u0105 Rad\u0119 Przemys\u0142u Tworzyw (<a href=\"https:\/\/www.worldplasticscouncil.org\/\" target=\"_blank\" rel=\"noreferrer noopener\">World Plastics Council&nbsp;<\/a>&#8211; WPC) oraz poprzez \u015awiatow\u0105 Koalicj\u0119 na rzecz Tworzyw (<a href=\"https:\/\/www.americanchemistry.com\/Media\/PressReleasesTranscripts\/ACC-news-releases\/Global-Plastics-Alliance-Meeting-Advances-Sustainability-and-Marine-Litter-Solutions.html\" target=\"_blank\" rel=\"noreferrer noopener\">Global Plastics Alliance&nbsp;<\/a>&#8211; GPA).&nbsp;<\/p>\n<\/div>\n<\/div>\n\n\n\n<div style=\"height:100px\" aria-hidden=\"true\" class=\"wp-block-spacer\"><\/div>\n\n\n\n<div class=\"wp-block-cover alignfull\" style=\"min-height:420px;aspect-ratio:unset;\"><span aria-hidden=\"true\" class=\"wp-block-cover__background has-jade-background-color has-background-dim-90 has-background-dim\"><\/span><img decoding=\"async\" class=\"wp-block-cover__image-background wp-image-539\" alt=\"\" src=\"https:\/\/plasticseurope.multisite\/wp-content\/uploads\/2021\/09\/AdobeStock_136138818-scaled.jpg\" data-object-fit=\"cover\" \/><div class=\"wp-block-cover__inner-container is-layout-flow wp-block-cover-is-layout-flow\">\n<div class=\"wp-block-columns alignwide is-layout-flex wp-container-core-columns-is-layout-28f84493 wp-block-columns-is-layout-flex\">\n<div class=\"wp-block-column is-vertically-aligned-top is-layout-flow wp-block-column-is-layout-flow\" style=\"flex-basis:35%\">\n<h2 class=\"wp-block-heading heading-quote mb-0\" id=\"zostan-czlonkiemplastics-europe\">Zosta\u0144 cz\u0142onkiem<br>Plastics Europe<\/h2>\n<\/div>\n\n\n\n<div class=\"wp-block-column is-vertically-aligned-top is-layout-flow wp-block-column-is-layout-flow\" style=\"flex-basis:35%\">\n<p class=\"mb-0 has-large-font-size\">W Plastics Europe postrzegamy swoj\u0105 rol\u0119 jako katalizatora zmian bran\u017cy tworzyw sztucznych, kt\u00f3ry przyspiesza rozw\u00f3j zr\u00f3wnowa\u017conych rozwi\u0105za\u0144 cenionych przez spo\u0142ecze\u0144stwo.<\/p>\n<\/div>\n\n\n\n<div class=\"wp-block-column is-vertically-aligned-center text-right is-layout-flow wp-block-column-is-layout-flow\" style=\"flex-basis:30%\">\n<div class=\"wp-block-buttons is-layout-flex wp-block-buttons-is-layout-flex\">\n<div class=\"wp-block-button has-custom-width wp-block-button__width-100\"><a class=\"wp-block-button__link wp-element-button\" href=\"https:\/\/plasticseurope.org\/about-us\/membership\/\">Do\u0142\u0105cz do Plastics Europe<\/a><\/div>\n<\/div>\n<\/div>\n<\/div>\n<\/div><\/div>\n\n\n\n<div style=\"height:100px\" aria-hidden=\"true\" class=\"wp-block-spacer\"><\/div>\n","protected":false},"excerpt":{"rendered":"<p>#changingplasticsforgood Plastics Europe: enabling a sustainable future Plastics Europe jest jednym z czo\u0142owych europejskich stowarzysze\u0144 bran\u017cowych, kt\u00f3rego centra zlokalizowane s\u0105 w Brukseli, Frankfurcie, Londynie, Madrycie, Mediolanie i Pary\u017cu. Plastics Europe utrzymuje&nbsp;\u015bcis\u0142\u0105 wsp\u00f3\u0142prac\u0119 z krajowymi stowarzyszeniami zwi\u0105zanymi z przemys\u0142em tworzyw, dzia\u0142aj\u0105cymi zar\u00f3wno w Europie jaki i na \u015bwiecie. W stowarzyszeniu zrzeszonych jest ponad 100 firm&nbsp;cz\u0142onkowskich, kt\u00f3rych&nbsp;\u0142\u0105czny [&hellip;]<\/p>\n","protected":false},"author":1,"featured_media":0,"parent":0,"menu_order":0,"comment_status":"closed","ping_status":"closed","template":"","meta":{"footnotes":""},"class_list":["post-45","page","type-page","status-publish","hentry"],"acf":[],"yoast_head":"<!-- This site is optimized with the Yoast SEO plugin v21.6 - https:\/\/yoast.com\/wordpress\/plugins\/seo\/ -->\n<title>Plastics Europe - Plastics Europe PL<\/title>\n<meta name=\"robots\" content=\"index, follow, max-snippet:-1, max-image-preview:large, max-video-preview:-1\" \/>\n<link rel=\"canonical\" href=\"https:\/\/plasticseurope.org\/pl\/\" \/>\n<meta property=\"og:locale\" content=\"pl_PL\" \/>\n<meta property=\"og:type\" content=\"article\" \/>\n<meta property=\"og:title\" content=\"Plastics Europe - Plastics Europe PL\" \/>\n<meta property=\"og:description\" content=\"#changingplasticsforgood Plastics Europe: enabling a sustainable future Plastics Europe jest jednym z czo\u0142owych europejskich stowarzysze\u0144 bran\u017cowych, kt\u00f3rego centra zlokalizowane s\u0105 w Brukseli, Frankfurcie, Londynie, Madrycie, Mediolanie i Pary\u017cu. Plastics Europe utrzymuje&nbsp;\u015bcis\u0142\u0105 wsp\u00f3\u0142prac\u0119 z krajowymi stowarzyszeniami zwi\u0105zanymi z przemys\u0142em tworzyw, dzia\u0142aj\u0105cymi zar\u00f3wno w Europie jaki i na \u015bwiecie. W stowarzyszeniu zrzeszonych jest ponad 100 firm&nbsp;cz\u0142onkowskich, kt\u00f3rych&nbsp;\u0142\u0105czny [&hellip;]\" \/>\n<meta property=\"og:url\" content=\"https:\/\/plasticseurope.org\/pl\/\" \/>\n<meta property=\"og:site_name\" content=\"Plastics Europe PL\" \/>\n<meta property=\"article:modified_time\" content=\"2025-01-15T09:34:16+00:00\" \/>\n<meta property=\"og:image\" content=\"https:\/\/plasticseurope.multisite\/wp-content\/uploads\/2021\/09\/AdobeStock_136138818-scaled.jpg\" \/>\n<meta name=\"twitter:card\" content=\"summary_large_image\" \/>\n<meta name=\"twitter:label1\" content=\"Szacowany czas czytania\" \/>\n\t<meta name=\"twitter:data1\" content=\"2 minuty\" \/>\n<script type=\"application\/ld+json\" class=\"yoast-schema-graph\">{\"@context\":\"https:\/\/schema.org\",\"@graph\":[{\"@type\":\"WebPage\",\"@id\":\"https:\/\/plasticseurope.org\/pl\/\",\"url\":\"https:\/\/plasticseurope.org\/pl\/\",\"name\":\"Plastics Europe - Plastics Europe PL\",\"isPartOf\":{\"@id\":\"https:\/\/plasticseurope.org\/pl\/#website\"},\"datePublished\":\"2021-10-23T08:39:28+00:00\",\"dateModified\":\"2025-01-15T09:34:16+00:00\",\"breadcrumb\":{\"@id\":\"https:\/\/plasticseurope.org\/pl\/#breadcrumb\"},\"inLanguage\":\"pl-PL\",\"potentialAction\":[{\"@type\":\"ReadAction\",\"target\":[\"https:\/\/plasticseurope.org\/pl\/\"]}]},{\"@type\":\"BreadcrumbList\",\"@id\":\"https:\/\/plasticseurope.org\/pl\/#breadcrumb\",\"itemListElement\":[{\"@type\":\"ListItem\",\"position\":1,\"name\":\"Home\",\"item\":\"https:\/\/plasticseurope.org\/pl\/\"},{\"@type\":\"ListItem\",\"position\":2,\"name\":\"Plastics Europe\"}]},{\"@type\":\"WebSite\",\"@id\":\"https:\/\/plasticseurope.org\/pl\/#website\",\"url\":\"https:\/\/plasticseurope.org\/pl\/\",\"name\":\"Plastics Europe PL\",\"description\":\"Enabling a sustainable future\",\"potentialAction\":[{\"@type\":\"SearchAction\",\"target\":{\"@type\":\"EntryPoint\",\"urlTemplate\":\"https:\/\/plasticseurope.org\/pl\/?s={search_term_string}\"},\"query-input\":\"required name=search_term_string\"}],\"inLanguage\":\"pl-PL\"}]}<\/script>\n<!-- \/ Yoast SEO plugin. -->","yoast_head_json":{"title":"Plastics Europe - Plastics Europe PL","robots":{"index":"index","follow":"follow","max-snippet":"max-snippet:-1","max-image-preview":"max-image-preview:large","max-video-preview":"max-video-preview:-1"},"canonical":"https:\/\/plasticseurope.org\/pl\/","og_locale":"pl_PL","og_type":"article","og_title":"Plastics Europe - Plastics Europe PL","og_description":"#changingplasticsforgood Plastics Europe: enabling a sustainable future Plastics Europe jest jednym z czo\u0142owych europejskich stowarzysze\u0144 bran\u017cowych, kt\u00f3rego centra zlokalizowane s\u0105 w Brukseli, Frankfurcie, Londynie, Madrycie, Mediolanie i Pary\u017cu. Plastics Europe utrzymuje&nbsp;\u015bcis\u0142\u0105 wsp\u00f3\u0142prac\u0119 z krajowymi stowarzyszeniami zwi\u0105zanymi z przemys\u0142em tworzyw, dzia\u0142aj\u0105cymi zar\u00f3wno w Europie jaki i na \u015bwiecie. W stowarzyszeniu zrzeszonych jest ponad 100 firm&nbsp;cz\u0142onkowskich, kt\u00f3rych&nbsp;\u0142\u0105czny [&hellip;]","og_url":"https:\/\/plasticseurope.org\/pl\/","og_site_name":"Plastics Europe PL","article_modified_time":"2025-01-15T09:34:16+00:00","og_image":[{"url":"https:\/\/plasticseurope.multisite\/wp-content\/uploads\/2021\/09\/AdobeStock_136138818-scaled.jpg"}],"twitter_card":"summary_large_image","twitter_misc":{"Szacowany czas czytania":"2 minuty"},"schema":{"@context":"https:\/\/schema.org","@graph":[{"@type":"WebPage","@id":"https:\/\/plasticseurope.org\/pl\/","url":"https:\/\/plasticseurope.org\/pl\/","name":"Plastics Europe - Plastics Europe PL","isPartOf":{"@id":"https:\/\/plasticseurope.org\/pl\/#website"},"datePublished":"2021-10-23T08:39:28+00:00","dateModified":"2025-01-15T09:34:16+00:00","breadcrumb":{"@id":"https:\/\/plasticseurope.org\/pl\/#breadcrumb"},"inLanguage":"pl-PL","potentialAction":[{"@type":"ReadAction","target":["https:\/\/plasticseurope.org\/pl\/"]}]},{"@type":"BreadcrumbList","@id":"https:\/\/plasticseurope.org\/pl\/#breadcrumb","itemListElement":[{"@type":"ListItem","position":1,"name":"Home","item":"https:\/\/plasticseurope.org\/pl\/"},{"@type":"ListItem","position":2,"name":"Plastics Europe"}]},{"@type":"WebSite","@id":"https:\/\/plasticseurope.org\/pl\/#website","url":"https:\/\/plasticseurope.org\/pl\/","name":"Plastics Europe PL","description":"Enabling a sustainable future","potentialAction":[{"@type":"SearchAction","target":{"@type":"EntryPoint","urlTemplate":"https:\/\/plasticseurope.org\/pl\/?s={search_term_string}"},"query-input":"required name=search_term_string"}],"inLanguage":"pl-PL"}]}},"_links":{"self":[{"href":"https:\/\/plasticseurope.org\/pl\/wp-json\/wp\/v2\/pages\/45","targetHints":{"allow":["GET"]}}],"collection":[{"href":"https:\/\/plasticseurope.org\/pl\/wp-json\/wp\/v2\/pages"}],"about":[{"href":"https:\/\/plasticseurope.org\/pl\/wp-json\/wp\/v2\/types\/page"}],"author":[{"embeddable":true,"href":"https:\/\/plasticseurope.org\/pl\/wp-json\/wp\/v2\/users\/1"}],"replies":[{"embeddable":true,"href":"https:\/\/plasticseurope.org\/pl\/wp-json\/wp\/v2\/comments?post=45"}],"version-history":[{"count":0,"href":"https:\/\/plasticseurope.org\/pl\/wp-json\/wp\/v2\/pages\/45\/revisions"}],"wp:attachment":[{"href":"https:\/\/plasticseurope.org\/pl\/wp-json\/wp\/v2\/media?parent=45"}],"curies":[{"name":"wp","href":"https:\/\/api.w.org\/{rel}","templated":true}]}}