{"version":"1.0","provider_name":"Plastics Europe PL","provider_url":"https:\/\/plasticseurope.org\/pl","author_name":"lizzydoyle","author_url":"https:\/\/plasticseurope.org\/pl\/author\/lizzydoyle\/","title":"II mi\u0119dzynarodowa wyprawa kajakowa Wroc\u0142aw-Berlin - Plastics Europe PL","type":"rich","width":600,"height":338,"html":"<blockquote class=\"wp-embedded-content\" data-secret=\"ogEPMsSVot\"><a href=\"https:\/\/plasticseurope.org\/pl\/2021\/06\/16\/ii-miedzynarodowa-wyprawa-kajakowa-wroclaw-berlin\/\">II mi\u0119dzynarodowa wyprawa kajakowa Wroc\u0142aw-Berlin<\/a><\/blockquote><iframe sandbox=\"allow-scripts\" security=\"restricted\" src=\"https:\/\/plasticseurope.org\/pl\/2021\/06\/16\/ii-miedzynarodowa-wyprawa-kajakowa-wroclaw-berlin\/embed\/#?secret=ogEPMsSVot\" width=\"600\" height=\"338\" title=\"&#8222;II mi\u0119dzynarodowa wyprawa kajakowa Wroc\u0142aw-Berlin&#8221; &#8212; Plastics Europe PL\" data-secret=\"ogEPMsSVot\" frameborder=\"0\" marginwidth=\"0\" marginheight=\"0\" scrolling=\"no\" class=\"wp-embedded-content\"><\/iframe><script type=\"text\/javascript\">\n\/* <![CDATA[ *\/\n\/*! This file is auto-generated *\/\n!function(d,l){\"use strict\";l.querySelector&&d.addEventListener&&\"undefined\"!=typeof URL&&(d.wp=d.wp||{},d.wp.receiveEmbedMessage||(d.wp.receiveEmbedMessage=function(e){var t=e.data;if((t||t.secret||t.message||t.value)&&!\/[^a-zA-Z0-9]\/.test(t.secret)){for(var s,r,n,a=l.querySelectorAll('iframe[data-secret=\"'+t.secret+'\"]'),o=l.querySelectorAll('blockquote[data-secret=\"'+t.secret+'\"]'),c=new RegExp(\"^https?:$\",\"i\"),i=0;i<o.length;i++)o[i].style.display=\"none\";for(i=0;i<a.length;i++)s=a[i],e.source===s.contentWindow&&(s.removeAttribute(\"style\"),\"height\"===t.message?(1e3<(r=parseInt(t.value,10))?r=1e3:~~r<200&&(r=200),s.height=r):\"link\"===t.message&&(r=new URL(s.getAttribute(\"src\")),n=new URL(t.value),c.test(n.protocol))&&n.host===r.host&&l.activeElement===s&&(d.top.location.href=t.value))}},d.addEventListener(\"message\",d.wp.receiveEmbedMessage,!1),l.addEventListener(\"DOMContentLoaded\",function(){for(var e,t,s=l.querySelectorAll(\"iframe.wp-embedded-content\"),r=0;r<s.length;r++)(t=(e=s[r]).getAttribute(\"data-secret\"))||(t=Math.random().toString(36).substring(2,12),e.src+=\"#?secret=\"+t,e.setAttribute(\"data-secret\",t)),e.contentWindow.postMessage({message:\"ready\",secret:t},\"*\")},!1)))}(window,document);\n\/\/# sourceURL=https:\/\/plasticseurope.org\/pl\/wp-includes\/js\/wp-embed.min.js\n\/* ]]> *\/\n<\/script>\n","thumbnail_url":"https:\/\/plasticseurope.org\/pl\/wp-content\/uploads\/sites\/7\/2021\/11\/RR_2021_Wroclaw_banner-scaled.jpg","thumbnail_width":2560,"thumbnail_height":1646,"description":"W tym roku Recykling Rejs \u2013 proekologiczna inicjatywa realizowana przez Fundacj\u0119 PlasticsEurope Polska wsp\u00f3lnie z ekologiem i podr\u00f3\u017cnikiem, Dominikiem Dobrowolskim, obchodzi swoje 10-lecie. Za nami majowe akcje sprz\u0105tania brzeg\u00f3w rzek w Go\u0142dapie, Ksi\u0105\u017cu i Czarnym Dunajcu. W czerwcu \u0142\u0105czymy sw\u00f3j jubileusz z 30-leciem polsko-niemieckiego traktatu o dobrym s\u0105siedztwie &#8211; 17 czerwca mi\u0119dzynarodowa grupa 24 kajakarek [&hellip;]"}