{"id":62,"date":"2021-10-23T08:12:36","date_gmt":"2021-10-23T08:12:36","guid":{"rendered":"https:\/\/plasticseurope.wpenginepowered.com\/fr\/?page_id=62"},"modified":"2025-06-24T15:43:03","modified_gmt":"2025-06-24T15:43:03","slug":"plastics-europe","status":"publish","type":"page","link":"https:\/\/plasticseurope.org\/fr\/","title":{"rendered":"Plastics Europe"},"content":{"rendered":"\n<div id=\"header-carousel-block_8cd6c6e4b01c1a7e846821cbff7a46c9\" class=\"header-carousel relative alignfull\">\n      <div class=\"fashion-slider\">\n      <div class=\"swiper\">\n        <div class=\"swiper-wrapper\">\n                  <!-- configure slide color with \"data-slide-bg-color\" attribute -->\n          <div class=\"swiper-slide\" data-slide-bg-color=\"#ffffff\" data-swiper-autoplay=\"2000\">\n            <!-- slide title wrap -->\n            <div class=\"fashion-slider-title w-full sm:max-w-2xl lg:max-w-4xl xl:max-w-6xl mx-auto px-4 sm:px-6 lg:px-8 flex text-left\" data-swiper-parallax=\"-120%\">\n              <!-- slide title text -->\n              <div class=\"max-w-xl mr-auto px-8 lg:px-0 space-y-4 md:space-y-4 xl:space-y-8\">\n                <span class=\"badge badge-tag inverse capitalize\">media<\/span>\n                <h2 class=\"h1 text-white\">La chute de la comp\u00e9titivit\u00e9 europ\u00e9enne menace la transition vers une \u00e9conomie circulaire des plastiques<\/h2>\n                <div class=\"hidden md:block\"><p class=\"lg:text-lg text-white line-clamp-3\">De nouveaux chiffres confirment la poursuite du d\u00e9clin de la production de plastiques en Europe et montrent, pour la premi\u00e8re fois, une baisse de la production de plastiques recycl\u00e9s Paris, lundi 18 novembre 2024 Les derni\u00e8res donn\u00e9es publi\u00e9es par Plastics Europe sur l\u2019\u00e9tat de l\u2019\u00e9cosyst\u00e8me europ\u00e9en des plastiques mettent en exergue une baisse plus importante [&hellip;]<\/p><\/div>\n                                  <a href=\"https:\/\/plasticseurope.org\/fr\/2024\/11\/18\/la-chute-de-la-competitivite-europeenne-menace-la-transition-vers-une-economie-circulaire-des-plastiques\/\" class=\"btn w-auto px-6 py-2 lg:px-9 lg:py-3 text-tiny lg:text-base\">Voir plus<\/a>\n                              <\/div>\n            <\/div>\n            <!-- slide image wrap -->\n            <div class=\"fashion-slider-scale bg-gray-900\">\n              <!-- slide image -->\n              <img loading=\"lazy\" decoding=\"async\" width=\"1024\" height=\"1024\" src=\"https:\/\/plasticseurope.org\/fr\/wp-content\/uploads\/sites\/2\/2024\/11\/SoMeV3-1024x1024.jpg\" class=\"lg:hidden wp-post-image\" alt=\"\" srcset=\"https:\/\/plasticseurope.org\/fr\/wp-content\/uploads\/sites\/2\/2024\/11\/SoMeV3-1024x1024.jpg 1024w, https:\/\/plasticseurope.org\/fr\/wp-content\/uploads\/sites\/2\/2024\/11\/SoMeV3-300x300.jpg 300w, https:\/\/plasticseurope.org\/fr\/wp-content\/uploads\/sites\/2\/2024\/11\/SoMeV3-150x150.jpg 150w, https:\/\/plasticseurope.org\/fr\/wp-content\/uploads\/sites\/2\/2024\/11\/SoMeV3-768x768.jpg 768w, https:\/\/plasticseurope.org\/fr\/wp-content\/uploads\/sites\/2\/2024\/11\/SoMeV3-840x840.jpg 840w, https:\/\/plasticseurope.org\/fr\/wp-content\/uploads\/sites\/2\/2024\/11\/SoMeV3.jpg 1200w\" sizes=\"auto, (max-width: 1024px) 100vw, 1024px\" \/>              <img loading=\"lazy\" decoding=\"async\" width=\"1200\" height=\"1200\" src=\"https:\/\/plasticseurope.org\/fr\/wp-content\/uploads\/sites\/2\/2024\/11\/SoMeV3.jpg\" class=\"hidden lg:block wp-post-image\" alt=\"\" srcset=\"https:\/\/plasticseurope.org\/fr\/wp-content\/uploads\/sites\/2\/2024\/11\/SoMeV3.jpg 1200w, https:\/\/plasticseurope.org\/fr\/wp-content\/uploads\/sites\/2\/2024\/11\/SoMeV3-300x300.jpg 300w, https:\/\/plasticseurope.org\/fr\/wp-content\/uploads\/sites\/2\/2024\/11\/SoMeV3-1024x1024.jpg 1024w, https:\/\/plasticseurope.org\/fr\/wp-content\/uploads\/sites\/2\/2024\/11\/SoMeV3-150x150.jpg 150w, https:\/\/plasticseurope.org\/fr\/wp-content\/uploads\/sites\/2\/2024\/11\/SoMeV3-768x768.jpg 768w, https:\/\/plasticseurope.org\/fr\/wp-content\/uploads\/sites\/2\/2024\/11\/SoMeV3-840x840.jpg 840w\" sizes=\"auto, (max-width: 1200px) 100vw, 1200px\" \/>              <div class=\"absolute inset-0 bg-gray-900 mix-blend-multiply opacity-30\"><\/div>\n            <\/div>\n          <\/div>\n                  <!-- configure slide color with \"data-slide-bg-color\" attribute -->\n          <div class=\"swiper-slide\" data-slide-bg-color=\"#ffffff\" data-swiper-autoplay=\"2000\">\n            <!-- slide title wrap -->\n            <div class=\"fashion-slider-title w-full sm:max-w-2xl lg:max-w-4xl xl:max-w-6xl mx-auto px-4 sm:px-6 lg:px-8 flex text-left\" data-swiper-parallax=\"-120%\">\n              <!-- slide title text -->\n              <div class=\"max-w-xl mr-auto px-8 lg:px-0 space-y-4 md:space-y-4 xl:space-y-8\">\n                <span class=\"badge badge-tag inverse capitalize\">media<\/span>\n                <h2 class=\"h1 text-white\">LES PRODUCTEURS DE MATIERES PLASTIQUES S&rsquo;UNISSENT AUTOUR D&rsquo;UNE VISION COMMUNE POUR REDESSINER L&rsquo;ECO-SYSTEME EUROPEEN DES PLASTIQUES<\/h2>\n                <div class=\"hidden md:block\"><p class=\"lg:text-lg text-white line-clamp-3\">Paris, le 26 octobre Les producteurs europ\u00e9ens de mati\u00e8res plastiques se sont, d\u2019un commun accord, dot\u00e9s d\u2019une feuille de route The Plastics Transition afin d\u2019acc\u00e9l\u00e9rer la transition vers des plastiques circulaires, atteindre z\u00e9ro \u00e9mission nette au long de leur cycle de vie et am\u00e9liorer leur utilisation durable. Plastics Europe et ses membres partagent les inqui\u00e9tudes [&hellip;]<\/p><\/div>\n                                  <a href=\"https:\/\/plasticseurope.org\/fr\/2023\/10\/26\/les-producteurs-de-matieres-plastiques-sunissent-autour-dune-vision-commune-pour-redessiner-leco-systeme-europeen-des-plastiques\/\" class=\"btn w-auto px-6 py-2 lg:px-9 lg:py-3 text-tiny lg:text-base\">Voir plus<\/a>\n                              <\/div>\n            <\/div>\n            <!-- slide image wrap -->\n            <div class=\"fashion-slider-scale bg-gray-900\">\n              <!-- slide image -->\n              <img loading=\"lazy\" decoding=\"async\" width=\"1024\" height=\"574\" src=\"https:\/\/plasticseurope.org\/fr\/wp-content\/uploads\/sites\/2\/2023\/10\/the-plastics-transition-1024x574-1.jpg\" class=\"lg:hidden wp-post-image\" alt=\"\" srcset=\"https:\/\/plasticseurope.org\/fr\/wp-content\/uploads\/sites\/2\/2023\/10\/the-plastics-transition-1024x574-1.jpg 1024w, https:\/\/plasticseurope.org\/fr\/wp-content\/uploads\/sites\/2\/2023\/10\/the-plastics-transition-1024x574-1-300x168.jpg 300w, https:\/\/plasticseurope.org\/fr\/wp-content\/uploads\/sites\/2\/2023\/10\/the-plastics-transition-1024x574-1-768x431.jpg 768w\" sizes=\"auto, (max-width: 1024px) 100vw, 1024px\" \/>              <img loading=\"lazy\" decoding=\"async\" width=\"1024\" height=\"574\" src=\"https:\/\/plasticseurope.org\/fr\/wp-content\/uploads\/sites\/2\/2023\/10\/the-plastics-transition-1024x574-1.jpg\" class=\"hidden lg:block wp-post-image\" alt=\"\" srcset=\"https:\/\/plasticseurope.org\/fr\/wp-content\/uploads\/sites\/2\/2023\/10\/the-plastics-transition-1024x574-1.jpg 1024w, https:\/\/plasticseurope.org\/fr\/wp-content\/uploads\/sites\/2\/2023\/10\/the-plastics-transition-1024x574-1-300x168.jpg 300w, https:\/\/plasticseurope.org\/fr\/wp-content\/uploads\/sites\/2\/2023\/10\/the-plastics-transition-1024x574-1-768x431.jpg 768w\" sizes=\"auto, (max-width: 1024px) 100vw, 1024px\" \/>              <div class=\"absolute inset-0 bg-gray-900 mix-blend-multiply opacity-30\"><\/div>\n            <\/div>\n          <\/div>\n                <\/div>\n        <!-- right\/next navigation button -->\n        <div class=\"hidden md:block fashion-slider-button-prev fashion-slider-button\">\n          <svg xmlns=\"http:\/\/www.w3.org\/2000\/svg\" viewBox=\"0 350 160 90\">\n            <g class=\"fashion-slider-svg-wrap\">\n              <!-- <g class=\"fashion-slider-svg-circle-wrap\">\n                <circle cx=\"42\" cy=\"42\" r=\"40\"><\/circle>\n              <\/g> -->\n              <path class=\"fashion-slider-svg-arrow\" d=\"M.983,6.929,4.447,3.464.983,0,0,.983,2.482,3.464,0,5.946Z\">\n              <\/path>\n              <path class=\"fashion-slider-svg-line\" d=\"M40,0H0\"><\/path>\n            <\/g>\n          <\/svg>\n        <\/div>\n        <!-- left\/previous navigation button -->\n        <div class=\"hidden md:block fashion-slider-button-next fashion-slider-button\">\n          <svg xmlns=\"http:\/\/www.w3.org\/2000\/svg\" viewBox=\"0 350 160 90\">\n            <g class=\"fashion-slider-svg-wrap\">\n              <!-- <g class=\"fashion-slider-svg-circle-wrap\">\n                <circle cx=\"42\" cy=\"42\" r=\"40\"><\/circle>\n              <\/g> -->\n              <path class=\"fashion-slider-svg-arrow\" d=\"M.983,6.929,4.447,3.464.983,0,0,.983,2.482,3.464,0,5.946Z\">\n              <\/path>\n              <path class=\"fashion-slider-svg-line\" d=\"M40,0H0\"><\/path>\n            <\/g>\n          <\/svg>\n        <\/div>\n      <\/div>\n    <\/div>\n  <\/div>\n\n\n\n\n<div style=\"height:100px\" aria-hidden=\"true\" class=\"wp-block-spacer is-style-large\"><\/div>\n\n\n\n<div id=\"contentslider-block_778c16062ad26fcab4ae7a78db8f2031\" class=\"contentslider\">\n  <h2 class=\"md:text-3xl mb-4 md:mb-8\">Actus      <span class=\"text-tiny font-normal ml-4\">\n      <a href=\"https:\/\/plasticseurope.org\/fr\/presse\/\">Voir plus<\/a>\n    <\/span>\n    <\/h2>\n  <!-- Swiper -->\n  <div>\n    <div class=\"swiper gridSwiper pb-10 pl-4 lg:pl-0 relative w-screen left-1\/2 right-1\/2 -ml-1\/2-screen -mr-1\/2-screen lg:w-full lg:left-0 lg:right-0 lg:mx-0\">\n      <div class=\"swiper-wrapper\">\n              \n                <div class=\"swiper-slide h-auto\">\n          <a href=\"https:\/\/plasticseurope.org\/fr\/2026\/01\/05\/rob-ingram-directeur-general-dineos-olefines-polymeres-europe-devient-le-nouveau-president-de-plastics-europe\/\">\n            <div class=\"relative flex flex-col items-stretch rounded-md overflow-hidden h-56 md:h-96\">\n                              <div class=\"relative flex-shrink-0 bg-seafoam-900 h-28 md:h-48\">\n                  <img loading=\"lazy\" decoding=\"async\" width=\"1024\" height=\"570\" src=\"https:\/\/plasticseurope.org\/fr\/wp-content\/uploads\/sites\/2\/2026\/01\/Rob-Ingram-1-1-1024x570.jpg\" class=\"h-full w-full object-cover object-center wp-post-image\" alt=\"\" srcset=\"https:\/\/plasticseurope.org\/fr\/wp-content\/uploads\/sites\/2\/2026\/01\/Rob-Ingram-1-1-1024x570.jpg 1024w, https:\/\/plasticseurope.org\/fr\/wp-content\/uploads\/sites\/2\/2026\/01\/Rob-Ingram-1-1-300x167.jpg 300w, https:\/\/plasticseurope.org\/fr\/wp-content\/uploads\/sites\/2\/2026\/01\/Rob-Ingram-1-1-768x428.jpg 768w, https:\/\/plasticseurope.org\/fr\/wp-content\/uploads\/sites\/2\/2026\/01\/Rob-Ingram-1-1.jpg 1079w\" sizes=\"auto, (max-width: 1024px) 100vw, 1024px\" \/>                  <div class=\"absolute left-6 bottom-4 hidden md:block\">\n                                          <span class=\"inline-flex items-center px-3 py-1 rounded-full text-sm font-medium bg-satsuma-900 text-white\">News<\/span>\n                                      <\/div>\n                <\/div>\n              \n              <div class=\"overlay absolute inset-0 flex-1 p-4 md:p-6 flex flex-col justify-between bg-mist-900 transform translate-y-28 md:translate-y-48 transition duration-100 ease-out h-1\/2\" data-overlay=\"bg-sky-900\" data-color=\"bg-mist-900\">\n                <div class=\"flex-1\">\n                  <div class=\"mb-4 hidden\">\n                    <time class=\"updated text-tiny uppercase\" datetime=\"2026-01-05T15:02:24+00:00\">05 Jan 2026<\/time>\n                  <\/div>\n                  <h4 class=\"text-tiny md:text-base line-clamp-3 mb-0\">Rob Ingram, directeur g\u00e9n\u00e9ral d\u2019INEOS Ol\u00e9fines &amp; Polym\u00e8res Europe, devient le nouveau pr\u00e9sident de Plastics Europe<\/h4>\n                  <p class=\"mt-3 hidden opacity-0\">\nUn industriel exp\u00e9riment\u00e9 pour guider le secteur europ\u00e9en des mati\u00e8res plastiques dans une phase critique pour sa transition et sa comp\u00e9titivit\u00e9\n<\/p>\n                <\/div>\n                <div class=\"md:mt-6 flex items-center\">\n                  <div class=\"flex space-x-1 text-xs md:text-tiny\">\n                    <time class=\"updated uppercase\" datetime=\"2026-01-05T15:02:24+00:00\">\n                      05 Jan 2026                    <\/time>\n                    <span class=\"hidden\">\n                      4 min read\n                    <\/span>\n                  <\/div>\n                <\/div>\n              <\/div>\n            <\/div>\n          <\/a>\n        <\/div>\n                      \n                <div class=\"swiper-slide h-auto\">\n          <a href=\"https:\/\/plasticseurope.org\/fr\/2025\/10\/08\/lindustrie-europeenne-des-plastiques-au-bord-du-gouffre-sous-leffet-de-leffondrement-de-sa-competitivite\/\">\n            <div class=\"relative flex flex-col items-stretch rounded-md overflow-hidden h-56 md:h-96\">\n                              <div class=\"relative flex-shrink-0 bg-seafoam-900 h-28 md:h-48\">\n                  <img loading=\"lazy\" decoding=\"async\" width=\"674\" height=\"1024\" src=\"https:\/\/plasticseurope.org\/fr\/wp-content\/uploads\/sites\/2\/2025\/10\/PE_TheFacts_2025--674x1024.jpg\" class=\"h-full w-full object-cover object-center wp-post-image\" alt=\"\" srcset=\"https:\/\/plasticseurope.org\/fr\/wp-content\/uploads\/sites\/2\/2025\/10\/PE_TheFacts_2025--674x1024.jpg 674w, https:\/\/plasticseurope.org\/fr\/wp-content\/uploads\/sites\/2\/2025\/10\/PE_TheFacts_2025--198x300.jpg 198w, https:\/\/plasticseurope.org\/fr\/wp-content\/uploads\/sites\/2\/2025\/10\/PE_TheFacts_2025--768x1167.jpg 768w, https:\/\/plasticseurope.org\/fr\/wp-content\/uploads\/sites\/2\/2025\/10\/PE_TheFacts_2025--553x840.jpg 553w, https:\/\/plasticseurope.org\/fr\/wp-content\/uploads\/sites\/2\/2025\/10\/PE_TheFacts_2025-.jpg 871w\" sizes=\"auto, (max-width: 674px) 100vw, 674px\" \/>                  <div class=\"absolute left-6 bottom-4 hidden md:block\">\n                                          <span class=\"inline-flex items-center px-3 py-1 rounded-full text-sm font-medium bg-satsuma-900 text-white\">News<\/span>\n                                      <\/div>\n                <\/div>\n              \n              <div class=\"overlay absolute inset-0 flex-1 p-4 md:p-6 flex flex-col justify-between bg-mist-900 transform translate-y-28 md:translate-y-48 transition duration-100 ease-out h-1\/2\" data-overlay=\"bg-sky-900\" data-color=\"bg-mist-900\">\n                <div class=\"flex-1\">\n                  <div class=\"mb-4 hidden\">\n                    <time class=\"updated text-tiny uppercase\" datetime=\"2025-10-08T11:00:38+00:00\">08 Oct 2025<\/time>\n                  <\/div>\n                  <h4 class=\"text-tiny md:text-base line-clamp-3 mb-0\">L\u2019industrie europ\u00e9enne des plastiques au bord du gouffre sous l\u2019effet de l\u2019effondrement de sa comp\u00e9titivit\u00e9<\/h4>\n                  <p class=\"mt-3 hidden opacity-0\">\nDe nouveaux chiffres montrent un effritement des parts de march\u00e9, un chiffre d\u2019affaires en baisse et une transition circulaire \u00e0 l\u2019arr\u00eat.\n<\/p>\n                <\/div>\n                <div class=\"md:mt-6 flex items-center\">\n                  <div class=\"flex space-x-1 text-xs md:text-tiny\">\n                    <time class=\"updated uppercase\" datetime=\"2025-10-08T11:00:38+00:00\">\n                      08 Oct 2025                    <\/time>\n                    <span class=\"hidden\">\n                      4 min read\n                    <\/span>\n                  <\/div>\n                <\/div>\n              <\/div>\n            <\/div>\n          <\/a>\n        <\/div>\n                      \n                <div class=\"swiper-slide h-auto\">\n          <a href=\"https:\/\/plasticseurope.org\/fr\/2024\/12\/02\/plastic-europe-exhorte-les-negociateurs-du-traite-mondial-sur-les-plastiques-a-poursuivre-sur-une-voie-ambitieuse\/\">\n            <div class=\"relative flex flex-col items-stretch rounded-md overflow-hidden h-56 md:h-96\">\n                              <div class=\"relative flex-shrink-0 bg-seafoam-900 h-28 md:h-48\">\n                  <img loading=\"lazy\" decoding=\"async\" width=\"1024\" height=\"665\" src=\"https:\/\/plasticseurope.org\/fr\/wp-content\/uploads\/sites\/2\/2024\/12\/woman-picking-trash-plastics-cleaning-beach-shutterstock_1381241204-scaled-e1697790974777-1280x831-1-1024x665.jpg\" class=\"h-full w-full object-cover object-center wp-post-image\" alt=\"\" srcset=\"https:\/\/plasticseurope.org\/fr\/wp-content\/uploads\/sites\/2\/2024\/12\/woman-picking-trash-plastics-cleaning-beach-shutterstock_1381241204-scaled-e1697790974777-1280x831-1-1024x665.jpg 1024w, https:\/\/plasticseurope.org\/fr\/wp-content\/uploads\/sites\/2\/2024\/12\/woman-picking-trash-plastics-cleaning-beach-shutterstock_1381241204-scaled-e1697790974777-1280x831-1-300x195.jpg 300w, https:\/\/plasticseurope.org\/fr\/wp-content\/uploads\/sites\/2\/2024\/12\/woman-picking-trash-plastics-cleaning-beach-shutterstock_1381241204-scaled-e1697790974777-1280x831-1-768x499.jpg 768w, https:\/\/plasticseurope.org\/fr\/wp-content\/uploads\/sites\/2\/2024\/12\/woman-picking-trash-plastics-cleaning-beach-shutterstock_1381241204-scaled-e1697790974777-1280x831-1.jpg 1280w\" sizes=\"auto, (max-width: 1024px) 100vw, 1024px\" \/>                  <div class=\"absolute left-6 bottom-4 hidden md:block\">\n                                          <span class=\"inline-flex items-center px-3 py-1 rounded-full text-sm font-medium bg-satsuma-900 text-white\">Communiqu\u00e9s de presse<\/span>\n                                      <\/div>\n                <\/div>\n              \n              <div class=\"overlay absolute inset-0 flex-1 p-4 md:p-6 flex flex-col justify-between bg-mist-900 transform translate-y-28 md:translate-y-48 transition duration-100 ease-out h-1\/2\" data-overlay=\"bg-sky-900\" data-color=\"bg-mist-900\">\n                <div class=\"flex-1\">\n                  <div class=\"mb-4 hidden\">\n                    <time class=\"updated text-tiny uppercase\" datetime=\"2024-12-02T10:31:54+00:00\">02 D\u00e9c 2024<\/time>\n                  <\/div>\n                  <h4 class=\"text-tiny md:text-base line-clamp-3 mb-0\">Plastic Europe exhorte les n\u00e9gociateurs du Trait\u00e9 mondial sur les plastiques \u00e0 poursuivre sur une voie ambitieuse\u00a0<\/h4>\n                  <p class=\"mt-3 hidden opacity-0\">\nParis, le 2 d\u00e9cembre 2024.\n<\/p>\n                <\/div>\n                <div class=\"md:mt-6 flex items-center\">\n                  <div class=\"flex space-x-1 text-xs md:text-tiny\">\n                    <time class=\"updated uppercase\" datetime=\"2024-12-02T10:31:54+00:00\">\n                      02 D\u00e9c 2024                    <\/time>\n                    <span class=\"hidden\">\n                      4 min read\n                    <\/span>\n                  <\/div>\n                <\/div>\n              <\/div>\n            <\/div>\n          <\/a>\n        <\/div>\n                      \n                <div class=\"swiper-slide h-auto\">\n          <a href=\"https:\/\/plasticseurope.org\/fr\/2024\/11\/18\/la-chute-de-la-competitivite-europeenne-menace-la-transition-vers-une-economie-circulaire-des-plastiques\/\">\n            <div class=\"relative flex flex-col items-stretch rounded-md overflow-hidden h-56 md:h-96\">\n                              <div class=\"relative flex-shrink-0 bg-seafoam-900 h-28 md:h-48\">\n                  <img loading=\"lazy\" decoding=\"async\" width=\"1024\" height=\"1024\" src=\"https:\/\/plasticseurope.org\/fr\/wp-content\/uploads\/sites\/2\/2024\/11\/SoMeV3-1024x1024.jpg\" class=\"h-full w-full object-cover object-center wp-post-image\" alt=\"\" srcset=\"https:\/\/plasticseurope.org\/fr\/wp-content\/uploads\/sites\/2\/2024\/11\/SoMeV3-1024x1024.jpg 1024w, https:\/\/plasticseurope.org\/fr\/wp-content\/uploads\/sites\/2\/2024\/11\/SoMeV3-300x300.jpg 300w, https:\/\/plasticseurope.org\/fr\/wp-content\/uploads\/sites\/2\/2024\/11\/SoMeV3-150x150.jpg 150w, https:\/\/plasticseurope.org\/fr\/wp-content\/uploads\/sites\/2\/2024\/11\/SoMeV3-768x768.jpg 768w, https:\/\/plasticseurope.org\/fr\/wp-content\/uploads\/sites\/2\/2024\/11\/SoMeV3-840x840.jpg 840w, https:\/\/plasticseurope.org\/fr\/wp-content\/uploads\/sites\/2\/2024\/11\/SoMeV3.jpg 1200w\" sizes=\"auto, (max-width: 1024px) 100vw, 1024px\" \/>                  <div class=\"absolute left-6 bottom-4 hidden md:block\">\n                                          <span class=\"inline-flex items-center px-3 py-1 rounded-full text-sm font-medium bg-satsuma-900 text-white\">Communiqu\u00e9s de presse<\/span>\n                                      <\/div>\n                <\/div>\n              \n              <div class=\"overlay absolute inset-0 flex-1 p-4 md:p-6 flex flex-col justify-between bg-mist-900 transform translate-y-28 md:translate-y-48 transition duration-100 ease-out h-1\/2\" data-overlay=\"bg-sky-900\" data-color=\"bg-mist-900\">\n                <div class=\"flex-1\">\n                  <div class=\"mb-4 hidden\">\n                    <time class=\"updated text-tiny uppercase\" datetime=\"2024-11-18T08:31:52+00:00\">18 Nov 2024<\/time>\n                  <\/div>\n                  <h4 class=\"text-tiny md:text-base line-clamp-3 mb-0\">La chute de la comp\u00e9titivit\u00e9 europ\u00e9enne menace la transition vers une \u00e9conomie circulaire des plastiques<\/h4>\n                  <p class=\"mt-3 hidden opacity-0\">\nDe nouveaux chiffres confirment la poursuite du d\u00e9clin de la production de plastiques en Europe et montrent, pour la premi\u00e8re fois, une baisse de la production de plastiques recycl\u00e9s\n<\/p>\n                <\/div>\n                <div class=\"md:mt-6 flex items-center\">\n                  <div class=\"flex space-x-1 text-xs md:text-tiny\">\n                    <time class=\"updated uppercase\" datetime=\"2024-11-18T08:31:52+00:00\">\n                      18 Nov 2024                    <\/time>\n                    <span class=\"hidden\">\n                      4 min read\n                    <\/span>\n                  <\/div>\n                <\/div>\n              <\/div>\n            <\/div>\n          <\/a>\n        <\/div>\n                      \n                <div class=\"swiper-slide h-auto\">\n          <a href=\"https:\/\/plasticseurope.org\/fr\/2024\/05\/03\/reaction-de-plastics-europe-aux-conclusions-de-la-4eme-session-des-negociations-dottawa-sur-le-traite-mondial-des-plastiques\/\">\n            <div class=\"relative flex flex-col items-stretch rounded-md overflow-hidden h-56 md:h-96\">\n                              <div class=\"relative flex-shrink-0 bg-seafoam-900 h-28 md:h-48\">\n                  <img loading=\"lazy\" decoding=\"async\" width=\"1024\" height=\"651\" src=\"https:\/\/plasticseurope.org\/fr\/wp-content\/uploads\/sites\/2\/2023\/06\/Plastic-waste-1024x651.png\" class=\"h-full w-full object-cover object-center wp-post-image\" alt=\"\" srcset=\"https:\/\/plasticseurope.org\/fr\/wp-content\/uploads\/sites\/2\/2023\/06\/Plastic-waste-1024x651.png 1024w, https:\/\/plasticseurope.org\/fr\/wp-content\/uploads\/sites\/2\/2023\/06\/Plastic-waste-300x191.png 300w, https:\/\/plasticseurope.org\/fr\/wp-content\/uploads\/sites\/2\/2023\/06\/Plastic-waste-768x488.png 768w, https:\/\/plasticseurope.org\/fr\/wp-content\/uploads\/sites\/2\/2023\/06\/Plastic-waste-1536x976.png 1536w, https:\/\/plasticseurope.org\/fr\/wp-content\/uploads\/sites\/2\/2023\/06\/Plastic-waste-1280x813.png 1280w, https:\/\/plasticseurope.org\/fr\/wp-content\/uploads\/sites\/2\/2023\/06\/Plastic-waste.png 1700w\" sizes=\"auto, (max-width: 1024px) 100vw, 1024px\" \/>                  <div class=\"absolute left-6 bottom-4 hidden md:block\">\n                                          <span class=\"inline-flex items-center px-3 py-1 rounded-full text-sm font-medium bg-satsuma-900 text-white\">News<\/span>\n                                      <\/div>\n                <\/div>\n              \n              <div class=\"overlay absolute inset-0 flex-1 p-4 md:p-6 flex flex-col justify-between bg-mist-900 transform translate-y-28 md:translate-y-48 transition duration-100 ease-out h-1\/2\" data-overlay=\"bg-sky-900\" data-color=\"bg-mist-900\">\n                <div class=\"flex-1\">\n                  <div class=\"mb-4 hidden\">\n                    <time class=\"updated text-tiny uppercase\" datetime=\"2024-05-03T12:31:16+00:00\">03 Mai 2024<\/time>\n                  <\/div>\n                  <h4 class=\"text-tiny md:text-base line-clamp-3 mb-0\">R\u00e9action de Plastics Europe aux conclusions de la 4eme session des n\u00e9gociations internationales (INC4) sur le Trait\u00e9 mondial des plastiques<\/h4>\n                  <p class=\"mt-3 hidden opacity-0\">\nVirginia Janssens, Directrice G\u00e9n\u00e9rale de Plastics Europe, a d\u00e9clar\u00e9 :\n<\/p>\n                <\/div>\n                <div class=\"md:mt-6 flex items-center\">\n                  <div class=\"flex space-x-1 text-xs md:text-tiny\">\n                    <time class=\"updated uppercase\" datetime=\"2024-05-03T12:31:16+00:00\">\n                      03 Mai 2024                    <\/time>\n                    <span class=\"hidden\">\n                      4 min read\n                    <\/span>\n                  <\/div>\n                <\/div>\n              <\/div>\n            <\/div>\n          <\/a>\n        <\/div>\n                      \n                <div class=\"swiper-slide h-auto\">\n          <a href=\"https:\/\/plasticseurope.org\/fr\/2024\/04\/17\/declaration-prealable-a-la-tenue-de-la-4eme-session-de-negociations-internationales-sur-le-traite-mondial-sur-les-plastiques\/\">\n            <div class=\"relative flex flex-col items-stretch rounded-md overflow-hidden h-56 md:h-96\">\n                              <div class=\"relative flex-shrink-0 bg-seafoam-900 h-28 md:h-48\">\n                  <img loading=\"lazy\" decoding=\"async\" width=\"1024\" height=\"651\" src=\"https:\/\/plasticseurope.org\/fr\/wp-content\/uploads\/sites\/2\/2023\/06\/Plastic-waste-1024x651.png\" class=\"h-full w-full object-cover object-center wp-post-image\" alt=\"\" srcset=\"https:\/\/plasticseurope.org\/fr\/wp-content\/uploads\/sites\/2\/2023\/06\/Plastic-waste-1024x651.png 1024w, https:\/\/plasticseurope.org\/fr\/wp-content\/uploads\/sites\/2\/2023\/06\/Plastic-waste-300x191.png 300w, https:\/\/plasticseurope.org\/fr\/wp-content\/uploads\/sites\/2\/2023\/06\/Plastic-waste-768x488.png 768w, https:\/\/plasticseurope.org\/fr\/wp-content\/uploads\/sites\/2\/2023\/06\/Plastic-waste-1536x976.png 1536w, https:\/\/plasticseurope.org\/fr\/wp-content\/uploads\/sites\/2\/2023\/06\/Plastic-waste-1280x813.png 1280w, https:\/\/plasticseurope.org\/fr\/wp-content\/uploads\/sites\/2\/2023\/06\/Plastic-waste.png 1700w\" sizes=\"auto, (max-width: 1024px) 100vw, 1024px\" \/>                  <div class=\"absolute left-6 bottom-4 hidden md:block\">\n                                          <span class=\"inline-flex items-center px-3 py-1 rounded-full text-sm font-medium bg-satsuma-900 text-white\">Communiqu\u00e9s de presse<\/span>\n                                      <\/div>\n                <\/div>\n              \n              <div class=\"overlay absolute inset-0 flex-1 p-4 md:p-6 flex flex-col justify-between bg-mist-900 transform translate-y-28 md:translate-y-48 transition duration-100 ease-out h-1\/2\" data-overlay=\"bg-sky-900\" data-color=\"bg-mist-900\">\n                <div class=\"flex-1\">\n                  <div class=\"mb-4 hidden\">\n                    <time class=\"updated text-tiny uppercase\" datetime=\"2024-04-17T14:21:12+00:00\">17 Avr 2024<\/time>\n                  <\/div>\n                  <h4 class=\"text-tiny md:text-base line-clamp-3 mb-0\">D\u00e9claration pr\u00e9alable \u00e0 la tenue de la 4\u00e8me session de n\u00e9gociations internationales sur le Trait\u00e9 mondial sur les plastiques<\/h4>\n                  <p class=\"mt-3 hidden opacity-0\">\nParis, mercredi 17 avril 2024.\n<\/p>\n                <\/div>\n                <div class=\"md:mt-6 flex items-center\">\n                  <div class=\"flex space-x-1 text-xs md:text-tiny\">\n                    <time class=\"updated uppercase\" datetime=\"2024-04-17T14:21:12+00:00\">\n                      17 Avr 2024                    <\/time>\n                    <span class=\"hidden\">\n                      4 min read\n                    <\/span>\n                  <\/div>\n                <\/div>\n              <\/div>\n            <\/div>\n          <\/a>\n        <\/div>\n                      \n                <div class=\"swiper-slide h-auto\">\n          <a href=\"https:\/\/plasticseurope.org\/fr\/2024\/03\/19\/les-chiffres-que-publie-plastics-europe-montrent-que-leconomie-circulaire-des-plastiques-enregistre-des-progres-notables-en-europe-et-en-france-malgre-un-contexte-economique-morose-et-des-fr\/\">\n            <div class=\"relative flex flex-col items-stretch rounded-md overflow-hidden h-56 md:h-96\">\n                              <div class=\"relative flex-shrink-0 bg-seafoam-900 h-28 md:h-48\">\n                  <img loading=\"lazy\" decoding=\"async\" width=\"1024\" height=\"576\" src=\"https:\/\/plasticseurope.org\/fr\/wp-content\/uploads\/sites\/2\/2024\/03\/Circular-Economy-Cover-1024x576.png\" class=\"h-full w-full object-cover object-center wp-post-image\" alt=\"\" srcset=\"https:\/\/plasticseurope.org\/fr\/wp-content\/uploads\/sites\/2\/2024\/03\/Circular-Economy-Cover-1024x576.png 1024w, https:\/\/plasticseurope.org\/fr\/wp-content\/uploads\/sites\/2\/2024\/03\/Circular-Economy-Cover-300x169.png 300w, https:\/\/plasticseurope.org\/fr\/wp-content\/uploads\/sites\/2\/2024\/03\/Circular-Economy-Cover-768x432.png 768w, https:\/\/plasticseurope.org\/fr\/wp-content\/uploads\/sites\/2\/2024\/03\/Circular-Economy-Cover-1536x864.png 1536w, https:\/\/plasticseurope.org\/fr\/wp-content\/uploads\/sites\/2\/2024\/03\/Circular-Economy-Cover-1280x720.png 1280w, https:\/\/plasticseurope.org\/fr\/wp-content\/uploads\/sites\/2\/2024\/03\/Circular-Economy-Cover.png 1920w\" sizes=\"auto, (max-width: 1024px) 100vw, 1024px\" \/>                  <div class=\"absolute left-6 bottom-4 hidden md:block\">\n                                          <span class=\"inline-flex items-center px-3 py-1 rounded-full text-sm font-medium bg-satsuma-900 text-white\">Communiqu\u00e9s de presse<\/span>\n                                      <\/div>\n                <\/div>\n              \n              <div class=\"overlay absolute inset-0 flex-1 p-4 md:p-6 flex flex-col justify-between bg-mist-900 transform translate-y-28 md:translate-y-48 transition duration-100 ease-out h-1\/2\" data-overlay=\"bg-sky-900\" data-color=\"bg-mist-900\">\n                <div class=\"flex-1\">\n                  <div class=\"mb-4 hidden\">\n                    <time class=\"updated text-tiny uppercase\" datetime=\"2024-03-19T14:19:15+00:00\">19 Mar 2024<\/time>\n                  <\/div>\n                  <h4 class=\"text-tiny md:text-base line-clamp-3 mb-0\">Les chiffres que publie Plastics Europe montrent que l\u2019\u00e9conomie circulaire des plastiques enregistre des progr\u00e8s notables en Europe et en France, malgr\u00e9 un contexte \u00e9conomique morose et des freins r\u00e9glementaires.<\/h4>\n                  <p class=\"mt-3 hidden opacity-0\">\nPlastics Europe a publi\u00e9 ce jour son rapport bisannuel The Circular Economy of Plastics: A European Analysis. Cette \u00e9dition inaugure un nouveau format, consid\u00e9rablement augment\u00e9, qui inclut des donn\u00e9es sur la production, la transformation et la consommation (nouveau) de plastiques tant issus de ressources fossiles que de ressources circulaires (nouveau). Le traitement des d\u00e9chets plastiques y est analys\u00e9 plus en d\u00e9tail (nouveau).\n<\/p>\n                <\/div>\n                <div class=\"md:mt-6 flex items-center\">\n                  <div class=\"flex space-x-1 text-xs md:text-tiny\">\n                    <time class=\"updated uppercase\" datetime=\"2024-03-19T14:19:15+00:00\">\n                      19 Mar 2024                    <\/time>\n                    <span class=\"hidden\">\n                      4 min read\n                    <\/span>\n                  <\/div>\n                <\/div>\n              <\/div>\n            <\/div>\n          <\/a>\n        <\/div>\n                      \n                <div class=\"swiper-slide h-auto\">\n          <a href=\"https:\/\/plasticseurope.org\/fr\/2023\/10\/26\/les-producteurs-de-matieres-plastiques-sunissent-autour-dune-vision-commune-pour-redessiner-leco-systeme-europeen-des-plastiques\/\">\n            <div class=\"relative flex flex-col items-stretch rounded-md overflow-hidden h-56 md:h-96\">\n                              <div class=\"relative flex-shrink-0 bg-seafoam-900 h-28 md:h-48\">\n                  <img loading=\"lazy\" decoding=\"async\" width=\"1024\" height=\"574\" src=\"https:\/\/plasticseurope.org\/fr\/wp-content\/uploads\/sites\/2\/2023\/10\/the-plastics-transition-1024x574-1.jpg\" class=\"h-full w-full object-cover object-center wp-post-image\" alt=\"\" srcset=\"https:\/\/plasticseurope.org\/fr\/wp-content\/uploads\/sites\/2\/2023\/10\/the-plastics-transition-1024x574-1.jpg 1024w, https:\/\/plasticseurope.org\/fr\/wp-content\/uploads\/sites\/2\/2023\/10\/the-plastics-transition-1024x574-1-300x168.jpg 300w, https:\/\/plasticseurope.org\/fr\/wp-content\/uploads\/sites\/2\/2023\/10\/the-plastics-transition-1024x574-1-768x431.jpg 768w\" sizes=\"auto, (max-width: 1024px) 100vw, 1024px\" \/>                  <div class=\"absolute left-6 bottom-4 hidden md:block\">\n                                          <span class=\"inline-flex items-center px-3 py-1 rounded-full text-sm font-medium bg-satsuma-900 text-white\">Communiqu\u00e9s de presse<\/span>\n                                      <\/div>\n                <\/div>\n              \n              <div class=\"overlay absolute inset-0 flex-1 p-4 md:p-6 flex flex-col justify-between bg-mist-900 transform translate-y-28 md:translate-y-48 transition duration-100 ease-out h-1\/2\" data-overlay=\"bg-sky-900\" data-color=\"bg-mist-900\">\n                <div class=\"flex-1\">\n                  <div class=\"mb-4 hidden\">\n                    <time class=\"updated text-tiny uppercase\" datetime=\"2023-10-26T10:02:21+00:00\">26 Oct 2023<\/time>\n                  <\/div>\n                  <h4 class=\"text-tiny md:text-base line-clamp-3 mb-0\">LES PRODUCTEURS DE MATIERES PLASTIQUES S&rsquo;UNISSENT AUTOUR D&rsquo;UNE VISION COMMUNE POUR REDESSINER L&rsquo;ECO-SYSTEME EUROPEEN DES PLASTIQUES<\/h4>\n                  <p class=\"mt-3 hidden opacity-0\">\nParis, le 26 octobre Les producteurs europ\u00e9ens de mati\u00e8res plastiques se sont, d\u2019un commun accord, dot\u00e9s d\u2019une feuille de route The Plastics Transition afin d\u2019acc\u00e9l\u00e9rer la transition vers des plastiques circulaires, atteindre z\u00e9ro \u00e9mission nette au long de leur cycle de vie et am\u00e9liorer leur utilisation durable.\n<\/p>\n                <\/div>\n                <div class=\"md:mt-6 flex items-center\">\n                  <div class=\"flex space-x-1 text-xs md:text-tiny\">\n                    <time class=\"updated uppercase\" datetime=\"2023-10-26T10:02:21+00:00\">\n                      26 Oct 2023                    <\/time>\n                    <span class=\"hidden\">\n                      4 min read\n                    <\/span>\n                  <\/div>\n                <\/div>\n              <\/div>\n            <\/div>\n          <\/a>\n        <\/div>\n                      \n                <div class=\"swiper-slide h-auto\">\n          <a href=\"https:\/\/plasticseurope.org\/fr\/2023\/10\/19\/plastics-europe-a-lance-son-nouveau-rapport-plastics-the-fast-facts-2023\/\">\n            <div class=\"relative flex flex-col items-stretch rounded-md overflow-hidden h-56 md:h-96\">\n                              <div class=\"relative flex-shrink-0 bg-seafoam-900 h-28 md:h-48\">\n                  <img loading=\"lazy\" decoding=\"async\" width=\"300\" height=\"132\" src=\"https:\/\/plasticseurope.org\/fr\/wp-content\/uploads\/sites\/2\/2023\/10\/AdobeStock_249748393-1-scaled-e1697706786162-300x132-1.jpeg\" class=\"h-full w-full object-cover object-center wp-post-image\" alt=\"\" \/>                  <div class=\"absolute left-6 bottom-4 hidden md:block\">\n                                          <span class=\"inline-flex items-center px-3 py-1 rounded-full text-sm font-medium bg-satsuma-900 text-white\">News<\/span>\n                                      <\/div>\n                <\/div>\n              \n              <div class=\"overlay absolute inset-0 flex-1 p-4 md:p-6 flex flex-col justify-between bg-mist-900 transform translate-y-28 md:translate-y-48 transition duration-100 ease-out h-1\/2\" data-overlay=\"bg-sky-900\" data-color=\"bg-mist-900\">\n                <div class=\"flex-1\">\n                  <div class=\"mb-4 hidden\">\n                    <time class=\"updated text-tiny uppercase\" datetime=\"2023-10-19T10:10:42+00:00\">19 Oct 2023<\/time>\n                  <\/div>\n                  <h4 class=\"text-tiny md:text-base line-clamp-3 mb-0\">Plastics Europe a lanc\u00e9 son nouveau rapport \u00ab Plastics \u2013 the fast Facts 2023 \u00bb.<\/h4>\n                  <p class=\"mt-3 hidden opacity-0\">\nThe Fast Facts est un format plus visuel et plus convivial pour la publication de la production mondiale et europ\u00e9enne pr\u00e9liminaire de plastiques, des partenaires commerciaux et d&rsquo;autres donn\u00e9es cl\u00e9s. Des donn\u00e9es finalis\u00e9es et plus compl\u00e8tes seront publi\u00e9es dans le rapport \u00ab Circular Economy for Plastics \u2013 A European Overview \u00bb, d\u00e9but 2024.\n<\/p>\n                <\/div>\n                <div class=\"md:mt-6 flex items-center\">\n                  <div class=\"flex space-x-1 text-xs md:text-tiny\">\n                    <time class=\"updated uppercase\" datetime=\"2023-10-19T10:10:42+00:00\">\n                      19 Oct 2023                    <\/time>\n                    <span class=\"hidden\">\n                      4 min read\n                    <\/span>\n                  <\/div>\n                <\/div>\n              <\/div>\n            <\/div>\n          <\/a>\n        <\/div>\n                      \n                <div class=\"swiper-slide h-auto\">\n          <a href=\"https:\/\/plasticseurope.org\/fr\/2023\/09\/27\/pollutec-2023\/\">\n            <div class=\"relative flex flex-col items-stretch rounded-md overflow-hidden h-56 md:h-96\">\n                              <div class=\"relative flex-shrink-0 bg-seafoam-900 h-28 md:h-48\">\n                  <img loading=\"lazy\" decoding=\"async\" width=\"1024\" height=\"683\" src=\"https:\/\/plasticseurope.org\/fr\/wp-content\/uploads\/sites\/2\/2021\/12\/plastic-recycling-facility-1024x683.jpg\" class=\"h-full w-full object-cover object-center wp-post-image\" alt=\"\" srcset=\"https:\/\/plasticseurope.org\/fr\/wp-content\/uploads\/sites\/2\/2021\/12\/plastic-recycling-facility-1024x683.jpg 1024w, https:\/\/plasticseurope.org\/fr\/wp-content\/uploads\/sites\/2\/2021\/12\/plastic-recycling-facility-300x200.jpg 300w, https:\/\/plasticseurope.org\/fr\/wp-content\/uploads\/sites\/2\/2021\/12\/plastic-recycling-facility-768x512.jpg 768w, https:\/\/plasticseurope.org\/fr\/wp-content\/uploads\/sites\/2\/2021\/12\/plastic-recycling-facility-1536x1024.jpg 1536w, https:\/\/plasticseurope.org\/fr\/wp-content\/uploads\/sites\/2\/2021\/12\/plastic-recycling-facility-2048x1365.jpg 2048w\" sizes=\"auto, (max-width: 1024px) 100vw, 1024px\" \/>                  <div class=\"absolute left-6 bottom-4 hidden md:block\">\n                                          <span class=\"inline-flex items-center px-3 py-1 rounded-full text-sm font-medium bg-satsuma-900 text-white\">Communiqu\u00e9s de presse<\/span>\n                                      <\/div>\n                <\/div>\n              \n              <div class=\"overlay absolute inset-0 flex-1 p-4 md:p-6 flex flex-col justify-between bg-mist-900 transform translate-y-28 md:translate-y-48 transition duration-100 ease-out h-1\/2\" data-overlay=\"bg-sky-900\" data-color=\"bg-mist-900\">\n                <div class=\"flex-1\">\n                  <div class=\"mb-4 hidden\">\n                    <time class=\"updated text-tiny uppercase\" datetime=\"2023-09-27T07:27:10+00:00\">27 Sep 2023<\/time>\n                  <\/div>\n                  <h4 class=\"text-tiny md:text-base line-clamp-3 mb-0\">POLLUTEC 2023\u00a0: 3 tables rondes sur l&rsquo;\u00e9conomie circulaire des plastiques avec Plastics Europe &amp; FEDEREC<\/h4>\n                  <p class=\"mt-3 hidden opacity-0\">\n\n<\/p>\n                <\/div>\n                <div class=\"md:mt-6 flex items-center\">\n                  <div class=\"flex space-x-1 text-xs md:text-tiny\">\n                    <time class=\"updated uppercase\" datetime=\"2023-09-27T07:27:10+00:00\">\n                      27 Sep 2023                    <\/time>\n                    <span class=\"hidden\">\n                      4 min read\n                    <\/span>\n                  <\/div>\n                <\/div>\n              <\/div>\n            <\/div>\n          <\/a>\n        <\/div>\n                      \n                <div class=\"swiper-slide h-auto\">\n          <a href=\"https:\/\/plasticseurope.org\/fr\/2023\/06\/02\/plastics-europe-salue-le-pas-franchi-par-lunep-vers-un-projet-daccord-sur-un-traite-mondial-sur-les-plastiques\/\">\n            <div class=\"relative flex flex-col items-stretch rounded-md overflow-hidden h-56 md:h-96\">\n                              <div class=\"relative flex-shrink-0 bg-seafoam-900 h-28 md:h-48\">\n                  <img loading=\"lazy\" decoding=\"async\" width=\"1024\" height=\"651\" src=\"https:\/\/plasticseurope.org\/fr\/wp-content\/uploads\/sites\/2\/2023\/06\/Plastic-waste-1024x651.png\" class=\"h-full w-full object-cover object-center wp-post-image\" alt=\"\" srcset=\"https:\/\/plasticseurope.org\/fr\/wp-content\/uploads\/sites\/2\/2023\/06\/Plastic-waste-1024x651.png 1024w, https:\/\/plasticseurope.org\/fr\/wp-content\/uploads\/sites\/2\/2023\/06\/Plastic-waste-300x191.png 300w, https:\/\/plasticseurope.org\/fr\/wp-content\/uploads\/sites\/2\/2023\/06\/Plastic-waste-768x488.png 768w, https:\/\/plasticseurope.org\/fr\/wp-content\/uploads\/sites\/2\/2023\/06\/Plastic-waste-1536x976.png 1536w, https:\/\/plasticseurope.org\/fr\/wp-content\/uploads\/sites\/2\/2023\/06\/Plastic-waste-1280x813.png 1280w, https:\/\/plasticseurope.org\/fr\/wp-content\/uploads\/sites\/2\/2023\/06\/Plastic-waste.png 1700w\" sizes=\"auto, (max-width: 1024px) 100vw, 1024px\" \/>                  <div class=\"absolute left-6 bottom-4 hidden md:block\">\n                                          <span class=\"inline-flex items-center px-3 py-1 rounded-full text-sm font-medium bg-satsuma-900 text-white\">News<\/span>\n                                      <\/div>\n                <\/div>\n              \n              <div class=\"overlay absolute inset-0 flex-1 p-4 md:p-6 flex flex-col justify-between bg-mist-900 transform translate-y-28 md:translate-y-48 transition duration-100 ease-out h-1\/2\" data-overlay=\"bg-sky-900\" data-color=\"bg-mist-900\">\n                <div class=\"flex-1\">\n                  <div class=\"mb-4 hidden\">\n                    <time class=\"updated text-tiny uppercase\" datetime=\"2023-06-02T09:15:15+00:00\">02 Juin 2023<\/time>\n                  <\/div>\n                  <h4 class=\"text-tiny md:text-base line-clamp-3 mb-0\">Plastics Europe salue le pas franchi par l\u2019UNEP vers un projet d\u2019accord sur un trait\u00e9 mondial sur les plastiques<\/h4>\n                  <p class=\"mt-3 hidden opacity-0\">\nParis &#8211; (2 juin 2023) Alors que le deuxi\u00e8me Comit\u00e9 de n\u00e9gociation intergouvernemental (CNI-2) sur un accord mondial sur la pollution plastique se termine \u00e0 Paris, Virginia Janssens, directrice g\u00e9n\u00e9rale de Plastics Europe a d\u00e9clar\u00e9 :\n<\/p>\n                <\/div>\n                <div class=\"md:mt-6 flex items-center\">\n                  <div class=\"flex space-x-1 text-xs md:text-tiny\">\n                    <time class=\"updated uppercase\" datetime=\"2023-06-02T09:15:15+00:00\">\n                      02 Juin 2023                    <\/time>\n                    <span class=\"hidden\">\n                      4 min read\n                    <\/span>\n                  <\/div>\n                <\/div>\n              <\/div>\n            <\/div>\n          <\/a>\n        <\/div>\n                      \n                <div class=\"swiper-slide h-auto\">\n          <a href=\"https:\/\/plasticseurope.org\/fr\/2022\/12\/06\/les-objectifs-ambitieux-du-reglement-sur-les-emballages-et-dechets-demballage-ppwr-en-anglais-doivent-etre-assortisde-mesures-daccompagnement-tout-aussi-ambitieusesen-faveur-de-l\/\">\n            <div class=\"relative flex flex-col items-stretch rounded-md overflow-hidden h-56 md:h-96\">\n                              <div class=\"relative flex-shrink-0 bg-seafoam-900 h-28 md:h-48\">\n                  <img loading=\"lazy\" decoding=\"async\" width=\"700\" height=\"467\" src=\"https:\/\/plasticseurope.org\/fr\/wp-content\/uploads\/sites\/2\/2022\/12\/PPWR-picture-for-media.png\" class=\"h-full w-full object-cover object-center wp-post-image\" alt=\"\" srcset=\"https:\/\/plasticseurope.org\/fr\/wp-content\/uploads\/sites\/2\/2022\/12\/PPWR-picture-for-media.png 700w, https:\/\/plasticseurope.org\/fr\/wp-content\/uploads\/sites\/2\/2022\/12\/PPWR-picture-for-media-300x200.png 300w\" sizes=\"auto, (max-width: 700px) 100vw, 700px\" \/>                  <div class=\"absolute left-6 bottom-4 hidden md:block\">\n                                          <span class=\"inline-flex items-center px-3 py-1 rounded-full text-sm font-medium bg-satsuma-900 text-white\">Communiqu\u00e9s de presse<\/span>\n                                      <\/div>\n                <\/div>\n              \n              <div class=\"overlay absolute inset-0 flex-1 p-4 md:p-6 flex flex-col justify-between bg-mist-900 transform translate-y-28 md:translate-y-48 transition duration-100 ease-out h-1\/2\" data-overlay=\"bg-sky-900\" data-color=\"bg-mist-900\">\n                <div class=\"flex-1\">\n                  <div class=\"mb-4 hidden\">\n                    <time class=\"updated text-tiny uppercase\" datetime=\"2022-12-06T12:53:21+00:00\">06 D\u00e9c 2022<\/time>\n                  <\/div>\n                  <h4 class=\"text-tiny md:text-base line-clamp-3 mb-0\">Les objectifs ambitieux du R\u00e8glement sur les emballages et d\u00e9chets d\u2019emballage (PPWR en anglais) doivent \u00eatre assortis de mesures d\u2019accompagnement tout aussi ambitieuses en faveur de l\u2019investissement et de l\u2019innovation<\/h4>\n                  <p class=\"mt-3 hidden opacity-0\">\nL\u2019industrie demande une politique fond\u00e9e sur la science et neutre vis \u00e0 vis des mat\u00e9riaux et des technologies.\n<\/p>\n                <\/div>\n                <div class=\"md:mt-6 flex items-center\">\n                  <div class=\"flex space-x-1 text-xs md:text-tiny\">\n                    <time class=\"updated uppercase\" datetime=\"2022-12-06T12:53:21+00:00\">\n                      06 D\u00e9c 2022                    <\/time>\n                    <span class=\"hidden\">\n                      4 min read\n                    <\/span>\n                  <\/div>\n                <\/div>\n              <\/div>\n            <\/div>\n          <\/a>\n        <\/div>\n                    <\/div>\n      <div class=\"swiper-button-next hidden lg:inline-flex absolute w-10 h-10 lg:w-12 lg:h-12 z-90\"><\/div>\n      <div class=\"swiper-button-prev hidden lg:inline-flex absolute w-10 h-10 lg:w-12 lg:h-12 z-10\"><\/div>\n    <\/div>\n  <\/div>\n<\/div>\n\n\n\n\n<div style=\"height:100px\" aria-hidden=\"true\" class=\"wp-block-spacer is-style-medium\"><\/div>\n\n\n\n<div class=\"wp-block-columns is-layout-flex wp-container-core-columns-is-layout-28f84493 wp-block-columns-is-layout-flex\">\n<div class=\"wp-block-column is-layout-flow wp-block-column-is-layout-flow\">\n<figure class=\"wp-block-embed is-type-video is-provider-vimeo wp-block-embed-vimeo wp-embed-aspect-16-9 wp-has-aspect-ratio\"><div class=\"wp-block-embed__wrapper\">\n<iframe loading=\"lazy\" src=\"https:\/\/player.vimeo.com\/video\/655266226?dnt=1&amp;app_id=122963\" width=\"500\" height=\"281\" frameborder=\"0\" allow=\"autoplay; fullscreen; picture-in-picture; clipboard-write\"><\/iframe>\n<\/div><\/figure>\n<\/div>\n\n\n\n<div class=\"wp-block-column is-layout-flow wp-block-column-is-layout-flow\">\n<figure class=\"wp-block-embed is-type-video is-provider-vimeo wp-block-embed-vimeo wp-embed-aspect-16-9 wp-has-aspect-ratio\"><div class=\"wp-block-embed__wrapper\">\n<iframe loading=\"lazy\" src=\"https:\/\/player.vimeo.com\/video\/642693095?dnt=1&amp;app_id=122963\" width=\"500\" height=\"281\" frameborder=\"0\" allow=\"autoplay; fullscreen; picture-in-picture; clipboard-write\"><\/iframe>\n<\/div><\/figure>\n<\/div>\n<\/div>\n\n\n\n<div style=\"height:100px\" aria-hidden=\"true\" class=\"wp-block-spacer\"><\/div>\n\n\n\n<div class=\"wp-block-columns max-w-7xl mx-auto is-layout-flex wp-container-core-columns-is-layout-28f84493 wp-block-columns-is-layout-flex\">\n<div class=\"wp-block-column is-vertically-aligned-top is-layout-flow wp-block-column-is-layout-flow\" style=\"flex-basis:50%\">\n<h2 class=\"wp-block-heading\" id=\"plastics-europe-enabling-a-sustainable-future\">Plastics Europe: enabling a sustainable future<\/h2>\n<\/div>\n\n\n\n<div class=\"wp-block-column is-layout-flow wp-block-column-is-layout-flow\" style=\"flex-basis:50%\">\n<p class=\"has-sky-color has-text-color has-large-font-size\">Plastics Europe est l\u2019une des plus importantes associations professionnelles en Europe. Elle est bas\u00e9e \u00e0 Bruxelles, avec des bureaux \u00e9tablis \u00e0 Francfort, Londres, Madrid, Milan et Paris.<\/p>\n\n\n\n<p>Nous sommes en relations avec les associations europ\u00e9ennes et nationales de l\u2019industrie des plastiques et nous comptons plus de 100 entreprises parmi nos membres, qui sont responsables de la production de 90 % de tous les polym\u00e8res produits dans les 28 \u00c9tats membres de l\u2019Union europ\u00e9enne, plus la Norv\u00e8ge, la Suisse et la Turquie. Au niveau mondial, Plastics&nbsp;Europe soutient activement le&nbsp;<a href=\"https:\/\/www.worldplasticscouncil.org\/\" target=\"_blank\" rel=\"noreferrer noopener\">World Plastics Council&nbsp;<\/a>(WPC) et la&nbsp;<a href=\"https:\/\/www.americanchemistry.com\/Media\/PressReleasesTranscripts\/ACC-news-releases\/Global-Plastics-Alliance-Meeting-Advances-Sustainability-and-Marine-Litter-Solutions.html\" target=\"_blank\" rel=\"noreferrer noopener\">Global Plastics Alliance&nbsp;<\/a>(GPA).&nbsp;<\/p>\n<\/div>\n<\/div>\n\n\n\n<div style=\"height:100px\" aria-hidden=\"true\" class=\"wp-block-spacer\"><\/div>\n\n\n\n<div class=\"wp-block-cover alignfull\" style=\"min-height:420px;aspect-ratio:unset;\"><span aria-hidden=\"true\" class=\"wp-block-cover__background has-jade-background-color has-background-dim-90 has-background-dim\"><\/span><img decoding=\"async\" class=\"wp-block-cover__image-background wp-image-539\" alt=\"\" src=\"https:\/\/plasticseurope.multisite\/wp-content\/uploads\/2021\/09\/AdobeStock_136138818-scaled.jpg\" data-object-fit=\"cover\" \/><div class=\"wp-block-cover__inner-container is-layout-flow wp-block-cover-is-layout-flow\">\n<div class=\"wp-block-columns alignwide is-layout-flex wp-container-core-columns-is-layout-28f84493 wp-block-columns-is-layout-flex\">\n<div class=\"wp-block-column is-vertically-aligned-bottom is-layout-flow wp-block-column-is-layout-flow\" style=\"flex-basis:35%\">\n<h2 class=\"wp-block-heading heading-quote mb-0\" id=\"adherez-aplastics-europe\">Adh\u00e9rez \u00e0<br>Plastics Europe<\/h2>\n<\/div>\n\n\n\n<div class=\"wp-block-column is-vertically-aligned-bottom is-layout-flow wp-block-column-is-layout-flow\" style=\"flex-basis:35%\">\n<p class=\"mb-0 has-large-font-size\">Plastics Europe est le catalyseur de la transition de l&rsquo;industrie des plastiques au service des solutions durables que la soci\u00e9t\u00e9 attend.<\/p>\n<\/div>\n\n\n\n<div class=\"wp-block-column is-vertically-aligned-bottom text-right is-layout-flow wp-block-column-is-layout-flow\" style=\"flex-basis:30%\">\n<div class=\"wp-block-buttons is-layout-flex wp-block-buttons-is-layout-flex\">\n<div class=\"wp-block-button has-custom-width wp-block-button__width-100\"><a class=\"wp-block-button__link wp-element-button\" href=\"https:\/\/plasticseurope.org\/about-us\/membership\/\">Rejoignez-nous<\/a><\/div>\n<\/div>\n<\/div>\n<\/div>\n<\/div><\/div>\n\n\n\n<div style=\"height:100px\" aria-hidden=\"true\" class=\"wp-block-spacer\"><\/div>\n","protected":false},"excerpt":{"rendered":"<p>Plastics Europe: enabling a sustainable future Plastics Europe est l\u2019une des plus importantes associations professionnelles en Europe. Elle est bas\u00e9e \u00e0 Bruxelles, avec des bureaux \u00e9tablis \u00e0 Francfort, Londres, Madrid, Milan et Paris. Nous sommes en relations avec les associations europ\u00e9ennes et nationales de l\u2019industrie des plastiques et nous comptons plus de 100 entreprises parmi [&hellip;]<\/p>\n","protected":false},"author":1,"featured_media":0,"parent":0,"menu_order":0,"comment_status":"closed","ping_status":"closed","template":"","meta":{"footnotes":""},"class_list":["post-62","page","type-page","status-publish","hentry"],"acf":[],"yoast_head":"<!-- This site is optimized with the Yoast SEO plugin v21.6 - https:\/\/yoast.com\/wordpress\/plugins\/seo\/ -->\n<title>Plastics Europe - Plastics Europe<\/title>\n<meta name=\"robots\" content=\"index, follow, max-snippet:-1, max-image-preview:large, max-video-preview:-1\" \/>\n<link rel=\"canonical\" href=\"https:\/\/plasticseurope.org\/fr\/\" \/>\n<meta property=\"og:locale\" content=\"fr_FR\" \/>\n<meta property=\"og:type\" content=\"article\" \/>\n<meta property=\"og:title\" content=\"Plastics Europe - Plastics Europe\" \/>\n<meta property=\"og:description\" content=\"Plastics Europe: enabling a sustainable future Plastics Europe est l\u2019une des plus importantes associations professionnelles en Europe. Elle est bas\u00e9e \u00e0 Bruxelles, avec des bureaux \u00e9tablis \u00e0 Francfort, Londres, Madrid, Milan et Paris. Nous sommes en relations avec les associations europ\u00e9ennes et nationales de l\u2019industrie des plastiques et nous comptons plus de 100 entreprises parmi [&hellip;]\" \/>\n<meta property=\"og:url\" content=\"https:\/\/plasticseurope.org\/fr\/\" \/>\n<meta property=\"og:site_name\" content=\"Plastics Europe\" \/>\n<meta property=\"article:modified_time\" content=\"2025-06-24T15:43:03+00:00\" \/>\n<meta property=\"og:image\" content=\"https:\/\/plasticseurope.multisite\/wp-content\/uploads\/2021\/09\/AdobeStock_136138818-scaled.jpg\" \/>\n<meta name=\"twitter:card\" content=\"summary_large_image\" \/>\n<meta name=\"twitter:label1\" content=\"Dur\u00e9e de lecture estim\u00e9e\" \/>\n\t<meta name=\"twitter:data1\" content=\"1 minute\" \/>\n<script type=\"application\/ld+json\" class=\"yoast-schema-graph\">{\"@context\":\"https:\/\/schema.org\",\"@graph\":[{\"@type\":\"WebPage\",\"@id\":\"https:\/\/plasticseurope.org\/fr\/\",\"url\":\"https:\/\/plasticseurope.org\/fr\/\",\"name\":\"Plastics Europe - Plastics Europe\",\"isPartOf\":{\"@id\":\"https:\/\/plasticseurope.org\/fr\/#website\"},\"datePublished\":\"2021-10-23T08:12:36+00:00\",\"dateModified\":\"2025-06-24T15:43:03+00:00\",\"breadcrumb\":{\"@id\":\"https:\/\/plasticseurope.org\/fr\/#breadcrumb\"},\"inLanguage\":\"fr-FR\",\"potentialAction\":[{\"@type\":\"ReadAction\",\"target\":[\"https:\/\/plasticseurope.org\/fr\/\"]}]},{\"@type\":\"BreadcrumbList\",\"@id\":\"https:\/\/plasticseurope.org\/fr\/#breadcrumb\",\"itemListElement\":[{\"@type\":\"ListItem\",\"position\":1,\"name\":\"Home\",\"item\":\"https:\/\/plasticseurope.org\/fr\/\"},{\"@type\":\"ListItem\",\"position\":2,\"name\":\"Plastics Europe\"}]},{\"@type\":\"WebSite\",\"@id\":\"https:\/\/plasticseurope.org\/fr\/#website\",\"url\":\"https:\/\/plasticseurope.org\/fr\/\",\"name\":\"Plastics Europe\",\"description\":\"Enabling a sustainable future\",\"potentialAction\":[{\"@type\":\"SearchAction\",\"target\":{\"@type\":\"EntryPoint\",\"urlTemplate\":\"https:\/\/plasticseurope.org\/fr\/?s={search_term_string}\"},\"query-input\":\"required name=search_term_string\"}],\"inLanguage\":\"fr-FR\"}]}<\/script>\n<!-- \/ Yoast SEO plugin. -->","yoast_head_json":{"title":"Plastics Europe - Plastics Europe","robots":{"index":"index","follow":"follow","max-snippet":"max-snippet:-1","max-image-preview":"max-image-preview:large","max-video-preview":"max-video-preview:-1"},"canonical":"https:\/\/plasticseurope.org\/fr\/","og_locale":"fr_FR","og_type":"article","og_title":"Plastics Europe - Plastics Europe","og_description":"Plastics Europe: enabling a sustainable future Plastics Europe est l\u2019une des plus importantes associations professionnelles en Europe. Elle est bas\u00e9e \u00e0 Bruxelles, avec des bureaux \u00e9tablis \u00e0 Francfort, Londres, Madrid, Milan et Paris. Nous sommes en relations avec les associations europ\u00e9ennes et nationales de l\u2019industrie des plastiques et nous comptons plus de 100 entreprises parmi [&hellip;]","og_url":"https:\/\/plasticseurope.org\/fr\/","og_site_name":"Plastics Europe","article_modified_time":"2025-06-24T15:43:03+00:00","og_image":[{"url":"https:\/\/plasticseurope.multisite\/wp-content\/uploads\/2021\/09\/AdobeStock_136138818-scaled.jpg"}],"twitter_card":"summary_large_image","twitter_misc":{"Dur\u00e9e de lecture estim\u00e9e":"1 minute"},"schema":{"@context":"https:\/\/schema.org","@graph":[{"@type":"WebPage","@id":"https:\/\/plasticseurope.org\/fr\/","url":"https:\/\/plasticseurope.org\/fr\/","name":"Plastics Europe - Plastics Europe","isPartOf":{"@id":"https:\/\/plasticseurope.org\/fr\/#website"},"datePublished":"2021-10-23T08:12:36+00:00","dateModified":"2025-06-24T15:43:03+00:00","breadcrumb":{"@id":"https:\/\/plasticseurope.org\/fr\/#breadcrumb"},"inLanguage":"fr-FR","potentialAction":[{"@type":"ReadAction","target":["https:\/\/plasticseurope.org\/fr\/"]}]},{"@type":"BreadcrumbList","@id":"https:\/\/plasticseurope.org\/fr\/#breadcrumb","itemListElement":[{"@type":"ListItem","position":1,"name":"Home","item":"https:\/\/plasticseurope.org\/fr\/"},{"@type":"ListItem","position":2,"name":"Plastics Europe"}]},{"@type":"WebSite","@id":"https:\/\/plasticseurope.org\/fr\/#website","url":"https:\/\/plasticseurope.org\/fr\/","name":"Plastics Europe","description":"Enabling a sustainable future","potentialAction":[{"@type":"SearchAction","target":{"@type":"EntryPoint","urlTemplate":"https:\/\/plasticseurope.org\/fr\/?s={search_term_string}"},"query-input":"required name=search_term_string"}],"inLanguage":"fr-FR"}]}},"_links":{"self":[{"href":"https:\/\/plasticseurope.org\/fr\/wp-json\/wp\/v2\/pages\/62","targetHints":{"allow":["GET"]}}],"collection":[{"href":"https:\/\/plasticseurope.org\/fr\/wp-json\/wp\/v2\/pages"}],"about":[{"href":"https:\/\/plasticseurope.org\/fr\/wp-json\/wp\/v2\/types\/page"}],"author":[{"embeddable":true,"href":"https:\/\/plasticseurope.org\/fr\/wp-json\/wp\/v2\/users\/1"}],"replies":[{"embeddable":true,"href":"https:\/\/plasticseurope.org\/fr\/wp-json\/wp\/v2\/comments?post=62"}],"version-history":[{"count":0,"href":"https:\/\/plasticseurope.org\/fr\/wp-json\/wp\/v2\/pages\/62\/revisions"}],"wp:attachment":[{"href":"https:\/\/plasticseurope.org\/fr\/wp-json\/wp\/v2\/media?parent=62"}],"curies":[{"name":"wp","href":"https:\/\/api.w.org\/{rel}","templated":true}]}}