{"id":1075,"date":"2025-10-06T14:10:06","date_gmt":"2025-10-06T14:10:06","guid":{"rendered":"https:\/\/plasticseurope.wpenginepowered.com\/es\/?post_type=pe_resource&#038;p=1075"},"modified":"2025-10-09T13:54:52","modified_gmt":"2025-10-09T13:54:52","slug":"la-compra-publica-verde-como-herramienta-impulsora-de-la-circularidad-de-la-circularidad-de-los-plasticos","status":"publish","type":"pe_resource","link":"https:\/\/plasticseurope.org\/es\/knowledge-hub\/la-compra-publica-verde-como-herramienta-impulsora-de-la-circularidad-de-la-circularidad-de-los-plasticos\/","title":{"rendered":"La compra p\u00fablica verde como herramienta impulsora de la circularidad de los pl\u00e1sticos. Gu\u00eda para la administraci\u00f3n p\u00fablica"},"content":{"rendered":"\n<p><\/p>\n\n\n\n<p class=\"has-large-font-size\"><\/p>\n\n\n\n<p>De Plastics Europe y <a href=\"https:\/\/anarpla.com\/\" target=\"_blank\" rel=\"noreferrer noopener\">Anarpla<\/a>, y de su compromiso con la <a href=\"https:\/\/plasticseurope.org\/es\/sostenibilidad\/circularidad\/\" target=\"_blank\" rel=\"noreferrer noopener\">econom\u00eda circular de los pl\u00e1sticos<\/a>, nace la iniciativa de crear una <strong>Gu\u00eda de Buenas Pr\u00e1cticas para la Compra Verde y la Promoci\u00f3n de Productos Pl\u00e1sticos reciclados<\/strong>. Con la llegada del <a href=\"https:\/\/commission.europa.eu\/strategy-and-policy\/priorities-2019-2024\/european-green-deal_es\" target=\"_blank\" rel=\"noreferrer noopener\">Pacto Verde Europeo<\/a>, el objetivo de una Europa clim\u00e1ticamente neutra para 2050 y una recuperaci\u00f3n econ\u00f3mica post pandemia basada en la econom\u00eda verde y la transici\u00f3n digital, la Uni\u00f3n Europea acelerar\u00e1 la transici\u00f3n a una econom\u00eda circular. Una transici\u00f3n basada en el m\u00e1ximo aprovechamiento de los recursos naturales disponibles, con pr\u00f3ximas normativas que obligar\u00e1n a una adaptaci\u00f3n sin precedentes a toda la sociedad y a la administraci\u00f3n, que liderar\u00e1 con el ejemplo en su compra p\u00fablica.<\/p>\n\n\n\n<p>La Compra P\u00fablica Verde se define en la <a href=\"https:\/\/eur-lex.europa.eu\/legal-content\/ES\/TXT\/PDF\/?uri=CELEX:52020XC0401(05)&amp;from=EN\" target=\"_blank\" rel=\"noreferrer noopener\">comunicaci\u00f3n de la Comisi\u00f3n Europea sobre Contrataci\u00f3n p\u00fablica<\/a> para un medio ambiente mejor, como <em>\u00abun proceso por el cual las autoridades p\u00fablicas intentan adquirir productos, servicios y obras con un impacto ambiental reducido durante su ciclo de vida, en comparaci\u00f3n con otros productos, servicios y obras con la misma funci\u00f3n primaria que se adquirir\u00edan en su sitio\u00bb<\/em>.<\/p>\n\n\n\n<p>En este contexto resulta necesario que la industria evolucione y se adapte, mediante la producci\u00f3n de pl\u00e1sticos, en una econom\u00eda circular baja en carbono fomentando as\u00ed, su uso sostenible. Y, tambi\u00e9n, abordando el problema de los residuos pl\u00e1sticos reconociendo su valor como recurso.<\/p>\n\n\n\n<p>El objetivo de iniciativas como esta gu\u00eda, es que sirva como herramienta fundamental en la transici\u00f3n hacia una econom\u00eda circular, donde los residuos se conviertan en verdaderos recursos. Conscientes de que la colaboraci\u00f3n entre los diferentes agentes sociales es indispensable, hemos desarrollado esta gu\u00eda pr\u00e1ctica para ayudar a las Administraciones a impulsar esta transici\u00f3n hacia una econom\u00eda circular. El compromiso de ambas asociaciones pasa por colaborar y apoyar a las diferentes Administraciones P\u00fablicas, en especial a las entidades locales, para que en el desarrollo de la actividad de contrataci\u00f3n sea posible garantizar que los pl\u00e1sticos contin\u00faen proporcionando importantes beneficios necesarios para la sociedad, a la vez que se minimiza su huella medioambiental.<\/p>\n\n\n\n<p>La gu\u00eda est\u00e1 disponible en espa\u00f1ol y en ingl\u00e9s, adaptada a la normativa europea, en esta misma entrada.<\/p>\n\n\n\n<div style=\"height:13px\" aria-hidden=\"true\" class=\"wp-block-spacer\"><\/div>\n\n\n\n<div data-wp-interactive=\"core\/file\" class=\"wp-block-file\"><object data-wp-bind--hidden=\"!state.hasPdfPreview\" hidden class=\"wp-block-file__embed\" data=\"https:\/\/plasticseurope.org\/es\/wp-content\/uploads\/sites\/4\/2023\/05\/Guia-Compra-Publica-Verde-2023.pdf\" type=\"application\/pdf\" style=\"width:100%;height:600px\" aria-label=\"Incrustado de Guia-Compra-Publica-Verde-2023.\"><\/object><a id=\"wp-block-file--media-b0a410c1-3a30-4eea-8bfd-067c2f2f3179\" href=\"https:\/\/plasticseurope.org\/es\/wp-content\/uploads\/sites\/4\/2023\/05\/Guia-Compra-Publica-Verde-2023.pdf\">Guia-Compra-Publica-Verde-2023<\/a><a href=\"https:\/\/plasticseurope.org\/es\/wp-content\/uploads\/sites\/4\/2023\/05\/Guia-Compra-Publica-Verde-2023.pdf\" class=\"wp-block-file__button wp-element-button\" download aria-describedby=\"wp-block-file--media-b0a410c1-3a30-4eea-8bfd-067c2f2f3179\">Descarga<\/a><\/div>\n\n\n\n<figure class=\"wp-block-image size-full is-resized\"><img loading=\"lazy\" decoding=\"async\" width=\"835\" height=\"134\" src=\"https:\/\/plasticseurope.org\/es\/wp-content\/uploads\/sites\/4\/2024\/07\/blanco.jpg\" alt=\"\" class=\"wp-image-1846\" style=\"width:125px;height:auto\" srcset=\"https:\/\/plasticseurope.org\/es\/wp-content\/uploads\/sites\/4\/2024\/07\/blanco.jpg 835w, https:\/\/plasticseurope.org\/es\/wp-content\/uploads\/sites\/4\/2024\/07\/blanco-300x48.jpg 300w, https:\/\/plasticseurope.org\/es\/wp-content\/uploads\/sites\/4\/2024\/07\/blanco-768x123.jpg 768w\" sizes=\"auto, (max-width: 835px) 100vw, 835px\" \/><\/figure>\n\n\n\n<div data-wp-interactive=\"core\/file\" class=\"wp-block-file\"><object data-wp-bind--hidden=\"!state.hasPdfPreview\" hidden class=\"wp-block-file__embed\" data=\"https:\/\/plasticseurope.org\/es\/wp-content\/uploads\/sites\/4\/2023\/05\/Green-Public-Procurement-Guide-1.pdf\" type=\"application\/pdf\" style=\"width:100%;height:600px\" aria-label=\"Incrustado de Green Public Procurement Guide.\"><\/object><a id=\"wp-block-file--media-306654f8-543d-4d87-93bc-7fd4aa08fcf8\" href=\"https:\/\/plasticseurope.org\/es\/wp-content\/uploads\/sites\/4\/2023\/05\/Green-Public-Procurement-Guide-1.pdf\">Green Public Procurement Guide<\/a><a href=\"https:\/\/plasticseurope.org\/es\/wp-content\/uploads\/sites\/4\/2023\/05\/Green-Public-Procurement-Guide-1.pdf\" class=\"wp-block-file__button wp-element-button\" download aria-describedby=\"wp-block-file--media-306654f8-543d-4d87-93bc-7fd4aa08fcf8\">Descarga<\/a><\/div>\n\n\n\n<p><\/p>\n","protected":false},"excerpt":{"rendered":"<p>De Plastics Europe y Anarpla, y de su compromiso con la econom\u00eda circular de los pl\u00e1sticos, nace la iniciativa de\u2026<\/p>\n","protected":false},"featured_media":1085,"template":"","resource-type":[11],"resource-tag":[],"class_list":["post-1075","pe_resource","type-pe_resource","status-publish","has-post-thumbnail","hentry","resource-type-publicaciones"],"acf":[],"yoast_head":"<!-- This site is optimized with the Yoast SEO plugin v21.6 - https:\/\/yoast.com\/wordpress\/plugins\/seo\/ -->\n<title>La compra p\u00fablica verde como herramienta impulsora de la circularidad de los pl\u00e1sticos. Gu\u00eda para la administraci\u00f3n p\u00fablica - Plastics Europe ES<\/title>\n<meta name=\"robots\" content=\"index, follow, max-snippet:-1, max-image-preview:large, max-video-preview:-1\" \/>\n<link rel=\"canonical\" href=\"https:\/\/plasticseurope.org\/es\/knowledge-hub\/la-compra-publica-verde-como-herramienta-impulsora-de-la-circularidad-de-la-circularidad-de-los-plasticos\/\" \/>\n<meta property=\"og:locale\" content=\"es_ES\" \/>\n<meta property=\"og:type\" content=\"article\" \/>\n<meta property=\"og:title\" content=\"La compra p\u00fablica verde como herramienta impulsora de la circularidad de los pl\u00e1sticos. Gu\u00eda para la administraci\u00f3n p\u00fablica - Plastics Europe ES\" \/>\n<meta property=\"og:description\" content=\"De Plastics Europe y Anarpla, y de su compromiso con la econom\u00eda circular de los pl\u00e1sticos, nace la iniciativa de\u2026\" \/>\n<meta property=\"og:url\" content=\"https:\/\/plasticseurope.org\/es\/knowledge-hub\/la-compra-publica-verde-como-herramienta-impulsora-de-la-circularidad-de-la-circularidad-de-los-plasticos\/\" \/>\n<meta property=\"og:site_name\" content=\"Plastics Europe ES\" \/>\n<meta property=\"article:modified_time\" content=\"2025-10-09T13:54:52+00:00\" \/>\n<meta property=\"og:image\" content=\"https:\/\/plasticseurope.org\/es\/wp-content\/uploads\/sites\/4\/2023\/05\/Guia-compra-publica-verde.png\" \/>\n\t<meta property=\"og:image:width\" content=\"892\" \/>\n\t<meta property=\"og:image:height\" content=\"781\" \/>\n\t<meta property=\"og:image:type\" content=\"image\/png\" \/>\n<meta name=\"twitter:card\" content=\"summary_large_image\" \/>\n<meta name=\"twitter:label1\" content=\"Tiempo de lectura\" \/>\n\t<meta name=\"twitter:data1\" content=\"2 minutos\" \/>\n<script type=\"application\/ld+json\" class=\"yoast-schema-graph\">{\"@context\":\"https:\/\/schema.org\",\"@graph\":[{\"@type\":\"WebPage\",\"@id\":\"https:\/\/plasticseurope.org\/es\/knowledge-hub\/la-compra-publica-verde-como-herramienta-impulsora-de-la-circularidad-de-la-circularidad-de-los-plasticos\/\",\"url\":\"https:\/\/plasticseurope.org\/es\/knowledge-hub\/la-compra-publica-verde-como-herramienta-impulsora-de-la-circularidad-de-la-circularidad-de-los-plasticos\/\",\"name\":\"La compra p\u00fablica verde como herramienta impulsora de la circularidad de los pl\u00e1sticos. Gu\u00eda para la administraci\u00f3n p\u00fablica - Plastics Europe ES\",\"isPartOf\":{\"@id\":\"https:\/\/plasticseurope.org\/es\/#website\"},\"datePublished\":\"2025-10-06T14:10:06+00:00\",\"dateModified\":\"2025-10-09T13:54:52+00:00\",\"breadcrumb\":{\"@id\":\"https:\/\/plasticseurope.org\/es\/knowledge-hub\/la-compra-publica-verde-como-herramienta-impulsora-de-la-circularidad-de-la-circularidad-de-los-plasticos\/#breadcrumb\"},\"inLanguage\":\"es\",\"potentialAction\":[{\"@type\":\"ReadAction\",\"target\":[\"https:\/\/plasticseurope.org\/es\/knowledge-hub\/la-compra-publica-verde-como-herramienta-impulsora-de-la-circularidad-de-la-circularidad-de-los-plasticos\/\"]}]},{\"@type\":\"BreadcrumbList\",\"@id\":\"https:\/\/plasticseurope.org\/es\/knowledge-hub\/la-compra-publica-verde-como-herramienta-impulsora-de-la-circularidad-de-la-circularidad-de-los-plasticos\/#breadcrumb\",\"itemListElement\":[{\"@type\":\"ListItem\",\"position\":1,\"name\":\"Home\",\"item\":\"https:\/\/plasticseurope.org\/es\/\"},{\"@type\":\"ListItem\",\"position\":2,\"name\":\"La compra p\u00fablica verde como herramienta impulsora de la circularidad de los pl\u00e1sticos. Gu\u00eda para la administraci\u00f3n p\u00fablica\"}]},{\"@type\":\"WebSite\",\"@id\":\"https:\/\/plasticseurope.org\/es\/#website\",\"url\":\"https:\/\/plasticseurope.org\/es\/\",\"name\":\"Plastics Europe ES\",\"description\":\"Enabling a sustainable future\",\"potentialAction\":[{\"@type\":\"SearchAction\",\"target\":{\"@type\":\"EntryPoint\",\"urlTemplate\":\"https:\/\/plasticseurope.org\/es\/?s={search_term_string}\"},\"query-input\":\"required name=search_term_string\"}],\"inLanguage\":\"es\"}]}<\/script>\n<!-- \/ Yoast SEO plugin. -->","yoast_head_json":{"title":"La compra p\u00fablica verde como herramienta impulsora de la circularidad de los pl\u00e1sticos. Gu\u00eda para la administraci\u00f3n p\u00fablica - Plastics Europe ES","robots":{"index":"index","follow":"follow","max-snippet":"max-snippet:-1","max-image-preview":"max-image-preview:large","max-video-preview":"max-video-preview:-1"},"canonical":"https:\/\/plasticseurope.org\/es\/knowledge-hub\/la-compra-publica-verde-como-herramienta-impulsora-de-la-circularidad-de-la-circularidad-de-los-plasticos\/","og_locale":"es_ES","og_type":"article","og_title":"La compra p\u00fablica verde como herramienta impulsora de la circularidad de los pl\u00e1sticos. Gu\u00eda para la administraci\u00f3n p\u00fablica - Plastics Europe ES","og_description":"De Plastics Europe y Anarpla, y de su compromiso con la econom\u00eda circular de los pl\u00e1sticos, nace la iniciativa de\u2026","og_url":"https:\/\/plasticseurope.org\/es\/knowledge-hub\/la-compra-publica-verde-como-herramienta-impulsora-de-la-circularidad-de-la-circularidad-de-los-plasticos\/","og_site_name":"Plastics Europe ES","article_modified_time":"2025-10-09T13:54:52+00:00","og_image":[{"width":892,"height":781,"url":"https:\/\/plasticseurope.org\/es\/wp-content\/uploads\/sites\/4\/2023\/05\/Guia-compra-publica-verde.png","type":"image\/png"}],"twitter_card":"summary_large_image","twitter_misc":{"Tiempo de lectura":"2 minutos"},"schema":{"@context":"https:\/\/schema.org","@graph":[{"@type":"WebPage","@id":"https:\/\/plasticseurope.org\/es\/knowledge-hub\/la-compra-publica-verde-como-herramienta-impulsora-de-la-circularidad-de-la-circularidad-de-los-plasticos\/","url":"https:\/\/plasticseurope.org\/es\/knowledge-hub\/la-compra-publica-verde-como-herramienta-impulsora-de-la-circularidad-de-la-circularidad-de-los-plasticos\/","name":"La compra p\u00fablica verde como herramienta impulsora de la circularidad de los pl\u00e1sticos. Gu\u00eda para la administraci\u00f3n p\u00fablica - Plastics Europe ES","isPartOf":{"@id":"https:\/\/plasticseurope.org\/es\/#website"},"datePublished":"2025-10-06T14:10:06+00:00","dateModified":"2025-10-09T13:54:52+00:00","breadcrumb":{"@id":"https:\/\/plasticseurope.org\/es\/knowledge-hub\/la-compra-publica-verde-como-herramienta-impulsora-de-la-circularidad-de-la-circularidad-de-los-plasticos\/#breadcrumb"},"inLanguage":"es","potentialAction":[{"@type":"ReadAction","target":["https:\/\/plasticseurope.org\/es\/knowledge-hub\/la-compra-publica-verde-como-herramienta-impulsora-de-la-circularidad-de-la-circularidad-de-los-plasticos\/"]}]},{"@type":"BreadcrumbList","@id":"https:\/\/plasticseurope.org\/es\/knowledge-hub\/la-compra-publica-verde-como-herramienta-impulsora-de-la-circularidad-de-la-circularidad-de-los-plasticos\/#breadcrumb","itemListElement":[{"@type":"ListItem","position":1,"name":"Home","item":"https:\/\/plasticseurope.org\/es\/"},{"@type":"ListItem","position":2,"name":"La compra p\u00fablica verde como herramienta impulsora de la circularidad de los pl\u00e1sticos. Gu\u00eda para la administraci\u00f3n p\u00fablica"}]},{"@type":"WebSite","@id":"https:\/\/plasticseurope.org\/es\/#website","url":"https:\/\/plasticseurope.org\/es\/","name":"Plastics Europe ES","description":"Enabling a sustainable future","potentialAction":[{"@type":"SearchAction","target":{"@type":"EntryPoint","urlTemplate":"https:\/\/plasticseurope.org\/es\/?s={search_term_string}"},"query-input":"required name=search_term_string"}],"inLanguage":"es"}]}},"_links":{"self":[{"href":"https:\/\/plasticseurope.org\/es\/wp-json\/wp\/v2\/pe_resource\/1075","targetHints":{"allow":["GET"]}}],"collection":[{"href":"https:\/\/plasticseurope.org\/es\/wp-json\/wp\/v2\/pe_resource"}],"about":[{"href":"https:\/\/plasticseurope.org\/es\/wp-json\/wp\/v2\/types\/pe_resource"}],"version-history":[{"count":0,"href":"https:\/\/plasticseurope.org\/es\/wp-json\/wp\/v2\/pe_resource\/1075\/revisions"}],"wp:featuredmedia":[{"embeddable":true,"href":"https:\/\/plasticseurope.org\/es\/wp-json\/wp\/v2\/media\/1085"}],"wp:attachment":[{"href":"https:\/\/plasticseurope.org\/es\/wp-json\/wp\/v2\/media?parent=1075"}],"wp:term":[{"taxonomy":"resource-type","embeddable":true,"href":"https:\/\/plasticseurope.org\/es\/wp-json\/wp\/v2\/resource-type?post=1075"},{"taxonomy":"resource-tag","embeddable":true,"href":"https:\/\/plasticseurope.org\/es\/wp-json\/wp\/v2\/resource-tag?post=1075"}],"curies":[{"name":"wp","href":"https:\/\/api.w.org\/{rel}","templated":true}]}}