{"id":2154,"date":"2025-09-23T10:40:48","date_gmt":"2025-09-23T10:40:48","guid":{"rendered":"https:\/\/plasticseurope.org\/es\/?post_type=pe_case_study&#038;p=2154"},"modified":"2025-09-23T10:40:49","modified_gmt":"2025-09-23T10:40:49","slug":"descarbonizacion-en-marcha-el-plan-de-ercros-para-transformar-su-industria","status":"publish","type":"pe_case_study","link":"https:\/\/plasticseurope.org\/es\/case-studies\/descarbonizacion-en-marcha-el-plan-de-ercros-para-transformar-su-industria\/","title":{"rendered":"Descarbonizaci\u00f3n en marcha: el plan de Ercros para transformar su industria\u00a0"},"content":{"rendered":"\n<p>La industria qu\u00edmica avanza con paso firme hacia la sostenibilidad, y un claro ejemplo de ello es <strong>Ercros<\/strong>, que ha anunciado una inversi\u00f3n de m\u00e1s de <strong>50 millones de euros<\/strong> <strong>para descarbonizar sus centros de producci\u00f3n de Vila-seca I y Vila-seca II<\/strong>, en Tarragona. Esta iniciativa, que cuenta con 15 millones de euros en ayudas del PERTE de descarbonizaci\u00f3n industrial, busca reducir significativamente las emisiones de gases de efecto invernadero (GEI), mejorar la eficiencia energ\u00e9tica y fortalecer la competitividad de estas instalaciones clave para la industria de los pl\u00e1sticos.&nbsp;<\/p>\n\n\n\n<p>Las inversiones previstas permitir\u00e1n que ambas plantas sustituyan el gas natural por fuentes de energ\u00eda m\u00e1s sostenibles como el hidr\u00f3geno, la biomasa y la electricidad procedente de fuentes renovables. Seg\u00fan los c\u00e1lculos de la compa\u00f1\u00eda, estas actuaciones permitir\u00e1n <strong>reducir un 56% las emisiones del complejo industrial de Tarragona (CIT)<\/strong>.&nbsp;<\/p>\n\n\n\n<figure class=\"wp-block-image size-full is-resized\"><img loading=\"lazy\" decoding=\"async\" width=\"835\" height=\"134\" src=\"https:\/\/plasticseurope.org\/es\/wp-content\/uploads\/sites\/4\/2024\/07\/blanco.jpg\" alt=\"\" class=\"wp-image-1846\" style=\"width:125px;height:auto\" srcset=\"https:\/\/plasticseurope.org\/es\/wp-content\/uploads\/sites\/4\/2024\/07\/blanco.jpg 835w, https:\/\/plasticseurope.org\/es\/wp-content\/uploads\/sites\/4\/2024\/07\/blanco-300x48.jpg 300w, https:\/\/plasticseurope.org\/es\/wp-content\/uploads\/sites\/4\/2024\/07\/blanco-768x123.jpg 768w\" sizes=\"auto, (max-width: 835px) 100vw, 835px\" \/><\/figure>\n\n\n\n<figure class=\"wp-block-image aligncenter size-full\"><img loading=\"lazy\" decoding=\"async\" width=\"1000\" height=\"665\" src=\"https:\/\/plasticseurope.org\/es\/wp-content\/uploads\/sites\/4\/2025\/09\/Foto-web.jpg\" alt=\"\" class=\"wp-image-2155\" srcset=\"https:\/\/plasticseurope.org\/es\/wp-content\/uploads\/sites\/4\/2025\/09\/Foto-web.jpg 1000w, https:\/\/plasticseurope.org\/es\/wp-content\/uploads\/sites\/4\/2025\/09\/Foto-web-300x200.jpg 300w, https:\/\/plasticseurope.org\/es\/wp-content\/uploads\/sites\/4\/2025\/09\/Foto-web-768x511.jpg 768w\" sizes=\"auto, (max-width: 1000px) 100vw, 1000px\" \/><\/figure>\n\n\n\n<figure class=\"wp-block-image size-full is-resized\"><img loading=\"lazy\" decoding=\"async\" width=\"835\" height=\"134\" src=\"https:\/\/plasticseurope.org\/es\/wp-content\/uploads\/sites\/4\/2024\/07\/blanco.jpg\" alt=\"\" class=\"wp-image-1846\" style=\"width:125px;height:auto\" srcset=\"https:\/\/plasticseurope.org\/es\/wp-content\/uploads\/sites\/4\/2024\/07\/blanco.jpg 835w, https:\/\/plasticseurope.org\/es\/wp-content\/uploads\/sites\/4\/2024\/07\/blanco-300x48.jpg 300w, https:\/\/plasticseurope.org\/es\/wp-content\/uploads\/sites\/4\/2024\/07\/blanco-768x123.jpg 768w\" sizes=\"auto, (max-width: 835px) 100vw, 835px\" \/><\/figure>\n\n\n\n<p><strong>Inversiones estrat\u00e9gicas y apoyo p\u00fablico<\/strong>&nbsp;<\/p>\n\n\n\n<p>Uno de los proyectos clave del plan de Ercros es el que se desarrollar\u00e1 en Vila-seca II, que recibir\u00e1 una ayuda de 14 millones de euros. Esta inversi\u00f3n forma parte del <strong>Plan 3D<\/strong> de la compa\u00f1\u00eda, y permitir\u00e1:&nbsp;<\/p>\n\n\n\n<ul class=\"wp-block-list\">\n<li>Aprovechar el <strong>calor residual<\/strong> de los procesos de producci\u00f3n de EDC y VCM.\u00a0<\/li>\n<\/ul>\n\n\n\n<ul class=\"wp-block-list\">\n<li>Construir una nueva <strong>caldera de vapor alimentada con biomasa<\/strong>.\u00a0<\/li>\n<\/ul>\n\n\n\n<ul class=\"wp-block-list\">\n<li>Ampliar el uso del <strong>hidr\u00f3geno coproducido<\/strong> en la planta de cloro-sosa de Vila-seca I.\u00a0<\/li>\n<\/ul>\n\n\n\n<p>A esto se suma una ayuda adicional para instalar una nueva caldera que generar\u00e1 vapor de agua utilizando <strong>energ\u00eda el\u00e9ctrica en lugar de gas natural<\/strong>, contribuyendo as\u00ed a reducir a\u00fan m\u00e1s las emisiones directas de GEI.<\/p>\n\n\n\n<figure class=\"wp-block-image size-full is-resized\"><img loading=\"lazy\" decoding=\"async\" width=\"835\" height=\"134\" src=\"https:\/\/plasticseurope.org\/es\/wp-content\/uploads\/sites\/4\/2024\/07\/blanco.jpg\" alt=\"\" class=\"wp-image-1846\" style=\"width:125px;height:auto\" srcset=\"https:\/\/plasticseurope.org\/es\/wp-content\/uploads\/sites\/4\/2024\/07\/blanco.jpg 835w, https:\/\/plasticseurope.org\/es\/wp-content\/uploads\/sites\/4\/2024\/07\/blanco-300x48.jpg 300w, https:\/\/plasticseurope.org\/es\/wp-content\/uploads\/sites\/4\/2024\/07\/blanco-768x123.jpg 768w\" sizes=\"auto, (max-width: 835px) 100vw, 835px\" \/><\/figure>\n\n\n\n<figure class=\"wp-block-image aligncenter size-large\"><img loading=\"lazy\" decoding=\"async\" width=\"1024\" height=\"682\" src=\"https:\/\/plasticseurope.org\/es\/wp-content\/uploads\/sites\/4\/2025\/09\/Foto-web-interior-1024x682.jpg\" alt=\"\" class=\"wp-image-2156\" srcset=\"https:\/\/plasticseurope.org\/es\/wp-content\/uploads\/sites\/4\/2025\/09\/Foto-web-interior-1024x682.jpg 1024w, https:\/\/plasticseurope.org\/es\/wp-content\/uploads\/sites\/4\/2025\/09\/Foto-web-interior-300x200.jpg 300w, https:\/\/plasticseurope.org\/es\/wp-content\/uploads\/sites\/4\/2025\/09\/Foto-web-interior-768x512.jpg 768w, https:\/\/plasticseurope.org\/es\/wp-content\/uploads\/sites\/4\/2025\/09\/Foto-web-interior.jpg 1048w\" sizes=\"auto, (max-width: 1024px) 100vw, 1024px\" \/><\/figure>\n\n\n\n<figure class=\"wp-block-image size-full is-resized\"><img loading=\"lazy\" decoding=\"async\" width=\"835\" height=\"134\" src=\"https:\/\/plasticseurope.org\/es\/wp-content\/uploads\/sites\/4\/2024\/07\/blanco.jpg\" alt=\"\" class=\"wp-image-1846\" style=\"width:125px;height:auto\" srcset=\"https:\/\/plasticseurope.org\/es\/wp-content\/uploads\/sites\/4\/2024\/07\/blanco.jpg 835w, https:\/\/plasticseurope.org\/es\/wp-content\/uploads\/sites\/4\/2024\/07\/blanco-300x48.jpg 300w, https:\/\/plasticseurope.org\/es\/wp-content\/uploads\/sites\/4\/2024\/07\/blanco-768x123.jpg 768w\" sizes=\"auto, (max-width: 835px) 100vw, 835px\" \/><\/figure>\n\n\n\n<p><strong>Reconocimiento institucional y compromiso social<\/strong>&nbsp;<\/p>\n\n\n\n<p>El Departament d\u2019Empresa i Treball de la Generalitat de Catalunya ha reconocido estas iniciativas como Proyecto Empresarial Estrat\u00e9gico.&nbsp;<\/p>\n\n\n\n<p>Adem\u00e1s del impacto ambiental positivo, estos proyectos traer\u00e1n beneficios sociales y econ\u00f3micos directos: <strong>se crear\u00e1n 18 nuevos empleos (13 directos y 5 indirectos)<\/strong>, lo que refuerza el compromiso de Ercros con el desarrollo industrial sostenible y el empleo de calidad en el territorio.&nbsp;<\/p>\n\n\n\n<p><strong>Un paso m\u00e1s hacia una industria de los pl\u00e1sticos positiva y sostenible<\/strong>&nbsp;<\/p>\n\n\n\n<p>Este caso es una muestra tangible de c\u00f3mo las empresas del sector est\u00e1n tomando medidas firmes para avanzar hacia la <strong>circularidad<\/strong> y la <strong>neutralidad clim\u00e1tica<\/strong>, integrando innovaci\u00f3n, eficiencia energ\u00e9tica y responsabilidad ambiental.&nbsp;<\/p>\n\n\n\n<figure class=\"wp-block-image size-full is-resized\"><img loading=\"lazy\" decoding=\"async\" width=\"835\" height=\"134\" src=\"https:\/\/plasticseurope.org\/es\/wp-content\/uploads\/sites\/4\/2024\/07\/blanco.jpg\" alt=\"\" class=\"wp-image-1846\" style=\"width:125px;height:auto\" srcset=\"https:\/\/plasticseurope.org\/es\/wp-content\/uploads\/sites\/4\/2024\/07\/blanco.jpg 835w, https:\/\/plasticseurope.org\/es\/wp-content\/uploads\/sites\/4\/2024\/07\/blanco-300x48.jpg 300w, https:\/\/plasticseurope.org\/es\/wp-content\/uploads\/sites\/4\/2024\/07\/blanco-768x123.jpg 768w\" sizes=\"auto, (max-width: 835px) 100vw, 835px\" \/><\/figure>\n\n\n\n<p><strong>\u00a1Conoce #ChangingPlasticsForGood y #Pl\u00e1sticosEnPositivo!<\/strong>&nbsp;<\/p>\n\n\n\n<p>La campa\u00f1a paneuropea\u202f<a href=\"https:\/\/plasticseurope.org\/changingplasticsforgood\/\" target=\"_blank\" rel=\"noreferrer noopener\"><strong>#ChangingPlasticsforGood<\/strong><\/a>\u202farranc\u00f3 en 2021 para mostrar historias de cambio reales de c\u00f3mo la industria europea de los pl\u00e1sticos est\u00e1 actuando para avanzar hacia la circularidad y la neutralidad clim\u00e1tica.\u202f&nbsp;<\/p>\n\n\n\n<p>Desde Plastics Europe en la regi\u00f3n ib\u00e9rica, seguimos ampliando esta campa\u00f1a con proyectos llevados a cabo por nuestras empresas asociadas en Espa\u00f1a y Portugal, que aceleran la transici\u00f3n de la industria de los pl\u00e1sticos y generan un impacto positivo.&nbsp;<\/p>\n\n\n\n<figure class=\"wp-block-image size-full is-resized\"><img loading=\"lazy\" decoding=\"async\" width=\"835\" height=\"134\" src=\"https:\/\/plasticseurope.org\/es\/wp-content\/uploads\/sites\/4\/2024\/07\/blanco.jpg\" alt=\"\" class=\"wp-image-1846\" style=\"width:125px;height:auto\" srcset=\"https:\/\/plasticseurope.org\/es\/wp-content\/uploads\/sites\/4\/2024\/07\/blanco.jpg 835w, https:\/\/plasticseurope.org\/es\/wp-content\/uploads\/sites\/4\/2024\/07\/blanco-300x48.jpg 300w, https:\/\/plasticseurope.org\/es\/wp-content\/uploads\/sites\/4\/2024\/07\/blanco-768x123.jpg 768w\" sizes=\"auto, (max-width: 835px) 100vw, 835px\" \/><\/figure>\n\n\n\n<figure class=\"wp-block-video aligncenter\"><video height=\"1080\" style=\"aspect-ratio: 1920 \/ 1080;\" width=\"1920\" controls poster=\"https:\/\/plasticseurope.org\/es\/wp-content\/uploads\/sites\/4\/2025\/09\/Ercros-poster-video.jpg\" src=\"https:\/\/plasticseurope.org\/es\/wp-content\/uploads\/sites\/4\/2025\/09\/CPFG-PE-ES-_-ERCROS-Descarbonizacion.mp4\"><\/video><\/figure>\n\n\n\n<figure class=\"wp-block-image size-full is-resized\"><img loading=\"lazy\" decoding=\"async\" width=\"835\" height=\"134\" src=\"https:\/\/plasticseurope.org\/es\/wp-content\/uploads\/sites\/4\/2024\/07\/blanco.jpg\" alt=\"\" class=\"wp-image-1846\" style=\"width:125px;height:auto\" srcset=\"https:\/\/plasticseurope.org\/es\/wp-content\/uploads\/sites\/4\/2024\/07\/blanco.jpg 835w, https:\/\/plasticseurope.org\/es\/wp-content\/uploads\/sites\/4\/2024\/07\/blanco-300x48.jpg 300w, https:\/\/plasticseurope.org\/es\/wp-content\/uploads\/sites\/4\/2024\/07\/blanco-768x123.jpg 768w\" sizes=\"auto, (max-width: 835px) 100vw, 835px\" \/><\/figure>\n\n\n\n<p><strong>Sobre la empresa asociada:<\/strong>&nbsp;<\/p>\n\n\n\n<p>Ercros es un grupo industrial de tradici\u00f3n centenaria diversificado en tres \u00e1reas de actividad: divisi\u00f3n de derivados del cloro, divisi\u00f3n de qu\u00edmica intermedia y divisi\u00f3n de farmacia. Mantiene una posici\u00f3n de liderazgo en los principales mercados en los que est\u00e1 presente y exporta casi la mitad de sus ventas a m\u00e1s de 90 pa\u00edses, principalmente de la UE.&nbsp;<\/p>\n\n\n\n<p>La compa\u00f1\u00eda realiza su actividad productiva en el marco de un compromiso voluntario que ha asumido en favor de la seguridad de sus instalaciones y la salud de las personas, el respeto por el medioambiente, la calidad de sus productos y el di\u00e1logo y la transparencia en relaci\u00f3n con la sociedad. M\u00e1s informaci\u00f3n en\u202f<a href=\"http:\/\/www.ercros.es\/index.php?lang=es\" target=\"_blank\" rel=\"noreferrer noopener\"><strong>www.ercros.es<\/strong><\/a>.&nbsp;<\/p>\n\n\n\n<p><\/p>\n","protected":false},"excerpt":{"rendered":"<p>La industria qu\u00edmica avanza con paso firme hacia la sostenibilidad, y un claro ejemplo de ello es Ercros, que ha anunciado una inversi\u00f3n de m\u00e1s de 50 millones de euros para descarbonizar sus centros de producci\u00f3n de Vila-seca I y Vila-seca II, en Tarragona. Esta iniciativa, que cuenta con 15 millones de euros en ayudas [&hellip;]<\/p>\n","protected":false},"featured_media":2157,"template":"","case-topic":[24],"class_list":["post-2154","pe_case_study","type-pe_case_study","status-publish","has-post-thumbnail","hentry","case-topic-descarbonizacion"],"acf":[],"yoast_head":"<!-- This site is optimized with the Yoast SEO plugin v21.6 - https:\/\/yoast.com\/wordpress\/plugins\/seo\/ -->\n<title>Descarbonizaci\u00f3n en marcha: el plan de Ercros para transformar su industria\u00a0 - Plastics Europe ES<\/title>\n<meta name=\"robots\" content=\"index, follow, max-snippet:-1, max-image-preview:large, max-video-preview:-1\" \/>\n<link rel=\"canonical\" href=\"https:\/\/plasticseurope.org\/es\/case-studies\/descarbonizacion-en-marcha-el-plan-de-ercros-para-transformar-su-industria\/\" \/>\n<meta property=\"og:locale\" content=\"es_ES\" \/>\n<meta property=\"og:type\" content=\"article\" \/>\n<meta property=\"og:title\" content=\"Descarbonizaci\u00f3n en marcha: el plan de Ercros para transformar su industria\u00a0 - Plastics Europe ES\" \/>\n<meta property=\"og:description\" content=\"La industria qu\u00edmica avanza con paso firme hacia la sostenibilidad, y un claro ejemplo de ello es Ercros, que ha anunciado una inversi\u00f3n de m\u00e1s de 50 millones de euros para descarbonizar sus centros de producci\u00f3n de Vila-seca I y Vila-seca II, en Tarragona. Esta iniciativa, que cuenta con 15 millones de euros en ayudas [&hellip;]\" \/>\n<meta property=\"og:url\" content=\"https:\/\/plasticseurope.org\/es\/case-studies\/descarbonizacion-en-marcha-el-plan-de-ercros-para-transformar-su-industria\/\" \/>\n<meta property=\"og:site_name\" content=\"Plastics Europe ES\" \/>\n<meta property=\"article:modified_time\" content=\"2025-09-23T10:40:49+00:00\" \/>\n<meta property=\"og:image\" content=\"https:\/\/plasticseurope.org\/es\/wp-content\/uploads\/sites\/4\/2025\/09\/Ercros-para-web-titular.jpg\" \/>\n\t<meta property=\"og:image:width\" content=\"1579\" \/>\n\t<meta property=\"og:image:height\" content=\"1080\" \/>\n\t<meta property=\"og:image:type\" content=\"image\/jpeg\" \/>\n<meta name=\"twitter:card\" content=\"summary_large_image\" \/>\n<meta name=\"twitter:label1\" content=\"Tiempo de lectura\" \/>\n\t<meta name=\"twitter:data1\" content=\"5 minutos\" \/>\n<script type=\"application\/ld+json\" class=\"yoast-schema-graph\">{\"@context\":\"https:\/\/schema.org\",\"@graph\":[{\"@type\":\"WebPage\",\"@id\":\"https:\/\/plasticseurope.org\/es\/case-studies\/descarbonizacion-en-marcha-el-plan-de-ercros-para-transformar-su-industria\/\",\"url\":\"https:\/\/plasticseurope.org\/es\/case-studies\/descarbonizacion-en-marcha-el-plan-de-ercros-para-transformar-su-industria\/\",\"name\":\"Descarbonizaci\u00f3n en marcha: el plan de Ercros para transformar su industria\u00a0 - Plastics Europe ES\",\"isPartOf\":{\"@id\":\"https:\/\/plasticseurope.org\/es\/#website\"},\"datePublished\":\"2025-09-23T10:40:48+00:00\",\"dateModified\":\"2025-09-23T10:40:49+00:00\",\"breadcrumb\":{\"@id\":\"https:\/\/plasticseurope.org\/es\/case-studies\/descarbonizacion-en-marcha-el-plan-de-ercros-para-transformar-su-industria\/#breadcrumb\"},\"inLanguage\":\"es\",\"potentialAction\":[{\"@type\":\"ReadAction\",\"target\":[\"https:\/\/plasticseurope.org\/es\/case-studies\/descarbonizacion-en-marcha-el-plan-de-ercros-para-transformar-su-industria\/\"]}]},{\"@type\":\"BreadcrumbList\",\"@id\":\"https:\/\/plasticseurope.org\/es\/case-studies\/descarbonizacion-en-marcha-el-plan-de-ercros-para-transformar-su-industria\/#breadcrumb\",\"itemListElement\":[{\"@type\":\"ListItem\",\"position\":1,\"name\":\"Home\",\"item\":\"https:\/\/plasticseurope.org\/es\/\"},{\"@type\":\"ListItem\",\"position\":2,\"name\":\"Descarbonizaci\u00f3n en marcha: el plan de Ercros para transformar su industria\u00a0\"}]},{\"@type\":\"WebSite\",\"@id\":\"https:\/\/plasticseurope.org\/es\/#website\",\"url\":\"https:\/\/plasticseurope.org\/es\/\",\"name\":\"Plastics Europe ES\",\"description\":\"Enabling a sustainable future\",\"potentialAction\":[{\"@type\":\"SearchAction\",\"target\":{\"@type\":\"EntryPoint\",\"urlTemplate\":\"https:\/\/plasticseurope.org\/es\/?s={search_term_string}\"},\"query-input\":\"required name=search_term_string\"}],\"inLanguage\":\"es\"}]}<\/script>\n<!-- \/ Yoast SEO plugin. -->","yoast_head_json":{"title":"Descarbonizaci\u00f3n en marcha: el plan de Ercros para transformar su industria\u00a0 - Plastics Europe ES","robots":{"index":"index","follow":"follow","max-snippet":"max-snippet:-1","max-image-preview":"max-image-preview:large","max-video-preview":"max-video-preview:-1"},"canonical":"https:\/\/plasticseurope.org\/es\/case-studies\/descarbonizacion-en-marcha-el-plan-de-ercros-para-transformar-su-industria\/","og_locale":"es_ES","og_type":"article","og_title":"Descarbonizaci\u00f3n en marcha: el plan de Ercros para transformar su industria\u00a0 - Plastics Europe ES","og_description":"La industria qu\u00edmica avanza con paso firme hacia la sostenibilidad, y un claro ejemplo de ello es Ercros, que ha anunciado una inversi\u00f3n de m\u00e1s de 50 millones de euros para descarbonizar sus centros de producci\u00f3n de Vila-seca I y Vila-seca II, en Tarragona. Esta iniciativa, que cuenta con 15 millones de euros en ayudas [&hellip;]","og_url":"https:\/\/plasticseurope.org\/es\/case-studies\/descarbonizacion-en-marcha-el-plan-de-ercros-para-transformar-su-industria\/","og_site_name":"Plastics Europe ES","article_modified_time":"2025-09-23T10:40:49+00:00","og_image":[{"width":1579,"height":1080,"url":"https:\/\/plasticseurope.org\/es\/wp-content\/uploads\/sites\/4\/2025\/09\/Ercros-para-web-titular.jpg","type":"image\/jpeg"}],"twitter_card":"summary_large_image","twitter_misc":{"Tiempo de lectura":"5 minutos"},"schema":{"@context":"https:\/\/schema.org","@graph":[{"@type":"WebPage","@id":"https:\/\/plasticseurope.org\/es\/case-studies\/descarbonizacion-en-marcha-el-plan-de-ercros-para-transformar-su-industria\/","url":"https:\/\/plasticseurope.org\/es\/case-studies\/descarbonizacion-en-marcha-el-plan-de-ercros-para-transformar-su-industria\/","name":"Descarbonizaci\u00f3n en marcha: el plan de Ercros para transformar su industria\u00a0 - Plastics Europe ES","isPartOf":{"@id":"https:\/\/plasticseurope.org\/es\/#website"},"datePublished":"2025-09-23T10:40:48+00:00","dateModified":"2025-09-23T10:40:49+00:00","breadcrumb":{"@id":"https:\/\/plasticseurope.org\/es\/case-studies\/descarbonizacion-en-marcha-el-plan-de-ercros-para-transformar-su-industria\/#breadcrumb"},"inLanguage":"es","potentialAction":[{"@type":"ReadAction","target":["https:\/\/plasticseurope.org\/es\/case-studies\/descarbonizacion-en-marcha-el-plan-de-ercros-para-transformar-su-industria\/"]}]},{"@type":"BreadcrumbList","@id":"https:\/\/plasticseurope.org\/es\/case-studies\/descarbonizacion-en-marcha-el-plan-de-ercros-para-transformar-su-industria\/#breadcrumb","itemListElement":[{"@type":"ListItem","position":1,"name":"Home","item":"https:\/\/plasticseurope.org\/es\/"},{"@type":"ListItem","position":2,"name":"Descarbonizaci\u00f3n en marcha: el plan de Ercros para transformar su industria\u00a0"}]},{"@type":"WebSite","@id":"https:\/\/plasticseurope.org\/es\/#website","url":"https:\/\/plasticseurope.org\/es\/","name":"Plastics Europe ES","description":"Enabling a sustainable future","potentialAction":[{"@type":"SearchAction","target":{"@type":"EntryPoint","urlTemplate":"https:\/\/plasticseurope.org\/es\/?s={search_term_string}"},"query-input":"required name=search_term_string"}],"inLanguage":"es"}]}},"_links":{"self":[{"href":"https:\/\/plasticseurope.org\/es\/wp-json\/wp\/v2\/pe_case_study\/2154","targetHints":{"allow":["GET"]}}],"collection":[{"href":"https:\/\/plasticseurope.org\/es\/wp-json\/wp\/v2\/pe_case_study"}],"about":[{"href":"https:\/\/plasticseurope.org\/es\/wp-json\/wp\/v2\/types\/pe_case_study"}],"wp:featuredmedia":[{"embeddable":true,"href":"https:\/\/plasticseurope.org\/es\/wp-json\/wp\/v2\/media\/2157"}],"wp:attachment":[{"href":"https:\/\/plasticseurope.org\/es\/wp-json\/wp\/v2\/media?parent=2154"}],"wp:term":[{"taxonomy":"case-topic","embeddable":true,"href":"https:\/\/plasticseurope.org\/es\/wp-json\/wp\/v2\/case-topic?post=2154"}],"curies":[{"name":"wp","href":"https:\/\/api.w.org\/{rel}","templated":true}]}}