{"id":1586,"date":"2023-12-19T16:01:27","date_gmt":"2023-12-19T16:01:27","guid":{"rendered":"https:\/\/plasticseurope.wpenginepowered.com\/es\/?post_type=pe_case_study&#038;p=1586"},"modified":"2024-05-16T10:24:29","modified_gmt":"2024-05-16T10:24:29","slug":"cires-crea-litevin-vicir-una-nueva-generacion-sostenible-de-pvc","status":"publish","type":"pe_case_study","link":"https:\/\/plasticseurope.org\/es\/case-studies\/cires-crea-litevin-vicir-una-nueva-generacion-sostenible-de-pvc\/","title":{"rendered":"CIRES crea LiteVin VICIR\u00ae, una nueva generaci\u00f3n sostenible de PVC\u00a0"},"content":{"rendered":"\n<p><a href=\"https:\/\/www.cires.pt\/es\" target=\"_blank\" rel=\"noreferrer noopener\">CIRES<\/a> ha lanzado la nueva marca <a href=\"https:\/\/www.cires.pt\/es\/litevin\" target=\"_blank\" rel=\"noreferrer noopener\">LiteVin VICIR\u00ae<\/a>, una nueva generaci\u00f3n sostenible de PVC que representa una importante contribuci\u00f3n a la <strong>descarbonizaci\u00f3n<\/strong> y un paso m\u00e1s hacia la <strong>econom\u00eda circular<\/strong> en la industria de los pl\u00e1sticos. Se trata de una nueva gama de pol\u00edmeros con atribuci\u00f3n biocircular y certificado seg\u00fan el Sistema Internacional de Sostenibilidad y Certificaci\u00f3n de Carbono (ISCC PLUS), que utiliza el enfoque de <strong>balance de masas<\/strong>.<\/p>\n\n\n\n<figure class=\"wp-block-image size-large is-resized\"><img loading=\"lazy\" decoding=\"async\" width=\"1024\" height=\"243\" src=\"https:\/\/plasticseurope.org\/es\/wp-content\/uploads\/sites\/4\/2023\/07\/Imagen-espacio-1024x243.png\" alt=\"\" class=\"wp-image-1137\" style=\"width:84px;height:auto\" srcset=\"https:\/\/plasticseurope.org\/es\/wp-content\/uploads\/sites\/4\/2023\/07\/Imagen-espacio-1024x243.png 1024w, https:\/\/plasticseurope.org\/es\/wp-content\/uploads\/sites\/4\/2023\/07\/Imagen-espacio-300x71.png 300w, https:\/\/plasticseurope.org\/es\/wp-content\/uploads\/sites\/4\/2023\/07\/Imagen-espacio-768x182.png 768w, https:\/\/plasticseurope.org\/es\/wp-content\/uploads\/sites\/4\/2023\/07\/Imagen-espacio-1536x364.png 1536w, https:\/\/plasticseurope.org\/es\/wp-content\/uploads\/sites\/4\/2023\/07\/Imagen-espacio-1280x303.png 1280w, https:\/\/plasticseurope.org\/es\/wp-content\/uploads\/sites\/4\/2023\/07\/Imagen-espacio.png 1600w\" sizes=\"auto, (max-width: 1024px) 100vw, 1024px\" \/><\/figure>\n\n\n\n<figure class=\"wp-block-image aligncenter size-large is-resized\"><img loading=\"lazy\" decoding=\"async\" width=\"1024\" height=\"577\" src=\"https:\/\/plasticseurope.org\/es\/wp-content\/uploads\/sites\/4\/2023\/12\/CIRES-interior-web-1024x577.jpg\" alt=\"\" class=\"wp-image-1588\" style=\"object-fit:cover;width:739px;height:528px\" srcset=\"https:\/\/plasticseurope.org\/es\/wp-content\/uploads\/sites\/4\/2023\/12\/CIRES-interior-web-1024x577.jpg 1024w, https:\/\/plasticseurope.org\/es\/wp-content\/uploads\/sites\/4\/2023\/12\/CIRES-interior-web-300x169.jpg 300w, https:\/\/plasticseurope.org\/es\/wp-content\/uploads\/sites\/4\/2023\/12\/CIRES-interior-web-768x433.jpg 768w, https:\/\/plasticseurope.org\/es\/wp-content\/uploads\/sites\/4\/2023\/12\/CIRES-interior-web-1536x865.jpg 1536w, https:\/\/plasticseurope.org\/es\/wp-content\/uploads\/sites\/4\/2023\/12\/CIRES-interior-web-1280x721.jpg 1280w, https:\/\/plasticseurope.org\/es\/wp-content\/uploads\/sites\/4\/2023\/12\/CIRES-interior-web.jpg 1640w\" sizes=\"auto, (max-width: 1024px) 100vw, 1024px\" \/><\/figure>\n\n\n\n<figure class=\"wp-block-image size-large is-resized\"><img loading=\"lazy\" decoding=\"async\" width=\"1024\" height=\"243\" src=\"https:\/\/plasticseurope.org\/es\/wp-content\/uploads\/sites\/4\/2023\/07\/Imagen-espacio-1024x243.png\" alt=\"\" class=\"wp-image-1137\" style=\"width:84px;height:auto\" srcset=\"https:\/\/plasticseurope.org\/es\/wp-content\/uploads\/sites\/4\/2023\/07\/Imagen-espacio-1024x243.png 1024w, https:\/\/plasticseurope.org\/es\/wp-content\/uploads\/sites\/4\/2023\/07\/Imagen-espacio-300x71.png 300w, https:\/\/plasticseurope.org\/es\/wp-content\/uploads\/sites\/4\/2023\/07\/Imagen-espacio-768x182.png 768w, https:\/\/plasticseurope.org\/es\/wp-content\/uploads\/sites\/4\/2023\/07\/Imagen-espacio-1536x364.png 1536w, https:\/\/plasticseurope.org\/es\/wp-content\/uploads\/sites\/4\/2023\/07\/Imagen-espacio-1280x303.png 1280w, https:\/\/plasticseurope.org\/es\/wp-content\/uploads\/sites\/4\/2023\/07\/Imagen-espacio.png 1600w\" sizes=\"auto, (max-width: 1024px) 100vw, 1024px\" \/><\/figure>\n\n\n\n<p>Este enfoque ayuda a reducir el uso de materias primas de origen f\u00f3sil utilizadas convencionalmente en la producci\u00f3n de PVC y permite ofrecer productos con una menor huella de carbono, manteniendo sus caracter\u00edsticas de composici\u00f3n y comportamiento.\u00a0<\/p>\n\n\n\n<figure class=\"wp-block-image size-large is-resized\"><img loading=\"lazy\" decoding=\"async\" width=\"1024\" height=\"243\" src=\"https:\/\/plasticseurope.org\/es\/wp-content\/uploads\/sites\/4\/2023\/07\/Imagen-espacio-1024x243.png\" alt=\"\" class=\"wp-image-1137\" style=\"width:84px;height:auto\" srcset=\"https:\/\/plasticseurope.org\/es\/wp-content\/uploads\/sites\/4\/2023\/07\/Imagen-espacio-1024x243.png 1024w, https:\/\/plasticseurope.org\/es\/wp-content\/uploads\/sites\/4\/2023\/07\/Imagen-espacio-300x71.png 300w, https:\/\/plasticseurope.org\/es\/wp-content\/uploads\/sites\/4\/2023\/07\/Imagen-espacio-768x182.png 768w, https:\/\/plasticseurope.org\/es\/wp-content\/uploads\/sites\/4\/2023\/07\/Imagen-espacio-1536x364.png 1536w, https:\/\/plasticseurope.org\/es\/wp-content\/uploads\/sites\/4\/2023\/07\/Imagen-espacio-1280x303.png 1280w, https:\/\/plasticseurope.org\/es\/wp-content\/uploads\/sites\/4\/2023\/07\/Imagen-espacio.png 1600w\" sizes=\"auto, (max-width: 1024px) 100vw, 1024px\" \/><\/figure>\n\n\n\n<figure class=\"wp-block-image aligncenter size-full\"><img loading=\"lazy\" decoding=\"async\" width=\"677\" height=\"426\" src=\"https:\/\/plasticseurope.org\/es\/wp-content\/uploads\/sites\/4\/2023\/12\/Comprension-del-PVC-biocircular.jpg\" alt=\"\" class=\"wp-image-1591\" srcset=\"https:\/\/plasticseurope.org\/es\/wp-content\/uploads\/sites\/4\/2023\/12\/Comprension-del-PVC-biocircular.jpg 677w, https:\/\/plasticseurope.org\/es\/wp-content\/uploads\/sites\/4\/2023\/12\/Comprension-del-PVC-biocircular-300x189.jpg 300w\" sizes=\"auto, (max-width: 677px) 100vw, 677px\" \/><\/figure>\n\n\n\n<figure class=\"wp-block-image size-large is-resized\"><img loading=\"lazy\" decoding=\"async\" width=\"1024\" height=\"243\" src=\"https:\/\/plasticseurope.org\/es\/wp-content\/uploads\/sites\/4\/2023\/07\/Imagen-espacio-1024x243.png\" alt=\"\" class=\"wp-image-1137\" style=\"width:84px;height:auto\" srcset=\"https:\/\/plasticseurope.org\/es\/wp-content\/uploads\/sites\/4\/2023\/07\/Imagen-espacio-1024x243.png 1024w, https:\/\/plasticseurope.org\/es\/wp-content\/uploads\/sites\/4\/2023\/07\/Imagen-espacio-300x71.png 300w, https:\/\/plasticseurope.org\/es\/wp-content\/uploads\/sites\/4\/2023\/07\/Imagen-espacio-768x182.png 768w, https:\/\/plasticseurope.org\/es\/wp-content\/uploads\/sites\/4\/2023\/07\/Imagen-espacio-1536x364.png 1536w, https:\/\/plasticseurope.org\/es\/wp-content\/uploads\/sites\/4\/2023\/07\/Imagen-espacio-1280x303.png 1280w, https:\/\/plasticseurope.org\/es\/wp-content\/uploads\/sites\/4\/2023\/07\/Imagen-espacio.png 1600w\" sizes=\"auto, (max-width: 1024px) 100vw, 1024px\" \/><\/figure>\n\n\n\n<p>Al utilizar una materia prima circular vegetal con un potencial de calentamiento global m\u00e1s bajo en comparaci\u00f3n con las fuentes de combustibles f\u00f3siles, los pol\u00edmeros LiteVin VICIR\u00ae permiten comercializar productos con un menor impacto en el medio ambiente. Dependiendo del tipo de PVC, l<strong>a reducci\u00f3n estimada del potencial del calentamiento global puede superar el 70%<\/strong>, lo que representa un logro significativo en sostenibilidad a largo plazo.&nbsp;<\/p>\n\n\n\n<p>De esta manera, CIRES sigue enfocado en contribuir a un mundo mejor, invirtiendo en el desarrollo de tecnolog\u00eda para reducir el impacto ambiental del proceso de fabricaci\u00f3n, aportando soluciones clave para proyectos de descarbonizaci\u00f3n.\u00a0<\/p>\n\n\n\n<p><strong>\u00a1Conoce #ChangingPlasticsForGood y #Pl\u00e1sticosEnPositivo!\u202f<\/strong>\u202f&nbsp;<\/p>\n\n\n\n<p>La campa\u00f1a paneuropea <a href=\"https:\/\/plasticseurope.org\/changingplasticsforgood\/\" target=\"_blank\" rel=\"noreferrer noopener\">#ChangingPlasticsforGood<\/a> arranc\u00f3 en 2021 para mostrar historias de cambio reales de c\u00f3mo la industria europea de los pl\u00e1sticos est\u00e1 actuando para avanzar hacia la circularidad y la neutralidad clim\u00e1tica.\u202f\u202f\u202f&nbsp;<\/p>\n\n\n\n<p>Ahora, desde Plastics Europe en la regi\u00f3n ib\u00e9rica, estamos ampliando esta campa\u00f1a con proyectos llevados a cabo por nuestras empresas asociadas en Espa\u00f1a y Portugal, que aceleran la transici\u00f3n de la industria de los pl\u00e1sticos y generan un impacto positivo.\u202f<\/p>\n\n\n\n<figure class=\"wp-block-image size-large is-resized\"><img loading=\"lazy\" decoding=\"async\" width=\"1024\" height=\"243\" src=\"https:\/\/plasticseurope.org\/es\/wp-content\/uploads\/sites\/4\/2023\/07\/Imagen-espacio-1024x243.png\" alt=\"\" class=\"wp-image-1137\" style=\"width:84px;height:auto\" srcset=\"https:\/\/plasticseurope.org\/es\/wp-content\/uploads\/sites\/4\/2023\/07\/Imagen-espacio-1024x243.png 1024w, https:\/\/plasticseurope.org\/es\/wp-content\/uploads\/sites\/4\/2023\/07\/Imagen-espacio-300x71.png 300w, https:\/\/plasticseurope.org\/es\/wp-content\/uploads\/sites\/4\/2023\/07\/Imagen-espacio-768x182.png 768w, https:\/\/plasticseurope.org\/es\/wp-content\/uploads\/sites\/4\/2023\/07\/Imagen-espacio-1536x364.png 1536w, https:\/\/plasticseurope.org\/es\/wp-content\/uploads\/sites\/4\/2023\/07\/Imagen-espacio-1280x303.png 1280w, https:\/\/plasticseurope.org\/es\/wp-content\/uploads\/sites\/4\/2023\/07\/Imagen-espacio.png 1600w\" sizes=\"auto, (max-width: 1024px) 100vw, 1024px\" \/><\/figure>\n\n\n\n<figure class=\"wp-block-video\"><video height=\"1080\" style=\"aspect-ratio: 1920 \/ 1080;\" width=\"1920\" controls poster=\"https:\/\/plasticseurope.org\/es\/wp-content\/uploads\/sites\/4\/2023\/12\/Cires-portada-video.jpg\" src=\"https:\/\/plasticseurope.org\/es\/wp-content\/uploads\/sites\/4\/2023\/12\/CPFG-PE-ES-_CIRES.mp4\"><\/video><\/figure>\n\n\n\n<p><\/p>\n\n\n\n<p><strong>Sobre la empresa asociada:<\/strong>\u202f&nbsp;<\/p>\n\n\n\n<p>CIRES ha consolidado una posici\u00f3n de liderazgo en el mercado ib\u00e9rico, presentando una gama diversificada de pol\u00edmeros de PVC fabricados por el proceso de suspensi\u00f3n, utilizados en m\u00faltiples sectores industriales con relevancia en el segmento de la construcci\u00f3n civil. Al mismo tiempo, CIRES tambi\u00e9n ofrece una gama de especialidades con propiedades diferenciadoras, que incluyen una cartera de productos de PVC desde el proceso de emulsi\u00f3n hasta plastisoles, en particular para aplicaciones en recubrimientos, concretamente en el sector de la automoci\u00f3n.&nbsp;<\/p>\n\n\n\n<p>\u00a0La oferta de especialidades de materias primas termopl\u00e1sticas se completa con sus asociados en el \u00e1rea de compuestos de PVC y otros termopl\u00e1sticos, concretamente PREVINIL con sede en Alverca-Portugal y CYGSA, con sede en Mend\u00e1via-Espa\u00f1a.\u00a0<\/p>\n\n\n\n<p>\u00a0Estas empresas consolidan y forman el n\u00facleo com\u00fan de la estrategia de desarrollo de CIRES, contribuyendo al desarrollo de los mercados de aplicaci\u00f3n de PVC y asegurando la presencia en pr\u00e1cticamente todos los segmentos de aplicaci\u00f3n de termopl\u00e1sticos.\u00a0\u00a0<br>Con personal t\u00e9cnico especializado, CIRES presta especial atenci\u00f3n a la motivaci\u00f3n y satisfacci\u00f3n de sus trabajadores, brind\u00e1ndoles las condiciones de trabajo adecuadas y la formaci\u00f3n necesaria para el pleno desarrollo de su potencial.\u00a0<\/p>\n\n\n\n<p><\/p>\n","protected":false},"excerpt":{"rendered":"<p>CIRES ha lanzado la nueva marca LiteVin VICIR\u00ae, una nueva generaci\u00f3n sostenible de PVC que representa una importante contribuci\u00f3n a la descarbonizaci\u00f3n y un paso m\u00e1s hacia la econom\u00eda circular en la industria de los pl\u00e1sticos. Se trata de una nueva gama de pol\u00edmeros con atribuci\u00f3n biocircular y certificado seg\u00fan el Sistema Internacional de Sostenibilidad [&hellip;]<\/p>\n","protected":false},"featured_media":1587,"template":"","case-topic":[20],"class_list":["post-1586","pe_case_study","type-pe_case_study","status-publish","has-post-thumbnail","hentry","case-topic-bioplasticos"],"acf":[],"yoast_head":"<!-- This site is optimized with the Yoast SEO plugin v21.6 - https:\/\/yoast.com\/wordpress\/plugins\/seo\/ -->\n<title>CIRES crea LiteVin VICIR\u00ae, una nueva generaci\u00f3n sostenible de PVC\u00a0 - Plastics Europe ES<\/title>\n<meta name=\"robots\" content=\"index, follow, max-snippet:-1, max-image-preview:large, max-video-preview:-1\" \/>\n<link rel=\"canonical\" href=\"https:\/\/plasticseurope.org\/es\/case-studies\/cires-crea-litevin-vicir-una-nueva-generacion-sostenible-de-pvc\/\" \/>\n<meta property=\"og:locale\" content=\"es_ES\" \/>\n<meta property=\"og:type\" content=\"article\" \/>\n<meta property=\"og:title\" content=\"CIRES crea LiteVin VICIR\u00ae, una nueva generaci\u00f3n sostenible de PVC\u00a0 - Plastics Europe ES\" \/>\n<meta property=\"og:description\" content=\"CIRES ha lanzado la nueva marca LiteVin VICIR\u00ae, una nueva generaci\u00f3n sostenible de PVC que representa una importante contribuci\u00f3n a la descarbonizaci\u00f3n y un paso m\u00e1s hacia la econom\u00eda circular en la industria de los pl\u00e1sticos. Se trata de una nueva gama de pol\u00edmeros con atribuci\u00f3n biocircular y certificado seg\u00fan el Sistema Internacional de Sostenibilidad [&hellip;]\" \/>\n<meta property=\"og:url\" content=\"https:\/\/plasticseurope.org\/es\/case-studies\/cires-crea-litevin-vicir-una-nueva-generacion-sostenible-de-pvc\/\" \/>\n<meta property=\"og:site_name\" content=\"Plastics Europe ES\" \/>\n<meta property=\"article:modified_time\" content=\"2024-05-16T10:24:29+00:00\" \/>\n<meta property=\"og:image\" content=\"https:\/\/plasticseurope.org\/es\/wp-content\/uploads\/sites\/4\/2023\/12\/CIRES-portada-web.jpg\" \/>\n\t<meta property=\"og:image:width\" content=\"1383\" \/>\n\t<meta property=\"og:image:height\" content=\"924\" \/>\n\t<meta property=\"og:image:type\" content=\"image\/jpeg\" \/>\n<meta name=\"twitter:card\" content=\"summary_large_image\" \/>\n<meta name=\"twitter:label1\" content=\"Tiempo de lectura\" \/>\n\t<meta name=\"twitter:data1\" content=\"4 minutos\" \/>\n<script type=\"application\/ld+json\" class=\"yoast-schema-graph\">{\"@context\":\"https:\/\/schema.org\",\"@graph\":[{\"@type\":\"WebPage\",\"@id\":\"https:\/\/plasticseurope.org\/es\/case-studies\/cires-crea-litevin-vicir-una-nueva-generacion-sostenible-de-pvc\/\",\"url\":\"https:\/\/plasticseurope.org\/es\/case-studies\/cires-crea-litevin-vicir-una-nueva-generacion-sostenible-de-pvc\/\",\"name\":\"CIRES crea LiteVin VICIR\u00ae, una nueva generaci\u00f3n sostenible de PVC\u00a0 - Plastics Europe ES\",\"isPartOf\":{\"@id\":\"https:\/\/plasticseurope.org\/es\/#website\"},\"datePublished\":\"2023-12-19T16:01:27+00:00\",\"dateModified\":\"2024-05-16T10:24:29+00:00\",\"breadcrumb\":{\"@id\":\"https:\/\/plasticseurope.org\/es\/case-studies\/cires-crea-litevin-vicir-una-nueva-generacion-sostenible-de-pvc\/#breadcrumb\"},\"inLanguage\":\"es\",\"potentialAction\":[{\"@type\":\"ReadAction\",\"target\":[\"https:\/\/plasticseurope.org\/es\/case-studies\/cires-crea-litevin-vicir-una-nueva-generacion-sostenible-de-pvc\/\"]}]},{\"@type\":\"BreadcrumbList\",\"@id\":\"https:\/\/plasticseurope.org\/es\/case-studies\/cires-crea-litevin-vicir-una-nueva-generacion-sostenible-de-pvc\/#breadcrumb\",\"itemListElement\":[{\"@type\":\"ListItem\",\"position\":1,\"name\":\"Home\",\"item\":\"https:\/\/plasticseurope.org\/es\/\"},{\"@type\":\"ListItem\",\"position\":2,\"name\":\"CIRES crea LiteVin VICIR\u00ae, una nueva generaci\u00f3n sostenible de PVC\u00a0\"}]},{\"@type\":\"WebSite\",\"@id\":\"https:\/\/plasticseurope.org\/es\/#website\",\"url\":\"https:\/\/plasticseurope.org\/es\/\",\"name\":\"Plastics Europe ES\",\"description\":\"Enabling a sustainable future\",\"potentialAction\":[{\"@type\":\"SearchAction\",\"target\":{\"@type\":\"EntryPoint\",\"urlTemplate\":\"https:\/\/plasticseurope.org\/es\/?s={search_term_string}\"},\"query-input\":\"required name=search_term_string\"}],\"inLanguage\":\"es\"}]}<\/script>\n<!-- \/ Yoast SEO plugin. -->","yoast_head_json":{"title":"CIRES crea LiteVin VICIR\u00ae, una nueva generaci\u00f3n sostenible de PVC\u00a0 - Plastics Europe ES","robots":{"index":"index","follow":"follow","max-snippet":"max-snippet:-1","max-image-preview":"max-image-preview:large","max-video-preview":"max-video-preview:-1"},"canonical":"https:\/\/plasticseurope.org\/es\/case-studies\/cires-crea-litevin-vicir-una-nueva-generacion-sostenible-de-pvc\/","og_locale":"es_ES","og_type":"article","og_title":"CIRES crea LiteVin VICIR\u00ae, una nueva generaci\u00f3n sostenible de PVC\u00a0 - Plastics Europe ES","og_description":"CIRES ha lanzado la nueva marca LiteVin VICIR\u00ae, una nueva generaci\u00f3n sostenible de PVC que representa una importante contribuci\u00f3n a la descarbonizaci\u00f3n y un paso m\u00e1s hacia la econom\u00eda circular en la industria de los pl\u00e1sticos. Se trata de una nueva gama de pol\u00edmeros con atribuci\u00f3n biocircular y certificado seg\u00fan el Sistema Internacional de Sostenibilidad [&hellip;]","og_url":"https:\/\/plasticseurope.org\/es\/case-studies\/cires-crea-litevin-vicir-una-nueva-generacion-sostenible-de-pvc\/","og_site_name":"Plastics Europe ES","article_modified_time":"2024-05-16T10:24:29+00:00","og_image":[{"width":1383,"height":924,"url":"https:\/\/plasticseurope.org\/es\/wp-content\/uploads\/sites\/4\/2023\/12\/CIRES-portada-web.jpg","type":"image\/jpeg"}],"twitter_card":"summary_large_image","twitter_misc":{"Tiempo de lectura":"4 minutos"},"schema":{"@context":"https:\/\/schema.org","@graph":[{"@type":"WebPage","@id":"https:\/\/plasticseurope.org\/es\/case-studies\/cires-crea-litevin-vicir-una-nueva-generacion-sostenible-de-pvc\/","url":"https:\/\/plasticseurope.org\/es\/case-studies\/cires-crea-litevin-vicir-una-nueva-generacion-sostenible-de-pvc\/","name":"CIRES crea LiteVin VICIR\u00ae, una nueva generaci\u00f3n sostenible de PVC\u00a0 - Plastics Europe ES","isPartOf":{"@id":"https:\/\/plasticseurope.org\/es\/#website"},"datePublished":"2023-12-19T16:01:27+00:00","dateModified":"2024-05-16T10:24:29+00:00","breadcrumb":{"@id":"https:\/\/plasticseurope.org\/es\/case-studies\/cires-crea-litevin-vicir-una-nueva-generacion-sostenible-de-pvc\/#breadcrumb"},"inLanguage":"es","potentialAction":[{"@type":"ReadAction","target":["https:\/\/plasticseurope.org\/es\/case-studies\/cires-crea-litevin-vicir-una-nueva-generacion-sostenible-de-pvc\/"]}]},{"@type":"BreadcrumbList","@id":"https:\/\/plasticseurope.org\/es\/case-studies\/cires-crea-litevin-vicir-una-nueva-generacion-sostenible-de-pvc\/#breadcrumb","itemListElement":[{"@type":"ListItem","position":1,"name":"Home","item":"https:\/\/plasticseurope.org\/es\/"},{"@type":"ListItem","position":2,"name":"CIRES crea LiteVin VICIR\u00ae, una nueva generaci\u00f3n sostenible de PVC\u00a0"}]},{"@type":"WebSite","@id":"https:\/\/plasticseurope.org\/es\/#website","url":"https:\/\/plasticseurope.org\/es\/","name":"Plastics Europe ES","description":"Enabling a sustainable future","potentialAction":[{"@type":"SearchAction","target":{"@type":"EntryPoint","urlTemplate":"https:\/\/plasticseurope.org\/es\/?s={search_term_string}"},"query-input":"required name=search_term_string"}],"inLanguage":"es"}]}},"_links":{"self":[{"href":"https:\/\/plasticseurope.org\/es\/wp-json\/wp\/v2\/pe_case_study\/1586","targetHints":{"allow":["GET"]}}],"collection":[{"href":"https:\/\/plasticseurope.org\/es\/wp-json\/wp\/v2\/pe_case_study"}],"about":[{"href":"https:\/\/plasticseurope.org\/es\/wp-json\/wp\/v2\/types\/pe_case_study"}],"wp:featuredmedia":[{"embeddable":true,"href":"https:\/\/plasticseurope.org\/es\/wp-json\/wp\/v2\/media\/1587"}],"wp:attachment":[{"href":"https:\/\/plasticseurope.org\/es\/wp-json\/wp\/v2\/media?parent=1586"}],"wp:term":[{"taxonomy":"case-topic","embeddable":true,"href":"https:\/\/plasticseurope.org\/es\/wp-json\/wp\/v2\/case-topic?post=1586"}],"curies":[{"name":"wp","href":"https:\/\/api.w.org\/{rel}","templated":true}]}}