{"id":1334,"date":"2023-10-18T10:25:46","date_gmt":"2023-10-18T10:25:46","guid":{"rendered":"https:\/\/plasticseurope.wpenginepowered.com\/es\/?post_type=pe_case_study&#038;p=1334"},"modified":"2023-12-05T12:05:39","modified_gmt":"2023-12-05T12:05:39","slug":"sabic-e-iberdrola-crearan-la-mayor-planta-solar-de-autoconsumo-en-europa-para-la-fabricacion-de-plasticos","status":"publish","type":"pe_case_study","link":"https:\/\/plasticseurope.org\/es\/case-studies\/sabic-e-iberdrola-crearan-la-mayor-planta-solar-de-autoconsumo-en-europa-para-la-fabricacion-de-plasticos\/","title":{"rendered":"SABIC e Iberdrola crear\u00e1n la mayor planta solar de autoconsumo en Europa para la fabricaci\u00f3n de pl\u00e1sticos"},"content":{"rendered":"\n<p>La producci\u00f3n de los pl\u00e1sticos a base de energ\u00edas limpias es un paso vital en el camino de la industria hacia la descarbonizaci\u00f3n y el uso sostenible de los recursos. Por eso, multitud de compa\u00f1\u00edas del sector est\u00e1n creando importantes alianzas y colaboraciones.<\/p>\n\n\n\n<p>Un ejemplo de ello es la compa\u00f1\u00eda petroqu\u00edmica <a href=\"https:\/\/cartagena.sabic.com\/es\" target=\"_blank\" rel=\"noreferrer noopener\">Sabic<\/a>, que junto con <a href=\"https:\/\/www.iberdrola.es\/\" target=\"_blank\" rel=\"noreferrer noopener\">Iberdrola<\/a> avanza en la creaci\u00f3n de un proyecto \u00fanico: la mayor planta solar de autoconsumo de toda Europa. Una nueva infraestructura que permitir\u00e1 convertir su complejo de producci\u00f3n qu\u00edmica a gran escala de Cartagena (Murcia) en el primero del mundo alimentado completamente con energ\u00eda el\u00e9ctrica renovable.<\/p>\n\n\n\n<figure class=\"wp-block-image size-large is-resized\"><img loading=\"lazy\" decoding=\"async\" width=\"1024\" height=\"243\" src=\"https:\/\/plasticseurope.org\/es\/wp-content\/uploads\/sites\/4\/2023\/07\/Imagen-espacio-1024x243.png\" alt=\"\" class=\"wp-image-1137\" style=\"width:84px;height:auto\" srcset=\"https:\/\/plasticseurope.org\/es\/wp-content\/uploads\/sites\/4\/2023\/07\/Imagen-espacio-1024x243.png 1024w, https:\/\/plasticseurope.org\/es\/wp-content\/uploads\/sites\/4\/2023\/07\/Imagen-espacio-300x71.png 300w, https:\/\/plasticseurope.org\/es\/wp-content\/uploads\/sites\/4\/2023\/07\/Imagen-espacio-768x182.png 768w, https:\/\/plasticseurope.org\/es\/wp-content\/uploads\/sites\/4\/2023\/07\/Imagen-espacio-1536x364.png 1536w, https:\/\/plasticseurope.org\/es\/wp-content\/uploads\/sites\/4\/2023\/07\/Imagen-espacio-1280x303.png 1280w, https:\/\/plasticseurope.org\/es\/wp-content\/uploads\/sites\/4\/2023\/07\/Imagen-espacio.png 1600w\" sizes=\"auto, (max-width: 1024px) 100vw, 1024px\" \/><\/figure>\n\n\n\n<figure class=\"wp-block-image aligncenter size-full is-resized\"><img loading=\"lazy\" decoding=\"async\" width=\"1024\" height=\"633\" src=\"https:\/\/plasticseurope.org\/es\/wp-content\/uploads\/sites\/4\/2023\/10\/Foto-site-Cartagena.jpg\" alt=\"\" class=\"wp-image-1335\" style=\"object-fit:cover;width:768px;height:404px\" srcset=\"https:\/\/plasticseurope.org\/es\/wp-content\/uploads\/sites\/4\/2023\/10\/Foto-site-Cartagena.jpg 1024w, https:\/\/plasticseurope.org\/es\/wp-content\/uploads\/sites\/4\/2023\/10\/Foto-site-Cartagena-300x185.jpg 300w, https:\/\/plasticseurope.org\/es\/wp-content\/uploads\/sites\/4\/2023\/10\/Foto-site-Cartagena-768x475.jpg 768w\" sizes=\"auto, (max-width: 1024px) 100vw, 1024px\" \/><\/figure>\n\n\n\n<figure class=\"wp-block-image size-large is-resized\"><img loading=\"lazy\" decoding=\"async\" width=\"1024\" height=\"243\" src=\"https:\/\/plasticseurope.org\/es\/wp-content\/uploads\/sites\/4\/2023\/07\/Imagen-espacio-1024x243.png\" alt=\"\" class=\"wp-image-1137\" style=\"width:84px;height:auto\" srcset=\"https:\/\/plasticseurope.org\/es\/wp-content\/uploads\/sites\/4\/2023\/07\/Imagen-espacio-1024x243.png 1024w, https:\/\/plasticseurope.org\/es\/wp-content\/uploads\/sites\/4\/2023\/07\/Imagen-espacio-300x71.png 300w, https:\/\/plasticseurope.org\/es\/wp-content\/uploads\/sites\/4\/2023\/07\/Imagen-espacio-768x182.png 768w, https:\/\/plasticseurope.org\/es\/wp-content\/uploads\/sites\/4\/2023\/07\/Imagen-espacio-1536x364.png 1536w, https:\/\/plasticseurope.org\/es\/wp-content\/uploads\/sites\/4\/2023\/07\/Imagen-espacio-1280x303.png 1280w, https:\/\/plasticseurope.org\/es\/wp-content\/uploads\/sites\/4\/2023\/07\/Imagen-espacio.png 1600w\" sizes=\"auto, (max-width: 1024px) 100vw, 1024px\" \/><\/figure>\n\n\n\n<p><\/p>\n\n\n\n<p><strong><u>Energ\u00edas 100% renovables y reducci\u00f3n de las emisiones<\/u><\/strong><\/p>\n\n\n\n<p>La nueva infraestructura cuenta ya con los permisos de construcci\u00f3n y su puesta en marcha est\u00e1 planeada para el pr\u00f3ximo a\u00f1o 2024. Una vez entre en funcionamiento, <strong>la nueva planta se convertir\u00e1 en la primera del mundo en la fabricaci\u00f3n de policarbonato mediante energ\u00edas 100% renovables,<\/strong> un pol\u00edmero que se emplea en multitud de industrias y es vital para los sectores de la construcci\u00f3n y la automoci\u00f3n, entre otros.<\/p>\n\n\n\n<p>El proyecto que impulsan SABIC e Iberdrola supone una inversi\u00f3n de m\u00e1s de 60 millones de euros y permitir\u00e1 la creaci\u00f3n de una instalaci\u00f3n solar fotovoltaica de 100MW con 263 000 paneles, en terrenos propiedad de SABIC en Cartagena.<\/p>\n\n\n\n<p>Una vez entre en funcionamiento, la nueva planta <strong>evitar\u00e1 la emisi\u00f3n hasta de 700 000 toneladas de CO<sub>2<\/sub><\/strong>. La multinacional, da as\u00ed un paso clave en su hoja de ruta para auto abastecerse completamente de energ\u00eda limpia en 2050 en todas sus operaciones globales y seguir avanzando hacia la neutralidad de carbono.<\/p>\n\n\n\n<figure class=\"wp-block-image size-large is-resized\"><img loading=\"lazy\" decoding=\"async\" width=\"1024\" height=\"243\" src=\"https:\/\/plasticseurope.org\/es\/wp-content\/uploads\/sites\/4\/2023\/07\/Imagen-espacio-1024x243.png\" alt=\"\" class=\"wp-image-1137\" style=\"width:84px;height:auto\" srcset=\"https:\/\/plasticseurope.org\/es\/wp-content\/uploads\/sites\/4\/2023\/07\/Imagen-espacio-1024x243.png 1024w, https:\/\/plasticseurope.org\/es\/wp-content\/uploads\/sites\/4\/2023\/07\/Imagen-espacio-300x71.png 300w, https:\/\/plasticseurope.org\/es\/wp-content\/uploads\/sites\/4\/2023\/07\/Imagen-espacio-768x182.png 768w, https:\/\/plasticseurope.org\/es\/wp-content\/uploads\/sites\/4\/2023\/07\/Imagen-espacio-1536x364.png 1536w, https:\/\/plasticseurope.org\/es\/wp-content\/uploads\/sites\/4\/2023\/07\/Imagen-espacio-1280x303.png 1280w, https:\/\/plasticseurope.org\/es\/wp-content\/uploads\/sites\/4\/2023\/07\/Imagen-espacio.png 1600w\" sizes=\"auto, (max-width: 1024px) 100vw, 1024px\" \/><\/figure>\n\n\n\n<figure class=\"wp-block-image aligncenter size-full is-resized\"><img loading=\"lazy\" decoding=\"async\" width=\"645\" height=\"399\" src=\"https:\/\/plasticseurope.org\/es\/wp-content\/uploads\/sites\/4\/2023\/10\/Foto-Sabic-web.jpg\" alt=\"\" class=\"wp-image-1336\" style=\"object-fit:cover;width:768px;height:404px\" srcset=\"https:\/\/plasticseurope.org\/es\/wp-content\/uploads\/sites\/4\/2023\/10\/Foto-Sabic-web.jpg 645w, https:\/\/plasticseurope.org\/es\/wp-content\/uploads\/sites\/4\/2023\/10\/Foto-Sabic-web-300x186.jpg 300w\" sizes=\"auto, (max-width: 645px) 100vw, 645px\" \/><\/figure>\n\n\n\n<figure class=\"wp-block-image size-large is-resized\"><img loading=\"lazy\" decoding=\"async\" width=\"1024\" height=\"243\" src=\"https:\/\/plasticseurope.org\/es\/wp-content\/uploads\/sites\/4\/2023\/07\/Imagen-espacio-1024x243.png\" alt=\"\" class=\"wp-image-1137\" style=\"width:84px;height:auto\" srcset=\"https:\/\/plasticseurope.org\/es\/wp-content\/uploads\/sites\/4\/2023\/07\/Imagen-espacio-1024x243.png 1024w, https:\/\/plasticseurope.org\/es\/wp-content\/uploads\/sites\/4\/2023\/07\/Imagen-espacio-300x71.png 300w, https:\/\/plasticseurope.org\/es\/wp-content\/uploads\/sites\/4\/2023\/07\/Imagen-espacio-768x182.png 768w, https:\/\/plasticseurope.org\/es\/wp-content\/uploads\/sites\/4\/2023\/07\/Imagen-espacio-1536x364.png 1536w, https:\/\/plasticseurope.org\/es\/wp-content\/uploads\/sites\/4\/2023\/07\/Imagen-espacio-1280x303.png 1280w, https:\/\/plasticseurope.org\/es\/wp-content\/uploads\/sites\/4\/2023\/07\/Imagen-espacio.png 1600w\" sizes=\"auto, (max-width: 1024px) 100vw, 1024px\" \/><\/figure>\n\n\n\n<p><strong><u>Un proceso de descarbonizaci\u00f3n que va m\u00e1s all\u00e1<\/u><\/strong><\/p>\n\n\n\n<p>La transici\u00f3n hacia un modelo de cero emisiones netas requiere del desarrollo de innovaciones tecnol\u00f3gicas, la creaci\u00f3n de nuevas infraestructuras y la aplicaci\u00f3n de importantes alianzas entre compa\u00f1\u00edas.<\/p>\n\n\n\n<p>Conscientes de ello, SABIC e Iberdrola ya est\u00e1n explorando nuevas alternativas para descarbonizar a\u00fan m\u00e1s la planta murciana de policarbonato de SABIC, con el objetivo de implantar nuevas medidas de descarbonizaci\u00f3n a partir de 2028 y, en \u00faltima instancia, alcanzar una descarbonizaci\u00f3n completa en cualquier instalaci\u00f3n a nivel global. As\u00ed, la colaboraci\u00f3n entre ambas compa\u00f1\u00edas busca servir de ejemplo a una industria en constante cambio y transformaci\u00f3n. Parte de esta colaboraci\u00f3n supondr\u00e1 llevar a otras zonas geogr\u00e1ficas el caso de \u00e9xito de la planta de Cartagena.<\/p>\n\n\n\n<figure class=\"wp-block-image size-large is-resized\"><img loading=\"lazy\" decoding=\"async\" width=\"1024\" height=\"243\" src=\"https:\/\/plasticseurope.org\/es\/wp-content\/uploads\/sites\/4\/2023\/07\/Imagen-espacio-1024x243.png\" alt=\"\" class=\"wp-image-1137\" style=\"width:84px;height:auto\" srcset=\"https:\/\/plasticseurope.org\/es\/wp-content\/uploads\/sites\/4\/2023\/07\/Imagen-espacio-1024x243.png 1024w, https:\/\/plasticseurope.org\/es\/wp-content\/uploads\/sites\/4\/2023\/07\/Imagen-espacio-300x71.png 300w, https:\/\/plasticseurope.org\/es\/wp-content\/uploads\/sites\/4\/2023\/07\/Imagen-espacio-768x182.png 768w, https:\/\/plasticseurope.org\/es\/wp-content\/uploads\/sites\/4\/2023\/07\/Imagen-espacio-1536x364.png 1536w, https:\/\/plasticseurope.org\/es\/wp-content\/uploads\/sites\/4\/2023\/07\/Imagen-espacio-1280x303.png 1280w, https:\/\/plasticseurope.org\/es\/wp-content\/uploads\/sites\/4\/2023\/07\/Imagen-espacio.png 1600w\" sizes=\"auto, (max-width: 1024px) 100vw, 1024px\" \/><\/figure>\n\n\n\n<figure class=\"wp-block-video\"><video height=\"1080\" style=\"aspect-ratio: 1920 \/ 1080;\" width=\"1920\" controls poster=\"https:\/\/plasticseurope.org\/es\/wp-content\/uploads\/sites\/4\/2023\/10\/Portada-video-Sabic.png\" src=\"https:\/\/plasticseurope.org\/es\/wp-content\/uploads\/sites\/4\/2023\/10\/CPFG-PE-ES-_-SABIC.mp4\"><\/video><\/figure>\n\n\n\n<figure class=\"wp-block-image size-large is-resized\"><img loading=\"lazy\" decoding=\"async\" width=\"1024\" height=\"243\" src=\"https:\/\/plasticseurope.org\/es\/wp-content\/uploads\/sites\/4\/2023\/07\/Imagen-espacio-1024x243.png\" alt=\"\" class=\"wp-image-1137\" style=\"width:84px;height:auto\" srcset=\"https:\/\/plasticseurope.org\/es\/wp-content\/uploads\/sites\/4\/2023\/07\/Imagen-espacio-1024x243.png 1024w, https:\/\/plasticseurope.org\/es\/wp-content\/uploads\/sites\/4\/2023\/07\/Imagen-espacio-300x71.png 300w, https:\/\/plasticseurope.org\/es\/wp-content\/uploads\/sites\/4\/2023\/07\/Imagen-espacio-768x182.png 768w, https:\/\/plasticseurope.org\/es\/wp-content\/uploads\/sites\/4\/2023\/07\/Imagen-espacio-1536x364.png 1536w, https:\/\/plasticseurope.org\/es\/wp-content\/uploads\/sites\/4\/2023\/07\/Imagen-espacio-1280x303.png 1280w, https:\/\/plasticseurope.org\/es\/wp-content\/uploads\/sites\/4\/2023\/07\/Imagen-espacio.png 1600w\" sizes=\"auto, (max-width: 1024px) 100vw, 1024px\" \/><\/figure>\n\n\n\n<p><strong><u>\u00a1Conoce #ChangingPlasticsForGood y #Pl\u00e1sticosEnPositivo!<\/u><\/strong>&nbsp;<\/p>\n\n\n\n<p>La campa\u00f1a paneuropea #ChangingPlasticsforGood arranc\u00f3 en 2021 para mostrar historias de cambio reales de c\u00f3mo la industria europea de los pl\u00e1sticos est\u00e1 actuando para avanzar hacia la circularidad y la neutralidad clim\u00e1tica.&nbsp;&nbsp;<\/p>\n\n\n\n<p>Ahora, desde Plastics Europe en la regi\u00f3n ib\u00e9rica, estamos ampliando esta campa\u00f1a con proyectos llevados a cabo por nuestras empresas asociadas en Espa\u00f1a y Portugal, que aceleran la transici\u00f3n de la industria de los pl\u00e1sticos y generan un impacto positivo.&nbsp;<\/p>\n\n\n\n<p><strong>Sobre la empresa asociada:<\/strong>&nbsp;<\/p>\n\n\n\n<p>Saudi Basic Industries Corporation, (SABIC) es una de las principales compa\u00f1\u00edas petroqu\u00edmicas a nivel global. Es uno de los l\u00edderes mundiales en la producci\u00f3n de productos qu\u00edmicos, agro-nutrientes, pl\u00e1sticos y especialidades y metales. Actualmente tiene presencia en m\u00e1s de 50 pa\u00edses y cuenta con m\u00e1s de 31.000 empleados. En el complejo industrial de Cartagena desarrollan y fabrican materiales termopl\u00e1sticos de ingenier\u00eda de alta calidad y que son respetuosos con el medioambiente. Operan sus plantas ofreciendo un lugar de trabajo seguro para sus empleados y colaboradores, siempre con el m\u00e1s alto compromiso y respeto hacia nuestro entorno y la comunidad de la que forman parte. M\u00e1s informaci\u00f3n en <a href=\"https:\/\/cartagena.sabic.com\/es\">sabic.com<\/a>.<\/p>\n","protected":false},"excerpt":{"rendered":"<p>La producci\u00f3n de los pl\u00e1sticos a base de energ\u00edas limpias es un paso vital en el camino de la industria hacia la descarbonizaci\u00f3n y el uso sostenible de los recursos. Por eso, multitud de compa\u00f1\u00edas del sector est\u00e1n creando importantes alianzas y colaboraciones. Un ejemplo de ello es la compa\u00f1\u00eda petroqu\u00edmica Sabic, que junto con [&hellip;]<\/p>\n","protected":false},"featured_media":1339,"template":"","case-topic":[23],"class_list":["post-1334","pe_case_study","type-pe_case_study","status-publish","has-post-thumbnail","hentry","case-topic-uso-de-energias-renovables"],"acf":[],"yoast_head":"<!-- This site is optimized with the Yoast SEO plugin v21.6 - https:\/\/yoast.com\/wordpress\/plugins\/seo\/ -->\n<title>SABIC e Iberdrola crear\u00e1n la mayor planta solar de autoconsumo en Europa para la fabricaci\u00f3n de pl\u00e1sticos - Plastics Europe ES<\/title>\n<meta name=\"robots\" content=\"index, follow, max-snippet:-1, max-image-preview:large, max-video-preview:-1\" \/>\n<link rel=\"canonical\" href=\"https:\/\/plasticseurope.org\/es\/case-studies\/sabic-e-iberdrola-crearan-la-mayor-planta-solar-de-autoconsumo-en-europa-para-la-fabricacion-de-plasticos\/\" \/>\n<meta property=\"og:locale\" content=\"es_ES\" \/>\n<meta property=\"og:type\" content=\"article\" \/>\n<meta property=\"og:title\" content=\"SABIC e Iberdrola crear\u00e1n la mayor planta solar de autoconsumo en Europa para la fabricaci\u00f3n de pl\u00e1sticos - Plastics Europe ES\" \/>\n<meta property=\"og:description\" content=\"La producci\u00f3n de los pl\u00e1sticos a base de energ\u00edas limpias es un paso vital en el camino de la industria hacia la descarbonizaci\u00f3n y el uso sostenible de los recursos. Por eso, multitud de compa\u00f1\u00edas del sector est\u00e1n creando importantes alianzas y colaboraciones. Un ejemplo de ello es la compa\u00f1\u00eda petroqu\u00edmica Sabic, que junto con [&hellip;]\" \/>\n<meta property=\"og:url\" content=\"https:\/\/plasticseurope.org\/es\/case-studies\/sabic-e-iberdrola-crearan-la-mayor-planta-solar-de-autoconsumo-en-europa-para-la-fabricacion-de-plasticos\/\" \/>\n<meta property=\"og:site_name\" content=\"Plastics Europe ES\" \/>\n<meta property=\"article:modified_time\" content=\"2023-12-05T12:05:39+00:00\" \/>\n<meta property=\"og:image\" content=\"https:\/\/plasticseurope.org\/es\/wp-content\/uploads\/sites\/4\/2023\/10\/Paneles-solares-titulo-Sabic.png\" \/>\n\t<meta property=\"og:image:width\" content=\"940\" \/>\n\t<meta property=\"og:image:height\" content=\"788\" \/>\n\t<meta property=\"og:image:type\" content=\"image\/png\" \/>\n<meta name=\"twitter:card\" content=\"summary_large_image\" \/>\n<meta name=\"twitter:label1\" content=\"Tiempo de lectura\" \/>\n\t<meta name=\"twitter:data1\" content=\"5 minutos\" \/>\n<script type=\"application\/ld+json\" class=\"yoast-schema-graph\">{\"@context\":\"https:\/\/schema.org\",\"@graph\":[{\"@type\":\"WebPage\",\"@id\":\"https:\/\/plasticseurope.org\/es\/case-studies\/sabic-e-iberdrola-crearan-la-mayor-planta-solar-de-autoconsumo-en-europa-para-la-fabricacion-de-plasticos\/\",\"url\":\"https:\/\/plasticseurope.org\/es\/case-studies\/sabic-e-iberdrola-crearan-la-mayor-planta-solar-de-autoconsumo-en-europa-para-la-fabricacion-de-plasticos\/\",\"name\":\"SABIC e Iberdrola crear\u00e1n la mayor planta solar de autoconsumo en Europa para la fabricaci\u00f3n de pl\u00e1sticos - Plastics Europe ES\",\"isPartOf\":{\"@id\":\"https:\/\/plasticseurope.org\/es\/#website\"},\"datePublished\":\"2023-10-18T10:25:46+00:00\",\"dateModified\":\"2023-12-05T12:05:39+00:00\",\"breadcrumb\":{\"@id\":\"https:\/\/plasticseurope.org\/es\/case-studies\/sabic-e-iberdrola-crearan-la-mayor-planta-solar-de-autoconsumo-en-europa-para-la-fabricacion-de-plasticos\/#breadcrumb\"},\"inLanguage\":\"es\",\"potentialAction\":[{\"@type\":\"ReadAction\",\"target\":[\"https:\/\/plasticseurope.org\/es\/case-studies\/sabic-e-iberdrola-crearan-la-mayor-planta-solar-de-autoconsumo-en-europa-para-la-fabricacion-de-plasticos\/\"]}]},{\"@type\":\"BreadcrumbList\",\"@id\":\"https:\/\/plasticseurope.org\/es\/case-studies\/sabic-e-iberdrola-crearan-la-mayor-planta-solar-de-autoconsumo-en-europa-para-la-fabricacion-de-plasticos\/#breadcrumb\",\"itemListElement\":[{\"@type\":\"ListItem\",\"position\":1,\"name\":\"Home\",\"item\":\"https:\/\/plasticseurope.org\/es\/\"},{\"@type\":\"ListItem\",\"position\":2,\"name\":\"SABIC e Iberdrola crear\u00e1n la mayor planta solar de autoconsumo en Europa para la fabricaci\u00f3n de pl\u00e1sticos\"}]},{\"@type\":\"WebSite\",\"@id\":\"https:\/\/plasticseurope.org\/es\/#website\",\"url\":\"https:\/\/plasticseurope.org\/es\/\",\"name\":\"Plastics Europe ES\",\"description\":\"Enabling a sustainable future\",\"potentialAction\":[{\"@type\":\"SearchAction\",\"target\":{\"@type\":\"EntryPoint\",\"urlTemplate\":\"https:\/\/plasticseurope.org\/es\/?s={search_term_string}\"},\"query-input\":\"required name=search_term_string\"}],\"inLanguage\":\"es\"}]}<\/script>\n<!-- \/ Yoast SEO plugin. -->","yoast_head_json":{"title":"SABIC e Iberdrola crear\u00e1n la mayor planta solar de autoconsumo en Europa para la fabricaci\u00f3n de pl\u00e1sticos - Plastics Europe ES","robots":{"index":"index","follow":"follow","max-snippet":"max-snippet:-1","max-image-preview":"max-image-preview:large","max-video-preview":"max-video-preview:-1"},"canonical":"https:\/\/plasticseurope.org\/es\/case-studies\/sabic-e-iberdrola-crearan-la-mayor-planta-solar-de-autoconsumo-en-europa-para-la-fabricacion-de-plasticos\/","og_locale":"es_ES","og_type":"article","og_title":"SABIC e Iberdrola crear\u00e1n la mayor planta solar de autoconsumo en Europa para la fabricaci\u00f3n de pl\u00e1sticos - Plastics Europe ES","og_description":"La producci\u00f3n de los pl\u00e1sticos a base de energ\u00edas limpias es un paso vital en el camino de la industria hacia la descarbonizaci\u00f3n y el uso sostenible de los recursos. Por eso, multitud de compa\u00f1\u00edas del sector est\u00e1n creando importantes alianzas y colaboraciones. Un ejemplo de ello es la compa\u00f1\u00eda petroqu\u00edmica Sabic, que junto con [&hellip;]","og_url":"https:\/\/plasticseurope.org\/es\/case-studies\/sabic-e-iberdrola-crearan-la-mayor-planta-solar-de-autoconsumo-en-europa-para-la-fabricacion-de-plasticos\/","og_site_name":"Plastics Europe ES","article_modified_time":"2023-12-05T12:05:39+00:00","og_image":[{"width":940,"height":788,"url":"https:\/\/plasticseurope.org\/es\/wp-content\/uploads\/sites\/4\/2023\/10\/Paneles-solares-titulo-Sabic.png","type":"image\/png"}],"twitter_card":"summary_large_image","twitter_misc":{"Tiempo de lectura":"5 minutos"},"schema":{"@context":"https:\/\/schema.org","@graph":[{"@type":"WebPage","@id":"https:\/\/plasticseurope.org\/es\/case-studies\/sabic-e-iberdrola-crearan-la-mayor-planta-solar-de-autoconsumo-en-europa-para-la-fabricacion-de-plasticos\/","url":"https:\/\/plasticseurope.org\/es\/case-studies\/sabic-e-iberdrola-crearan-la-mayor-planta-solar-de-autoconsumo-en-europa-para-la-fabricacion-de-plasticos\/","name":"SABIC e Iberdrola crear\u00e1n la mayor planta solar de autoconsumo en Europa para la fabricaci\u00f3n de pl\u00e1sticos - Plastics Europe ES","isPartOf":{"@id":"https:\/\/plasticseurope.org\/es\/#website"},"datePublished":"2023-10-18T10:25:46+00:00","dateModified":"2023-12-05T12:05:39+00:00","breadcrumb":{"@id":"https:\/\/plasticseurope.org\/es\/case-studies\/sabic-e-iberdrola-crearan-la-mayor-planta-solar-de-autoconsumo-en-europa-para-la-fabricacion-de-plasticos\/#breadcrumb"},"inLanguage":"es","potentialAction":[{"@type":"ReadAction","target":["https:\/\/plasticseurope.org\/es\/case-studies\/sabic-e-iberdrola-crearan-la-mayor-planta-solar-de-autoconsumo-en-europa-para-la-fabricacion-de-plasticos\/"]}]},{"@type":"BreadcrumbList","@id":"https:\/\/plasticseurope.org\/es\/case-studies\/sabic-e-iberdrola-crearan-la-mayor-planta-solar-de-autoconsumo-en-europa-para-la-fabricacion-de-plasticos\/#breadcrumb","itemListElement":[{"@type":"ListItem","position":1,"name":"Home","item":"https:\/\/plasticseurope.org\/es\/"},{"@type":"ListItem","position":2,"name":"SABIC e Iberdrola crear\u00e1n la mayor planta solar de autoconsumo en Europa para la fabricaci\u00f3n de pl\u00e1sticos"}]},{"@type":"WebSite","@id":"https:\/\/plasticseurope.org\/es\/#website","url":"https:\/\/plasticseurope.org\/es\/","name":"Plastics Europe ES","description":"Enabling a sustainable future","potentialAction":[{"@type":"SearchAction","target":{"@type":"EntryPoint","urlTemplate":"https:\/\/plasticseurope.org\/es\/?s={search_term_string}"},"query-input":"required name=search_term_string"}],"inLanguage":"es"}]}},"_links":{"self":[{"href":"https:\/\/plasticseurope.org\/es\/wp-json\/wp\/v2\/pe_case_study\/1334","targetHints":{"allow":["GET"]}}],"collection":[{"href":"https:\/\/plasticseurope.org\/es\/wp-json\/wp\/v2\/pe_case_study"}],"about":[{"href":"https:\/\/plasticseurope.org\/es\/wp-json\/wp\/v2\/types\/pe_case_study"}],"wp:featuredmedia":[{"embeddable":true,"href":"https:\/\/plasticseurope.org\/es\/wp-json\/wp\/v2\/media\/1339"}],"wp:attachment":[{"href":"https:\/\/plasticseurope.org\/es\/wp-json\/wp\/v2\/media?parent=1334"}],"wp:term":[{"taxonomy":"case-topic","embeddable":true,"href":"https:\/\/plasticseurope.org\/es\/wp-json\/wp\/v2\/case-topic?post=1334"}],"curies":[{"name":"wp","href":"https:\/\/api.w.org\/{rel}","templated":true}]}}