{"id":1284,"date":"2023-09-27T11:38:26","date_gmt":"2023-09-27T11:38:26","guid":{"rendered":"https:\/\/plasticseurope.wpenginepowered.com\/es\/?post_type=pe_case_study&#038;p=1284"},"modified":"2023-12-05T12:01:22","modified_gmt":"2023-12-05T12:01:22","slug":"el-plan-3d-de-ercros-para-descarbonizar-la-produccion-de-pvc","status":"publish","type":"pe_case_study","link":"https:\/\/plasticseurope.org\/es\/case-studies\/el-plan-3d-de-ercros-para-descarbonizar-la-produccion-de-pvc\/","title":{"rendered":"El plan-3D de ERCROS para descarbonizar la producci\u00f3n de PVC"},"content":{"rendered":"\n<p>Alcanzar los objetivos de circularidad y cero emisiones netas de carbono para 2050 es un importante reto para la sociedad y en el que la industria de los pl\u00e1sticos est\u00e1 centrando gran parte de sus esfuerzos.<\/p>\n\n\n\n<p>Ercros, grupo empresarial qu\u00edmico y fabricante de productos pl\u00e1sticos, ha desarrollado un plan estrat\u00e9gico, el Plan 3D, con el que pretende alcanzar la sostenibilidad a trav\u00e9s de tres dimensiones: la diversificaci\u00f3n, la digitalizaci\u00f3n y la descarbonizaci\u00f3n. Gracias a las actuaciones de descarbonizaci\u00f3n contempladas en este plan, podr\u00e1 reducir las emisiones de CO<sub>2<\/sub> en un 39% en 2025, con respecto a 2020. De esta manera, y de acuerdo con la necesidad de acelerar el proceso de descarbonizaci\u00f3n, pretende lograr la neutralidad clim\u00e1tica antes de 2050.<\/p>\n\n\n\n<p><\/p>\n\n\n\n<p><strong><u>Invertir para actuar y descarbonizar<\/u><\/strong><\/p>\n\n\n\n<p>El Plan 3D prev\u00e9 una inversi\u00f3n total de 92 millones de euros, de los cuales 55 millones corresponden espec\u00edficamente a la descarbonizaci\u00f3n de sus actividades, entre ellas la producci\u00f3n de pl\u00e1sticos.<\/p>\n\n\n\n<p>El plan lleva a cabo proyectos de inversi\u00f3n en eficiencia energ\u00e9tica; adaptaci\u00f3n al cambio clim\u00e1tico; maximizaci\u00f3n del aprovechamiento de hidr\u00f3geno; econom\u00eda circular; y movilidad sostenible.<\/p>\n\n\n\n<figure class=\"wp-block-image size-large is-resized\"><img loading=\"lazy\" decoding=\"async\" width=\"1024\" height=\"243\" src=\"https:\/\/plasticseurope.org\/es\/wp-content\/uploads\/sites\/4\/2023\/07\/Imagen-espacio-1024x243.png\" alt=\"\" class=\"wp-image-1137\" style=\"width:82px;height:20px\" srcset=\"https:\/\/plasticseurope.org\/es\/wp-content\/uploads\/sites\/4\/2023\/07\/Imagen-espacio-1024x243.png 1024w, https:\/\/plasticseurope.org\/es\/wp-content\/uploads\/sites\/4\/2023\/07\/Imagen-espacio-300x71.png 300w, https:\/\/plasticseurope.org\/es\/wp-content\/uploads\/sites\/4\/2023\/07\/Imagen-espacio-768x182.png 768w, https:\/\/plasticseurope.org\/es\/wp-content\/uploads\/sites\/4\/2023\/07\/Imagen-espacio-1536x364.png 1536w, https:\/\/plasticseurope.org\/es\/wp-content\/uploads\/sites\/4\/2023\/07\/Imagen-espacio-1280x303.png 1280w, https:\/\/plasticseurope.org\/es\/wp-content\/uploads\/sites\/4\/2023\/07\/Imagen-espacio.png 1600w\" sizes=\"auto, (max-width: 1024px) 100vw, 1024px\" \/><\/figure>\n\n\n\n<figure class=\"wp-block-image aligncenter size-large is-resized\"><img loading=\"lazy\" decoding=\"async\" width=\"1024\" height=\"576\" src=\"https:\/\/plasticseurope.org\/es\/wp-content\/uploads\/sites\/4\/2023\/09\/Placas-solares-1024x576.png\" alt=\"\" class=\"wp-image-1299\" style=\"object-fit:cover;width:725px;height:515px\" srcset=\"https:\/\/plasticseurope.org\/es\/wp-content\/uploads\/sites\/4\/2023\/09\/Placas-solares-1024x576.png 1024w, https:\/\/plasticseurope.org\/es\/wp-content\/uploads\/sites\/4\/2023\/09\/Placas-solares-300x169.png 300w, https:\/\/plasticseurope.org\/es\/wp-content\/uploads\/sites\/4\/2023\/09\/Placas-solares-768x432.png 768w, https:\/\/plasticseurope.org\/es\/wp-content\/uploads\/sites\/4\/2023\/09\/Placas-solares-1536x864.png 1536w, https:\/\/plasticseurope.org\/es\/wp-content\/uploads\/sites\/4\/2023\/09\/Placas-solares-1280x720.png 1280w, https:\/\/plasticseurope.org\/es\/wp-content\/uploads\/sites\/4\/2023\/09\/Placas-solares.png 1600w\" sizes=\"auto, (max-width: 1024px) 100vw, 1024px\" \/><\/figure>\n\n\n\n<figure class=\"wp-block-image size-large is-resized\"><img loading=\"lazy\" decoding=\"async\" width=\"1024\" height=\"243\" src=\"https:\/\/plasticseurope.org\/es\/wp-content\/uploads\/sites\/4\/2023\/07\/Imagen-espacio-1024x243.png\" alt=\"\" class=\"wp-image-1137\" style=\"aspect-ratio:4.216216216216216;width:84px;height:auto\" srcset=\"https:\/\/plasticseurope.org\/es\/wp-content\/uploads\/sites\/4\/2023\/07\/Imagen-espacio-1024x243.png 1024w, https:\/\/plasticseurope.org\/es\/wp-content\/uploads\/sites\/4\/2023\/07\/Imagen-espacio-300x71.png 300w, https:\/\/plasticseurope.org\/es\/wp-content\/uploads\/sites\/4\/2023\/07\/Imagen-espacio-768x182.png 768w, https:\/\/plasticseurope.org\/es\/wp-content\/uploads\/sites\/4\/2023\/07\/Imagen-espacio-1536x364.png 1536w, https:\/\/plasticseurope.org\/es\/wp-content\/uploads\/sites\/4\/2023\/07\/Imagen-espacio-1280x303.png 1280w, https:\/\/plasticseurope.org\/es\/wp-content\/uploads\/sites\/4\/2023\/07\/Imagen-espacio.png 1600w\" sizes=\"auto, (max-width: 1024px) 100vw, 1024px\" \/><\/figure>\n\n\n\n<p><strong><u>Energ\u00edas renovables claves para la descarbonizaci\u00f3n<\/u><\/strong><\/p>\n\n\n\n<p>La construcci\u00f3n de una planta de generaci\u00f3n de vapor a trav\u00e9s de la combusti\u00f3n de biomasa en el complejo industrial de Tarragona, que forma parte de la cadena de producci\u00f3n de PVC de Ercros, permitir\u00e1 reducir las emisiones netas de gases de efecto invernadero. Adem\u00e1s, la contrataci\u00f3n de energ\u00eda el\u00e9ctrica de origen renovable, la adaptaci\u00f3n de los procesos de producci\u00f3n, el aumento de la eficiencia energ\u00e9tica de las instalaciones y el aprovechamiento de energ\u00edas residuales y de materias primas en varias f\u00e1bricas ya est\u00e1 permitiendo mejoras en la eficiencia energ\u00e9tica.<\/p>\n\n\n\n<figure class=\"wp-block-image size-large is-resized\"><img loading=\"lazy\" decoding=\"async\" width=\"1024\" height=\"243\" src=\"https:\/\/plasticseurope.org\/es\/wp-content\/uploads\/sites\/4\/2023\/07\/Imagen-espacio-1024x243.png\" alt=\"\" class=\"wp-image-1137\" style=\"width:85px;height:20px\" srcset=\"https:\/\/plasticseurope.org\/es\/wp-content\/uploads\/sites\/4\/2023\/07\/Imagen-espacio-1024x243.png 1024w, https:\/\/plasticseurope.org\/es\/wp-content\/uploads\/sites\/4\/2023\/07\/Imagen-espacio-300x71.png 300w, https:\/\/plasticseurope.org\/es\/wp-content\/uploads\/sites\/4\/2023\/07\/Imagen-espacio-768x182.png 768w, https:\/\/plasticseurope.org\/es\/wp-content\/uploads\/sites\/4\/2023\/07\/Imagen-espacio-1536x364.png 1536w, https:\/\/plasticseurope.org\/es\/wp-content\/uploads\/sites\/4\/2023\/07\/Imagen-espacio-1280x303.png 1280w, https:\/\/plasticseurope.org\/es\/wp-content\/uploads\/sites\/4\/2023\/07\/Imagen-espacio.png 1600w\" sizes=\"auto, (max-width: 1024px) 100vw, 1024px\" \/><\/figure>\n\n\n\n<figure class=\"wp-block-image aligncenter size-large is-resized\"><img loading=\"lazy\" decoding=\"async\" width=\"1024\" height=\"524\" src=\"https:\/\/plasticseurope.org\/es\/wp-content\/uploads\/sites\/4\/2023\/09\/Hidrogeno-verde-1024x524.png\" alt=\"\" class=\"wp-image-1289\" style=\"object-fit:cover;width:739px;height:528px\" srcset=\"https:\/\/plasticseurope.org\/es\/wp-content\/uploads\/sites\/4\/2023\/09\/Hidrogeno-verde-1024x524.png 1024w, https:\/\/plasticseurope.org\/es\/wp-content\/uploads\/sites\/4\/2023\/09\/Hidrogeno-verde-300x154.png 300w, https:\/\/plasticseurope.org\/es\/wp-content\/uploads\/sites\/4\/2023\/09\/Hidrogeno-verde-768x393.png 768w, https:\/\/plasticseurope.org\/es\/wp-content\/uploads\/sites\/4\/2023\/09\/Hidrogeno-verde.png 1264w\" sizes=\"auto, (max-width: 1024px) 100vw, 1024px\" \/><\/figure>\n\n\n\n<figure class=\"wp-block-image size-large is-resized\"><img loading=\"lazy\" decoding=\"async\" width=\"1024\" height=\"243\" src=\"https:\/\/plasticseurope.org\/es\/wp-content\/uploads\/sites\/4\/2023\/07\/Imagen-espacio-1024x243.png\" alt=\"\" class=\"wp-image-1137\" style=\"aspect-ratio:4.131578947368421;width:83px;height:auto\" srcset=\"https:\/\/plasticseurope.org\/es\/wp-content\/uploads\/sites\/4\/2023\/07\/Imagen-espacio-1024x243.png 1024w, https:\/\/plasticseurope.org\/es\/wp-content\/uploads\/sites\/4\/2023\/07\/Imagen-espacio-300x71.png 300w, https:\/\/plasticseurope.org\/es\/wp-content\/uploads\/sites\/4\/2023\/07\/Imagen-espacio-768x182.png 768w, https:\/\/plasticseurope.org\/es\/wp-content\/uploads\/sites\/4\/2023\/07\/Imagen-espacio-1536x364.png 1536w, https:\/\/plasticseurope.org\/es\/wp-content\/uploads\/sites\/4\/2023\/07\/Imagen-espacio-1280x303.png 1280w, https:\/\/plasticseurope.org\/es\/wp-content\/uploads\/sites\/4\/2023\/07\/Imagen-espacio.png 1600w\" sizes=\"auto, (max-width: 1024px) 100vw, 1024px\" \/><\/figure>\n\n\n\n<p>La reutilizaci\u00f3n de recursos, as\u00ed como el aprovechamiento del hidr\u00f3geno excedentario generado en los procesos y no consumido directamente en la producci\u00f3n de las f\u00e1bricas de Vila-seca I y Vila-seca II como sustituto del gas natural para la producci\u00f3n de vapor, se ha convertido en una pata fundamental para avanzar, entre otros, hacia una producci\u00f3n de pl\u00e1sticos con menos emisiones de carbono.<\/p>\n\n\n\n<figure class=\"wp-block-image size-large is-resized\"><img loading=\"lazy\" decoding=\"async\" width=\"1024\" height=\"243\" src=\"https:\/\/plasticseurope.org\/es\/wp-content\/uploads\/sites\/4\/2023\/07\/Imagen-espacio-1024x243.png\" alt=\"\" class=\"wp-image-1137\" style=\"aspect-ratio:4.294117647058823;width:86px;height:auto\" srcset=\"https:\/\/plasticseurope.org\/es\/wp-content\/uploads\/sites\/4\/2023\/07\/Imagen-espacio-1024x243.png 1024w, https:\/\/plasticseurope.org\/es\/wp-content\/uploads\/sites\/4\/2023\/07\/Imagen-espacio-300x71.png 300w, https:\/\/plasticseurope.org\/es\/wp-content\/uploads\/sites\/4\/2023\/07\/Imagen-espacio-768x182.png 768w, https:\/\/plasticseurope.org\/es\/wp-content\/uploads\/sites\/4\/2023\/07\/Imagen-espacio-1536x364.png 1536w, https:\/\/plasticseurope.org\/es\/wp-content\/uploads\/sites\/4\/2023\/07\/Imagen-espacio-1280x303.png 1280w, https:\/\/plasticseurope.org\/es\/wp-content\/uploads\/sites\/4\/2023\/07\/Imagen-espacio.png 1600w\" sizes=\"auto, (max-width: 1024px) 100vw, 1024px\" \/><\/figure>\n\n\n\n<figure class=\"wp-block-video\"><video height=\"1080\" style=\"aspect-ratio: 1920 \/ 1080;\" width=\"1920\" controls poster=\"https:\/\/plasticseurope.org\/es\/wp-content\/uploads\/sites\/4\/2023\/09\/Planta-sostenibilidad.png\" src=\"https:\/\/plasticseurope.org\/es\/wp-content\/uploads\/sites\/4\/2023\/09\/CPFG-PE-ES-_-ERCROS-1.mp4\"><\/video><\/figure>\n\n\n\n<figure class=\"wp-block-image size-large is-resized\"><img loading=\"lazy\" decoding=\"async\" width=\"1024\" height=\"243\" src=\"https:\/\/plasticseurope.org\/es\/wp-content\/uploads\/sites\/4\/2023\/07\/Imagen-espacio-1024x243.png\" alt=\"\" class=\"wp-image-1137\" style=\"aspect-ratio:4.27027027027027;width:85px;height:auto\" srcset=\"https:\/\/plasticseurope.org\/es\/wp-content\/uploads\/sites\/4\/2023\/07\/Imagen-espacio-1024x243.png 1024w, https:\/\/plasticseurope.org\/es\/wp-content\/uploads\/sites\/4\/2023\/07\/Imagen-espacio-300x71.png 300w, https:\/\/plasticseurope.org\/es\/wp-content\/uploads\/sites\/4\/2023\/07\/Imagen-espacio-768x182.png 768w, https:\/\/plasticseurope.org\/es\/wp-content\/uploads\/sites\/4\/2023\/07\/Imagen-espacio-1536x364.png 1536w, https:\/\/plasticseurope.org\/es\/wp-content\/uploads\/sites\/4\/2023\/07\/Imagen-espacio-1280x303.png 1280w, https:\/\/plasticseurope.org\/es\/wp-content\/uploads\/sites\/4\/2023\/07\/Imagen-espacio.png 1600w\" sizes=\"auto, (max-width: 1024px) 100vw, 1024px\" \/><\/figure>\n\n\n\n<p><strong><u>\u00a1Conoce #ChangingPlasticsForGood y #Pl\u00e1sticosEnPositivo!<\/u><\/strong><\/p>\n\n\n\n<p>La campa\u00f1a paneuropea <a href=\"https:\/\/plasticseurope.org\/changingplasticsforgood\/\">#ChangingPlasticsforGood<\/a> arranc\u00f3 en 2021 para mostrar historias de cambio reales de c\u00f3mo la industria europea de los pl\u00e1sticos est\u00e1 actuando para avanzar hacia la circularidad y la neutralidad clim\u00e1tica.&nbsp;<\/p>\n\n\n\n<p>Ahora, desde Plastics Europe en la regi\u00f3n ib\u00e9rica, estamos ampliando esta campa\u00f1a con proyectos llevados a cabo por nuestras empresas asociadas en Espa\u00f1a y Portugal, que aceleran la transici\u00f3n de la industria de los pl\u00e1sticos y generan un impacto positivo.<\/p>\n\n\n\n<p><strong>Sobre la empresa asociada:<\/strong><\/p>\n\n\n\n<p>Ercros es un grupo industrial de tradici\u00f3n centenaria diversificado en tres \u00e1reas de actividad: divisi\u00f3n de derivados del cloro, divisi\u00f3n de qu\u00edmica intermedia y divisi\u00f3n de farmacia. Mantiene una posici\u00f3n de liderazgo en los principales mercados en los que est\u00e1 presente y exporta casi la mitad de sus ventas a m\u00e1s de 90 pa\u00edses, principalmente de la UE.<\/p>\n\n\n\n<p>La compa\u00f1\u00eda realiza su actividad productiva en el marco de un compromiso voluntario que ha asumido en favor de la seguridad de sus instalaciones y la salud de las personas, el respeto por el medioambiente, la calidad de sus productos y el di\u00e1logo y la transparencia en relaci\u00f3n con la sociedad. M\u00e1s informaci\u00f3n en <a href=\"http:\/\/www.ercros.es\/index.php?lang=es\" target=\"_blank\" rel=\"noreferrer noopener\">www.ercros.es<\/a>. <\/p>\n\n\n\n<p><\/p>\n","protected":false},"excerpt":{"rendered":"<p>Alcanzar los objetivos de circularidad y cero emisiones netas de carbono para 2050 es un importante reto para la sociedad y en el que la industria de los pl\u00e1sticos est\u00e1 centrando gran parte de sus esfuerzos. Ercros, grupo empresarial qu\u00edmico y fabricante de productos pl\u00e1sticos, ha desarrollado un plan estrat\u00e9gico, el Plan 3D, con el [&hellip;]<\/p>\n","protected":false},"featured_media":1285,"template":"","case-topic":[23],"class_list":["post-1284","pe_case_study","type-pe_case_study","status-publish","has-post-thumbnail","hentry","case-topic-uso-de-energias-renovables"],"acf":[],"yoast_head":"<!-- This site is optimized with the Yoast SEO plugin v21.6 - https:\/\/yoast.com\/wordpress\/plugins\/seo\/ -->\n<title>El plan-3D de ERCROS para descarbonizar la producci\u00f3n de PVC - Plastics Europe ES<\/title>\n<meta name=\"robots\" content=\"index, follow, max-snippet:-1, max-image-preview:large, max-video-preview:-1\" \/>\n<link rel=\"canonical\" href=\"https:\/\/plasticseurope.org\/es\/case-studies\/el-plan-3d-de-ercros-para-descarbonizar-la-produccion-de-pvc\/\" \/>\n<meta property=\"og:locale\" content=\"es_ES\" \/>\n<meta property=\"og:type\" content=\"article\" \/>\n<meta property=\"og:title\" content=\"El plan-3D de ERCROS para descarbonizar la producci\u00f3n de PVC - Plastics Europe ES\" \/>\n<meta property=\"og:description\" content=\"Alcanzar los objetivos de circularidad y cero emisiones netas de carbono para 2050 es un importante reto para la sociedad y en el que la industria de los pl\u00e1sticos est\u00e1 centrando gran parte de sus esfuerzos. Ercros, grupo empresarial qu\u00edmico y fabricante de productos pl\u00e1sticos, ha desarrollado un plan estrat\u00e9gico, el Plan 3D, con el [&hellip;]\" \/>\n<meta property=\"og:url\" content=\"https:\/\/plasticseurope.org\/es\/case-studies\/el-plan-3d-de-ercros-para-descarbonizar-la-produccion-de-pvc\/\" \/>\n<meta property=\"og:site_name\" content=\"Plastics Europe ES\" \/>\n<meta property=\"article:modified_time\" content=\"2023-12-05T12:01:22+00:00\" \/>\n<meta property=\"og:image\" content=\"https:\/\/plasticseurope.org\/es\/wp-content\/uploads\/sites\/4\/2023\/09\/Foto-titulo.jpg\" \/>\n\t<meta property=\"og:image:width\" content=\"1038\" \/>\n\t<meta property=\"og:image:height\" content=\"774\" \/>\n\t<meta property=\"og:image:type\" content=\"image\/jpeg\" \/>\n<meta name=\"twitter:card\" content=\"summary_large_image\" \/>\n<meta name=\"twitter:label1\" content=\"Tiempo de lectura\" \/>\n\t<meta name=\"twitter:data1\" content=\"5 minutos\" \/>\n<script type=\"application\/ld+json\" class=\"yoast-schema-graph\">{\"@context\":\"https:\/\/schema.org\",\"@graph\":[{\"@type\":\"WebPage\",\"@id\":\"https:\/\/plasticseurope.org\/es\/case-studies\/el-plan-3d-de-ercros-para-descarbonizar-la-produccion-de-pvc\/\",\"url\":\"https:\/\/plasticseurope.org\/es\/case-studies\/el-plan-3d-de-ercros-para-descarbonizar-la-produccion-de-pvc\/\",\"name\":\"El plan-3D de ERCROS para descarbonizar la producci\u00f3n de PVC - Plastics Europe ES\",\"isPartOf\":{\"@id\":\"https:\/\/plasticseurope.org\/es\/#website\"},\"datePublished\":\"2023-09-27T11:38:26+00:00\",\"dateModified\":\"2023-12-05T12:01:22+00:00\",\"breadcrumb\":{\"@id\":\"https:\/\/plasticseurope.org\/es\/case-studies\/el-plan-3d-de-ercros-para-descarbonizar-la-produccion-de-pvc\/#breadcrumb\"},\"inLanguage\":\"es\",\"potentialAction\":[{\"@type\":\"ReadAction\",\"target\":[\"https:\/\/plasticseurope.org\/es\/case-studies\/el-plan-3d-de-ercros-para-descarbonizar-la-produccion-de-pvc\/\"]}]},{\"@type\":\"BreadcrumbList\",\"@id\":\"https:\/\/plasticseurope.org\/es\/case-studies\/el-plan-3d-de-ercros-para-descarbonizar-la-produccion-de-pvc\/#breadcrumb\",\"itemListElement\":[{\"@type\":\"ListItem\",\"position\":1,\"name\":\"Home\",\"item\":\"https:\/\/plasticseurope.org\/es\/\"},{\"@type\":\"ListItem\",\"position\":2,\"name\":\"El plan-3D de ERCROS para descarbonizar la producci\u00f3n de PVC\"}]},{\"@type\":\"WebSite\",\"@id\":\"https:\/\/plasticseurope.org\/es\/#website\",\"url\":\"https:\/\/plasticseurope.org\/es\/\",\"name\":\"Plastics Europe ES\",\"description\":\"Enabling a sustainable future\",\"potentialAction\":[{\"@type\":\"SearchAction\",\"target\":{\"@type\":\"EntryPoint\",\"urlTemplate\":\"https:\/\/plasticseurope.org\/es\/?s={search_term_string}\"},\"query-input\":\"required name=search_term_string\"}],\"inLanguage\":\"es\"}]}<\/script>\n<!-- \/ Yoast SEO plugin. -->","yoast_head_json":{"title":"El plan-3D de ERCROS para descarbonizar la producci\u00f3n de PVC - Plastics Europe ES","robots":{"index":"index","follow":"follow","max-snippet":"max-snippet:-1","max-image-preview":"max-image-preview:large","max-video-preview":"max-video-preview:-1"},"canonical":"https:\/\/plasticseurope.org\/es\/case-studies\/el-plan-3d-de-ercros-para-descarbonizar-la-produccion-de-pvc\/","og_locale":"es_ES","og_type":"article","og_title":"El plan-3D de ERCROS para descarbonizar la producci\u00f3n de PVC - Plastics Europe ES","og_description":"Alcanzar los objetivos de circularidad y cero emisiones netas de carbono para 2050 es un importante reto para la sociedad y en el que la industria de los pl\u00e1sticos est\u00e1 centrando gran parte de sus esfuerzos. Ercros, grupo empresarial qu\u00edmico y fabricante de productos pl\u00e1sticos, ha desarrollado un plan estrat\u00e9gico, el Plan 3D, con el [&hellip;]","og_url":"https:\/\/plasticseurope.org\/es\/case-studies\/el-plan-3d-de-ercros-para-descarbonizar-la-produccion-de-pvc\/","og_site_name":"Plastics Europe ES","article_modified_time":"2023-12-05T12:01:22+00:00","og_image":[{"width":1038,"height":774,"url":"https:\/\/plasticseurope.org\/es\/wp-content\/uploads\/sites\/4\/2023\/09\/Foto-titulo.jpg","type":"image\/jpeg"}],"twitter_card":"summary_large_image","twitter_misc":{"Tiempo de lectura":"5 minutos"},"schema":{"@context":"https:\/\/schema.org","@graph":[{"@type":"WebPage","@id":"https:\/\/plasticseurope.org\/es\/case-studies\/el-plan-3d-de-ercros-para-descarbonizar-la-produccion-de-pvc\/","url":"https:\/\/plasticseurope.org\/es\/case-studies\/el-plan-3d-de-ercros-para-descarbonizar-la-produccion-de-pvc\/","name":"El plan-3D de ERCROS para descarbonizar la producci\u00f3n de PVC - Plastics Europe ES","isPartOf":{"@id":"https:\/\/plasticseurope.org\/es\/#website"},"datePublished":"2023-09-27T11:38:26+00:00","dateModified":"2023-12-05T12:01:22+00:00","breadcrumb":{"@id":"https:\/\/plasticseurope.org\/es\/case-studies\/el-plan-3d-de-ercros-para-descarbonizar-la-produccion-de-pvc\/#breadcrumb"},"inLanguage":"es","potentialAction":[{"@type":"ReadAction","target":["https:\/\/plasticseurope.org\/es\/case-studies\/el-plan-3d-de-ercros-para-descarbonizar-la-produccion-de-pvc\/"]}]},{"@type":"BreadcrumbList","@id":"https:\/\/plasticseurope.org\/es\/case-studies\/el-plan-3d-de-ercros-para-descarbonizar-la-produccion-de-pvc\/#breadcrumb","itemListElement":[{"@type":"ListItem","position":1,"name":"Home","item":"https:\/\/plasticseurope.org\/es\/"},{"@type":"ListItem","position":2,"name":"El plan-3D de ERCROS para descarbonizar la producci\u00f3n de PVC"}]},{"@type":"WebSite","@id":"https:\/\/plasticseurope.org\/es\/#website","url":"https:\/\/plasticseurope.org\/es\/","name":"Plastics Europe ES","description":"Enabling a sustainable future","potentialAction":[{"@type":"SearchAction","target":{"@type":"EntryPoint","urlTemplate":"https:\/\/plasticseurope.org\/es\/?s={search_term_string}"},"query-input":"required name=search_term_string"}],"inLanguage":"es"}]}},"_links":{"self":[{"href":"https:\/\/plasticseurope.org\/es\/wp-json\/wp\/v2\/pe_case_study\/1284","targetHints":{"allow":["GET"]}}],"collection":[{"href":"https:\/\/plasticseurope.org\/es\/wp-json\/wp\/v2\/pe_case_study"}],"about":[{"href":"https:\/\/plasticseurope.org\/es\/wp-json\/wp\/v2\/types\/pe_case_study"}],"wp:featuredmedia":[{"embeddable":true,"href":"https:\/\/plasticseurope.org\/es\/wp-json\/wp\/v2\/media\/1285"}],"wp:attachment":[{"href":"https:\/\/plasticseurope.org\/es\/wp-json\/wp\/v2\/media?parent=1284"}],"wp:term":[{"taxonomy":"case-topic","embeddable":true,"href":"https:\/\/plasticseurope.org\/es\/wp-json\/wp\/v2\/case-topic?post=1284"}],"curies":[{"name":"wp","href":"https:\/\/api.w.org\/{rel}","templated":true}]}}