{"id":1207,"date":"2023-09-07T10:57:43","date_gmt":"2023-09-07T10:57:43","guid":{"rendered":"https:\/\/plasticseurope.wpenginepowered.com\/es\/?post_type=pe_case_study&#038;p=1207"},"modified":"2023-12-05T11:58:33","modified_gmt":"2023-12-05T11:58:33","slug":"elix-polymers-y-ayudame-3d-se-alian-para-cerrar-el-circulo-de-los-plasticos-a-traves-de-protesis-solidarias","status":"publish","type":"pe_case_study","link":"https:\/\/plasticseurope.org\/es\/case-studies\/elix-polymers-y-ayudame-3d-se-alian-para-cerrar-el-circulo-de-los-plasticos-a-traves-de-protesis-solidarias\/","title":{"rendered":"ELIX Polymers y Ay\u00fadame 3D se al\u00edan para cerrar el c\u00edrculo de los pl\u00e1sticos a trav\u00e9s de pr\u00f3tesis solidarias"},"content":{"rendered":"\n<p>ELIX Polymers se ha aliado con <a href=\"https:\/\/ayudame3d.org\/somos\/\" target=\"_blank\" rel=\"noreferrer noopener\">Ay\u00fadame3D<\/a> , startup social espa\u00f1ola que fomenta el valor social de la tecnolog\u00eda a trav\u00e9s de\u202fprogramas de concienciaci\u00f3n para ayudar a personas con discapacidad gracias a la impresi\u00f3n 3D, en un proyecto solidario, desarrollado con\u202fmateria prima reciclada de ABS mediante impresi\u00f3n 3D.&nbsp;<\/p>\n\n\n\n<figure class=\"wp-block-image size-large is-resized\"><img loading=\"lazy\" decoding=\"async\" width=\"1024\" height=\"243\" src=\"https:\/\/plasticseurope.org\/es\/wp-content\/uploads\/sites\/4\/2023\/07\/Imagen-espacio-1024x243.png\" alt=\"\" class=\"wp-image-1137\" style=\"aspect-ratio:4.257142857142857;width:85px;height:auto\" srcset=\"https:\/\/plasticseurope.org\/es\/wp-content\/uploads\/sites\/4\/2023\/07\/Imagen-espacio-1024x243.png 1024w, https:\/\/plasticseurope.org\/es\/wp-content\/uploads\/sites\/4\/2023\/07\/Imagen-espacio-300x71.png 300w, https:\/\/plasticseurope.org\/es\/wp-content\/uploads\/sites\/4\/2023\/07\/Imagen-espacio-768x182.png 768w, https:\/\/plasticseurope.org\/es\/wp-content\/uploads\/sites\/4\/2023\/07\/Imagen-espacio-1536x364.png 1536w, https:\/\/plasticseurope.org\/es\/wp-content\/uploads\/sites\/4\/2023\/07\/Imagen-espacio-1280x303.png 1280w, https:\/\/plasticseurope.org\/es\/wp-content\/uploads\/sites\/4\/2023\/07\/Imagen-espacio.png 1600w\" sizes=\"auto, (max-width: 1024px) 100vw, 1024px\" \/><\/figure>\n\n\n\n<figure class=\"wp-block-image aligncenter size-large is-resized\"><img loading=\"lazy\" decoding=\"async\" width=\"1024\" height=\"682\" src=\"https:\/\/plasticseurope.org\/es\/wp-content\/uploads\/sites\/4\/2023\/09\/Elix-Ayudame-3D-1024x682.jpg\" alt=\"\" class=\"wp-image-1208\" style=\"object-fit:cover;width:739px;height:528px\" srcset=\"https:\/\/plasticseurope.org\/es\/wp-content\/uploads\/sites\/4\/2023\/09\/Elix-Ayudame-3D-1024x682.jpg 1024w, https:\/\/plasticseurope.org\/es\/wp-content\/uploads\/sites\/4\/2023\/09\/Elix-Ayudame-3D-300x200.jpg 300w, https:\/\/plasticseurope.org\/es\/wp-content\/uploads\/sites\/4\/2023\/09\/Elix-Ayudame-3D-768x512.jpg 768w, https:\/\/plasticseurope.org\/es\/wp-content\/uploads\/sites\/4\/2023\/09\/Elix-Ayudame-3D-1260x840.jpg 1260w, https:\/\/plasticseurope.org\/es\/wp-content\/uploads\/sites\/4\/2023\/09\/Elix-Ayudame-3D.jpg 1496w\" sizes=\"auto, (max-width: 1024px) 100vw, 1024px\" \/><\/figure>\n\n\n\n<figure class=\"wp-block-image size-large is-resized\"><img loading=\"lazy\" decoding=\"async\" width=\"1024\" height=\"243\" src=\"https:\/\/plasticseurope.org\/es\/wp-content\/uploads\/sites\/4\/2023\/07\/Imagen-espacio-1024x243.png\" alt=\"\" class=\"wp-image-1137\" style=\"aspect-ratio:4.18;width:84px;height:auto\" srcset=\"https:\/\/plasticseurope.org\/es\/wp-content\/uploads\/sites\/4\/2023\/07\/Imagen-espacio-1024x243.png 1024w, https:\/\/plasticseurope.org\/es\/wp-content\/uploads\/sites\/4\/2023\/07\/Imagen-espacio-300x71.png 300w, https:\/\/plasticseurope.org\/es\/wp-content\/uploads\/sites\/4\/2023\/07\/Imagen-espacio-768x182.png 768w, https:\/\/plasticseurope.org\/es\/wp-content\/uploads\/sites\/4\/2023\/07\/Imagen-espacio-1536x364.png 1536w, https:\/\/plasticseurope.org\/es\/wp-content\/uploads\/sites\/4\/2023\/07\/Imagen-espacio-1280x303.png 1280w, https:\/\/plasticseurope.org\/es\/wp-content\/uploads\/sites\/4\/2023\/07\/Imagen-espacio.png 1600w\" sizes=\"auto, (max-width: 1024px) 100vw, 1024px\" \/><\/figure>\n\n\n\n<p>El principal reto para ELIX ha sido ofrecer una soluci\u00f3n a medida al proyecto, incorporando la econom\u00eda circular, <strong>dando una segunda vida a materiales utilizados, poniendo los pl\u00e1sticos en positivo.<\/strong>&nbsp;<\/p>\n\n\n\n<p>Con este proyecto se han transformado m\u00e1s 4000 piezas de placas procedentes de equipos inform\u00e1ticos que de otra forma hubieran sido desechadas, en 5 bobinas de pol\u00edmero para su posterior impresi\u00f3n con tecnolog\u00eda 3D y fabricaci\u00f3n de Tr\u00e9sdesis, brazos impresos en 3D para mu\u00f1eca, codo u hombro. &nbsp;<\/p>\n\n\n\n<figure class=\"wp-block-image size-large is-resized\"><img loading=\"lazy\" decoding=\"async\" width=\"1024\" height=\"243\" src=\"https:\/\/plasticseurope.org\/es\/wp-content\/uploads\/sites\/4\/2023\/07\/Imagen-espacio-1024x243.png\" alt=\"\" class=\"wp-image-1137\" style=\"aspect-ratio:4.224137931034483;width:84px;height:auto\" srcset=\"https:\/\/plasticseurope.org\/es\/wp-content\/uploads\/sites\/4\/2023\/07\/Imagen-espacio-1024x243.png 1024w, https:\/\/plasticseurope.org\/es\/wp-content\/uploads\/sites\/4\/2023\/07\/Imagen-espacio-300x71.png 300w, https:\/\/plasticseurope.org\/es\/wp-content\/uploads\/sites\/4\/2023\/07\/Imagen-espacio-768x182.png 768w, https:\/\/plasticseurope.org\/es\/wp-content\/uploads\/sites\/4\/2023\/07\/Imagen-espacio-1536x364.png 1536w, https:\/\/plasticseurope.org\/es\/wp-content\/uploads\/sites\/4\/2023\/07\/Imagen-espacio-1280x303.png 1280w, https:\/\/plasticseurope.org\/es\/wp-content\/uploads\/sites\/4\/2023\/07\/Imagen-espacio.png 1600w\" sizes=\"auto, (max-width: 1024px) 100vw, 1024px\" \/><\/figure>\n\n\n\n<figure class=\"wp-block-embed is-type-video is-provider-youtube wp-block-embed-youtube wp-embed-aspect-16-9 wp-has-aspect-ratio\"><div class=\"wp-block-embed__wrapper\">\n<iframe loading=\"lazy\" title=\"ELIX Polymers y Ay\u00fadame3D unen fuerzas para la producci\u00f3n de pr\u00f3tesis solidarias a trav\u00e9s de ABS\" width=\"500\" height=\"281\" src=\"https:\/\/www.youtube.com\/embed\/kQx2i9TVIc0?feature=oembed\" frameborder=\"0\" allow=\"accelerometer; autoplay; clipboard-write; encrypted-media; gyroscope; picture-in-picture; web-share\" referrerpolicy=\"strict-origin-when-cross-origin\" allowfullscreen><\/iframe>\n<\/div><\/figure>\n\n\n\n<figure class=\"wp-block-image size-large is-resized\"><img loading=\"lazy\" decoding=\"async\" width=\"1024\" height=\"243\" src=\"https:\/\/plasticseurope.org\/es\/wp-content\/uploads\/sites\/4\/2023\/07\/Imagen-espacio-1024x243.png\" alt=\"\" class=\"wp-image-1137\" style=\"aspect-ratio:4.224137931034483;width:84px;height:auto\" srcset=\"https:\/\/plasticseurope.org\/es\/wp-content\/uploads\/sites\/4\/2023\/07\/Imagen-espacio-1024x243.png 1024w, https:\/\/plasticseurope.org\/es\/wp-content\/uploads\/sites\/4\/2023\/07\/Imagen-espacio-300x71.png 300w, https:\/\/plasticseurope.org\/es\/wp-content\/uploads\/sites\/4\/2023\/07\/Imagen-espacio-768x182.png 768w, https:\/\/plasticseurope.org\/es\/wp-content\/uploads\/sites\/4\/2023\/07\/Imagen-espacio-1536x364.png 1536w, https:\/\/plasticseurope.org\/es\/wp-content\/uploads\/sites\/4\/2023\/07\/Imagen-espacio-1280x303.png 1280w, https:\/\/plasticseurope.org\/es\/wp-content\/uploads\/sites\/4\/2023\/07\/Imagen-espacio.png 1600w\" sizes=\"auto, (max-width: 1024px) 100vw, 1024px\" \/><\/figure>\n\n\n\n<p><strong>La circularidad de los pl\u00e1sticos al servicio del avance social gracias a la colaboraci\u00f3n de toda la cadena de valor<\/strong>&nbsp;<\/p>\n\n\n\n<p>El desarrollo de este proyecto ha sido posible gracias a la estrecha colaboraci\u00f3n con otras dos destacadas empresas. Por un lado, la multinacional <a href=\"https:\/\/www.repsol.com\/es\/index.cshtml\" target=\"_blank\" rel=\"noreferrer noopener\">Repsol<\/a>, que ha cedido las placas de ABS, y por otro lado, se ha contado con la valiosa contribuci\u00f3n de <a href=\"https:\/\/www.leitat.org\/\" target=\"_blank\" rel=\"noreferrer noopener\">Leitat<\/a>, centro tecnol\u00f3gico de excelencia, que ha transformado la materia prima revalorizada por ELIX en bobinas aptas para la tecnolog\u00eda de impresi\u00f3n 3D.&nbsp;&nbsp;<\/p>\n\n\n\n<p><\/p>\n\n\n\n<figure class=\"wp-block-image size-large is-resized\"><img loading=\"lazy\" decoding=\"async\" width=\"1024\" height=\"243\" src=\"https:\/\/plasticseurope.org\/es\/wp-content\/uploads\/sites\/4\/2023\/07\/Imagen-espacio-1024x243.png\" alt=\"\" class=\"wp-image-1137\" style=\"aspect-ratio:4.229166666666667;width:85px;height:auto\" srcset=\"https:\/\/plasticseurope.org\/es\/wp-content\/uploads\/sites\/4\/2023\/07\/Imagen-espacio-1024x243.png 1024w, https:\/\/plasticseurope.org\/es\/wp-content\/uploads\/sites\/4\/2023\/07\/Imagen-espacio-300x71.png 300w, https:\/\/plasticseurope.org\/es\/wp-content\/uploads\/sites\/4\/2023\/07\/Imagen-espacio-768x182.png 768w, https:\/\/plasticseurope.org\/es\/wp-content\/uploads\/sites\/4\/2023\/07\/Imagen-espacio-1536x364.png 1536w, https:\/\/plasticseurope.org\/es\/wp-content\/uploads\/sites\/4\/2023\/07\/Imagen-espacio-1280x303.png 1280w, https:\/\/plasticseurope.org\/es\/wp-content\/uploads\/sites\/4\/2023\/07\/Imagen-espacio.png 1600w\" sizes=\"auto, (max-width: 1024px) 100vw, 1024px\" \/><\/figure>\n\n\n\n<figure class=\"wp-block-video\"><video height=\"1080\" style=\"aspect-ratio: 1920 \/ 1080;\" width=\"1920\" controls poster=\"https:\/\/plasticseurope.org\/es\/wp-content\/uploads\/sites\/4\/2023\/09\/20H1_Dockers_NewChallenger_Hero_D-scaled.jpg\" src=\"https:\/\/plasticseurope.org\/es\/wp-content\/uploads\/sites\/4\/2023\/09\/Elix_Ayudame-3D.mp4\"><\/video><\/figure>\n\n\n\n<figure class=\"wp-block-image size-large is-resized\"><img loading=\"lazy\" decoding=\"async\" width=\"1024\" height=\"243\" src=\"https:\/\/plasticseurope.org\/es\/wp-content\/uploads\/sites\/4\/2023\/07\/Imagen-espacio-1024x243.png\" alt=\"\" class=\"wp-image-1137\" style=\"aspect-ratio:4.224137931034483;width:84px;height:auto\" srcset=\"https:\/\/plasticseurope.org\/es\/wp-content\/uploads\/sites\/4\/2023\/07\/Imagen-espacio-1024x243.png 1024w, https:\/\/plasticseurope.org\/es\/wp-content\/uploads\/sites\/4\/2023\/07\/Imagen-espacio-300x71.png 300w, https:\/\/plasticseurope.org\/es\/wp-content\/uploads\/sites\/4\/2023\/07\/Imagen-espacio-768x182.png 768w, https:\/\/plasticseurope.org\/es\/wp-content\/uploads\/sites\/4\/2023\/07\/Imagen-espacio-1536x364.png 1536w, https:\/\/plasticseurope.org\/es\/wp-content\/uploads\/sites\/4\/2023\/07\/Imagen-espacio-1280x303.png 1280w, https:\/\/plasticseurope.org\/es\/wp-content\/uploads\/sites\/4\/2023\/07\/Imagen-espacio.png 1600w\" sizes=\"auto, (max-width: 1024px) 100vw, 1024px\" \/><\/figure>\n\n\n\n<p><strong>\u00a1Conoce #ChangingPlasticsForGood y #Pl\u00e1sticosEnPositivo!&nbsp;<\/strong>&nbsp;<\/p>\n\n\n\n<p>La campa\u00f1a paneuropea <a href=\"https:\/\/plasticseurope.org\/changingplasticsforgood\/\" target=\"_blank\" rel=\"noreferrer noopener\">#ChangingPlasticsforGood<\/a> arranc\u00f3 en 2021 para mostrar historias de cambio reales de c\u00f3mo la industria europea de los pl\u00e1sticos est\u00e1 actuando para avanzar hacia la circularidad y la neutralidad clim\u00e1tica.&nbsp;&nbsp;&nbsp;<\/p>\n\n\n\n<p>Ahora, desde Plastics Europe en la regi\u00f3n ib\u00e9rica, estamos ampliando esta campa\u00f1a con proyectos llevados a cabo por nuestras empresas asociadas en Espa\u00f1a y Portugal, que aceleran la transici\u00f3n de la industria de los pl\u00e1sticos y generan un impacto positivo.&nbsp;<\/p>\n\n\n\n<p><strong>Sobre la empresa asociada: <\/strong>ELIX Polymers, miembro de Sinochem International, es uno de los fabricantes l\u00edderes de resinas de acrilonitrilo-butadieno-estireno (ABS, del ingl\u00e9s \u00abAcrylonitrile-Butadiene-Styrene\u00bb) y derivados en Europa.&nbsp;&nbsp;<\/p>\n\n\n\n<p>Desde su planta en Tarragona (Espa\u00f1a) y con apoyo del equipo de ventas en todos los mercados clave, se especializan en ofrecer soluciones a medida para aplicaciones de termopl\u00e1sticos de gran calidad. Con una trayectoria de 45 a\u00f1os, en ELIX Polymers son expertos en pol\u00edmeros de ABS y disponen de los recursos, la habilidad y la experiencia para crear valor para sus clientes mediante soluciones hechas a medida.&nbsp;&nbsp;<\/p>\n\n\n\n<p>Ofrecen una amplia gama de soluciones materiales para distintos sectores y aplicaciones, y cumplen con los estrictos requisitos de cada sector, entre ellos el de salud, automoci\u00f3n, dispositivos el\u00e9ctricos y electr\u00f3nicos, y juguetes, entre otros. M\u00e1s informaci\u00f3n en www. <a href=\"https:\/\/www.elix-polymers.com\/es\" target=\"_blank\" rel=\"noreferrer noopener\">https:\/\/www.elix-polymers.com\/es<\/a><strong><\/strong>&nbsp;<\/p>\n","protected":false},"excerpt":{"rendered":"<p>ELIX Polymers se ha aliado con Ay\u00fadame3D , startup social espa\u00f1ola que fomenta el valor social de la tecnolog\u00eda a trav\u00e9s de\u202fprogramas de concienciaci\u00f3n para ayudar a personas con discapacidad gracias a la impresi\u00f3n 3D, en un proyecto solidario, desarrollado con\u202fmateria prima reciclada de ABS mediante impresi\u00f3n 3D.&nbsp; El principal reto para ELIX ha sido [&hellip;]<\/p>\n","protected":false},"featured_media":1210,"template":"","case-topic":[21],"class_list":["post-1207","pe_case_study","type-pe_case_study","status-publish","has-post-thumbnail","hentry","case-topic-reciclado-mecanico"],"acf":[],"yoast_head":"<!-- This site is optimized with the Yoast SEO plugin v21.6 - https:\/\/yoast.com\/wordpress\/plugins\/seo\/ -->\n<title>ELIX Polymers y Ay\u00fadame 3D se al\u00edan para cerrar el c\u00edrculo de los pl\u00e1sticos a trav\u00e9s de pr\u00f3tesis solidarias - Plastics Europe ES<\/title>\n<meta name=\"robots\" content=\"index, follow, max-snippet:-1, max-image-preview:large, max-video-preview:-1\" \/>\n<link rel=\"canonical\" href=\"https:\/\/plasticseurope.org\/es\/case-studies\/elix-polymers-y-ayudame-3d-se-alian-para-cerrar-el-circulo-de-los-plasticos-a-traves-de-protesis-solidarias\/\" \/>\n<meta property=\"og:locale\" content=\"es_ES\" \/>\n<meta property=\"og:type\" content=\"article\" \/>\n<meta property=\"og:title\" content=\"ELIX Polymers y Ay\u00fadame 3D se al\u00edan para cerrar el c\u00edrculo de los pl\u00e1sticos a trav\u00e9s de pr\u00f3tesis solidarias - Plastics Europe ES\" \/>\n<meta property=\"og:description\" content=\"ELIX Polymers se ha aliado con Ay\u00fadame3D , startup social espa\u00f1ola que fomenta el valor social de la tecnolog\u00eda a trav\u00e9s de\u202fprogramas de concienciaci\u00f3n para ayudar a personas con discapacidad gracias a la impresi\u00f3n 3D, en un proyecto solidario, desarrollado con\u202fmateria prima reciclada de ABS mediante impresi\u00f3n 3D.&nbsp; El principal reto para ELIX ha sido [&hellip;]\" \/>\n<meta property=\"og:url\" content=\"https:\/\/plasticseurope.org\/es\/case-studies\/elix-polymers-y-ayudame-3d-se-alian-para-cerrar-el-circulo-de-los-plasticos-a-traves-de-protesis-solidarias\/\" \/>\n<meta property=\"og:site_name\" content=\"Plastics Europe ES\" \/>\n<meta property=\"article:modified_time\" content=\"2023-12-05T11:58:33+00:00\" \/>\n<meta property=\"og:image\" content=\"https:\/\/plasticseurope.org\/es\/wp-content\/uploads\/sites\/4\/2023\/09\/20181028_133023-copia.png\" \/>\n\t<meta property=\"og:image:width\" content=\"1043\" \/>\n\t<meta property=\"og:image:height\" content=\"818\" \/>\n\t<meta property=\"og:image:type\" content=\"image\/png\" \/>\n<meta name=\"twitter:card\" content=\"summary_large_image\" \/>\n<meta name=\"twitter:label1\" content=\"Tiempo de lectura\" \/>\n\t<meta name=\"twitter:data1\" content=\"4 minutos\" \/>\n<script type=\"application\/ld+json\" class=\"yoast-schema-graph\">{\"@context\":\"https:\/\/schema.org\",\"@graph\":[{\"@type\":\"WebPage\",\"@id\":\"https:\/\/plasticseurope.org\/es\/case-studies\/elix-polymers-y-ayudame-3d-se-alian-para-cerrar-el-circulo-de-los-plasticos-a-traves-de-protesis-solidarias\/\",\"url\":\"https:\/\/plasticseurope.org\/es\/case-studies\/elix-polymers-y-ayudame-3d-se-alian-para-cerrar-el-circulo-de-los-plasticos-a-traves-de-protesis-solidarias\/\",\"name\":\"ELIX Polymers y Ay\u00fadame 3D se al\u00edan para cerrar el c\u00edrculo de los pl\u00e1sticos a trav\u00e9s de pr\u00f3tesis solidarias - Plastics Europe ES\",\"isPartOf\":{\"@id\":\"https:\/\/plasticseurope.org\/es\/#website\"},\"datePublished\":\"2023-09-07T10:57:43+00:00\",\"dateModified\":\"2023-12-05T11:58:33+00:00\",\"breadcrumb\":{\"@id\":\"https:\/\/plasticseurope.org\/es\/case-studies\/elix-polymers-y-ayudame-3d-se-alian-para-cerrar-el-circulo-de-los-plasticos-a-traves-de-protesis-solidarias\/#breadcrumb\"},\"inLanguage\":\"es\",\"potentialAction\":[{\"@type\":\"ReadAction\",\"target\":[\"https:\/\/plasticseurope.org\/es\/case-studies\/elix-polymers-y-ayudame-3d-se-alian-para-cerrar-el-circulo-de-los-plasticos-a-traves-de-protesis-solidarias\/\"]}]},{\"@type\":\"BreadcrumbList\",\"@id\":\"https:\/\/plasticseurope.org\/es\/case-studies\/elix-polymers-y-ayudame-3d-se-alian-para-cerrar-el-circulo-de-los-plasticos-a-traves-de-protesis-solidarias\/#breadcrumb\",\"itemListElement\":[{\"@type\":\"ListItem\",\"position\":1,\"name\":\"Home\",\"item\":\"https:\/\/plasticseurope.org\/es\/\"},{\"@type\":\"ListItem\",\"position\":2,\"name\":\"ELIX Polymers y Ay\u00fadame 3D se al\u00edan para cerrar el c\u00edrculo de los pl\u00e1sticos a trav\u00e9s de pr\u00f3tesis solidarias\"}]},{\"@type\":\"WebSite\",\"@id\":\"https:\/\/plasticseurope.org\/es\/#website\",\"url\":\"https:\/\/plasticseurope.org\/es\/\",\"name\":\"Plastics Europe ES\",\"description\":\"Enabling a sustainable future\",\"potentialAction\":[{\"@type\":\"SearchAction\",\"target\":{\"@type\":\"EntryPoint\",\"urlTemplate\":\"https:\/\/plasticseurope.org\/es\/?s={search_term_string}\"},\"query-input\":\"required name=search_term_string\"}],\"inLanguage\":\"es\"}]}<\/script>\n<!-- \/ Yoast SEO plugin. -->","yoast_head_json":{"title":"ELIX Polymers y Ay\u00fadame 3D se al\u00edan para cerrar el c\u00edrculo de los pl\u00e1sticos a trav\u00e9s de pr\u00f3tesis solidarias - Plastics Europe ES","robots":{"index":"index","follow":"follow","max-snippet":"max-snippet:-1","max-image-preview":"max-image-preview:large","max-video-preview":"max-video-preview:-1"},"canonical":"https:\/\/plasticseurope.org\/es\/case-studies\/elix-polymers-y-ayudame-3d-se-alian-para-cerrar-el-circulo-de-los-plasticos-a-traves-de-protesis-solidarias\/","og_locale":"es_ES","og_type":"article","og_title":"ELIX Polymers y Ay\u00fadame 3D se al\u00edan para cerrar el c\u00edrculo de los pl\u00e1sticos a trav\u00e9s de pr\u00f3tesis solidarias - Plastics Europe ES","og_description":"ELIX Polymers se ha aliado con Ay\u00fadame3D , startup social espa\u00f1ola que fomenta el valor social de la tecnolog\u00eda a trav\u00e9s de\u202fprogramas de concienciaci\u00f3n para ayudar a personas con discapacidad gracias a la impresi\u00f3n 3D, en un proyecto solidario, desarrollado con\u202fmateria prima reciclada de ABS mediante impresi\u00f3n 3D.&nbsp; El principal reto para ELIX ha sido [&hellip;]","og_url":"https:\/\/plasticseurope.org\/es\/case-studies\/elix-polymers-y-ayudame-3d-se-alian-para-cerrar-el-circulo-de-los-plasticos-a-traves-de-protesis-solidarias\/","og_site_name":"Plastics Europe ES","article_modified_time":"2023-12-05T11:58:33+00:00","og_image":[{"width":1043,"height":818,"url":"https:\/\/plasticseurope.org\/es\/wp-content\/uploads\/sites\/4\/2023\/09\/20181028_133023-copia.png","type":"image\/png"}],"twitter_card":"summary_large_image","twitter_misc":{"Tiempo de lectura":"4 minutos"},"schema":{"@context":"https:\/\/schema.org","@graph":[{"@type":"WebPage","@id":"https:\/\/plasticseurope.org\/es\/case-studies\/elix-polymers-y-ayudame-3d-se-alian-para-cerrar-el-circulo-de-los-plasticos-a-traves-de-protesis-solidarias\/","url":"https:\/\/plasticseurope.org\/es\/case-studies\/elix-polymers-y-ayudame-3d-se-alian-para-cerrar-el-circulo-de-los-plasticos-a-traves-de-protesis-solidarias\/","name":"ELIX Polymers y Ay\u00fadame 3D se al\u00edan para cerrar el c\u00edrculo de los pl\u00e1sticos a trav\u00e9s de pr\u00f3tesis solidarias - Plastics Europe ES","isPartOf":{"@id":"https:\/\/plasticseurope.org\/es\/#website"},"datePublished":"2023-09-07T10:57:43+00:00","dateModified":"2023-12-05T11:58:33+00:00","breadcrumb":{"@id":"https:\/\/plasticseurope.org\/es\/case-studies\/elix-polymers-y-ayudame-3d-se-alian-para-cerrar-el-circulo-de-los-plasticos-a-traves-de-protesis-solidarias\/#breadcrumb"},"inLanguage":"es","potentialAction":[{"@type":"ReadAction","target":["https:\/\/plasticseurope.org\/es\/case-studies\/elix-polymers-y-ayudame-3d-se-alian-para-cerrar-el-circulo-de-los-plasticos-a-traves-de-protesis-solidarias\/"]}]},{"@type":"BreadcrumbList","@id":"https:\/\/plasticseurope.org\/es\/case-studies\/elix-polymers-y-ayudame-3d-se-alian-para-cerrar-el-circulo-de-los-plasticos-a-traves-de-protesis-solidarias\/#breadcrumb","itemListElement":[{"@type":"ListItem","position":1,"name":"Home","item":"https:\/\/plasticseurope.org\/es\/"},{"@type":"ListItem","position":2,"name":"ELIX Polymers y Ay\u00fadame 3D se al\u00edan para cerrar el c\u00edrculo de los pl\u00e1sticos a trav\u00e9s de pr\u00f3tesis solidarias"}]},{"@type":"WebSite","@id":"https:\/\/plasticseurope.org\/es\/#website","url":"https:\/\/plasticseurope.org\/es\/","name":"Plastics Europe ES","description":"Enabling a sustainable future","potentialAction":[{"@type":"SearchAction","target":{"@type":"EntryPoint","urlTemplate":"https:\/\/plasticseurope.org\/es\/?s={search_term_string}"},"query-input":"required name=search_term_string"}],"inLanguage":"es"}]}},"_links":{"self":[{"href":"https:\/\/plasticseurope.org\/es\/wp-json\/wp\/v2\/pe_case_study\/1207","targetHints":{"allow":["GET"]}}],"collection":[{"href":"https:\/\/plasticseurope.org\/es\/wp-json\/wp\/v2\/pe_case_study"}],"about":[{"href":"https:\/\/plasticseurope.org\/es\/wp-json\/wp\/v2\/types\/pe_case_study"}],"wp:featuredmedia":[{"embeddable":true,"href":"https:\/\/plasticseurope.org\/es\/wp-json\/wp\/v2\/media\/1210"}],"wp:attachment":[{"href":"https:\/\/plasticseurope.org\/es\/wp-json\/wp\/v2\/media?parent=1207"}],"wp:term":[{"taxonomy":"case-topic","embeddable":true,"href":"https:\/\/plasticseurope.org\/es\/wp-json\/wp\/v2\/case-topic?post=1207"}],"curies":[{"name":"wp","href":"https:\/\/api.w.org\/{rel}","templated":true}]}}