{"id":8177,"date":"2023-09-19T19:29:21","date_gmt":"2023-09-19T19:29:21","guid":{"rendered":"https:\/\/plasticseurope.wpenginepowered.com\/de\/?page_id=8177"},"modified":"2026-04-14T12:51:11","modified_gmt":"2026-04-14T12:51:11","slug":"pressemitteilungen","status":"publish","type":"page","link":"https:\/\/plasticseurope.org\/de\/pressemitteilungen\/","title":{"rendered":"Pressemitteilungen und Pressefotos zum Download"},"content":{"rendered":"\n<hr class=\"wp-block-separator has-text-color has-luminous-vivid-orange-color has-alpha-channel-opacity has-luminous-vivid-orange-background-color has-background is-style-default\" \/>\n\n\n\n<div style=\"height:16px\" aria-hidden=\"true\" class=\"wp-block-spacer is-style-medium\"><\/div>\n\n\n\n<div class=\"wp-block-columns is-layout-flex wp-container-core-columns-is-layout-28f84493 wp-block-columns-is-layout-flex\">\n<div class=\"wp-block-column is-layout-flow wp-block-column-is-layout-flow\" style=\"flex-basis:63%\">\n<div class=\"wp-block-group is-layout-flow wp-block-group-is-layout-flow\">\n<figure class=\"wp-block-image size-full\"><img loading=\"lazy\" decoding=\"async\" width=\"540\" height=\"540\" src=\"https:\/\/plasticseurope.org\/de\/wp-content\/uploads\/sites\/3\/2023\/07\/Portrait_Bettina-Dempewolf_c_PlasticsEurope_540x540.png\" alt=\"Bettina Dempewolf: Sechs Ma\u00dfnahmen, die langfristig gegen das M\u00fcllproblem helfen\" class=\"wp-image-3107\" srcset=\"https:\/\/plasticseurope.org\/de\/wp-content\/uploads\/sites\/3\/2023\/07\/Portrait_Bettina-Dempewolf_c_PlasticsEurope_540x540.png 540w, https:\/\/plasticseurope.org\/de\/wp-content\/uploads\/sites\/3\/2023\/07\/Portrait_Bettina-Dempewolf_c_PlasticsEurope_540x540-300x300.png 300w, https:\/\/plasticseurope.org\/de\/wp-content\/uploads\/sites\/3\/2023\/07\/Portrait_Bettina-Dempewolf_c_PlasticsEurope_540x540-150x150.png 150w\" sizes=\"auto, (max-width: 540px) 100vw, 540px\" \/><\/figure>\n<\/div>\n<\/div>\n\n\n\n<div class=\"wp-block-column is-layout-flow wp-block-column-is-layout-flow\" style=\"flex-basis:250%\">\n<p id=\"contact\">Ihre Ansprechpartnerin:<\/p>\n\n\n\n<p><strong>Bettina Dempewolf<\/strong><br>Leiterin Kommunikation<br>Telefon: +49 (69) 2556-1307<\/p>\n\n\n\n<div class=\"wp-block-buttons is-layout-flex wp-block-buttons-is-layout-flex\">\n<div class=\"wp-block-button\"><a class=\"wp-block-button__link wp-element-button\" href=\"mailto:bettina.dempewolf@plasticseurope.de?subject=Bitte%20setzen%20Sie%20mich%20auf%20Ihren%20Presseverteiler\">Presseverteiler abonnieren<\/a><\/div>\n<\/div>\n\n\n\n<div style=\"height:100px\" aria-hidden=\"true\" class=\"wp-block-spacer is-style-small\"><\/div>\n\n\n\n<p>Folgen Sie uns auf <a href=\"https:\/\/de.linkedin.com\/company\/plasticseurope-deutschland\">LinkedIn<\/a>.<\/p>\n\n\n\n<div style=\"height:100px\" aria-hidden=\"true\" class=\"wp-block-spacer is-style-small\"><\/div>\n<\/div>\n<\/div>\n\n\n\n<div style=\"height:16px\" aria-hidden=\"true\" class=\"wp-block-spacer is-style-small\"><\/div>\n\n\n\n<hr class=\"wp-block-separator has-text-color has-luminous-vivid-orange-color has-alpha-channel-opacity has-luminous-vivid-orange-background-color has-background is-style-default\" \/>\n\n\n\n<div style=\"height:100px\" aria-hidden=\"true\" class=\"wp-block-spacer is-style-medium\"><\/div>\n\n\n\n<div id=\"contentslider-block_1026ac03324bbb195112d587ee5d9688\" class=\"contentslider\">\n  <h2 class=\"md:text-3xl mb-4 md:mb-8\">Aktuelle Pressemitteilungen      <span class=\"text-tiny font-normal ml-4\">\n      <a href=\"https:\/\/plasticseurope.org\/de\/medien\/\">Weiterlesen<\/a>\n    <\/span>\n    <\/h2>\n  <!-- Swiper -->\n  <div>\n    <div class=\"swiper gridSwiper pb-10 pl-4 lg:pl-0 relative w-screen left-1\/2 right-1\/2 -ml-1\/2-screen -mr-1\/2-screen lg:w-full lg:left-0 lg:right-0 lg:mx-0\">\n      <div class=\"swiper-wrapper\">\n              \n                <div class=\"swiper-slide h-auto\">\n          <a href=\"https:\/\/plasticseurope.org\/de\/2026\/04\/29\/plastikabgabe-falsches-signal-zur-falschen-zeit\/\">\n            <div class=\"relative flex flex-col items-stretch rounded-md overflow-hidden h-56 md:h-96\">\n                              <div class=\"relative flex-shrink-0 bg-seafoam-900 h-28 md:h-48\">\n                  <img loading=\"lazy\" decoding=\"async\" width=\"1024\" height=\"576\" src=\"https:\/\/plasticseurope.org\/de\/wp-content\/uploads\/sites\/3\/2026\/04\/Chrsitine-Bunte-Plastiksteuer-1024x576.jpg\" class=\"h-full w-full object-cover object-center wp-post-image\" alt=\"\" srcset=\"https:\/\/plasticseurope.org\/de\/wp-content\/uploads\/sites\/3\/2026\/04\/Chrsitine-Bunte-Plastiksteuer-1024x576.jpg 1024w, https:\/\/plasticseurope.org\/de\/wp-content\/uploads\/sites\/3\/2026\/04\/Chrsitine-Bunte-Plastiksteuer-300x169.jpg 300w, https:\/\/plasticseurope.org\/de\/wp-content\/uploads\/sites\/3\/2026\/04\/Chrsitine-Bunte-Plastiksteuer-768x432.jpg 768w, https:\/\/plasticseurope.org\/de\/wp-content\/uploads\/sites\/3\/2026\/04\/Chrsitine-Bunte-Plastiksteuer-1536x864.jpg 1536w, https:\/\/plasticseurope.org\/de\/wp-content\/uploads\/sites\/3\/2026\/04\/Chrsitine-Bunte-Plastiksteuer-1280x720.jpg 1280w, https:\/\/plasticseurope.org\/de\/wp-content\/uploads\/sites\/3\/2026\/04\/Chrsitine-Bunte-Plastiksteuer.jpg 1920w\" sizes=\"auto, (max-width: 1024px) 100vw, 1024px\" \/>                  <div class=\"absolute left-6 bottom-4 hidden md:block\">\n                                          <span class=\"inline-flex items-center px-3 py-1 rounded-full text-sm font-medium bg-satsuma-900 text-white\">Pressemitteilungen<\/span>\n                                      <\/div>\n                <\/div>\n              \n              <div class=\"overlay absolute inset-0 flex-1 p-4 md:p-6 flex flex-col justify-between bg-mist-900 transform translate-y-28 md:translate-y-48 transition duration-100 ease-out h-1\/2\" data-overlay=\"bg-sky-900\" data-color=\"bg-mist-900\">\n                <div class=\"flex-1\">\n                  <div class=\"mb-4 hidden\">\n                    <time class=\"updated text-tiny uppercase\" datetime=\"2026-04-29T09:40:16+00:00\">29 Apr 2026<\/time>\n                  <\/div>\n                  <h4 class=\"text-tiny md:text-base line-clamp-3 mb-0\">Plastikabgabe: Falsches Signal zur falschen Zeit<\/h4>\n                  <p class=\"mt-3 hidden opacity-0\">\nFrankfurt am Main, 29. April 2026 \u2013 Plastics Europe Deutschland, der Verband der Kunststofferzeuger, lehnt die vom Bundesfinanzministerium vorgeschlagene Plastikabgabe klar ab. Der Vorsto\u00df, der in den heute vorgestellten Eckwerten zum Bundeshaushalt 2027 und der Finanzplanung bis 2030 enthalten ist, soll zur Schlie\u00dfung des Haushaltslochs beitragen \u2013 ginge jedoch gleicherma\u00dfen zu Lasten von Wirtschaft und Umwelt.\n<\/p>\n                <\/div>\n                <div class=\"md:mt-6 flex items-center\">\n                  <div class=\"flex space-x-1 text-xs md:text-tiny\">\n                    <time class=\"updated uppercase\" datetime=\"2026-04-29T09:40:16+00:00\">\n                      29 Apr 2026                    <\/time>\n                    <span class=\"hidden\">\n                      4 min read\n                    <\/span>\n                  <\/div>\n                <\/div>\n              <\/div>\n            <\/div>\n          <\/a>\n        <\/div>\n                      \n                <div class=\"swiper-slide h-auto\">\n          <a href=\"https:\/\/plasticseurope.org\/de\/2026\/04\/27\/die-ifat-2026-bietet-der-kunststoffbranche-neue-orientierung\/\">\n            <div class=\"relative flex flex-col items-stretch rounded-md overflow-hidden h-56 md:h-96\">\n                              <div class=\"relative flex-shrink-0 bg-seafoam-900 h-28 md:h-48\">\n                  <img loading=\"lazy\" decoding=\"async\" width=\"1024\" height=\"576\" src=\"https:\/\/plasticseurope.org\/de\/wp-content\/uploads\/sites\/3\/2026\/04\/IFAT-Panel-Plastics-Europe-1024x576.jpg\" class=\"h-full w-full object-cover object-center wp-post-image\" alt=\"\" srcset=\"https:\/\/plasticseurope.org\/de\/wp-content\/uploads\/sites\/3\/2026\/04\/IFAT-Panel-Plastics-Europe-1024x576.jpg 1024w, https:\/\/plasticseurope.org\/de\/wp-content\/uploads\/sites\/3\/2026\/04\/IFAT-Panel-Plastics-Europe-300x169.jpg 300w, https:\/\/plasticseurope.org\/de\/wp-content\/uploads\/sites\/3\/2026\/04\/IFAT-Panel-Plastics-Europe-768x432.jpg 768w, https:\/\/plasticseurope.org\/de\/wp-content\/uploads\/sites\/3\/2026\/04\/IFAT-Panel-Plastics-Europe-1536x864.jpg 1536w, https:\/\/plasticseurope.org\/de\/wp-content\/uploads\/sites\/3\/2026\/04\/IFAT-Panel-Plastics-Europe-1280x720.jpg 1280w, https:\/\/plasticseurope.org\/de\/wp-content\/uploads\/sites\/3\/2026\/04\/IFAT-Panel-Plastics-Europe.jpg 1920w\" sizes=\"auto, (max-width: 1024px) 100vw, 1024px\" \/>                  <div class=\"absolute left-6 bottom-4 hidden md:block\">\n                                          <span class=\"inline-flex items-center px-3 py-1 rounded-full text-sm font-medium bg-satsuma-900 text-white\">Pressemitteilungen<\/span>\n                                      <\/div>\n                <\/div>\n              \n              <div class=\"overlay absolute inset-0 flex-1 p-4 md:p-6 flex flex-col justify-between bg-mist-900 transform translate-y-28 md:translate-y-48 transition duration-100 ease-out h-1\/2\" data-overlay=\"bg-sky-900\" data-color=\"bg-mist-900\">\n                <div class=\"flex-1\">\n                  <div class=\"mb-4 hidden\">\n                    <time class=\"updated text-tiny uppercase\" datetime=\"2026-04-27T10:50:08+00:00\">27 Apr 2026<\/time>\n                  <\/div>\n                  <h4 class=\"text-tiny md:text-base line-clamp-3 mb-0\">Die IFAT 2026 bietet der Kunststoffbranche neue Orientierung<\/h4>\n                  <p class=\"mt-3 hidden opacity-0\">\nFrankfurt am Main, 27. April 2026 \u2013 Die EU versch\u00e4rfte zuletzt zahlreiche Vorgaben f\u00fcr Kunststoffprodukte, beispielsweise durch h\u00f6here Rezyklateinsatzquoten, strengere Designanforderungen und zus\u00e4tzliche Berichtspflichten. Auf der IFAT 2026, der Weltleitmesse f\u00fcr Umwelttechnologien, in M\u00fcnchen, k\u00f6nnen sich Besucherinnen und Besucher, vom 04. bis 07. Mai, nun einen Eindruck davon machen, was das f\u00fcr den Alltag in Produktion, Verarbeitung und Recycling bedeutet.\n<\/p>\n                <\/div>\n                <div class=\"md:mt-6 flex items-center\">\n                  <div class=\"flex space-x-1 text-xs md:text-tiny\">\n                    <time class=\"updated uppercase\" datetime=\"2026-04-27T10:50:08+00:00\">\n                      27 Apr 2026                    <\/time>\n                    <span class=\"hidden\">\n                      4 min read\n                    <\/span>\n                  <\/div>\n                <\/div>\n              <\/div>\n            <\/div>\n          <\/a>\n        <\/div>\n                      \n                <div class=\"swiper-slide h-auto\">\n          <a href=\"https:\/\/plasticseurope.org\/de\/2026\/04\/23\/industrie-allianz-fordert-schnelles-handeln-zukunft-der-kreislaufwirtschaft-mit-einem-transformationsbooster-sichern\/\">\n            <div class=\"relative flex flex-col items-stretch rounded-md overflow-hidden h-56 md:h-96\">\n                              <div class=\"relative flex-shrink-0 bg-seafoam-900 h-28 md:h-48\">\n                  <img loading=\"lazy\" decoding=\"async\" width=\"1024\" height=\"576\" src=\"https:\/\/plasticseurope.org\/de\/wp-content\/uploads\/sites\/3\/2026\/04\/Logos-16_9-1024x576.png\" class=\"h-full w-full object-cover object-center wp-post-image\" alt=\"\" srcset=\"https:\/\/plasticseurope.org\/de\/wp-content\/uploads\/sites\/3\/2026\/04\/Logos-16_9-1024x576.png 1024w, https:\/\/plasticseurope.org\/de\/wp-content\/uploads\/sites\/3\/2026\/04\/Logos-16_9-300x169.png 300w, https:\/\/plasticseurope.org\/de\/wp-content\/uploads\/sites\/3\/2026\/04\/Logos-16_9-768x432.png 768w, https:\/\/plasticseurope.org\/de\/wp-content\/uploads\/sites\/3\/2026\/04\/Logos-16_9-1536x864.png 1536w, https:\/\/plasticseurope.org\/de\/wp-content\/uploads\/sites\/3\/2026\/04\/Logos-16_9-1280x720.png 1280w, https:\/\/plasticseurope.org\/de\/wp-content\/uploads\/sites\/3\/2026\/04\/Logos-16_9.png 1920w\" sizes=\"auto, (max-width: 1024px) 100vw, 1024px\" \/>                  <div class=\"absolute left-6 bottom-4 hidden md:block\">\n                                          <span class=\"inline-flex items-center px-3 py-1 rounded-full text-sm font-medium bg-satsuma-900 text-white\">Pressemitteilungen<\/span>\n                                      <\/div>\n                <\/div>\n              \n              <div class=\"overlay absolute inset-0 flex-1 p-4 md:p-6 flex flex-col justify-between bg-mist-900 transform translate-y-28 md:translate-y-48 transition duration-100 ease-out h-1\/2\" data-overlay=\"bg-sky-900\" data-color=\"bg-mist-900\">\n                <div class=\"flex-1\">\n                  <div class=\"mb-4 hidden\">\n                    <time class=\"updated text-tiny uppercase\" datetime=\"2026-04-23T12:00:00+00:00\">23 Apr 2026<\/time>\n                  <\/div>\n                  <h4 class=\"text-tiny md:text-base line-clamp-3 mb-0\">Industrie-Allianz fordert schnelles Handeln: Zukunft der Kreislaufwirtschaft mit einem \u201eTransformationsbooster\u201c sichern<\/h4>\n                  <p class=\"mt-3 hidden opacity-0\">\n23. April 2026, Berlin\/Frankfurt am Main &#8211; Ein breites, branchen\u00fcbergreifendes B\u00fcndnis aus Chemie\u2011, Kunststoff\u2011 und Recyclingindustrie richtet sich mit einem offenen Brief an die Bundesregierung. Dabei spricht es sich nachdr\u00fccklich f\u00fcr einen entschlossenen \u201eTransformationsbooster\u201c f\u00fcr die Kreislaufwirtschaft aus.\n<\/p>\n                <\/div>\n                <div class=\"md:mt-6 flex items-center\">\n                  <div class=\"flex space-x-1 text-xs md:text-tiny\">\n                    <time class=\"updated uppercase\" datetime=\"2026-04-23T12:00:00+00:00\">\n                      23 Apr 2026                    <\/time>\n                    <span class=\"hidden\">\n                      4 min read\n                    <\/span>\n                  <\/div>\n                <\/div>\n              <\/div>\n            <\/div>\n          <\/a>\n        <\/div>\n                      \n                <div class=\"swiper-slide h-auto\">\n          <a href=\"https:\/\/plasticseurope.org\/de\/2026\/04\/10\/neustart-der-kreislaufwirtschaft-fuer-kunststoffe-in-europa-ein-aufruf-zu-dringendem-handeln-und-mehr-wettbewerbsfaehigkeit\/\">\n            <div class=\"relative flex flex-col items-stretch rounded-md overflow-hidden h-56 md:h-96\">\n                              <div class=\"relative flex-shrink-0 bg-seafoam-900 h-28 md:h-48\">\n                  <img loading=\"lazy\" decoding=\"async\" width=\"1024\" height=\"576\" src=\"https:\/\/plasticseurope.org\/de\/wp-content\/uploads\/sites\/3\/2023\/08\/gorodenkoff-23-1024x576.png\" class=\"h-full w-full object-cover object-center wp-post-image\" alt=\"Mitglied werden bei Plastics Europe\" srcset=\"https:\/\/plasticseurope.org\/de\/wp-content\/uploads\/sites\/3\/2023\/08\/gorodenkoff-23-1024x576.png 1024w, https:\/\/plasticseurope.org\/de\/wp-content\/uploads\/sites\/3\/2023\/08\/gorodenkoff-23-300x169.png 300w, https:\/\/plasticseurope.org\/de\/wp-content\/uploads\/sites\/3\/2023\/08\/gorodenkoff-23-768x432.png 768w, https:\/\/plasticseurope.org\/de\/wp-content\/uploads\/sites\/3\/2023\/08\/gorodenkoff-23-1536x864.png 1536w, https:\/\/plasticseurope.org\/de\/wp-content\/uploads\/sites\/3\/2023\/08\/gorodenkoff-23-1280x720.png 1280w, https:\/\/plasticseurope.org\/de\/wp-content\/uploads\/sites\/3\/2023\/08\/gorodenkoff-23.png 1920w\" sizes=\"auto, (max-width: 1024px) 100vw, 1024px\" \/>                  <div class=\"absolute left-6 bottom-4 hidden md:block\">\n                                          <span class=\"inline-flex items-center px-3 py-1 rounded-full text-sm font-medium bg-satsuma-900 text-white\">Pressemitteilungen<\/span>\n                                      <\/div>\n                <\/div>\n              \n              <div class=\"overlay absolute inset-0 flex-1 p-4 md:p-6 flex flex-col justify-between bg-mist-900 transform translate-y-28 md:translate-y-48 transition duration-100 ease-out h-1\/2\" data-overlay=\"bg-sky-900\" data-color=\"bg-mist-900\">\n                <div class=\"flex-1\">\n                  <div class=\"mb-4 hidden\">\n                    <time class=\"updated text-tiny uppercase\" datetime=\"2026-04-10T14:03:46+00:00\">10 Apr 2026<\/time>\n                  <\/div>\n                  <h4 class=\"text-tiny md:text-base line-clamp-3 mb-0\">Neustart der Kreislaufwirtschaft f\u00fcr Kunststoffe in Europa: Ein Aufruf zu dringendem Handeln und mehr Wettbewerbsf\u00e4higkeit<\/h4>\n                  <p class=\"mt-3 hidden opacity-0\">\nBr\u00fcssel, 10. April &#8211; Die europ\u00e4ische Kunststoffwertsch\u00f6pfungskette, vertreten durch European Plastics Converters, Plastics Recyclers Europe und PlasticsEurope, begr\u00fc\u00dft den Neustart der Circular Plastics Alliance (CPA) als eine zentrale Chance, Europas Ziele f\u00fcr die Kreislaufwirtschaft mit Kunststoffen wieder auf Kurs zu bringen. Angesichts des steigenden Drucks auf den Kunststoffsektor m\u00fcssen der erneuerte politische Fokus der Europ\u00e4ischen Kommission und der Mitgliedstaaten nun z\u00fcgig in konkrete Ma\u00dfnahmen \u00fcberf\u00fchrt werden.\n<\/p>\n                <\/div>\n                <div class=\"md:mt-6 flex items-center\">\n                  <div class=\"flex space-x-1 text-xs md:text-tiny\">\n                    <time class=\"updated uppercase\" datetime=\"2026-04-10T14:03:46+00:00\">\n                      10 Apr 2026                    <\/time>\n                    <span class=\"hidden\">\n                      4 min read\n                    <\/span>\n                  <\/div>\n                <\/div>\n              <\/div>\n            <\/div>\n          <\/a>\n        <\/div>\n                      \n                <div class=\"swiper-slide h-auto\">\n          <a href=\"https:\/\/plasticseurope.org\/de\/2026\/03\/17\/kunststofferzeugung-sinkt-2025-um-45-prozent-branche-warnt-vor-dominoeffekt\/\">\n            <div class=\"relative flex flex-col items-stretch rounded-md overflow-hidden h-56 md:h-96\">\n                              <div class=\"relative flex-shrink-0 bg-seafoam-900 h-28 md:h-48\">\n                  <img loading=\"lazy\" decoding=\"async\" width=\"1024\" height=\"576\" src=\"https:\/\/plasticseurope.org\/de\/wp-content\/uploads\/sites\/3\/2025\/03\/Wirtschaftspressekonferenzt-2025_c_Plastics-Europe-1024x576.jpg\" class=\"h-full w-full object-cover object-center wp-post-image\" alt=\"\" srcset=\"https:\/\/plasticseurope.org\/de\/wp-content\/uploads\/sites\/3\/2025\/03\/Wirtschaftspressekonferenzt-2025_c_Plastics-Europe-1024x576.jpg 1024w, https:\/\/plasticseurope.org\/de\/wp-content\/uploads\/sites\/3\/2025\/03\/Wirtschaftspressekonferenzt-2025_c_Plastics-Europe-300x169.jpg 300w, https:\/\/plasticseurope.org\/de\/wp-content\/uploads\/sites\/3\/2025\/03\/Wirtschaftspressekonferenzt-2025_c_Plastics-Europe-768x432.jpg 768w, https:\/\/plasticseurope.org\/de\/wp-content\/uploads\/sites\/3\/2025\/03\/Wirtschaftspressekonferenzt-2025_c_Plastics-Europe-1536x864.jpg 1536w, https:\/\/plasticseurope.org\/de\/wp-content\/uploads\/sites\/3\/2025\/03\/Wirtschaftspressekonferenzt-2025_c_Plastics-Europe-2048x1152.jpg 2048w, https:\/\/plasticseurope.org\/de\/wp-content\/uploads\/sites\/3\/2025\/03\/Wirtschaftspressekonferenzt-2025_c_Plastics-Europe-1980x1114.jpg 1980w, https:\/\/plasticseurope.org\/de\/wp-content\/uploads\/sites\/3\/2025\/03\/Wirtschaftspressekonferenzt-2025_c_Plastics-Europe-1280x720.jpg 1280w\" sizes=\"auto, (max-width: 1024px) 100vw, 1024px\" \/>                  <div class=\"absolute left-6 bottom-4 hidden md:block\">\n                                          <span class=\"inline-flex items-center px-3 py-1 rounded-full text-sm font-medium bg-satsuma-900 text-white\">Pressemitteilungen<\/span>\n                                      <\/div>\n                <\/div>\n              \n              <div class=\"overlay absolute inset-0 flex-1 p-4 md:p-6 flex flex-col justify-between bg-mist-900 transform translate-y-28 md:translate-y-48 transition duration-100 ease-out h-1\/2\" data-overlay=\"bg-sky-900\" data-color=\"bg-mist-900\">\n                <div class=\"flex-1\">\n                  <div class=\"mb-4 hidden\">\n                    <time class=\"updated text-tiny uppercase\" datetime=\"2026-03-17T08:00:00+00:00\">17 Mrz 2026<\/time>\n                  <\/div>\n                  <h4 class=\"text-tiny md:text-base line-clamp-3 mb-0\">Kunststofferzeugung sinkt 2025 um 4,5 Prozent \u2013 Branche warnt vor Dominoeffekt<\/h4>\n                  <p class=\"mt-3 hidden opacity-0\">\nFrankfurt am Main, 17. M\u00e4rz &#8211; Die deutsche Kunststofferzeugung steckt weiterhin in der Krise. 2025 entwickelten sich alle zentralen wirtschaftlichen Kennzahlen der deutschen Kunststofferzeugung negativ: Die Produktion sank um 4,5 Prozent, der Umsatz um 7,6 Prozent auf 24,6 Milliarden Euro, die Exporte um 5,5 Prozent.\n<\/p>\n                <\/div>\n                <div class=\"md:mt-6 flex items-center\">\n                  <div class=\"flex space-x-1 text-xs md:text-tiny\">\n                    <time class=\"updated uppercase\" datetime=\"2026-03-17T08:00:00+00:00\">\n                      17 Mrz 2026                    <\/time>\n                    <span class=\"hidden\">\n                      4 min read\n                    <\/span>\n                  <\/div>\n                <\/div>\n              <\/div>\n            <\/div>\n          <\/a>\n        <\/div>\n                      \n                <div class=\"swiper-slide h-auto\">\n          <a href=\"https:\/\/plasticseurope.org\/de\/2026\/03\/16\/neue-eu-altfahrzeugverordnung-recycelte-kunststoffe-koennten-knapp-werden\/\">\n            <div class=\"relative flex flex-col items-stretch rounded-md overflow-hidden h-56 md:h-96\">\n                              <div class=\"relative flex-shrink-0 bg-seafoam-900 h-28 md:h-48\">\n                  <img loading=\"lazy\" decoding=\"async\" width=\"1024\" height=\"576\" src=\"https:\/\/plasticseurope.org\/de\/wp-content\/uploads\/sites\/3\/2026\/03\/ELVR-Post-1024x576.jpg\" class=\"h-full w-full object-cover object-center wp-post-image\" alt=\"\" srcset=\"https:\/\/plasticseurope.org\/de\/wp-content\/uploads\/sites\/3\/2026\/03\/ELVR-Post-1024x576.jpg 1024w, https:\/\/plasticseurope.org\/de\/wp-content\/uploads\/sites\/3\/2026\/03\/ELVR-Post-300x169.jpg 300w, https:\/\/plasticseurope.org\/de\/wp-content\/uploads\/sites\/3\/2026\/03\/ELVR-Post-768x432.jpg 768w, https:\/\/plasticseurope.org\/de\/wp-content\/uploads\/sites\/3\/2026\/03\/ELVR-Post-1536x864.jpg 1536w, https:\/\/plasticseurope.org\/de\/wp-content\/uploads\/sites\/3\/2026\/03\/ELVR-Post-2048x1152.jpg 2048w, https:\/\/plasticseurope.org\/de\/wp-content\/uploads\/sites\/3\/2026\/03\/ELVR-Post-1980x1114.jpg 1980w, https:\/\/plasticseurope.org\/de\/wp-content\/uploads\/sites\/3\/2026\/03\/ELVR-Post-1280x720.jpg 1280w\" sizes=\"auto, (max-width: 1024px) 100vw, 1024px\" \/>                  <div class=\"absolute left-6 bottom-4 hidden md:block\">\n                                          <span class=\"inline-flex items-center px-3 py-1 rounded-full text-sm font-medium bg-satsuma-900 text-white\">Pressemitteilungen<\/span>\n                                      <\/div>\n                <\/div>\n              \n              <div class=\"overlay absolute inset-0 flex-1 p-4 md:p-6 flex flex-col justify-between bg-mist-900 transform translate-y-28 md:translate-y-48 transition duration-100 ease-out h-1\/2\" data-overlay=\"bg-sky-900\" data-color=\"bg-mist-900\">\n                <div class=\"flex-1\">\n                  <div class=\"mb-4 hidden\">\n                    <time class=\"updated text-tiny uppercase\" datetime=\"2026-03-16T17:00:09+00:00\">16 Mrz 2026<\/time>\n                  <\/div>\n                  <h4 class=\"text-tiny md:text-base line-clamp-3 mb-0\">Neue EU-Altfahrzeugverordnung: recycelte Kunststoffe k\u00f6nnten knapp werden<\/h4>\n                  <p class=\"mt-3 hidden opacity-0\">\nFrankfurt am Main, 17. M\u00e4rz 2026 \u2013 In Europa stehen zu wenig recycelte Kunststoffe zur Verf\u00fcgung, um den wachsenden Bedarf der Automobilindustrie zu decken. Das zeigt eine neue BKV-Studie, die im Vorfeld der Automotive-Fachmesse PIAE in Baden-Baden ver\u00f6ffentlicht wurde.\n<\/p>\n                <\/div>\n                <div class=\"md:mt-6 flex items-center\">\n                  <div class=\"flex space-x-1 text-xs md:text-tiny\">\n                    <time class=\"updated uppercase\" datetime=\"2026-03-16T17:00:09+00:00\">\n                      16 Mrz 2026                    <\/time>\n                    <span class=\"hidden\">\n                      4 min read\n                    <\/span>\n                  <\/div>\n                <\/div>\n              <\/div>\n            <\/div>\n          <\/a>\n        <\/div>\n                      \n                <div class=\"swiper-slide h-auto\">\n          <a href=\"https:\/\/plasticseurope.org\/de\/2026\/03\/11\/start-der-datenerhebung-zum-neuen-stoffstrombild-kunststoffe-2026\/\">\n            <div class=\"relative flex flex-col items-stretch rounded-md overflow-hidden h-56 md:h-96\">\n                              <div class=\"relative flex-shrink-0 bg-seafoam-900 h-28 md:h-48\">\n                  <img loading=\"lazy\" decoding=\"async\" width=\"1024\" height=\"576\" src=\"https:\/\/plasticseurope.org\/de\/wp-content\/uploads\/sites\/3\/2026\/03\/Stoffstrombild-Logos-1024x576.jpg\" class=\"h-full w-full object-cover object-center wp-post-image\" alt=\"Stoffstrombild Logos\" srcset=\"https:\/\/plasticseurope.org\/de\/wp-content\/uploads\/sites\/3\/2026\/03\/Stoffstrombild-Logos-1024x576.jpg 1024w, https:\/\/plasticseurope.org\/de\/wp-content\/uploads\/sites\/3\/2026\/03\/Stoffstrombild-Logos-300x169.jpg 300w, https:\/\/plasticseurope.org\/de\/wp-content\/uploads\/sites\/3\/2026\/03\/Stoffstrombild-Logos-768x432.jpg 768w, https:\/\/plasticseurope.org\/de\/wp-content\/uploads\/sites\/3\/2026\/03\/Stoffstrombild-Logos-1536x864.jpg 1536w, https:\/\/plasticseurope.org\/de\/wp-content\/uploads\/sites\/3\/2026\/03\/Stoffstrombild-Logos-1280x720.jpg 1280w, https:\/\/plasticseurope.org\/de\/wp-content\/uploads\/sites\/3\/2026\/03\/Stoffstrombild-Logos.jpg 1920w\" sizes=\"auto, (max-width: 1024px) 100vw, 1024px\" \/>                  <div class=\"absolute left-6 bottom-4 hidden md:block\">\n                                          <span class=\"inline-flex items-center px-3 py-1 rounded-full text-sm font-medium bg-satsuma-900 text-white\">Pressemitteilungen<\/span>\n                                      <\/div>\n                <\/div>\n              \n              <div class=\"overlay absolute inset-0 flex-1 p-4 md:p-6 flex flex-col justify-between bg-mist-900 transform translate-y-28 md:translate-y-48 transition duration-100 ease-out h-1\/2\" data-overlay=\"bg-sky-900\" data-color=\"bg-mist-900\">\n                <div class=\"flex-1\">\n                  <div class=\"mb-4 hidden\">\n                    <time class=\"updated text-tiny uppercase\" datetime=\"2026-03-11T06:30:00+00:00\">11 Mrz 2026<\/time>\n                  <\/div>\n                  <h4 class=\"text-tiny md:text-base line-clamp-3 mb-0\">Start der Datenerhebung zum neuen Stoffstrombild Kunststoffe: Der Report zum Kunststoffmarkt in Deutschland<\/h4>\n                  <p class=\"mt-3 hidden opacity-0\">\nFrankfurt am Main, 11. M\u00e4rz 2026&nbsp;\u2013 Wie viele Tonnen Kunststoffe werden pro Jahr in Deutschland produziert? In welche Anwendungen gehen Kunststoffe? Wie entwickeln sich die Verwertungspfade f\u00fcr Kunststoffabf\u00e4lle, was tut sich beim Rezyklateinsatz?\n<\/p>\n                <\/div>\n                <div class=\"md:mt-6 flex items-center\">\n                  <div class=\"flex space-x-1 text-xs md:text-tiny\">\n                    <time class=\"updated uppercase\" datetime=\"2026-03-11T06:30:00+00:00\">\n                      11 Mrz 2026                    <\/time>\n                    <span class=\"hidden\">\n                      4 min read\n                    <\/span>\n                  <\/div>\n                <\/div>\n              <\/div>\n            <\/div>\n          <\/a>\n        <\/div>\n                      \n                <div class=\"swiper-slide h-auto\">\n          <a href=\"https:\/\/plasticseurope.org\/de\/2026\/02\/18\/kosten-gesenkt-chancen-verschlafen-kabinett-bringt-verpackdg-auf-den-weg\/\">\n            <div class=\"relative flex flex-col items-stretch rounded-md overflow-hidden h-56 md:h-96\">\n                              <div class=\"relative flex-shrink-0 bg-seafoam-900 h-28 md:h-48\">\n                  <img loading=\"lazy\" decoding=\"async\" width=\"1024\" height=\"576\" src=\"https:\/\/plasticseurope.org\/de\/wp-content\/uploads\/sites\/3\/2026\/02\/Dr.-Christine-Bunte-zu-VerpackDG-1-1024x576.png\" class=\"h-full w-full object-cover object-center wp-post-image\" alt=\"\" srcset=\"https:\/\/plasticseurope.org\/de\/wp-content\/uploads\/sites\/3\/2026\/02\/Dr.-Christine-Bunte-zu-VerpackDG-1-1024x576.png 1024w, https:\/\/plasticseurope.org\/de\/wp-content\/uploads\/sites\/3\/2026\/02\/Dr.-Christine-Bunte-zu-VerpackDG-1-300x169.png 300w, https:\/\/plasticseurope.org\/de\/wp-content\/uploads\/sites\/3\/2026\/02\/Dr.-Christine-Bunte-zu-VerpackDG-1-768x432.png 768w, https:\/\/plasticseurope.org\/de\/wp-content\/uploads\/sites\/3\/2026\/02\/Dr.-Christine-Bunte-zu-VerpackDG-1-1536x864.png 1536w, https:\/\/plasticseurope.org\/de\/wp-content\/uploads\/sites\/3\/2026\/02\/Dr.-Christine-Bunte-zu-VerpackDG-1-2048x1152.png 2048w, https:\/\/plasticseurope.org\/de\/wp-content\/uploads\/sites\/3\/2026\/02\/Dr.-Christine-Bunte-zu-VerpackDG-1-1980x1114.png 1980w, https:\/\/plasticseurope.org\/de\/wp-content\/uploads\/sites\/3\/2026\/02\/Dr.-Christine-Bunte-zu-VerpackDG-1-1280x720.png 1280w\" sizes=\"auto, (max-width: 1024px) 100vw, 1024px\" \/>                  <div class=\"absolute left-6 bottom-4 hidden md:block\">\n                                          <span class=\"inline-flex items-center px-3 py-1 rounded-full text-sm font-medium bg-satsuma-900 text-white\">Pressemitteilungen<\/span>\n                                      <\/div>\n                <\/div>\n              \n              <div class=\"overlay absolute inset-0 flex-1 p-4 md:p-6 flex flex-col justify-between bg-mist-900 transform translate-y-28 md:translate-y-48 transition duration-100 ease-out h-1\/2\" data-overlay=\"bg-sky-900\" data-color=\"bg-mist-900\">\n                <div class=\"flex-1\">\n                  <div class=\"mb-4 hidden\">\n                    <time class=\"updated text-tiny uppercase\" datetime=\"2026-02-18T16:05:16+00:00\">18 Feb 2026<\/time>\n                  <\/div>\n                  <h4 class=\"text-tiny md:text-base line-clamp-3 mb-0\">Kosten gesenkt, Chancen verschlafen: Kabinett bringt VerpackDG auf den Weg<\/h4>\n                  <p class=\"mt-3 hidden opacity-0\">\nFrankfurt am Main, 18. Februar 2026 \u2013 Mit dem am 11. Februar ver\u00f6ffentlichten Kabinettsentwurf des Verpackungsrecht-Durchf\u00fchrungsgesetzes (VerpackDG) bringt die Bundesregierung die nationale Umsetzung der europ\u00e4ischen Verpackungsverordnung (PPWR) auf den Weg. Gegen\u00fcber dem vom Bundesumweltministerium vorgelegten Referentenentwurf gibt es deutliche Anpassungen, wichtige Anliegen aus der Wirtschaft bleiben jedoch offen.\n<\/p>\n                <\/div>\n                <div class=\"md:mt-6 flex items-center\">\n                  <div class=\"flex space-x-1 text-xs md:text-tiny\">\n                    <time class=\"updated uppercase\" datetime=\"2026-02-18T16:05:16+00:00\">\n                      18 Feb 2026                    <\/time>\n                    <span class=\"hidden\">\n                      4 min read\n                    <\/span>\n                  <\/div>\n                <\/div>\n              <\/div>\n            <\/div>\n          <\/a>\n        <\/div>\n                      \n                <div class=\"swiper-slide h-auto\">\n          <a href=\"https:\/\/plasticseurope.org\/de\/2026\/02\/12\/industriegipfel-in-antwerpen-was-einmal-weg-ist-kommt-nicht-wieder\/\">\n            <div class=\"relative flex flex-col items-stretch rounded-md overflow-hidden h-56 md:h-96\">\n                              <div class=\"relative flex-shrink-0 bg-seafoam-900 h-28 md:h-48\">\n                  <img loading=\"lazy\" decoding=\"async\" width=\"1024\" height=\"768\" src=\"https:\/\/plasticseurope.org\/de\/wp-content\/uploads\/sites\/3\/2026\/02\/Image-26.jpg\" class=\"h-full w-full object-cover object-center wp-post-image\" alt=\"\" srcset=\"https:\/\/plasticseurope.org\/de\/wp-content\/uploads\/sites\/3\/2026\/02\/Image-26.jpg 1024w, https:\/\/plasticseurope.org\/de\/wp-content\/uploads\/sites\/3\/2026\/02\/Image-26-300x225.jpg 300w, https:\/\/plasticseurope.org\/de\/wp-content\/uploads\/sites\/3\/2026\/02\/Image-26-768x576.jpg 768w\" sizes=\"auto, (max-width: 1024px) 100vw, 1024px\" \/>                  <div class=\"absolute left-6 bottom-4 hidden md:block\">\n                                          <span class=\"inline-flex items-center px-3 py-1 rounded-full text-sm font-medium bg-satsuma-900 text-white\">Pressemitteilungen<\/span>\n                                      <\/div>\n                <\/div>\n              \n              <div class=\"overlay absolute inset-0 flex-1 p-4 md:p-6 flex flex-col justify-between bg-mist-900 transform translate-y-28 md:translate-y-48 transition duration-100 ease-out h-1\/2\" data-overlay=\"bg-sky-900\" data-color=\"bg-mist-900\">\n                <div class=\"flex-1\">\n                  <div class=\"mb-4 hidden\">\n                    <time class=\"updated text-tiny uppercase\" datetime=\"2026-02-12T04:53:13+00:00\">12 Feb 2026<\/time>\n                  <\/div>\n                  <h4 class=\"text-tiny md:text-base line-clamp-3 mb-0\">Industriegipfel in Antwerpen \u2013 \u201eWas einmal weg ist, kommt nicht wieder\u201c<\/h4>\n                  <p class=\"mt-3 hidden opacity-0\">\nAntwerpen\/Frankfurt am Main, 12. Februar 2026 \u2013 Beim European Industry Summit in Antwerpen haben Vertreter aus Politik und Industrie am 11. Februar 2026 \u00fcber die Wettbewerbsf\u00e4higkeit der europ\u00e4ischen Wirtschaft beraten. Thema waren unter anderem Energiepreise, Investitionsbedingungen und die Zukunft der industriellen Produktion in der EU.\n<\/p>\n                <\/div>\n                <div class=\"md:mt-6 flex items-center\">\n                  <div class=\"flex space-x-1 text-xs md:text-tiny\">\n                    <time class=\"updated uppercase\" datetime=\"2026-02-12T04:53:13+00:00\">\n                      12 Feb 2026                    <\/time>\n                    <span class=\"hidden\">\n                      4 min read\n                    <\/span>\n                  <\/div>\n                <\/div>\n              <\/div>\n            <\/div>\n          <\/a>\n        <\/div>\n                      \n                <div class=\"swiper-slide h-auto\">\n          <a href=\"https:\/\/plasticseurope.org\/de\/2025\/12\/24\/reaktion-von-plastics-europe-zur-ankuendigung-des-winterpakets-der-europaeischen-kommission\/\">\n            <div class=\"relative flex flex-col items-stretch rounded-md overflow-hidden h-56 md:h-96\">\n                              <div class=\"relative flex-shrink-0 bg-seafoam-900 h-28 md:h-48\">\n                  <img loading=\"lazy\" decoding=\"async\" width=\"1024\" height=\"576\" src=\"https:\/\/plasticseurope.org\/de\/wp-content\/uploads\/sites\/3\/2024\/04\/Virginia-Janssens_c_Plastics-Europe_Ulrik-Eichentopf-1024x576.png\" class=\"h-full w-full object-cover object-center wp-post-image\" alt=\"\" srcset=\"https:\/\/plasticseurope.org\/de\/wp-content\/uploads\/sites\/3\/2024\/04\/Virginia-Janssens_c_Plastics-Europe_Ulrik-Eichentopf-1024x576.png 1024w, https:\/\/plasticseurope.org\/de\/wp-content\/uploads\/sites\/3\/2024\/04\/Virginia-Janssens_c_Plastics-Europe_Ulrik-Eichentopf-300x169.png 300w, https:\/\/plasticseurope.org\/de\/wp-content\/uploads\/sites\/3\/2024\/04\/Virginia-Janssens_c_Plastics-Europe_Ulrik-Eichentopf-768x432.png 768w, https:\/\/plasticseurope.org\/de\/wp-content\/uploads\/sites\/3\/2024\/04\/Virginia-Janssens_c_Plastics-Europe_Ulrik-Eichentopf-1536x864.png 1536w, https:\/\/plasticseurope.org\/de\/wp-content\/uploads\/sites\/3\/2024\/04\/Virginia-Janssens_c_Plastics-Europe_Ulrik-Eichentopf-1280x720.png 1280w, https:\/\/plasticseurope.org\/de\/wp-content\/uploads\/sites\/3\/2024\/04\/Virginia-Janssens_c_Plastics-Europe_Ulrik-Eichentopf.png 1920w\" sizes=\"auto, (max-width: 1024px) 100vw, 1024px\" \/>                  <div class=\"absolute left-6 bottom-4 hidden md:block\">\n                                          <span class=\"inline-flex items-center px-3 py-1 rounded-full text-sm font-medium bg-satsuma-900 text-white\">Pressemitteilungen<\/span>\n                                      <\/div>\n                <\/div>\n              \n              <div class=\"overlay absolute inset-0 flex-1 p-4 md:p-6 flex flex-col justify-between bg-mist-900 transform translate-y-28 md:translate-y-48 transition duration-100 ease-out h-1\/2\" data-overlay=\"bg-sky-900\" data-color=\"bg-mist-900\">\n                <div class=\"flex-1\">\n                  <div class=\"mb-4 hidden\">\n                    <time class=\"updated text-tiny uppercase\" datetime=\"2025-12-24T13:21:34+00:00\">24 Dez 2025<\/time>\n                  <\/div>\n                  <h4 class=\"text-tiny md:text-base line-clamp-3 mb-0\">Reaktion von Plastics Europe zur Ank\u00fcndigung des \u201eWinterpakets\u201c der Europ\u00e4ischen Kommission<\/h4>\n                  <p class=\"mt-3 hidden opacity-0\">\nVirginia Janssens, Managing Director von Plastics Europe AISBL, sagt:\n<\/p>\n                <\/div>\n                <div class=\"md:mt-6 flex items-center\">\n                  <div class=\"flex space-x-1 text-xs md:text-tiny\">\n                    <time class=\"updated uppercase\" datetime=\"2025-12-24T13:21:34+00:00\">\n                      24 Dez 2025                    <\/time>\n                    <span class=\"hidden\">\n                      4 min read\n                    <\/span>\n                  <\/div>\n                <\/div>\n              <\/div>\n            <\/div>\n          <\/a>\n        <\/div>\n                      \n                <div class=\"swiper-slide h-auto\">\n          <a href=\"https:\/\/plasticseurope.org\/de\/2025\/12\/12\/reaktion-von-plastics-europe-auf-die-vorlaeufige-einigung-zur-elvr\/\">\n            <div class=\"relative flex flex-col items-stretch rounded-md overflow-hidden h-56 md:h-96\">\n                              <div class=\"relative flex-shrink-0 bg-seafoam-900 h-28 md:h-48\">\n                  <img loading=\"lazy\" decoding=\"async\" width=\"1024\" height=\"576\" src=\"https:\/\/plasticseurope.org\/de\/wp-content\/uploads\/sites\/3\/2025\/10\/K2025_PreK_Edited-5-1024x576.png\" class=\"h-full w-full object-cover object-center wp-post-image\" alt=\"Europ\u00e4ische Kunststoffindustrie am Abgrund \u2013 Wettbewerbsf\u00e4higkeit bricht ein: Neue Daten zeigen schrumpfende Marktanteile, sinkende Ums\u00e4tze und stockenden Fortschritt bei Kreislaufwirtschaft.\" srcset=\"https:\/\/plasticseurope.org\/de\/wp-content\/uploads\/sites\/3\/2025\/10\/K2025_PreK_Edited-5-1024x576.png 1024w, https:\/\/plasticseurope.org\/de\/wp-content\/uploads\/sites\/3\/2025\/10\/K2025_PreK_Edited-5-300x169.png 300w, https:\/\/plasticseurope.org\/de\/wp-content\/uploads\/sites\/3\/2025\/10\/K2025_PreK_Edited-5-768x432.png 768w, https:\/\/plasticseurope.org\/de\/wp-content\/uploads\/sites\/3\/2025\/10\/K2025_PreK_Edited-5-1536x864.png 1536w, https:\/\/plasticseurope.org\/de\/wp-content\/uploads\/sites\/3\/2025\/10\/K2025_PreK_Edited-5-1280x720.png 1280w, https:\/\/plasticseurope.org\/de\/wp-content\/uploads\/sites\/3\/2025\/10\/K2025_PreK_Edited-5.png 1920w\" sizes=\"auto, (max-width: 1024px) 100vw, 1024px\" \/>                  <div class=\"absolute left-6 bottom-4 hidden md:block\">\n                                          <span class=\"inline-flex items-center px-3 py-1 rounded-full text-sm font-medium bg-satsuma-900 text-white\">Pressemitteilungen<\/span>\n                                      <\/div>\n                <\/div>\n              \n              <div class=\"overlay absolute inset-0 flex-1 p-4 md:p-6 flex flex-col justify-between bg-mist-900 transform translate-y-28 md:translate-y-48 transition duration-100 ease-out h-1\/2\" data-overlay=\"bg-sky-900\" data-color=\"bg-mist-900\">\n                <div class=\"flex-1\">\n                  <div class=\"mb-4 hidden\">\n                    <time class=\"updated text-tiny uppercase\" datetime=\"2025-12-12T11:49:51+00:00\">12 Dez 2025<\/time>\n                  <\/div>\n                  <h4 class=\"text-tiny md:text-base line-clamp-3 mb-0\">Reaktion von Plastics Europe auf die vorl\u00e4ufige Einigung zur ELVR<\/h4>\n                  <p class=\"mt-3 hidden opacity-0\">\nVirginia Janssens, Managing Director von Plastics Europe AISBL, sagt:\n<\/p>\n                <\/div>\n                <div class=\"md:mt-6 flex items-center\">\n                  <div class=\"flex space-x-1 text-xs md:text-tiny\">\n                    <time class=\"updated uppercase\" datetime=\"2025-12-12T11:49:51+00:00\">\n                      12 Dez 2025                    <\/time>\n                    <span class=\"hidden\">\n                      4 min read\n                    <\/span>\n                  <\/div>\n                <\/div>\n              <\/div>\n            <\/div>\n          <\/a>\n        <\/div>\n                      \n                <div class=\"swiper-slide h-auto\">\n          <a href=\"https:\/\/plasticseurope.org\/de\/2025\/12\/11\/reaktion-von-plastics-europe-auf-das-omnibus-vereinfachungspaket-der-eu\/\">\n            <div class=\"relative flex flex-col items-stretch rounded-md overflow-hidden h-56 md:h-96\">\n                              <div class=\"relative flex-shrink-0 bg-seafoam-900 h-28 md:h-48\">\n                  <img loading=\"lazy\" decoding=\"async\" width=\"1024\" height=\"576\" src=\"https:\/\/plasticseurope.org\/de\/wp-content\/uploads\/sites\/3\/2023\/08\/gorodenkoff-23-1024x576.png\" class=\"h-full w-full object-cover object-center wp-post-image\" alt=\"Mitglied werden bei Plastics Europe\" srcset=\"https:\/\/plasticseurope.org\/de\/wp-content\/uploads\/sites\/3\/2023\/08\/gorodenkoff-23-1024x576.png 1024w, https:\/\/plasticseurope.org\/de\/wp-content\/uploads\/sites\/3\/2023\/08\/gorodenkoff-23-300x169.png 300w, https:\/\/plasticseurope.org\/de\/wp-content\/uploads\/sites\/3\/2023\/08\/gorodenkoff-23-768x432.png 768w, https:\/\/plasticseurope.org\/de\/wp-content\/uploads\/sites\/3\/2023\/08\/gorodenkoff-23-1536x864.png 1536w, https:\/\/plasticseurope.org\/de\/wp-content\/uploads\/sites\/3\/2023\/08\/gorodenkoff-23-1280x720.png 1280w, https:\/\/plasticseurope.org\/de\/wp-content\/uploads\/sites\/3\/2023\/08\/gorodenkoff-23.png 1920w\" sizes=\"auto, (max-width: 1024px) 100vw, 1024px\" \/>                  <div class=\"absolute left-6 bottom-4 hidden md:block\">\n                                          <span class=\"inline-flex items-center px-3 py-1 rounded-full text-sm font-medium bg-satsuma-900 text-white\">Pressemitteilungen<\/span>\n                                      <\/div>\n                <\/div>\n              \n              <div class=\"overlay absolute inset-0 flex-1 p-4 md:p-6 flex flex-col justify-between bg-mist-900 transform translate-y-28 md:translate-y-48 transition duration-100 ease-out h-1\/2\" data-overlay=\"bg-sky-900\" data-color=\"bg-mist-900\">\n                <div class=\"flex-1\">\n                  <div class=\"mb-4 hidden\">\n                    <time class=\"updated text-tiny uppercase\" datetime=\"2025-12-11T09:56:40+00:00\">11 Dez 2025<\/time>\n                  <\/div>\n                  <h4 class=\"text-tiny md:text-base line-clamp-3 mb-0\">Reaktion von Plastics Europe auf das Omnibus-Vereinfachungspaket der EU<\/h4>\n                  <p class=\"mt-3 hidden opacity-0\">\nVirginia Janssens, Managing Director von Plastics Europe, sagt:\n<\/p>\n                <\/div>\n                <div class=\"md:mt-6 flex items-center\">\n                  <div class=\"flex space-x-1 text-xs md:text-tiny\">\n                    <time class=\"updated uppercase\" datetime=\"2025-12-11T09:56:40+00:00\">\n                      11 Dez 2025                    <\/time>\n                    <span class=\"hidden\">\n                      4 min read\n                    <\/span>\n                  <\/div>\n                <\/div>\n              <\/div>\n            <\/div>\n          <\/a>\n        <\/div>\n                    <\/div>\n      <div class=\"swiper-button-next hidden lg:inline-flex absolute w-10 h-10 lg:w-12 lg:h-12 z-90\"><\/div>\n      <div class=\"swiper-button-prev hidden lg:inline-flex absolute w-10 h-10 lg:w-12 lg:h-12 z-10\"><\/div>\n    <\/div>\n  <\/div>\n<\/div>\n\n\n\n\n<div style=\"height:16px\" aria-hidden=\"true\" class=\"wp-block-spacer is-style-medium\"><\/div>\n\n\n\n<h2 class=\"wp-block-heading\">Pressefotos zum Download<\/h2>\n\n\n\n<p>Plastics Europe ist der Verband der europ\u00e4ischen Kunststofferzeuger.<\/p>\n\n\n\n<p>Alle Bilder auf dieser Website d\u00fcrfen f\u00fcr redaktionelle Beitr\u00e4gen \u00fcber PlasticsEurope Deutschland e.V. kostenfrei verwendet werden, bei Angabe der Herkunft und des Fotografen. Die Bild- und Urheberrechte an den Bildern, bleiben bei PlasticsEurope Deutschland e.V..<\/p>\n\n\n\n<div style=\"height:16px\" aria-hidden=\"true\" class=\"wp-block-spacer is-style-small\"><\/div>\n\n\n\n<h2 class=\"wp-block-heading\">Pressefotos Plastics Europe<\/h2>\n\n\n\n<figure class=\"wp-block-gallery has-nested-images columns-3 is-cropped wp-block-gallery-1 is-layout-flex wp-block-gallery-is-layout-flex\">\n<figure class=\"wp-block-image size-full\"><a href=\"https:\/\/plasticseurope.org\/de\/wp-content\/uploads\/sites\/3\/2025\/01\/Christine-Bunte-\u00a9-Plastics-Europe-2024-\u2013-The-Tailors-Photography_High-Resulution.jpg\"><img loading=\"lazy\" decoding=\"async\" width=\"11664\" height=\"7776\" data-id=\"11086\" src=\"https:\/\/plasticseurope.org\/de\/wp-content\/uploads\/sites\/3\/2025\/01\/Christine-Bunte-\u00a9-Plastics-Europe-2024-\u2013-The-Tailors-Photography_High-Resulution.jpg\" alt=\"Christine Bunte \u00a9 Plastics Europe \/ \n2024 - The Tailors Photography\" class=\"wp-image-11086\" \/><\/a><figcaption class=\"wp-element-caption\">Dr. Christine Bunte, Plastics Europe Deutschland<br>\u00a9 Plastics Europe \/ The Tailors Photography<\/figcaption><\/figure>\n\n\n\n<figure class=\"wp-block-image size-large\"><a href=\"https:\/\/plasticseurope.org\/de\/wp-content\/uploads\/sites\/3\/2025\/03\/Virginia_Janssens_Plastics_Europe_Managing_Director-edited-1-e1697707315157.jpg\"><img loading=\"lazy\" decoding=\"async\" width=\"1024\" height=\"693\" data-id=\"11119\" src=\"https:\/\/plasticseurope.org\/de\/wp-content\/uploads\/sites\/3\/2025\/03\/Virginia_Janssens_Plastics_Europe_Managing_Director-edited-1-e1697707315157-1024x693.jpg\" alt=\"\" class=\"wp-image-11119\" srcset=\"https:\/\/plasticseurope.org\/de\/wp-content\/uploads\/sites\/3\/2025\/03\/Virginia_Janssens_Plastics_Europe_Managing_Director-edited-1-e1697707315157-1024x693.jpg 1024w, https:\/\/plasticseurope.org\/de\/wp-content\/uploads\/sites\/3\/2025\/03\/Virginia_Janssens_Plastics_Europe_Managing_Director-edited-1-e1697707315157-300x203.jpg 300w, https:\/\/plasticseurope.org\/de\/wp-content\/uploads\/sites\/3\/2025\/03\/Virginia_Janssens_Plastics_Europe_Managing_Director-edited-1-e1697707315157-768x520.jpg 768w, https:\/\/plasticseurope.org\/de\/wp-content\/uploads\/sites\/3\/2025\/03\/Virginia_Janssens_Plastics_Europe_Managing_Director-edited-1-e1697707315157-1536x1039.jpg 1536w, https:\/\/plasticseurope.org\/de\/wp-content\/uploads\/sites\/3\/2025\/03\/Virginia_Janssens_Plastics_Europe_Managing_Director-edited-1-e1697707315157-2048x1386.jpg 2048w, https:\/\/plasticseurope.org\/de\/wp-content\/uploads\/sites\/3\/2025\/03\/Virginia_Janssens_Plastics_Europe_Managing_Director-edited-1-e1697707315157-1980x1340.jpg 1980w, https:\/\/plasticseurope.org\/de\/wp-content\/uploads\/sites\/3\/2025\/03\/Virginia_Janssens_Plastics_Europe_Managing_Director-edited-1-e1697707315157-1242x840.jpg 1242w\" sizes=\"auto, (max-width: 1024px) 100vw, 1024px\" \/><\/a><figcaption class=\"wp-element-caption\">Virginia Jannssen, Gesch\u00e4ftsf\u00fchrerin Plastics Europe AISBL<br>\u00a9 Plastics Europe<\/figcaption><\/figure>\n\n\n\n<figure class=\"wp-block-image size-large\"><a href=\"https:\/\/plasticseurope.org\/de\/wp-content\/uploads\/sites\/3\/2025\/05\/Vorstand_c_Daniel-Schweinert-scaled.jpeg\"><img loading=\"lazy\" decoding=\"async\" width=\"1024\" height=\"683\" data-id=\"11278\" src=\"https:\/\/plasticseurope.org\/de\/wp-content\/uploads\/sites\/3\/2025\/05\/Vorstand_c_Daniel-Schweinert-1024x683.jpeg\" alt=\"Vorstand von Plastics Europe 2025 (c) Daniel Schwienert\" class=\"wp-image-11278\" srcset=\"https:\/\/plasticseurope.org\/de\/wp-content\/uploads\/sites\/3\/2025\/05\/Vorstand_c_Daniel-Schweinert-1024x683.jpeg 1024w, https:\/\/plasticseurope.org\/de\/wp-content\/uploads\/sites\/3\/2025\/05\/Vorstand_c_Daniel-Schweinert-300x200.jpeg 300w, https:\/\/plasticseurope.org\/de\/wp-content\/uploads\/sites\/3\/2025\/05\/Vorstand_c_Daniel-Schweinert-768x512.jpeg 768w, https:\/\/plasticseurope.org\/de\/wp-content\/uploads\/sites\/3\/2025\/05\/Vorstand_c_Daniel-Schweinert-1536x1024.jpeg 1536w, https:\/\/plasticseurope.org\/de\/wp-content\/uploads\/sites\/3\/2025\/05\/Vorstand_c_Daniel-Schweinert-2048x1365.jpeg 2048w, https:\/\/plasticseurope.org\/de\/wp-content\/uploads\/sites\/3\/2025\/05\/Vorstand_c_Daniel-Schweinert-1980x1320.jpeg 1980w, https:\/\/plasticseurope.org\/de\/wp-content\/uploads\/sites\/3\/2025\/05\/Vorstand_c_Daniel-Schweinert-1260x840.jpeg 1260w\" sizes=\"auto, (max-width: 1024px) 100vw, 1024px\" \/><\/a><figcaption class=\"wp-element-caption\">Vorstand von Plastics Europe Deutschland 2025   <br>\u00a9 Plastics Europe, Daniel Schweinert<\/figcaption><\/figure>\n\n\n\n<figure class=\"wp-block-image size-large\"><a href=\"https:\/\/plasticseurope.org\/de\/wp-content\/uploads\/sites\/3\/2023\/09\/Kacheln-13.png\"><img loading=\"lazy\" decoding=\"async\" width=\"1024\" height=\"683\" data-id=\"8217\" src=\"https:\/\/plasticseurope.org\/de\/wp-content\/uploads\/sites\/3\/2023\/09\/Kacheln-13-1024x683.png\" alt=\"Ralf D\u00fcssel, Vorsitzender\n\u00a9 Plastics Europe \/ Ulrik Eichentopf\" class=\"wp-image-8217\" srcset=\"https:\/\/plasticseurope.org\/de\/wp-content\/uploads\/sites\/3\/2023\/09\/Kacheln-13-1024x683.png 1024w, https:\/\/plasticseurope.org\/de\/wp-content\/uploads\/sites\/3\/2023\/09\/Kacheln-13-300x200.png 300w, https:\/\/plasticseurope.org\/de\/wp-content\/uploads\/sites\/3\/2023\/09\/Kacheln-13-768x512.png 768w, https:\/\/plasticseurope.org\/de\/wp-content\/uploads\/sites\/3\/2023\/09\/Kacheln-13-1536x1024.png 1536w, https:\/\/plasticseurope.org\/de\/wp-content\/uploads\/sites\/3\/2023\/09\/Kacheln-13-1980x1320.png 1980w, https:\/\/plasticseurope.org\/de\/wp-content\/uploads\/sites\/3\/2023\/09\/Kacheln-13-1260x840.png 1260w, https:\/\/plasticseurope.org\/de\/wp-content\/uploads\/sites\/3\/2023\/09\/Kacheln-13.png 2048w\" sizes=\"auto, (max-width: 1024px) 100vw, 1024px\" \/><\/a><figcaption class=\"wp-element-caption\">Ralf D\u00fcssel, Vorsitzender<br>\u00a9 Plastics Europe \/ Ulrik Eichentopf<\/figcaption><\/figure>\n\n\n\n<figure class=\"wp-block-image size-large\"><a href=\"https:\/\/plasticseurope.org\/de\/wp-content\/uploads\/sites\/3\/2026\/03\/13_CVC_Querformat_OK.jpg\"><img loading=\"lazy\" decoding=\"async\" width=\"1024\" height=\"576\" data-id=\"12967\" src=\"https:\/\/plasticseurope.org\/de\/wp-content\/uploads\/sites\/3\/2026\/03\/13_CVC_Querformat_OK-1024x576.jpg\" alt=\"\" class=\"wp-image-12967\" srcset=\"https:\/\/plasticseurope.org\/de\/wp-content\/uploads\/sites\/3\/2026\/03\/13_CVC_Querformat_OK-1024x576.jpg 1024w, https:\/\/plasticseurope.org\/de\/wp-content\/uploads\/sites\/3\/2026\/03\/13_CVC_Querformat_OK-300x169.jpg 300w, https:\/\/plasticseurope.org\/de\/wp-content\/uploads\/sites\/3\/2026\/03\/13_CVC_Querformat_OK-768x432.jpg 768w, https:\/\/plasticseurope.org\/de\/wp-content\/uploads\/sites\/3\/2026\/03\/13_CVC_Querformat_OK-1536x864.jpg 1536w, https:\/\/plasticseurope.org\/de\/wp-content\/uploads\/sites\/3\/2026\/03\/13_CVC_Querformat_OK-1280x720.jpg 1280w, https:\/\/plasticseurope.org\/de\/wp-content\/uploads\/sites\/3\/2026\/03\/13_CVC_Querformat_OK.jpg 1920w\" sizes=\"auto, (max-width: 1024px) 100vw, 1024px\" \/><\/a><figcaption class=\"wp-element-caption\">Dr. Christine Bunte \u00a9 Plastics Europe \/ <br>2024 &#8211; The Tailors Photography<\/figcaption><\/figure>\n\n\n\n<figure class=\"wp-block-image size-large\"><a href=\"https:\/\/plasticseurope.org\/de\/wp-content\/uploads\/sites\/3\/2025\/05\/Bettina-Dempewolf_c_Plastics-Europe_Ulrik-Eichentopf.png\"><img loading=\"lazy\" decoding=\"async\" width=\"1024\" height=\"576\" data-id=\"11293\" src=\"https:\/\/plasticseurope.org\/de\/wp-content\/uploads\/sites\/3\/2025\/05\/Bettina-Dempewolf_c_Plastics-Europe_Ulrik-Eichentopf-1024x576.png\" alt=\"Bettina Dempewolf, Leiterin Kommunikation (c) Plastics Europe\" class=\"wp-image-11293\" srcset=\"https:\/\/plasticseurope.org\/de\/wp-content\/uploads\/sites\/3\/2025\/05\/Bettina-Dempewolf_c_Plastics-Europe_Ulrik-Eichentopf-1024x576.png 1024w, https:\/\/plasticseurope.org\/de\/wp-content\/uploads\/sites\/3\/2025\/05\/Bettina-Dempewolf_c_Plastics-Europe_Ulrik-Eichentopf-300x169.png 300w, https:\/\/plasticseurope.org\/de\/wp-content\/uploads\/sites\/3\/2025\/05\/Bettina-Dempewolf_c_Plastics-Europe_Ulrik-Eichentopf-768x432.png 768w, https:\/\/plasticseurope.org\/de\/wp-content\/uploads\/sites\/3\/2025\/05\/Bettina-Dempewolf_c_Plastics-Europe_Ulrik-Eichentopf-1536x864.png 1536w, https:\/\/plasticseurope.org\/de\/wp-content\/uploads\/sites\/3\/2025\/05\/Bettina-Dempewolf_c_Plastics-Europe_Ulrik-Eichentopf-2048x1152.png 2048w, https:\/\/plasticseurope.org\/de\/wp-content\/uploads\/sites\/3\/2025\/05\/Bettina-Dempewolf_c_Plastics-Europe_Ulrik-Eichentopf-1980x1114.png 1980w, https:\/\/plasticseurope.org\/de\/wp-content\/uploads\/sites\/3\/2025\/05\/Bettina-Dempewolf_c_Plastics-Europe_Ulrik-Eichentopf-1280x720.png 1280w\" sizes=\"auto, (max-width: 1024px) 100vw, 1024px\" \/><\/a><figcaption class=\"wp-element-caption\">Bettina Dempewolf, Leiterin Kommunikation<br>\u00a9 Plastics Europe<\/figcaption><\/figure>\n\n\n\n<figure class=\"wp-block-image size-large\"><a href=\"https:\/\/plasticseurope.org\/de\/wp-content\/uploads\/sites\/3\/2026\/03\/17_CVC_Querformat_OK.jpg\"><img loading=\"lazy\" decoding=\"async\" width=\"1024\" height=\"576\" data-id=\"12970\" src=\"https:\/\/plasticseurope.org\/de\/wp-content\/uploads\/sites\/3\/2026\/03\/17_CVC_Querformat_OK-1024x576.jpg\" alt=\"\" class=\"wp-image-12970\" srcset=\"https:\/\/plasticseurope.org\/de\/wp-content\/uploads\/sites\/3\/2026\/03\/17_CVC_Querformat_OK-1024x576.jpg 1024w, https:\/\/plasticseurope.org\/de\/wp-content\/uploads\/sites\/3\/2026\/03\/17_CVC_Querformat_OK-300x169.jpg 300w, https:\/\/plasticseurope.org\/de\/wp-content\/uploads\/sites\/3\/2026\/03\/17_CVC_Querformat_OK-768x432.jpg 768w, https:\/\/plasticseurope.org\/de\/wp-content\/uploads\/sites\/3\/2026\/03\/17_CVC_Querformat_OK-1536x864.jpg 1536w, https:\/\/plasticseurope.org\/de\/wp-content\/uploads\/sites\/3\/2026\/03\/17_CVC_Querformat_OK-1280x720.jpg 1280w, https:\/\/plasticseurope.org\/de\/wp-content\/uploads\/sites\/3\/2026\/03\/17_CVC_Querformat_OK.jpg 1920w\" sizes=\"auto, (max-width: 1024px) 100vw, 1024px\" \/><\/a><figcaption class=\"wp-element-caption\">Dr. Christine Bunte \u00a9 Plastics Europe \/ <br>2024 &#8211; The Tailors Photography<\/figcaption><\/figure>\n\n\n\n<figure class=\"wp-block-image size-large\"><a href=\"https:\/\/plasticseurope.org\/de\/wp-content\/uploads\/sites\/3\/2026\/03\/012_Eichentopf_RS_0297-scaled.jpg\"><img loading=\"lazy\" decoding=\"async\" width=\"1024\" height=\"683\" data-id=\"12978\" src=\"https:\/\/plasticseurope.org\/de\/wp-content\/uploads\/sites\/3\/2026\/03\/012_Eichentopf_RS_0297-1024x683.jpg\" alt=\"\" class=\"wp-image-12978\" srcset=\"https:\/\/plasticseurope.org\/de\/wp-content\/uploads\/sites\/3\/2026\/03\/012_Eichentopf_RS_0297-1024x683.jpg 1024w, https:\/\/plasticseurope.org\/de\/wp-content\/uploads\/sites\/3\/2026\/03\/012_Eichentopf_RS_0297-300x200.jpg 300w, https:\/\/plasticseurope.org\/de\/wp-content\/uploads\/sites\/3\/2026\/03\/012_Eichentopf_RS_0297-768x512.jpg 768w, https:\/\/plasticseurope.org\/de\/wp-content\/uploads\/sites\/3\/2026\/03\/012_Eichentopf_RS_0297-1536x1024.jpg 1536w, https:\/\/plasticseurope.org\/de\/wp-content\/uploads\/sites\/3\/2026\/03\/012_Eichentopf_RS_0297-2048x1366.jpg 2048w, https:\/\/plasticseurope.org\/de\/wp-content\/uploads\/sites\/3\/2026\/03\/012_Eichentopf_RS_0297-1980x1320.jpg 1980w, https:\/\/plasticseurope.org\/de\/wp-content\/uploads\/sites\/3\/2026\/03\/012_Eichentopf_RS_0297-1260x840.jpg 1260w\" sizes=\"auto, (max-width: 1024px) 100vw, 1024px\" \/><\/a><figcaption class=\"wp-element-caption\">Deutscher Nachhaltigkeitspreis  2025 \u00a9 Plastics Europe, Ulrik Eichentopf<\/figcaption><\/figure>\n\n\n\n<figure class=\"wp-block-image size-large\"><a href=\"https:\/\/plasticseurope.org\/de\/wp-content\/uploads\/sites\/3\/2026\/03\/4_CVC_Querformat_OK.jpg\"><img loading=\"lazy\" decoding=\"async\" width=\"1024\" height=\"576\" data-id=\"12969\" src=\"https:\/\/plasticseurope.org\/de\/wp-content\/uploads\/sites\/3\/2026\/03\/4_CVC_Querformat_OK-1024x576.jpg\" alt=\"\" class=\"wp-image-12969\" srcset=\"https:\/\/plasticseurope.org\/de\/wp-content\/uploads\/sites\/3\/2026\/03\/4_CVC_Querformat_OK-1024x576.jpg 1024w, https:\/\/plasticseurope.org\/de\/wp-content\/uploads\/sites\/3\/2026\/03\/4_CVC_Querformat_OK-300x169.jpg 300w, https:\/\/plasticseurope.org\/de\/wp-content\/uploads\/sites\/3\/2026\/03\/4_CVC_Querformat_OK-768x432.jpg 768w, https:\/\/plasticseurope.org\/de\/wp-content\/uploads\/sites\/3\/2026\/03\/4_CVC_Querformat_OK-1536x864.jpg 1536w, https:\/\/plasticseurope.org\/de\/wp-content\/uploads\/sites\/3\/2026\/03\/4_CVC_Querformat_OK-1280x720.jpg 1280w, https:\/\/plasticseurope.org\/de\/wp-content\/uploads\/sites\/3\/2026\/03\/4_CVC_Querformat_OK.jpg 1920w\" sizes=\"auto, (max-width: 1024px) 100vw, 1024px\" \/><\/a><figcaption class=\"wp-element-caption\">Dr. Christine Bunte<br>\u00a9 Plastics Europe<\/figcaption><\/figure>\n\n\n\n<figure class=\"wp-block-image size-large\"><a href=\"https:\/\/plasticseurope.org\/de\/wp-content\/uploads\/sites\/3\/2026\/03\/20_CVC_Querformat_OK.jpg\"><img loading=\"lazy\" decoding=\"async\" width=\"1024\" height=\"576\" data-id=\"12971\" src=\"https:\/\/plasticseurope.org\/de\/wp-content\/uploads\/sites\/3\/2026\/03\/20_CVC_Querformat_OK-1024x576.jpg\" alt=\"\" class=\"wp-image-12971\" srcset=\"https:\/\/plasticseurope.org\/de\/wp-content\/uploads\/sites\/3\/2026\/03\/20_CVC_Querformat_OK-1024x576.jpg 1024w, https:\/\/plasticseurope.org\/de\/wp-content\/uploads\/sites\/3\/2026\/03\/20_CVC_Querformat_OK-300x169.jpg 300w, https:\/\/plasticseurope.org\/de\/wp-content\/uploads\/sites\/3\/2026\/03\/20_CVC_Querformat_OK-768x432.jpg 768w, https:\/\/plasticseurope.org\/de\/wp-content\/uploads\/sites\/3\/2026\/03\/20_CVC_Querformat_OK-1536x864.jpg 1536w, https:\/\/plasticseurope.org\/de\/wp-content\/uploads\/sites\/3\/2026\/03\/20_CVC_Querformat_OK-1280x720.jpg 1280w, https:\/\/plasticseurope.org\/de\/wp-content\/uploads\/sites\/3\/2026\/03\/20_CVC_Querformat_OK.jpg 1920w\" sizes=\"auto, (max-width: 1024px) 100vw, 1024px\" \/><\/a><figcaption class=\"wp-element-caption\">Pressekonferenz, Ralf D\u00fcssel<br>\u00a9 Plastics Europe<\/figcaption><\/figure>\n\n\n\n<figure class=\"wp-block-image size-large\"><a href=\"https:\/\/plasticseurope.org\/de\/wp-content\/uploads\/sites\/3\/2025\/01\/PlasticsEurope-82.jpg\"><img loading=\"lazy\" decoding=\"async\" width=\"1000\" height=\"1000\" data-id=\"11056\" src=\"https:\/\/plasticseurope.org\/de\/wp-content\/uploads\/sites\/3\/2025\/01\/PlasticsEurope-82-edited.jpg\" alt=\"Bettina Dempewolf \u00a9 Plastics Europe \/ 2024 \u2013 The Tailors Photography Nr 82\" class=\"wp-image-11056\" srcset=\"https:\/\/plasticseurope.org\/de\/wp-content\/uploads\/sites\/3\/2025\/01\/PlasticsEurope-82-edited.jpg 1000w, https:\/\/plasticseurope.org\/de\/wp-content\/uploads\/sites\/3\/2025\/01\/PlasticsEurope-82-edited-300x300.jpg 300w, https:\/\/plasticseurope.org\/de\/wp-content\/uploads\/sites\/3\/2025\/01\/PlasticsEurope-82-edited-150x150.jpg 150w, https:\/\/plasticseurope.org\/de\/wp-content\/uploads\/sites\/3\/2025\/01\/PlasticsEurope-82-edited-768x768.jpg 768w, https:\/\/plasticseurope.org\/de\/wp-content\/uploads\/sites\/3\/2025\/01\/PlasticsEurope-82-edited-840x840.jpg 840w\" sizes=\"auto, (max-width: 1000px) 100vw, 1000px\" \/><\/a><figcaption class=\"wp-element-caption\">Bettina Dempewolf \u00a9 Plastics Europe \/ <br>2024 &#8211; The Tailors Photography<\/figcaption><\/figure>\n\n\n\n<figure class=\"wp-block-image size-large\"><a href=\"https:\/\/plasticseurope.org\/de\/wp-content\/uploads\/sites\/3\/2025\/03\/Dr-Christine-Bunte-c-Plastics-Europe.png\"><img loading=\"lazy\" decoding=\"async\" width=\"1024\" height=\"576\" data-id=\"11127\" src=\"https:\/\/plasticseurope.org\/de\/wp-content\/uploads\/sites\/3\/2025\/03\/Dr-Christine-Bunte-c-Plastics-Europe-1024x576.png\" alt=\"Dr. Christine Bunte Interview\" class=\"wp-image-11127\" srcset=\"https:\/\/plasticseurope.org\/de\/wp-content\/uploads\/sites\/3\/2025\/03\/Dr-Christine-Bunte-c-Plastics-Europe-1024x576.png 1024w, https:\/\/plasticseurope.org\/de\/wp-content\/uploads\/sites\/3\/2025\/03\/Dr-Christine-Bunte-c-Plastics-Europe-300x169.png 300w, https:\/\/plasticseurope.org\/de\/wp-content\/uploads\/sites\/3\/2025\/03\/Dr-Christine-Bunte-c-Plastics-Europe-768x432.png 768w, https:\/\/plasticseurope.org\/de\/wp-content\/uploads\/sites\/3\/2025\/03\/Dr-Christine-Bunte-c-Plastics-Europe-1536x864.png 1536w, https:\/\/plasticseurope.org\/de\/wp-content\/uploads\/sites\/3\/2025\/03\/Dr-Christine-Bunte-c-Plastics-Europe-2048x1152.png 2048w, https:\/\/plasticseurope.org\/de\/wp-content\/uploads\/sites\/3\/2025\/03\/Dr-Christine-Bunte-c-Plastics-Europe-1980x1114.png 1980w, https:\/\/plasticseurope.org\/de\/wp-content\/uploads\/sites\/3\/2025\/03\/Dr-Christine-Bunte-c-Plastics-Europe-1280x720.png 1280w\" sizes=\"auto, (max-width: 1024px) 100vw, 1024px\" \/><\/a><figcaption class=\"wp-element-caption\"><a href=\"https:\/\/plasticseurope.org\/de\/wp-content\/uploads\/sites\/3\/2025\/03\/Dr-Christine-Bunte-c-Plastics-Europe.png\"><\/a>Dr. Christine Bunte \u00a9 Plastics EuropeDr. Christine Bunte \u00a9 Plastics Europe<\/figcaption><\/figure>\n\n\n\n<figure class=\"wp-block-image size-large\"><a href=\"https:\/\/plasticseurope.org\/de\/wp-content\/uploads\/sites\/3\/2025\/03\/Wirtschaftspressekonferenzt-2025_c_Plastics-Europe-scaled.jpg\"><img loading=\"lazy\" decoding=\"async\" width=\"1024\" height=\"576\" data-id=\"11131\" src=\"https:\/\/plasticseurope.org\/de\/wp-content\/uploads\/sites\/3\/2025\/03\/Wirtschaftspressekonferenzt-2025_c_Plastics-Europe-1024x576.jpg\" alt=\"\" class=\"wp-image-11131\" srcset=\"https:\/\/plasticseurope.org\/de\/wp-content\/uploads\/sites\/3\/2025\/03\/Wirtschaftspressekonferenzt-2025_c_Plastics-Europe-1024x576.jpg 1024w, https:\/\/plasticseurope.org\/de\/wp-content\/uploads\/sites\/3\/2025\/03\/Wirtschaftspressekonferenzt-2025_c_Plastics-Europe-300x169.jpg 300w, https:\/\/plasticseurope.org\/de\/wp-content\/uploads\/sites\/3\/2025\/03\/Wirtschaftspressekonferenzt-2025_c_Plastics-Europe-768x432.jpg 768w, https:\/\/plasticseurope.org\/de\/wp-content\/uploads\/sites\/3\/2025\/03\/Wirtschaftspressekonferenzt-2025_c_Plastics-Europe-1536x864.jpg 1536w, https:\/\/plasticseurope.org\/de\/wp-content\/uploads\/sites\/3\/2025\/03\/Wirtschaftspressekonferenzt-2025_c_Plastics-Europe-2048x1152.jpg 2048w, https:\/\/plasticseurope.org\/de\/wp-content\/uploads\/sites\/3\/2025\/03\/Wirtschaftspressekonferenzt-2025_c_Plastics-Europe-1980x1114.jpg 1980w, https:\/\/plasticseurope.org\/de\/wp-content\/uploads\/sites\/3\/2025\/03\/Wirtschaftspressekonferenzt-2025_c_Plastics-Europe-1280x720.jpg 1280w\" sizes=\"auto, (max-width: 1024px) 100vw, 1024px\" \/><\/a><figcaption class=\"wp-element-caption\">Wirtschaftspressekonferenz 2025 <br>\u00a9 Plastics Europe<\/figcaption><\/figure>\n\n\n\n<figure class=\"wp-block-image size-large\"><a href=\"https:\/\/plasticseurope.org\/de\/wp-content\/uploads\/sites\/3\/2025\/10\/K2025_PreK_Edited-5.png\"><img loading=\"lazy\" decoding=\"async\" width=\"1024\" height=\"576\" data-id=\"12695\" src=\"https:\/\/plasticseurope.org\/de\/wp-content\/uploads\/sites\/3\/2025\/10\/K2025_PreK_Edited-5-1024x576.png\" alt=\"Europ\u00e4ische Kunststoffindustrie am Abgrund \u2013 Wettbewerbsf\u00e4higkeit bricht ein: Neue Daten zeigen schrumpfende Marktanteile, sinkende Ums\u00e4tze und stockenden Fortschritt bei Kreislaufwirtschaft.\" class=\"wp-image-12695\" srcset=\"https:\/\/plasticseurope.org\/de\/wp-content\/uploads\/sites\/3\/2025\/10\/K2025_PreK_Edited-5-1024x576.png 1024w, https:\/\/plasticseurope.org\/de\/wp-content\/uploads\/sites\/3\/2025\/10\/K2025_PreK_Edited-5-300x169.png 300w, https:\/\/plasticseurope.org\/de\/wp-content\/uploads\/sites\/3\/2025\/10\/K2025_PreK_Edited-5-768x432.png 768w, https:\/\/plasticseurope.org\/de\/wp-content\/uploads\/sites\/3\/2025\/10\/K2025_PreK_Edited-5-1536x864.png 1536w, https:\/\/plasticseurope.org\/de\/wp-content\/uploads\/sites\/3\/2025\/10\/K2025_PreK_Edited-5-1280x720.png 1280w, https:\/\/plasticseurope.org\/de\/wp-content\/uploads\/sites\/3\/2025\/10\/K2025_PreK_Edited-5.png 1920w\" sizes=\"auto, (max-width: 1024px) 100vw, 1024px\" \/><\/a><figcaption class=\"wp-element-caption\">Virginia Janssens \u00a9 Plastics Europe, The Tailors Photography<\/figcaption><\/figure>\n\n\n\n<figure class=\"wp-block-image size-large\"><a href=\"https:\/\/plasticseurope.org\/de\/wp-content\/uploads\/sites\/3\/2026\/03\/015_Eichentopf_RS_0317_1-scaled.jpg\"><img loading=\"lazy\" decoding=\"async\" width=\"1024\" height=\"576\" data-id=\"12979\" src=\"https:\/\/plasticseurope.org\/de\/wp-content\/uploads\/sites\/3\/2026\/03\/015_Eichentopf_RS_0317_1-1024x576.jpg\" alt=\"\" class=\"wp-image-12979\" srcset=\"https:\/\/plasticseurope.org\/de\/wp-content\/uploads\/sites\/3\/2026\/03\/015_Eichentopf_RS_0317_1-1024x576.jpg 1024w, https:\/\/plasticseurope.org\/de\/wp-content\/uploads\/sites\/3\/2026\/03\/015_Eichentopf_RS_0317_1-300x169.jpg 300w, https:\/\/plasticseurope.org\/de\/wp-content\/uploads\/sites\/3\/2026\/03\/015_Eichentopf_RS_0317_1-768x432.jpg 768w, https:\/\/plasticseurope.org\/de\/wp-content\/uploads\/sites\/3\/2026\/03\/015_Eichentopf_RS_0317_1-1536x864.jpg 1536w, https:\/\/plasticseurope.org\/de\/wp-content\/uploads\/sites\/3\/2026\/03\/015_Eichentopf_RS_0317_1-2048x1152.jpg 2048w, https:\/\/plasticseurope.org\/de\/wp-content\/uploads\/sites\/3\/2026\/03\/015_Eichentopf_RS_0317_1-1980x1113.jpg 1980w, https:\/\/plasticseurope.org\/de\/wp-content\/uploads\/sites\/3\/2026\/03\/015_Eichentopf_RS_0317_1-1280x720.jpg 1280w\" sizes=\"auto, (max-width: 1024px) 100vw, 1024px\" \/><\/a><figcaption class=\"wp-element-caption\">Deutscher Nachhaltigkeitspreis  2025 \u00a9 Plastics Europe, Ulrik Eichentopf<\/figcaption><\/figure>\n<\/figure>\n\n\n\n<div style=\"height:100px\" aria-hidden=\"true\" class=\"wp-block-spacer is-style-medium\"><\/div>\n\n\n\n<h2 class=\"wp-block-heading\">Plastics Europe Logos zum Download<\/h2>\n\n\n\n<p>Die Logos auf dieser Website d\u00fcrfen f\u00fcr redaktionelle Beitr\u00e4gen \u00fcber PlasticsEurope Deutschland e.V. kostenfrei verwendet werden.<\/p>\n\n\n\n<figure class=\"wp-block-gallery has-nested-images columns-default is-cropped wp-block-gallery-3 is-layout-flex wp-block-gallery-is-layout-flex\">\n<figure class=\"wp-block-image size-large\"><a href=\"https:\/\/plasticseurope.org\/de\/wp-content\/uploads\/sites\/3\/2024\/01\/Plastics-Europe-Logo-Strapline-Positive-RGB.png\"><img loading=\"lazy\" decoding=\"async\" width=\"1024\" height=\"410\" data-id=\"9187\" src=\"https:\/\/plasticseurope.org\/de\/wp-content\/uploads\/sites\/3\/2024\/01\/Plastics-Europe-Logo-Strapline-Positive-RGB-1024x410.png\" alt=\"Plastics Europe Logo Transparent dunkel, zum Download\" class=\"wp-image-9187\" srcset=\"https:\/\/plasticseurope.org\/de\/wp-content\/uploads\/sites\/3\/2024\/01\/Plastics-Europe-Logo-Strapline-Positive-RGB-1024x410.png 1024w, https:\/\/plasticseurope.org\/de\/wp-content\/uploads\/sites\/3\/2024\/01\/Plastics-Europe-Logo-Strapline-Positive-RGB-300x120.png 300w, https:\/\/plasticseurope.org\/de\/wp-content\/uploads\/sites\/3\/2024\/01\/Plastics-Europe-Logo-Strapline-Positive-RGB-768x308.png 768w, https:\/\/plasticseurope.org\/de\/wp-content\/uploads\/sites\/3\/2024\/01\/Plastics-Europe-Logo-Strapline-Positive-RGB-1536x615.png 1536w, https:\/\/plasticseurope.org\/de\/wp-content\/uploads\/sites\/3\/2024\/01\/Plastics-Europe-Logo-Strapline-Positive-RGB-2048x821.png 2048w, https:\/\/plasticseurope.org\/de\/wp-content\/uploads\/sites\/3\/2024\/01\/Plastics-Europe-Logo-Strapline-Positive-RGB-1980x793.png 1980w, https:\/\/plasticseurope.org\/de\/wp-content\/uploads\/sites\/3\/2024\/01\/Plastics-Europe-Logo-Strapline-Positive-RGB-1280x513.png 1280w\" sizes=\"auto, (max-width: 1024px) 100vw, 1024px\" \/><\/a><figcaption class=\"wp-element-caption\">Plastics Europe Logo transparent, zum download \u00a9 Plastics Europe<\/figcaption><\/figure>\n\n\n\n<figure class=\"wp-block-image size-large\"><a href=\"https:\/\/plasticseurope.org\/de\/wp-content\/uploads\/sites\/3\/2024\/01\/Plastics-Europe-Logo-Strapline-Negative-RGB.png\"><img loading=\"lazy\" decoding=\"async\" width=\"1024\" height=\"411\" data-id=\"9189\" src=\"https:\/\/plasticseurope.org\/de\/wp-content\/uploads\/sites\/3\/2024\/01\/Plastics-Europe-Logo-Strapline-Negative-RGB-1024x411.png\" alt=\"Plastics Europe Logo Transparent hell, zum download\" class=\"wp-image-9189\" srcset=\"https:\/\/plasticseurope.org\/de\/wp-content\/uploads\/sites\/3\/2024\/01\/Plastics-Europe-Logo-Strapline-Negative-RGB-1024x411.png 1024w, https:\/\/plasticseurope.org\/de\/wp-content\/uploads\/sites\/3\/2024\/01\/Plastics-Europe-Logo-Strapline-Negative-RGB-300x120.png 300w, https:\/\/plasticseurope.org\/de\/wp-content\/uploads\/sites\/3\/2024\/01\/Plastics-Europe-Logo-Strapline-Negative-RGB-768x308.png 768w, https:\/\/plasticseurope.org\/de\/wp-content\/uploads\/sites\/3\/2024\/01\/Plastics-Europe-Logo-Strapline-Negative-RGB-1536x616.png 1536w, https:\/\/plasticseurope.org\/de\/wp-content\/uploads\/sites\/3\/2024\/01\/Plastics-Europe-Logo-Strapline-Negative-RGB-2048x821.png 2048w, https:\/\/plasticseurope.org\/de\/wp-content\/uploads\/sites\/3\/2024\/01\/Plastics-Europe-Logo-Strapline-Negative-RGB-1980x794.png 1980w, https:\/\/plasticseurope.org\/de\/wp-content\/uploads\/sites\/3\/2024\/01\/Plastics-Europe-Logo-Strapline-Negative-RGB-1280x513.png 1280w\" sizes=\"auto, (max-width: 1024px) 100vw, 1024px\" \/><\/a><figcaption class=\"wp-element-caption\">Plastics Europe Logo darkmode, zum Download \u00a9 Plastics Europe<\/figcaption><\/figure>\n\n\n\n<figure class=\"wp-block-image size-large wp-duotone-4a4a49-4a4a49-2\"><a href=\"https:\/\/plasticseurope.org\/de\/wp-content\/uploads\/sites\/3\/2024\/01\/Plastics-Europe-Logo-Strapline-White-RGB.png\"><img loading=\"lazy\" decoding=\"async\" width=\"1024\" height=\"410\" data-id=\"9190\" src=\"https:\/\/plasticseurope.org\/de\/wp-content\/uploads\/sites\/3\/2024\/01\/Plastics-Europe-Logo-Strapline-White-RGB-1024x410.png\" alt=\"Plastics Europe Logo transparent und invertiert, um download\" class=\"wp-image-9190\" srcset=\"https:\/\/plasticseurope.org\/de\/wp-content\/uploads\/sites\/3\/2024\/01\/Plastics-Europe-Logo-Strapline-White-RGB-1024x410.png 1024w, https:\/\/plasticseurope.org\/de\/wp-content\/uploads\/sites\/3\/2024\/01\/Plastics-Europe-Logo-Strapline-White-RGB-300x120.png 300w, https:\/\/plasticseurope.org\/de\/wp-content\/uploads\/sites\/3\/2024\/01\/Plastics-Europe-Logo-Strapline-White-RGB-768x308.png 768w, https:\/\/plasticseurope.org\/de\/wp-content\/uploads\/sites\/3\/2024\/01\/Plastics-Europe-Logo-Strapline-White-RGB-1536x615.png 1536w, https:\/\/plasticseurope.org\/de\/wp-content\/uploads\/sites\/3\/2024\/01\/Plastics-Europe-Logo-Strapline-White-RGB-2048x821.png 2048w, https:\/\/plasticseurope.org\/de\/wp-content\/uploads\/sites\/3\/2024\/01\/Plastics-Europe-Logo-Strapline-White-RGB-1980x793.png 1980w, https:\/\/plasticseurope.org\/de\/wp-content\/uploads\/sites\/3\/2024\/01\/Plastics-Europe-Logo-Strapline-White-RGB-1280x513.png 1280w\" sizes=\"auto, (max-width: 1024px) 100vw, 1024px\" \/><\/a><figcaption class=\"wp-element-caption\">Plastics Europe Logo invertiert, zum Download \u00a9 Plastics Europe<\/figcaption><\/figure>\n<\/figure>\n\n\n\n<div style=\"height:100px\" aria-hidden=\"true\" class=\"wp-block-spacer is-style-large\"><\/div>\n\n\n\n<div class=\"wp-block-group is-layout-constrained wp-block-group-is-layout-constrained\">\n<h2 class=\"wp-block-heading\">Pressefotos K-Messe, der Weltausstellung f\u00fcr Kunststoffe<\/h2>\n\n\n\n<p>Die&nbsp;<strong><a href=\"https:\/\/www.k-online.de\/\">K-Messe<\/a><\/strong>&nbsp;ist die weltgr\u00f6\u00dfte&nbsp;Fachmesse&nbsp;der&nbsp;Kunststoff- und&nbsp;Kautschuk-Industrie. Seit 1952 wird die&nbsp;<strong>K<\/strong>&nbsp;von der&nbsp;Messe D\u00fcsseldorf&nbsp;veranstaltet und findet alle drei Jahre statt.<\/p>\n\n\n\n<div style=\"height:100px\" aria-hidden=\"true\" class=\"wp-block-spacer is-style-small\"><\/div>\n\n\n\n<figure class=\"wp-block-gallery has-nested-images columns-2 is-cropped wp-block-gallery-4 is-layout-flex wp-block-gallery-is-layout-flex\">\n<figure class=\"wp-block-image size-full\"><a href=\"https:\/\/plasticseurope.org\/de\/wp-content\/uploads\/sites\/3\/2025\/10\/PlasticsEurope_Day4-303.jpg\"><img loading=\"lazy\" decoding=\"async\" width=\"1024\" height=\"683\" data-id=\"12759\" src=\"https:\/\/plasticseurope.org\/de\/wp-content\/uploads\/sites\/3\/2025\/10\/PlasticsEurope_Day4-303.jpg\" alt=\"\" class=\"wp-image-12759\" srcset=\"https:\/\/plasticseurope.org\/de\/wp-content\/uploads\/sites\/3\/2025\/10\/PlasticsEurope_Day4-303.jpg 1024w, https:\/\/plasticseurope.org\/de\/wp-content\/uploads\/sites\/3\/2025\/10\/PlasticsEurope_Day4-303-300x200.jpg 300w, https:\/\/plasticseurope.org\/de\/wp-content\/uploads\/sites\/3\/2025\/10\/PlasticsEurope_Day4-303-768x512.jpg 768w\" sizes=\"auto, (max-width: 1024px) 100vw, 1024px\" \/><\/a><figcaption class=\"wp-element-caption\">Speaker bei Women in Plastics \u00a9 Plastics Europe Deutschland, The Tailors Photography<\/figcaption><\/figure>\n\n\n\n<figure class=\"wp-block-image size-full\"><a href=\"https:\/\/plasticseurope.org\/de\/wp-content\/uploads\/sites\/3\/2025\/10\/PlasticsEurope_Day4-223-1.jpg\"><img loading=\"lazy\" decoding=\"async\" width=\"1024\" height=\"683\" data-id=\"12760\" src=\"https:\/\/plasticseurope.org\/de\/wp-content\/uploads\/sites\/3\/2025\/10\/PlasticsEurope_Day4-223-1.jpg\" alt=\"\" class=\"wp-image-12760\" srcset=\"https:\/\/plasticseurope.org\/de\/wp-content\/uploads\/sites\/3\/2025\/10\/PlasticsEurope_Day4-223-1.jpg 1024w, https:\/\/plasticseurope.org\/de\/wp-content\/uploads\/sites\/3\/2025\/10\/PlasticsEurope_Day4-223-1-300x200.jpg 300w, https:\/\/plasticseurope.org\/de\/wp-content\/uploads\/sites\/3\/2025\/10\/PlasticsEurope_Day4-223-1-768x512.jpg 768w\" sizes=\"auto, (max-width: 1024px) 100vw, 1024px\" \/><\/a><figcaption class=\"wp-element-caption\">Keynote von Stephanie Kalil bei Women in Plastics \u00a9 Plastics Europe Deutschland, The Tailors Photography<\/figcaption><\/figure>\n\n\n\n<figure class=\"wp-block-image size-full\"><a href=\"https:\/\/plasticseurope.org\/de\/wp-content\/uploads\/sites\/3\/2025\/10\/PlasticsEurope_Day4-234.jpg\"><img loading=\"lazy\" decoding=\"async\" width=\"1024\" height=\"683\" data-id=\"12761\" src=\"https:\/\/plasticseurope.org\/de\/wp-content\/uploads\/sites\/3\/2025\/10\/PlasticsEurope_Day4-234.jpg\" alt=\"\" class=\"wp-image-12761\" srcset=\"https:\/\/plasticseurope.org\/de\/wp-content\/uploads\/sites\/3\/2025\/10\/PlasticsEurope_Day4-234.jpg 1024w, https:\/\/plasticseurope.org\/de\/wp-content\/uploads\/sites\/3\/2025\/10\/PlasticsEurope_Day4-234-300x200.jpg 300w, https:\/\/plasticseurope.org\/de\/wp-content\/uploads\/sites\/3\/2025\/10\/PlasticsEurope_Day4-234-768x512.jpg 768w\" sizes=\"auto, (max-width: 1024px) 100vw, 1024px\" \/><\/a><figcaption class=\"wp-element-caption\">Gro\u00dfer Andrang bei Women in Plastics \u00a9 Plastics Europe Deutschland, The Tailors Photography<\/figcaption><\/figure>\n\n\n\n<figure class=\"wp-block-image size-large\"><a href=\"https:\/\/plasticseurope.org\/de\/wp-content\/uploads\/sites\/3\/2025\/10\/Design-ohne-Titel-2025-10-12T225637.149.png\"><img loading=\"lazy\" decoding=\"async\" width=\"1024\" height=\"768\" data-id=\"12766\" src=\"https:\/\/plasticseurope.org\/de\/wp-content\/uploads\/sites\/3\/2025\/10\/Design-ohne-Titel-2025-10-12T225637.149-1024x768.png\" alt=\"\" class=\"wp-image-12766\" srcset=\"https:\/\/plasticseurope.org\/de\/wp-content\/uploads\/sites\/3\/2025\/10\/Design-ohne-Titel-2025-10-12T225637.149-1024x768.png 1024w, https:\/\/plasticseurope.org\/de\/wp-content\/uploads\/sites\/3\/2025\/10\/Design-ohne-Titel-2025-10-12T225637.149-300x225.png 300w, https:\/\/plasticseurope.org\/de\/wp-content\/uploads\/sites\/3\/2025\/10\/Design-ohne-Titel-2025-10-12T225637.149-768x576.png 768w, https:\/\/plasticseurope.org\/de\/wp-content\/uploads\/sites\/3\/2025\/10\/Design-ohne-Titel-2025-10-12T225637.149-1120x840.png 1120w, https:\/\/plasticseurope.org\/de\/wp-content\/uploads\/sites\/3\/2025\/10\/Design-ohne-Titel-2025-10-12T225637.149.png 1152w\" sizes=\"auto, (max-width: 1024px) 100vw, 1024px\" \/><\/a><figcaption class=\"wp-element-caption\">Petra Cullmann, Begr\u00fc\u00dfungsrede bei Women in Plastics \u00a9 Plastics Europe Deutschland, The Tailors Photography<\/figcaption><\/figure>\n\n\n\n<figure class=\"wp-block-image size-full\"><a href=\"https:\/\/plasticseurope.org\/de\/wp-content\/uploads\/sites\/3\/2025\/10\/PlasticsEurope_Day4-240.jpg\"><img loading=\"lazy\" decoding=\"async\" width=\"1024\" height=\"683\" data-id=\"12764\" src=\"https:\/\/plasticseurope.org\/de\/wp-content\/uploads\/sites\/3\/2025\/10\/PlasticsEurope_Day4-240.jpg\" alt=\"\" class=\"wp-image-12764\" srcset=\"https:\/\/plasticseurope.org\/de\/wp-content\/uploads\/sites\/3\/2025\/10\/PlasticsEurope_Day4-240.jpg 1024w, https:\/\/plasticseurope.org\/de\/wp-content\/uploads\/sites\/3\/2025\/10\/PlasticsEurope_Day4-240-300x200.jpg 300w, https:\/\/plasticseurope.org\/de\/wp-content\/uploads\/sites\/3\/2025\/10\/PlasticsEurope_Day4-240-768x512.jpg 768w\" sizes=\"auto, (max-width: 1024px) 100vw, 1024px\" \/><\/a><figcaption class=\"wp-element-caption\">Miriam Olivi teilt Best Practices von Women in Plastics Italy \u00a9 Plastics Europe Deutschland, The Tailors Photography<\/figcaption><\/figure>\n\n\n\n<figure class=\"wp-block-image size-full\"><a href=\"https:\/\/plasticseurope.org\/de\/wp-content\/uploads\/sites\/3\/2025\/10\/PlasticsEurope_Day4-297.jpg\"><img loading=\"lazy\" decoding=\"async\" width=\"1024\" height=\"683\" data-id=\"12765\" src=\"https:\/\/plasticseurope.org\/de\/wp-content\/uploads\/sites\/3\/2025\/10\/PlasticsEurope_Day4-297.jpg\" alt=\"\" class=\"wp-image-12765\" srcset=\"https:\/\/plasticseurope.org\/de\/wp-content\/uploads\/sites\/3\/2025\/10\/PlasticsEurope_Day4-297.jpg 1024w, https:\/\/plasticseurope.org\/de\/wp-content\/uploads\/sites\/3\/2025\/10\/PlasticsEurope_Day4-297-300x200.jpg 300w, https:\/\/plasticseurope.org\/de\/wp-content\/uploads\/sites\/3\/2025\/10\/PlasticsEurope_Day4-297-768x512.jpg 768w\" sizes=\"auto, (max-width: 1024px) 100vw, 1024px\" \/><\/a><figcaption class=\"wp-element-caption\">Panel bei Women in Plastics \u00a9 Plastics Europe Deutschland, The Tailors Photography<\/figcaption><\/figure>\n\n\n\n<figure class=\"wp-block-image size-large\"><a href=\"https:\/\/plasticseurope.org\/de\/wp-content\/uploads\/sites\/3\/2025\/10\/4-1.png\"><img loading=\"lazy\" decoding=\"async\" width=\"1024\" height=\"576\" data-id=\"12722\" src=\"https:\/\/plasticseurope.org\/de\/wp-content\/uploads\/sites\/3\/2025\/10\/4-1-1024x576.png\" alt=\"\" class=\"wp-image-12722\" srcset=\"https:\/\/plasticseurope.org\/de\/wp-content\/uploads\/sites\/3\/2025\/10\/4-1-1024x576.png 1024w, https:\/\/plasticseurope.org\/de\/wp-content\/uploads\/sites\/3\/2025\/10\/4-1-300x169.png 300w, https:\/\/plasticseurope.org\/de\/wp-content\/uploads\/sites\/3\/2025\/10\/4-1-768x432.png 768w, https:\/\/plasticseurope.org\/de\/wp-content\/uploads\/sites\/3\/2025\/10\/4-1-1536x864.png 1536w, https:\/\/plasticseurope.org\/de\/wp-content\/uploads\/sites\/3\/2025\/10\/4-1-1280x720.png 1280w, https:\/\/plasticseurope.org\/de\/wp-content\/uploads\/sites\/3\/2025\/10\/4-1.png 1920w\" sizes=\"auto, (max-width: 1024px) 100vw, 1024px\" \/><\/a><figcaption class=\"wp-element-caption\">Guided Tours auf der K 2025 \u00a9 Plastics Europe Deutschland<\/figcaption><\/figure>\n\n\n\n<figure class=\"wp-block-image size-large\"><a href=\"https:\/\/plasticseurope.org\/de\/wp-content\/uploads\/sites\/3\/2025\/10\/PXL_20251009_134337079-scaled.jpg\"><img loading=\"lazy\" decoding=\"async\" width=\"1024\" height=\"576\" data-id=\"12733\" src=\"https:\/\/plasticseurope.org\/de\/wp-content\/uploads\/sites\/3\/2025\/10\/PXL_20251009_134337079-1024x576.jpg\" alt=\"\" class=\"wp-image-12733\" srcset=\"https:\/\/plasticseurope.org\/de\/wp-content\/uploads\/sites\/3\/2025\/10\/PXL_20251009_134337079-1024x576.jpg 1024w, https:\/\/plasticseurope.org\/de\/wp-content\/uploads\/sites\/3\/2025\/10\/PXL_20251009_134337079-300x169.jpg 300w, https:\/\/plasticseurope.org\/de\/wp-content\/uploads\/sites\/3\/2025\/10\/PXL_20251009_134337079-768x432.jpg 768w, https:\/\/plasticseurope.org\/de\/wp-content\/uploads\/sites\/3\/2025\/10\/PXL_20251009_134337079-1536x864.jpg 1536w, https:\/\/plasticseurope.org\/de\/wp-content\/uploads\/sites\/3\/2025\/10\/PXL_20251009_134337079-2048x1152.jpg 2048w, https:\/\/plasticseurope.org\/de\/wp-content\/uploads\/sites\/3\/2025\/10\/PXL_20251009_134337079-1980x1114.jpg 1980w, https:\/\/plasticseurope.org\/de\/wp-content\/uploads\/sites\/3\/2025\/10\/PXL_20251009_134337079-1280x720.jpg 1280w\" sizes=\"auto, (max-width: 1024px) 100vw, 1024px\" \/><\/a><figcaption class=\"wp-element-caption\">Guided Tours zur Circular Economy for Plastics \u00a9 Plastics Europe Deutschland<\/figcaption><\/figure>\n\n\n\n<figure class=\"wp-block-image size-large\"><a href=\"https:\/\/plasticseurope.org\/de\/wp-content\/uploads\/sites\/3\/2025\/10\/10-1.png\"><img loading=\"lazy\" decoding=\"async\" width=\"1024\" height=\"576\" data-id=\"12728\" src=\"https:\/\/plasticseurope.org\/de\/wp-content\/uploads\/sites\/3\/2025\/10\/10-1-1024x576.png\" alt=\"\" class=\"wp-image-12728\" srcset=\"https:\/\/plasticseurope.org\/de\/wp-content\/uploads\/sites\/3\/2025\/10\/10-1-1024x576.png 1024w, https:\/\/plasticseurope.org\/de\/wp-content\/uploads\/sites\/3\/2025\/10\/10-1-300x169.png 300w, https:\/\/plasticseurope.org\/de\/wp-content\/uploads\/sites\/3\/2025\/10\/10-1-768x432.png 768w, https:\/\/plasticseurope.org\/de\/wp-content\/uploads\/sites\/3\/2025\/10\/10-1-1536x864.png 1536w, https:\/\/plasticseurope.org\/de\/wp-content\/uploads\/sites\/3\/2025\/10\/10-1-1280x720.png 1280w, https:\/\/plasticseurope.org\/de\/wp-content\/uploads\/sites\/3\/2025\/10\/10-1.png 1920w\" sizes=\"auto, (max-width: 1024px) 100vw, 1024px\" \/><\/a><figcaption class=\"wp-element-caption\">Keynote von Prof. Uwe Clausen (Fraunhofer IML) \u00a9 Plastics Europe Deutschland<\/figcaption><\/figure>\n\n\n\n<figure class=\"wp-block-image size-large\"><a href=\"https:\/\/plasticseurope.org\/de\/wp-content\/uploads\/sites\/3\/2025\/10\/Design-ohne-Titel-2025-10-11T175536.374.png\"><img loading=\"lazy\" decoding=\"async\" width=\"1024\" height=\"576\" data-id=\"12753\" src=\"https:\/\/plasticseurope.org\/de\/wp-content\/uploads\/sites\/3\/2025\/10\/Design-ohne-Titel-2025-10-11T175536.374-1024x576.png\" alt=\"\" class=\"wp-image-12753\" srcset=\"https:\/\/plasticseurope.org\/de\/wp-content\/uploads\/sites\/3\/2025\/10\/Design-ohne-Titel-2025-10-11T175536.374-1024x576.png 1024w, https:\/\/plasticseurope.org\/de\/wp-content\/uploads\/sites\/3\/2025\/10\/Design-ohne-Titel-2025-10-11T175536.374-300x169.png 300w, https:\/\/plasticseurope.org\/de\/wp-content\/uploads\/sites\/3\/2025\/10\/Design-ohne-Titel-2025-10-11T175536.374-768x432.png 768w, https:\/\/plasticseurope.org\/de\/wp-content\/uploads\/sites\/3\/2025\/10\/Design-ohne-Titel-2025-10-11T175536.374-1536x864.png 1536w, https:\/\/plasticseurope.org\/de\/wp-content\/uploads\/sites\/3\/2025\/10\/Design-ohne-Titel-2025-10-11T175536.374-1280x720.png 1280w, https:\/\/plasticseurope.org\/de\/wp-content\/uploads\/sites\/3\/2025\/10\/Design-ohne-Titel-2025-10-11T175536.374.png 1920w\" sizes=\"auto, (max-width: 1024px) 100vw, 1024px\" \/><\/a><figcaption class=\"wp-element-caption\">Panel &#8222;Smart Materials need Smart Systems&#8220; \u00a9 Plastics Europe Deutschland<\/figcaption><\/figure>\n\n\n\n<figure class=\"wp-block-image size-large\"><a href=\"https:\/\/plasticseurope.org\/de\/wp-content\/uploads\/sites\/3\/2025\/10\/2-1.png\"><img loading=\"lazy\" decoding=\"async\" width=\"1024\" height=\"576\" data-id=\"12727\" src=\"https:\/\/plasticseurope.org\/de\/wp-content\/uploads\/sites\/3\/2025\/10\/2-1-1024x576.png\" alt=\"\" class=\"wp-image-12727\" srcset=\"https:\/\/plasticseurope.org\/de\/wp-content\/uploads\/sites\/3\/2025\/10\/2-1-1024x576.png 1024w, https:\/\/plasticseurope.org\/de\/wp-content\/uploads\/sites\/3\/2025\/10\/2-1-300x169.png 300w, https:\/\/plasticseurope.org\/de\/wp-content\/uploads\/sites\/3\/2025\/10\/2-1-768x432.png 768w, https:\/\/plasticseurope.org\/de\/wp-content\/uploads\/sites\/3\/2025\/10\/2-1-1536x864.png 1536w, https:\/\/plasticseurope.org\/de\/wp-content\/uploads\/sites\/3\/2025\/10\/2-1-1280x720.png 1280w, https:\/\/plasticseurope.org\/de\/wp-content\/uploads\/sites\/3\/2025\/10\/2-1.png 1920w\" sizes=\"auto, (max-width: 1024px) 100vw, 1024px\" \/><\/a><figcaption class=\"wp-element-caption\">Panel zu &#8222;Perspectives on Mechanical and Chemical Recycling&#8220; \u00a9 Plastics Europe Deutschland<\/figcaption><\/figure>\n\n\n\n<figure class=\"wp-block-image size-large\"><a href=\"https:\/\/plasticseurope.org\/de\/wp-content\/uploads\/sites\/3\/2025\/10\/15-2.png\"><img loading=\"lazy\" decoding=\"async\" width=\"1024\" height=\"576\" data-id=\"12730\" src=\"https:\/\/plasticseurope.org\/de\/wp-content\/uploads\/sites\/3\/2025\/10\/15-2-1024x576.png\" alt=\"\" class=\"wp-image-12730\" srcset=\"https:\/\/plasticseurope.org\/de\/wp-content\/uploads\/sites\/3\/2025\/10\/15-2-1024x576.png 1024w, https:\/\/plasticseurope.org\/de\/wp-content\/uploads\/sites\/3\/2025\/10\/15-2-300x169.png 300w, https:\/\/plasticseurope.org\/de\/wp-content\/uploads\/sites\/3\/2025\/10\/15-2-768x432.png 768w, https:\/\/plasticseurope.org\/de\/wp-content\/uploads\/sites\/3\/2025\/10\/15-2-1536x864.png 1536w, https:\/\/plasticseurope.org\/de\/wp-content\/uploads\/sites\/3\/2025\/10\/15-2-1280x720.png 1280w, https:\/\/plasticseurope.org\/de\/wp-content\/uploads\/sites\/3\/2025\/10\/15-2.png 1920w\" sizes=\"auto, (max-width: 1024px) 100vw, 1024px\" \/><\/a><figcaption class=\"wp-element-caption\">Panel zu &#8222;PPWR &#8211; Current Status and Lessons Learned \u00a9 Plastics Europe Deutschland<\/figcaption><\/figure>\n\n\n\n<figure class=\"wp-block-image size-large\"><a href=\"https:\/\/plasticseurope.org\/de\/wp-content\/uploads\/sites\/3\/2025\/10\/3.png\"><img loading=\"lazy\" decoding=\"async\" width=\"1024\" height=\"576\" data-id=\"11721\" src=\"https:\/\/plasticseurope.org\/de\/wp-content\/uploads\/sites\/3\/2025\/10\/3-1024x576.png\" alt=\"\" class=\"wp-image-11721\" srcset=\"https:\/\/plasticseurope.org\/de\/wp-content\/uploads\/sites\/3\/2025\/10\/3-1024x576.png 1024w, https:\/\/plasticseurope.org\/de\/wp-content\/uploads\/sites\/3\/2025\/10\/3-300x169.png 300w, https:\/\/plasticseurope.org\/de\/wp-content\/uploads\/sites\/3\/2025\/10\/3-768x432.png 768w, https:\/\/plasticseurope.org\/de\/wp-content\/uploads\/sites\/3\/2025\/10\/3-1536x864.png 1536w, https:\/\/plasticseurope.org\/de\/wp-content\/uploads\/sites\/3\/2025\/10\/3-1280x720.png 1280w, https:\/\/plasticseurope.org\/de\/wp-content\/uploads\/sites\/3\/2025\/10\/3.png 1920w\" sizes=\"auto, (max-width: 1024px) 100vw, 1024px\" \/><\/a><figcaption class=\"wp-element-caption\">Exponate der Sonderschau in Halle 6 \/ C40 <br>\u00a9 Plastics Europe Deutschland<\/figcaption><\/figure>\n\n\n\n<figure class=\"wp-block-image size-large\"><a href=\"https:\/\/plasticseurope.org\/de\/wp-content\/uploads\/sites\/3\/2025\/10\/5.png\"><img loading=\"lazy\" decoding=\"async\" width=\"1024\" height=\"576\" data-id=\"11723\" src=\"https:\/\/plasticseurope.org\/de\/wp-content\/uploads\/sites\/3\/2025\/10\/5-1024x576.png\" alt=\"\" class=\"wp-image-11723\" srcset=\"https:\/\/plasticseurope.org\/de\/wp-content\/uploads\/sites\/3\/2025\/10\/5-1024x576.png 1024w, https:\/\/plasticseurope.org\/de\/wp-content\/uploads\/sites\/3\/2025\/10\/5-300x169.png 300w, https:\/\/plasticseurope.org\/de\/wp-content\/uploads\/sites\/3\/2025\/10\/5-768x432.png 768w, https:\/\/plasticseurope.org\/de\/wp-content\/uploads\/sites\/3\/2025\/10\/5-1536x864.png 1536w, https:\/\/plasticseurope.org\/de\/wp-content\/uploads\/sites\/3\/2025\/10\/5-1280x720.png 1280w, https:\/\/plasticseurope.org\/de\/wp-content\/uploads\/sites\/3\/2025\/10\/5.png 1920w\" sizes=\"auto, (max-width: 1024px) 100vw, 1024px\" \/><\/a><figcaption class=\"wp-element-caption\">Materialausstellung auf der Sonderschau in Halle 6 \/ C40 \u00a9 Plastics Europe Deutschland<\/figcaption><\/figure>\n\n\n\n<figure class=\"wp-block-image size-large\"><a href=\"https:\/\/plasticseurope.org\/de\/wp-content\/uploads\/sites\/3\/2025\/10\/4.png\"><img loading=\"lazy\" decoding=\"async\" width=\"1024\" height=\"576\" data-id=\"11722\" src=\"https:\/\/plasticseurope.org\/de\/wp-content\/uploads\/sites\/3\/2025\/10\/4-1024x576.png\" alt=\"\" class=\"wp-image-11722\" srcset=\"https:\/\/plasticseurope.org\/de\/wp-content\/uploads\/sites\/3\/2025\/10\/4-1024x576.png 1024w, https:\/\/plasticseurope.org\/de\/wp-content\/uploads\/sites\/3\/2025\/10\/4-300x169.png 300w, https:\/\/plasticseurope.org\/de\/wp-content\/uploads\/sites\/3\/2025\/10\/4-768x432.png 768w, https:\/\/plasticseurope.org\/de\/wp-content\/uploads\/sites\/3\/2025\/10\/4-1536x864.png 1536w, https:\/\/plasticseurope.org\/de\/wp-content\/uploads\/sites\/3\/2025\/10\/4-1280x720.png 1280w, https:\/\/plasticseurope.org\/de\/wp-content\/uploads\/sites\/3\/2025\/10\/4.png 1920w\" sizes=\"auto, (max-width: 1024px) 100vw, 1024px\" \/><\/a><figcaption class=\"wp-element-caption\">Der Rohstoff-Kubus auf der Sonderschau in Halle 6 \/ C40 \u00a9 Plastics Europe Deutschland<\/figcaption><\/figure>\n\n\n\n<figure class=\"wp-block-image size-large\"><a href=\"https:\/\/plasticseurope.org\/de\/wp-content\/uploads\/sites\/3\/2025\/10\/EuropePlastics_Day1-318.jpg\"><img loading=\"lazy\" decoding=\"async\" width=\"1024\" height=\"683\" data-id=\"12770\" src=\"https:\/\/plasticseurope.org\/de\/wp-content\/uploads\/sites\/3\/2025\/10\/EuropePlastics_Day1-318-1024x683.jpg\" alt=\"\" class=\"wp-image-12770\" srcset=\"https:\/\/plasticseurope.org\/de\/wp-content\/uploads\/sites\/3\/2025\/10\/EuropePlastics_Day1-318-1024x683.jpg 1024w, https:\/\/plasticseurope.org\/de\/wp-content\/uploads\/sites\/3\/2025\/10\/EuropePlastics_Day1-318-300x200.jpg 300w, https:\/\/plasticseurope.org\/de\/wp-content\/uploads\/sites\/3\/2025\/10\/EuropePlastics_Day1-318-768x512.jpg 768w, https:\/\/plasticseurope.org\/de\/wp-content\/uploads\/sites\/3\/2025\/10\/EuropePlastics_Day1-318-1536x1025.jpg 1536w, https:\/\/plasticseurope.org\/de\/wp-content\/uploads\/sites\/3\/2025\/10\/EuropePlastics_Day1-318-1259x840.jpg 1259w\" sizes=\"auto, (max-width: 1024px) 100vw, 1024px\" \/><\/a><figcaption class=\"wp-element-caption\">Dr. Christine Bunte auf der K 2025 \u00a9 Plastics Europe Deutschland, The Tailors Photography<\/figcaption><\/figure>\n\n\n\n<figure class=\"wp-block-image size-large\"><a href=\"https:\/\/plasticseurope.org\/de\/wp-content\/uploads\/sites\/3\/2025\/10\/EuropePlastics_Day1-278.jpg\"><img loading=\"lazy\" decoding=\"async\" width=\"683\" height=\"1024\" data-id=\"12773\" src=\"https:\/\/plasticseurope.org\/de\/wp-content\/uploads\/sites\/3\/2025\/10\/EuropePlastics_Day1-278-683x1024.jpg\" alt=\"\" class=\"wp-image-12773\" srcset=\"https:\/\/plasticseurope.org\/de\/wp-content\/uploads\/sites\/3\/2025\/10\/EuropePlastics_Day1-278-683x1024.jpg 683w, https:\/\/plasticseurope.org\/de\/wp-content\/uploads\/sites\/3\/2025\/10\/EuropePlastics_Day1-278-200x300.jpg 200w, https:\/\/plasticseurope.org\/de\/wp-content\/uploads\/sites\/3\/2025\/10\/EuropePlastics_Day1-278-768x1151.jpg 768w, https:\/\/plasticseurope.org\/de\/wp-content\/uploads\/sites\/3\/2025\/10\/EuropePlastics_Day1-278-1025x1536.jpg 1025w, https:\/\/plasticseurope.org\/de\/wp-content\/uploads\/sites\/3\/2025\/10\/EuropePlastics_Day1-278-1980x2969.jpg 1980w, https:\/\/plasticseurope.org\/de\/wp-content\/uploads\/sites\/3\/2025\/10\/EuropePlastics_Day1-278-560x840.jpg 560w\" sizes=\"auto, (max-width: 683px) 100vw, 683px\" \/><\/a><figcaption class=\"wp-element-caption\">Dr. Christine Bunte auf der K 2025 \u00a9 Plastics Europe Deutschland, The Tailors Photography<\/figcaption><\/figure>\n\n\n\n<figure class=\"wp-block-image size-large\"><a href=\"https:\/\/plasticseurope.org\/de\/wp-content\/uploads\/sites\/3\/2025\/10\/EuropePlastics_Day1-279.jpg\"><img loading=\"lazy\" decoding=\"async\" width=\"683\" height=\"1024\" data-id=\"12771\" src=\"https:\/\/plasticseurope.org\/de\/wp-content\/uploads\/sites\/3\/2025\/10\/EuropePlastics_Day1-279-683x1024.jpg\" alt=\"\" class=\"wp-image-12771\" srcset=\"https:\/\/plasticseurope.org\/de\/wp-content\/uploads\/sites\/3\/2025\/10\/EuropePlastics_Day1-279-683x1024.jpg 683w, https:\/\/plasticseurope.org\/de\/wp-content\/uploads\/sites\/3\/2025\/10\/EuropePlastics_Day1-279-200x300.jpg 200w, https:\/\/plasticseurope.org\/de\/wp-content\/uploads\/sites\/3\/2025\/10\/EuropePlastics_Day1-279-768x1151.jpg 768w, https:\/\/plasticseurope.org\/de\/wp-content\/uploads\/sites\/3\/2025\/10\/EuropePlastics_Day1-279-1025x1536.jpg 1025w, https:\/\/plasticseurope.org\/de\/wp-content\/uploads\/sites\/3\/2025\/10\/EuropePlastics_Day1-279-1980x2969.jpg 1980w, https:\/\/plasticseurope.org\/de\/wp-content\/uploads\/sites\/3\/2025\/10\/EuropePlastics_Day1-279-560x840.jpg 560w\" sizes=\"auto, (max-width: 683px) 100vw, 683px\" \/><\/a><figcaption class=\"wp-element-caption\">Dr. Ralf D\u00fcssel auf der K 2025 \u00a9 Plastics Europe Deutschland, The Tailors Photography<\/figcaption><\/figure>\n\n\n\n<figure class=\"wp-block-image size-large\"><a href=\"https:\/\/plasticseurope.org\/de\/wp-content\/uploads\/sites\/3\/2025\/10\/EuropePlastics_Day1-317.jpg\"><img loading=\"lazy\" decoding=\"async\" width=\"683\" height=\"1024\" data-id=\"12774\" src=\"https:\/\/plasticseurope.org\/de\/wp-content\/uploads\/sites\/3\/2025\/10\/EuropePlastics_Day1-317-683x1024.jpg\" alt=\"\" class=\"wp-image-12774\" srcset=\"https:\/\/plasticseurope.org\/de\/wp-content\/uploads\/sites\/3\/2025\/10\/EuropePlastics_Day1-317-683x1024.jpg 683w, https:\/\/plasticseurope.org\/de\/wp-content\/uploads\/sites\/3\/2025\/10\/EuropePlastics_Day1-317-200x300.jpg 200w, https:\/\/plasticseurope.org\/de\/wp-content\/uploads\/sites\/3\/2025\/10\/EuropePlastics_Day1-317-768x1151.jpg 768w, https:\/\/plasticseurope.org\/de\/wp-content\/uploads\/sites\/3\/2025\/10\/EuropePlastics_Day1-317-1025x1536.jpg 1025w, https:\/\/plasticseurope.org\/de\/wp-content\/uploads\/sites\/3\/2025\/10\/EuropePlastics_Day1-317-1980x2969.jpg 1980w, https:\/\/plasticseurope.org\/de\/wp-content\/uploads\/sites\/3\/2025\/10\/EuropePlastics_Day1-317-560x840.jpg 560w\" sizes=\"auto, (max-width: 683px) 100vw, 683px\" \/><\/a><figcaption class=\"wp-element-caption\">Dr. Ralf D\u00fcssel auf der K 2025 \u00a9 Plastics Europe Deutschland, The Tailors Photography<\/figcaption><\/figure>\n\n\n\n<figure class=\"wp-block-image size-large\"><a href=\"https:\/\/plasticseurope.org\/de\/wp-content\/uploads\/sites\/3\/2025\/10\/EuropePlastics_Day1-49.jpg\"><img loading=\"lazy\" decoding=\"async\" width=\"683\" height=\"1024\" data-id=\"12775\" src=\"https:\/\/plasticseurope.org\/de\/wp-content\/uploads\/sites\/3\/2025\/10\/EuropePlastics_Day1-49-683x1024.jpg\" alt=\"\" class=\"wp-image-12775\" srcset=\"https:\/\/plasticseurope.org\/de\/wp-content\/uploads\/sites\/3\/2025\/10\/EuropePlastics_Day1-49-683x1024.jpg 683w, https:\/\/plasticseurope.org\/de\/wp-content\/uploads\/sites\/3\/2025\/10\/EuropePlastics_Day1-49-200x300.jpg 200w, https:\/\/plasticseurope.org\/de\/wp-content\/uploads\/sites\/3\/2025\/10\/EuropePlastics_Day1-49-768x1151.jpg 768w, https:\/\/plasticseurope.org\/de\/wp-content\/uploads\/sites\/3\/2025\/10\/EuropePlastics_Day1-49-1025x1536.jpg 1025w, https:\/\/plasticseurope.org\/de\/wp-content\/uploads\/sites\/3\/2025\/10\/EuropePlastics_Day1-49-1980x2969.jpg 1980w, https:\/\/plasticseurope.org\/de\/wp-content\/uploads\/sites\/3\/2025\/10\/EuropePlastics_Day1-49-560x840.jpg 560w\" sizes=\"auto, (max-width: 683px) 100vw, 683px\" \/><\/a><figcaption class=\"wp-element-caption\">Feierliche Er\u00f6ffnung der K 2025 \u00a9 Plastics Europe Deutschland, The Tailors Photography<\/figcaption><\/figure>\n<\/figure>\n<\/div>\n","protected":false},"excerpt":{"rendered":"<p>Ihre Ansprechpartnerin: Bettina DempewolfLeiterin KommunikationTelefon: +49 (69) 2556-1307 Folgen Sie uns auf LinkedIn. Pressefotos zum Download Plastics Europe ist der Verband der europ\u00e4ischen Kunststofferzeuger. Alle Bilder auf dieser Website d\u00fcrfen f\u00fcr redaktionelle Beitr\u00e4gen \u00fcber PlasticsEurope Deutschland e.V. kostenfrei verwendet werden, bei Angabe der Herkunft und des Fotografen. Die Bild- und Urheberrechte an den Bildern, bleiben [&hellip;]<\/p>\n","protected":false},"author":1,"featured_media":12697,"parent":0,"menu_order":0,"comment_status":"closed","ping_status":"closed","template":"","meta":{"footnotes":""},"class_list":["post-8177","page","type-page","status-publish","has-post-thumbnail","hentry"],"acf":[],"yoast_head":"<!-- This site is optimized with the Yoast SEO plugin v21.6 - https:\/\/yoast.com\/wordpress\/plugins\/seo\/ -->\n<title>Pressemitteilungen und Pressefotos zum Download - Plastics Europe DE<\/title>\n<meta name=\"description\" content=\"Pressemitteilungen und Pressefotos zum Download. Aktuelle Pressemitteilungen, Ansprechpartner, Hochaufl\u00f6sende Pressefotos.\" \/>\n<meta name=\"robots\" content=\"index, follow, max-snippet:-1, max-image-preview:large, max-video-preview:-1\" \/>\n<link rel=\"canonical\" href=\"https:\/\/plasticseurope.org\/de\/pressemitteilungen\/\" \/>\n<meta property=\"og:locale\" content=\"de_DE\" \/>\n<meta property=\"og:type\" content=\"article\" \/>\n<meta property=\"og:title\" content=\"Pressemitteilungen und Pressefotos zum Download - Plastics Europe DE\" \/>\n<meta property=\"og:description\" content=\"Pressemitteilungen und Pressefotos zum Download. Aktuelle Pressemitteilungen, Ansprechpartner, Hochaufl\u00f6sende Pressefotos.\" \/>\n<meta property=\"og:url\" content=\"https:\/\/plasticseurope.org\/de\/pressemitteilungen\/\" \/>\n<meta property=\"og:site_name\" content=\"Plastics Europe DE\" \/>\n<meta property=\"article:modified_time\" content=\"2026-04-14T12:51:11+00:00\" \/>\n<meta property=\"og:image\" content=\"https:\/\/plasticseurope.org\/de\/wp-content\/uploads\/sites\/3\/2023\/11\/Design-ohne-Titel-68.png\" \/>\n\t<meta property=\"og:image:width\" content=\"2250\" \/>\n\t<meta property=\"og:image:height\" content=\"681\" \/>\n\t<meta property=\"og:image:type\" content=\"image\/png\" \/>\n<meta name=\"twitter:card\" content=\"summary_large_image\" \/>\n<meta name=\"twitter:image\" content=\"https:\/\/plasticseurope.org\/de\/wp-content\/uploads\/sites\/3\/2023\/11\/Design-ohne-Titel-68.png\" \/>\n<meta name=\"twitter:label1\" content=\"Gesch\u00e4tzte Lesezeit\" \/>\n\t<meta name=\"twitter:data1\" content=\"11 Minuten\" \/>\n<script type=\"application\/ld+json\" class=\"yoast-schema-graph\">{\"@context\":\"https:\/\/schema.org\",\"@graph\":[{\"@type\":\"WebPage\",\"@id\":\"https:\/\/plasticseurope.org\/de\/pressemitteilungen\/\",\"url\":\"https:\/\/plasticseurope.org\/de\/pressemitteilungen\/\",\"name\":\"Pressemitteilungen und Pressefotos zum Download - Plastics Europe DE\",\"isPartOf\":{\"@id\":\"https:\/\/plasticseurope.org\/de\/#website\"},\"datePublished\":\"2023-09-19T19:29:21+00:00\",\"dateModified\":\"2026-04-14T12:51:11+00:00\",\"description\":\"Pressemitteilungen und Pressefotos zum Download. Aktuelle Pressemitteilungen, Ansprechpartner, Hochaufl\u00f6sende Pressefotos.\",\"breadcrumb\":{\"@id\":\"https:\/\/plasticseurope.org\/de\/pressemitteilungen\/#breadcrumb\"},\"inLanguage\":\"de-DE\",\"potentialAction\":[{\"@type\":\"ReadAction\",\"target\":[\"https:\/\/plasticseurope.org\/de\/pressemitteilungen\/\"]}]},{\"@type\":\"BreadcrumbList\",\"@id\":\"https:\/\/plasticseurope.org\/de\/pressemitteilungen\/#breadcrumb\",\"itemListElement\":[{\"@type\":\"ListItem\",\"position\":1,\"name\":\"Home\",\"item\":\"https:\/\/plasticseurope.org\/de\/\"},{\"@type\":\"ListItem\",\"position\":2,\"name\":\"Pressemitteilungen und Pressefotos zum Download\"}]},{\"@type\":\"WebSite\",\"@id\":\"https:\/\/plasticseurope.org\/de\/#website\",\"url\":\"https:\/\/plasticseurope.org\/de\/\",\"name\":\"Plastics Europe DE\",\"description\":\"Enabling a sustainable future\",\"potentialAction\":[{\"@type\":\"SearchAction\",\"target\":{\"@type\":\"EntryPoint\",\"urlTemplate\":\"https:\/\/plasticseurope.org\/de\/?s={search_term_string}\"},\"query-input\":\"required name=search_term_string\"}],\"inLanguage\":\"de-DE\"}]}<\/script>\n<!-- \/ Yoast SEO plugin. -->","yoast_head_json":{"title":"Pressemitteilungen und Pressefotos zum Download - Plastics Europe DE","description":"Pressemitteilungen und Pressefotos zum Download. Aktuelle Pressemitteilungen, Ansprechpartner, Hochaufl\u00f6sende Pressefotos.","robots":{"index":"index","follow":"follow","max-snippet":"max-snippet:-1","max-image-preview":"max-image-preview:large","max-video-preview":"max-video-preview:-1"},"canonical":"https:\/\/plasticseurope.org\/de\/pressemitteilungen\/","og_locale":"de_DE","og_type":"article","og_title":"Pressemitteilungen und Pressefotos zum Download - Plastics Europe DE","og_description":"Pressemitteilungen und Pressefotos zum Download. Aktuelle Pressemitteilungen, Ansprechpartner, Hochaufl\u00f6sende Pressefotos.","og_url":"https:\/\/plasticseurope.org\/de\/pressemitteilungen\/","og_site_name":"Plastics Europe DE","article_modified_time":"2026-04-14T12:51:11+00:00","og_image":[{"width":2250,"height":681,"url":"https:\/\/plasticseurope.org\/de\/wp-content\/uploads\/sites\/3\/2023\/11\/Design-ohne-Titel-68.png","type":"image\/png"}],"twitter_card":"summary_large_image","twitter_image":"https:\/\/plasticseurope.org\/de\/wp-content\/uploads\/sites\/3\/2023\/11\/Design-ohne-Titel-68.png","twitter_misc":{"Gesch\u00e4tzte Lesezeit":"11 Minuten"},"schema":{"@context":"https:\/\/schema.org","@graph":[{"@type":"WebPage","@id":"https:\/\/plasticseurope.org\/de\/pressemitteilungen\/","url":"https:\/\/plasticseurope.org\/de\/pressemitteilungen\/","name":"Pressemitteilungen und Pressefotos zum Download - Plastics Europe DE","isPartOf":{"@id":"https:\/\/plasticseurope.org\/de\/#website"},"datePublished":"2023-09-19T19:29:21+00:00","dateModified":"2026-04-14T12:51:11+00:00","description":"Pressemitteilungen und Pressefotos zum Download. Aktuelle Pressemitteilungen, Ansprechpartner, Hochaufl\u00f6sende Pressefotos.","breadcrumb":{"@id":"https:\/\/plasticseurope.org\/de\/pressemitteilungen\/#breadcrumb"},"inLanguage":"de-DE","potentialAction":[{"@type":"ReadAction","target":["https:\/\/plasticseurope.org\/de\/pressemitteilungen\/"]}]},{"@type":"BreadcrumbList","@id":"https:\/\/plasticseurope.org\/de\/pressemitteilungen\/#breadcrumb","itemListElement":[{"@type":"ListItem","position":1,"name":"Home","item":"https:\/\/plasticseurope.org\/de\/"},{"@type":"ListItem","position":2,"name":"Pressemitteilungen und Pressefotos zum Download"}]},{"@type":"WebSite","@id":"https:\/\/plasticseurope.org\/de\/#website","url":"https:\/\/plasticseurope.org\/de\/","name":"Plastics Europe DE","description":"Enabling a sustainable future","potentialAction":[{"@type":"SearchAction","target":{"@type":"EntryPoint","urlTemplate":"https:\/\/plasticseurope.org\/de\/?s={search_term_string}"},"query-input":"required name=search_term_string"}],"inLanguage":"de-DE"}]}},"_links":{"self":[{"href":"https:\/\/plasticseurope.org\/de\/wp-json\/wp\/v2\/pages\/8177","targetHints":{"allow":["GET"]}}],"collection":[{"href":"https:\/\/plasticseurope.org\/de\/wp-json\/wp\/v2\/pages"}],"about":[{"href":"https:\/\/plasticseurope.org\/de\/wp-json\/wp\/v2\/types\/page"}],"author":[{"embeddable":true,"href":"https:\/\/plasticseurope.org\/de\/wp-json\/wp\/v2\/users\/1"}],"replies":[{"embeddable":true,"href":"https:\/\/plasticseurope.org\/de\/wp-json\/wp\/v2\/comments?post=8177"}],"version-history":[{"count":0,"href":"https:\/\/plasticseurope.org\/de\/wp-json\/wp\/v2\/pages\/8177\/revisions"}],"wp:featuredmedia":[{"embeddable":true,"href":"https:\/\/plasticseurope.org\/de\/wp-json\/wp\/v2\/media\/12697"}],"wp:attachment":[{"href":"https:\/\/plasticseurope.org\/de\/wp-json\/wp\/v2\/media?parent=8177"}],"curies":[{"name":"wp","href":"https:\/\/api.w.org\/{rel}","templated":true}]}}