{"id":3386,"date":"2023-07-17T12:19:05","date_gmt":"2023-07-17T12:19:05","guid":{"rendered":"https:\/\/plasticseurope.wpenginepowered.com\/de\/?page_id=3386"},"modified":"2025-03-02T19:47:20","modified_gmt":"2025-03-02T19:47:20","slug":"plastikmuell-in-den-meeren","status":"publish","type":"page","link":"https:\/\/plasticseurope.org\/de\/nachhaltigkeit\/kreislaufwirtschaft\/abfallmanagement-und-abfallvermeidung\/plastikmuell-in-den-meeren\/","title":{"rendered":"Plastikm\u00fcll in den Meeren"},"content":{"rendered":"\n<p>Plastics Europe ist engagierter Unterzeichner der \u201eDeclaration for Solutions on Marine Litter\u201c und der Operation Clean Sweep\u00ae, die darauf abzielt, zu verhindern, dass Plastikm\u00fcll ins Meer gelangt.<\/p>\n\n\n\n<p>Meeresm\u00fcll ist ein wachsendes Problem, das in den letzten Jahren gro\u00dfe \u00f6ffentliche Aufmerksamkeit erregt hat. Die Kunststoffindustrie ist davon \u00fcberzeugt, dass Kunststoffe eine wertvolle Ressource sind, die der modernen Gesellschaft zahlreiche Vorteile bringt und erheblich zu nachhaltigen L\u00f6sungen beitr\u00e4gt.&nbsp;Sie bedauert jedoch, dass Plastikabf\u00e4lle in die Umwelt gelangen, sei es durch unverantwortliches Verhalten oder schlechte Abfallbewirtschaftung, und versucht der Umweltverschmutzung durch Kunststoffabf\u00e4lle aktiv entgegenzuwirken. <\/p>\n\n\n\n<div style=\"height:100px\" aria-hidden=\"true\" class=\"wp-block-spacer is-style-small\"><\/div>\n\n\n\n<figure class=\"wp-block-image size-full\"><img loading=\"lazy\" decoding=\"async\" width=\"2160\" height=\"1215\" src=\"https:\/\/plasticseurope.org\/de\/wp-content\/uploads\/sites\/3\/2023\/07\/gorodenkoff-16.png\" alt=\"\" class=\"wp-image-3441\" srcset=\"https:\/\/plasticseurope.org\/de\/wp-content\/uploads\/sites\/3\/2023\/07\/gorodenkoff-16.png 2160w, https:\/\/plasticseurope.org\/de\/wp-content\/uploads\/sites\/3\/2023\/07\/gorodenkoff-16-300x169.png 300w, https:\/\/plasticseurope.org\/de\/wp-content\/uploads\/sites\/3\/2023\/07\/gorodenkoff-16-1024x576.png 1024w, https:\/\/plasticseurope.org\/de\/wp-content\/uploads\/sites\/3\/2023\/07\/gorodenkoff-16-768x432.png 768w, https:\/\/plasticseurope.org\/de\/wp-content\/uploads\/sites\/3\/2023\/07\/gorodenkoff-16-1536x864.png 1536w, https:\/\/plasticseurope.org\/de\/wp-content\/uploads\/sites\/3\/2023\/07\/gorodenkoff-16-2048x1152.png 2048w, https:\/\/plasticseurope.org\/de\/wp-content\/uploads\/sites\/3\/2023\/07\/gorodenkoff-16-1980x1114.png 1980w, https:\/\/plasticseurope.org\/de\/wp-content\/uploads\/sites\/3\/2023\/07\/gorodenkoff-16-1280x720.png 1280w\" sizes=\"auto, (max-width: 2160px) 100vw, 2160px\" \/><\/figure>\n\n\n\n<div style=\"height:100px\" aria-hidden=\"true\" class=\"wp-block-spacer is-style-small\"><\/div>\n\n\n\n<p><em>Alte Fischernetze, sogenannte &#8222;Ghost Nets&#8220; machen nach neusten Studien zwischen 30 und 50 % des Plastikm\u00fclls in den Meeren aus. <\/em><\/p>\n\n\n\n<div style=\"height:100px\" aria-hidden=\"true\" class=\"wp-block-spacer is-style-small\"><\/div>\n\n\n\n<p>Die Ursachen f\u00fcr Plastikm\u00fcll im Meer sind zahlreich und komplex und k\u00f6nnen nicht von einer Interessengruppe allein gel\u00f6st werden.&nbsp;Als Branche sind wir entschlossen, sowohl in Europa als auch auf internationaler Ebene Multi-Stakeholder-Ma\u00dfnahmen zu diesem Thema voranzutreiben.&nbsp;Unabh\u00e4ngig von der Herkunft ist Plastikm\u00fcll in der Umwelt inakzeptabel, und die Kunststoffindustrie ist bestrebt, das Problem an der Quelle anzugehen.<\/p>\n\n\n\n<p>Als Verband der Kunststoffhersteller konzentrieren wir unsere Bem\u00fchungen dabei auf die Eind\u00e4mmung von <a href=\"https:\/\/plasticseurope.org\/de\/wp-content\/uploads\/sites\/3\/2022\/08\/Positionspapier-Mikroplastik-in-der-Umwelt-Juli-2022.pdf\">prim\u00e4ren Mikroplastik<\/a> und <a href=\"https:\/\/plasticseurope.org\/de\/nachhaltigkeit\/vermeidung-von-pelletverlusten\/\">Pelletverlusten<\/a>, w\u00e4hrend andere Mikropartikel von einer breiten Allianz der Textil-, Reifen-, Farben- und Kosmetikindustrie angegangen werden, \u00fcber international agierende Verb\u00e4nde, wie <a href=\"https:\/\/cefic.org\/\">CEFIC<\/a>.<\/p>\n\n\n\n<div style=\"height:100px\" aria-hidden=\"true\" class=\"wp-block-spacer is-style-medium\"><\/div>\n\n\n\n<div style=\"height:100px\" aria-hidden=\"true\" class=\"wp-block-spacer is-style-small\"><\/div>\n\n\n\n<figure class=\"wp-block-image size-medium\"><a href=\"https:\/\/www.marinelittersolutions.com\/\"><img decoding=\"async\" src=\"https:\/\/plasticseurope.org\/wp-content\/uploads\/2021\/10\/MLS-Logo-300x83.png\" alt=\"Marine Litter Solutions Logo\" class=\"wp-image-1590\" \/><\/a><\/figure>\n\n\n\n<div style=\"height:100px\" aria-hidden=\"true\" class=\"wp-block-spacer is-style-medium\"><\/div>\n\n\n\n<h2 class=\"wp-block-heading\" id=\"marine-litter-solutions\">Maritine Litter Solutions &#8211; L\u00f6sungen f\u00fcr weniger Plastikm\u00fcll in den Meeren<\/h2>\n\n\n\n<p>Um eine gemeinsame Aktionsplattform zu schaffen, haben seit 2011 insgesamt 80 Weltkunststofforganisationen in 43 L\u00e4ndern die globale \u201eDeclaration for Solutions on Marine Litter\u201c unterzeichnet.<\/p>\n\n\n\n<p>Mit der Unterzeichnung dieser Erkl\u00e4rung verpflichtete sich jeder dieser Verb\u00e4nde freiwillig zu bestimmten Ma\u00dfnahmen, um die Auswirkungen der Meeresverschmutzung zu verringern, und stimmte zu, seine Bem\u00fchungen auf diese sechs Hauptziele zu konzentrieren:<\/p>\n\n\n\n<ul class=\"wp-block-list\">\n<li>Problembewusstsein schaffen<\/li>\n\n\n\n<li>Zahlen, Daten und Fakten recherchieren<\/li>\n\n\n\n<li>Best Practices f\u00f6rdern<\/li>\n\n\n\n<li>Wissen teilen<\/li>\n\n\n\n<li>Renaturierungsprogramme f\u00f6rdern<\/li>\n\n\n\n<li>Pelletverlusten vorbeugen<\/li>\n<\/ul>\n\n\n\n<div style=\"height:100px\" aria-hidden=\"true\" class=\"wp-block-spacer is-style-small\"><\/div>\n\n\n\n<p>Laut dem aktuellsten Fortschrittsbericht vom Juni 2020 sind weltweit rund 395 Meeresm\u00fcllprojekte geplant, im Gange oder abgeschlossen.&nbsp;<br>Weitere Informationen finden Sie auf der&nbsp;&nbsp;<a href=\"https:\/\/www.marinelittersolutions.com\/\">Website von Marine Litter Solutions<\/a>.<\/p>\n\n\n\n<div style=\"height:100px\" aria-hidden=\"true\" class=\"wp-block-spacer is-style-medium\"><\/div>\n\n\n\n<figure class=\"wp-block-image size-full\"><a href=\"www.opcleansweep.eu\"><img decoding=\"async\" src=\"https:\/\/plasticseurope.org\/wp-content\/uploads\/2021\/10\/ocs-logo.png\" alt=\"Operations Clean Sweep Logo\" class=\"wp-image-1591\" \/><\/a><\/figure>\n\n\n\n<div style=\"height:100px\" aria-hidden=\"true\" class=\"wp-block-spacer is-style-small\"><\/div>\n\n\n\n<h2 class=\"wp-block-heading\" id=\"operation-clean-sweep\">Operation Clean Sweep\u00ae<\/h2>\n\n\n\n<p>Im Hinblick auf den m\u00f6glichen Verlust von Kunststoffpellets aus der Vorproduktion achten <a href=\"https:\/\/plasticseurope.org\/de\/\">Plastics Europe<\/a> und seine Mitglieder darauf, die Durchsetzung von Stewardship-Programmen, insbesondere der Initiative \u201eOperation Clean Sweep\u00ae\u201c, zu verst\u00e4rken.&nbsp;OCS f\u00f6rdert die ordnungsgem\u00e4\u00dfe Lagerung von Pellets entlang der gesamten Kunststoff-Wertsch\u00f6pfungskette.<\/p>\n\n\n\n<p>Die Kunststoffindustrie f\u00f6rdert das Programm aktiv \u00fcber Kunststoffproduzenten, -verarbeiter, -h\u00e4ndler, Logistik- und Recyclingunternehmen sowie deren angeschlossene Verb\u00e4nde.&nbsp;Denn es erfordert einen umfassenden Wertsch\u00f6pfungskettenansatz, der eine gemeinsame Anstrengung und Verpflichtung sein muss, um erfolgreich zu sein.<\/p>\n\n\n\n<p>Bisher haben viele gro\u00dfe multinationale Kunststoffhersteller, die den Gro\u00dfteil der Produktion und Anlagen in Europa abdecken, das \u201e<a href=\"http:\/\/www.opcleansweep.eu\/sign-up\/\" target=\"_blank\" rel=\"noreferrer noopener\">Operation Clean Sweep\u00ae\u201c-Versprechen<\/a>&nbsp;unterzeichnet, oder \u00e4hnliche Programme umgesetzt.&nbsp;Wir z\u00e4hlen 14 Verb\u00e4nde in Europa, die sich mit engagierten Initiativen dem Pelletverlust widmen, und gemeinsam werden wir an Zahl wachsen.<\/p>\n\n\n\n<p>Weitere Informationen finden Sie unter&nbsp;&nbsp;<a href=\"http:\/\/www.opcleansweep.eu\/\" target=\"_blank\" rel=\"noreferrer noopener\">www.opcleansweep.eu<\/a><\/p>\n\n\n\n<div style=\"height:100px\" aria-hidden=\"true\" class=\"wp-block-spacer is-style-medium\"><\/div>\n\n\n\n<figure class=\"wp-block-image size-full is-resized\"><img loading=\"lazy\" decoding=\"async\" width=\"258\" height=\"195\" src=\"https:\/\/plasticseurope.org\/de\/wp-content\/uploads\/sites\/3\/2023\/07\/unep-logo.png\" alt=\"UN Environment Programme Logo\" class=\"wp-image-3462\" style=\"width:194px;height:146px\" \/><\/figure>\n\n\n\n<div style=\"height:100px\" aria-hidden=\"true\" class=\"wp-block-spacer is-style-small\"><\/div>\n\n\n\n<h2 class=\"wp-block-heading\">UN-Plastikabkommen &#8211; Zur Eind\u00e4mmung des Plastikm\u00fclls<\/h2>\n\n\n\n<p>Die Mitgliedstaaten der Vereinten Nationen wollen der Umweltverschmutzung durch Plastikabf\u00e4lle bis 2040 ein Ende setzen. Plastics Europe begr\u00fc\u00dft die Verhandlungen zum <a href=\"https:\/\/wedocs.unep.org\/bitstream\/handle\/20.500.11822\/39812\/OEWG_PP_1_INF_1_UNEA%20resolution.pdf\">weltweiten Abkommen<\/a>&nbsp;und unterst\u00fctzt das \u00fcbergeordnete Ziel, die Kreislaufwirtschaft zu st\u00e4rken. Der Verband bef\u00fcrwortet verbindliche und <a href=\"https:\/\/plasticseurope.org\/de\/nachhaltigkeit\/rezyklateinsatz\/\">ambitionierte Rezyklateinsatzquoten<\/a>, sowie Ma\u00dfnahmen zur <a href=\"https:\/\/plasticseurope.org\/de\/knowledge-hub\/kreislaufwirtschaftplus-handlungsempfehlungen-fur-eine-nationale-kreislaufwirtschaftsstrategie\/\">erweiterten Herstellerverantwortung<\/a> und zum zirkul\u00e4ren Produktdesign. Bis 2024 m\u00f6chte UNEP dazu ein verbindliches Abkommen aushandeln, das von einer breiten Mehrheit der Staaten unterst\u00fctzt wird. <\/p>\n\n\n\n<div style=\"height:100px\" aria-hidden=\"true\" class=\"wp-block-spacer is-style-small\"><\/div>\n\n\n\n<figure class=\"wp-block-image size-full\"><img loading=\"lazy\" decoding=\"async\" width=\"2048\" height=\"1366\" src=\"https:\/\/plasticseurope.org\/de\/wp-content\/uploads\/sites\/3\/2023\/05\/1047_F_UE_8030.jpg\" alt=\"Stellungnahme zum UN-Plastikabkommen\" class=\"wp-image-2876\" srcset=\"https:\/\/plasticseurope.org\/de\/wp-content\/uploads\/sites\/3\/2023\/05\/1047_F_UE_8030.jpg 2048w, https:\/\/plasticseurope.org\/de\/wp-content\/uploads\/sites\/3\/2023\/05\/1047_F_UE_8030-300x200.jpg 300w, https:\/\/plasticseurope.org\/de\/wp-content\/uploads\/sites\/3\/2023\/05\/1047_F_UE_8030-1024x683.jpg 1024w, https:\/\/plasticseurope.org\/de\/wp-content\/uploads\/sites\/3\/2023\/05\/1047_F_UE_8030-768x512.jpg 768w, https:\/\/plasticseurope.org\/de\/wp-content\/uploads\/sites\/3\/2023\/05\/1047_F_UE_8030-1536x1025.jpg 1536w, https:\/\/plasticseurope.org\/de\/wp-content\/uploads\/sites\/3\/2023\/05\/1047_F_UE_8030-1980x1321.jpg 1980w, https:\/\/plasticseurope.org\/de\/wp-content\/uploads\/sites\/3\/2023\/05\/1047_F_UE_8030-1259x840.jpg 1259w\" sizes=\"auto, (max-width: 2048px) 100vw, 2048px\" \/><\/figure>\n\n\n\n<div style=\"height:100px\" aria-hidden=\"true\" class=\"wp-block-spacer is-style-small\"><\/div>\n\n\n\n<p><em>Plastics Europe unterst\u00fctzt die Ziele des UN-Plastikabkommens.<\/em><\/p>\n\n\n\n<div style=\"height:100px\" aria-hidden=\"true\" class=\"wp-block-spacer is-style-small\"><\/div>\n\n\n\n<div class=\"wp-block-buttons is-layout-flex wp-block-buttons-is-layout-flex\">\n<div class=\"wp-block-button\"><a class=\"wp-block-button__link wp-element-button\" href=\"https:\/\/plasticseurope.org\/de\/wp-content\/uploads\/sites\/3\/2023\/05\/2023-03-01_INC2_Positionspapier_Deutsch.pdf\">Download Positionspapier<\/a><\/div>\n<\/div>\n\n\n\n<div style=\"height:100px\" aria-hidden=\"true\" class=\"wp-block-spacer is-style-small\"><\/div>\n\n\n\n<div style=\"height:100px\" aria-hidden=\"true\" class=\"wp-block-spacer is-style-small\"><\/div>\n\n\n\n<h2 class=\"wp-block-heading\">Weitere Initiativen und Veranstaltungen von Plastics Europe<\/h2>\n\n\n\n<p>Dar\u00fcber hinaus tragen andere Initiativen von Plastics Europe, wie etwa \u201e<a href=\"https:\/\/plasticseurope.org\/sustainability\/circularity\/recycling\/zero-plastics-to-landfill\/\">Zero Plastics To Landfill\u201c,<\/a>&nbsp;&nbsp;zu nachhaltigen L\u00f6sungen zur Bek\u00e4mpfung von Meeresm\u00fcll bei.&nbsp;Wir organisieren auch Stakeholder-Veranstaltungen wie <a href=\"https:\/\/bmbf-plastik.de\/de\/veranstaltung\/identiplast-2019\">IdentiPlast <\/a>und <a href=\"https:\/\/www.k-online.de\/de\/Media_News\/News\/PlasticsEurope_PolyTalk_-_Diskussion_%C3%BCber_Kunststoff,_Nachhaltigkeit_und_den_Weg_in_die_Zukunft\">PolyTalk<\/a> und f\u00f6rdern intensiv die Implementierung von&nbsp;&nbsp;<a href=\"https:\/\/plasticseurope.org\/sustainability\/circularity\/life-cycle-thinking\/\">Life Cycle Thinking-<\/a>&nbsp;&nbsp;Methodentools, um dazu beizutragen, den Austritt von Kunststoffprodukten in die Umwelt zu reduzieren.<\/p>\n","protected":false},"excerpt":{"rendered":"<p>Plastics Europe ist engagierter Unterzeichner der \u201eDeclaration for Solutions on Marine Litter\u201c und der Operation Clean Sweep\u00ae, die darauf abzielt, zu verhindern, dass Plastikm\u00fcll ins Meer gelangt. Meeresm\u00fcll ist ein wachsendes Problem, das in den letzten Jahren gro\u00dfe \u00f6ffentliche Aufmerksamkeit erregt hat. Die Kunststoffindustrie ist davon \u00fcberzeugt, dass Kunststoffe eine wertvolle Ressource sind, die der [&hellip;]<\/p>\n","protected":false},"author":1,"featured_media":3443,"parent":3363,"menu_order":0,"comment_status":"closed","ping_status":"closed","template":"","meta":{"footnotes":""},"class_list":["post-3386","page","type-page","status-publish","has-post-thumbnail","hentry"],"acf":[],"yoast_head":"<!-- This site is optimized with the Yoast SEO plugin v21.6 - https:\/\/yoast.com\/wordpress\/plugins\/seo\/ -->\n<title>Plastikm\u00fcll in den Meeren<\/title>\n<meta name=\"description\" content=\"Plastikm\u00fcll in den Meeren ist ein wachsendes Problem, das in den letzten Jahren gro\u00dfe \u00f6ffentliche Aufmerksamkeit erregt hat.\" \/>\n<meta name=\"robots\" content=\"index, follow, max-snippet:-1, max-image-preview:large, max-video-preview:-1\" \/>\n<link rel=\"canonical\" href=\"https:\/\/plasticseurope.org\/de\/nachhaltigkeit\/kreislaufwirtschaft\/abfallmanagement-und-abfallvermeidung\/plastikmuell-in-den-meeren\/\" \/>\n<meta property=\"og:locale\" content=\"de_DE\" \/>\n<meta property=\"og:type\" content=\"article\" \/>\n<meta property=\"og:title\" content=\"Plastikm\u00fcll in den Meeren\" \/>\n<meta property=\"og:description\" content=\"Plastikm\u00fcll in den Meeren ist ein wachsendes Problem, das in den letzten Jahren gro\u00dfe \u00f6ffentliche Aufmerksamkeit erregt hat.\" \/>\n<meta property=\"og:url\" content=\"https:\/\/plasticseurope.org\/de\/nachhaltigkeit\/kreislaufwirtschaft\/abfallmanagement-und-abfallvermeidung\/plastikmuell-in-den-meeren\/\" \/>\n<meta property=\"og:site_name\" content=\"Plastics Europe DE\" \/>\n<meta property=\"article:modified_time\" content=\"2025-03-02T19:47:20+00:00\" \/>\n<meta property=\"og:image\" content=\"https:\/\/plasticseurope.org\/de\/wp-content\/uploads\/sites\/3\/2023\/07\/gorodenkoff-16-1024x576.png\" \/>\n\t<meta property=\"og:image:width\" content=\"1024\" \/>\n\t<meta property=\"og:image:height\" content=\"576\" \/>\n\t<meta property=\"og:image:type\" content=\"image\/png\" \/>\n<meta name=\"twitter:card\" content=\"summary_large_image\" \/>\n<meta name=\"twitter:title\" content=\"Plastikm\u00fcll in den Meeren\" \/>\n<meta name=\"twitter:description\" content=\"Plastikm\u00fcll in den Meeren ist ein wachsendes Problem, das in den letzten Jahren gro\u00dfe \u00f6ffentliche Aufmerksamkeit erregt hat.\" \/>\n<meta name=\"twitter:image\" content=\"https:\/\/plasticseurope.org\/de\/wp-content\/uploads\/sites\/3\/2023\/07\/gorodenkoff-16.png\" \/>\n<meta name=\"twitter:label1\" content=\"Gesch\u00e4tzte Lesezeit\" \/>\n\t<meta name=\"twitter:data1\" content=\"5 Minuten\" \/>\n<script type=\"application\/ld+json\" class=\"yoast-schema-graph\">{\"@context\":\"https:\/\/schema.org\",\"@graph\":[{\"@type\":\"WebPage\",\"@id\":\"https:\/\/plasticseurope.org\/de\/nachhaltigkeit\/kreislaufwirtschaft\/abfallmanagement-und-abfallvermeidung\/plastikmuell-in-den-meeren\/\",\"url\":\"https:\/\/plasticseurope.org\/de\/nachhaltigkeit\/kreislaufwirtschaft\/abfallmanagement-und-abfallvermeidung\/plastikmuell-in-den-meeren\/\",\"name\":\"Plastikm\u00fcll in den Meeren\",\"isPartOf\":{\"@id\":\"https:\/\/plasticseurope.org\/de\/#website\"},\"datePublished\":\"2023-07-17T12:19:05+00:00\",\"dateModified\":\"2025-03-02T19:47:20+00:00\",\"description\":\"Plastikm\u00fcll in den Meeren ist ein wachsendes Problem, das in den letzten Jahren gro\u00dfe \u00f6ffentliche Aufmerksamkeit erregt hat.\",\"breadcrumb\":{\"@id\":\"https:\/\/plasticseurope.org\/de\/nachhaltigkeit\/kreislaufwirtschaft\/abfallmanagement-und-abfallvermeidung\/plastikmuell-in-den-meeren\/#breadcrumb\"},\"inLanguage\":\"de-DE\",\"potentialAction\":[{\"@type\":\"ReadAction\",\"target\":[\"https:\/\/plasticseurope.org\/de\/nachhaltigkeit\/kreislaufwirtschaft\/abfallmanagement-und-abfallvermeidung\/plastikmuell-in-den-meeren\/\"]}]},{\"@type\":\"BreadcrumbList\",\"@id\":\"https:\/\/plasticseurope.org\/de\/nachhaltigkeit\/kreislaufwirtschaft\/abfallmanagement-und-abfallvermeidung\/plastikmuell-in-den-meeren\/#breadcrumb\",\"itemListElement\":[{\"@type\":\"ListItem\",\"position\":1,\"name\":\"Home\",\"item\":\"https:\/\/plasticseurope.org\/de\/\"},{\"@type\":\"ListItem\",\"position\":2,\"name\":\"Nachhaltigkeit\",\"item\":\"https:\/\/plasticseurope.org\/de\/nachhaltigkeit\/\"},{\"@type\":\"ListItem\",\"position\":3,\"name\":\"Kreislaufwirtschaft\",\"item\":\"https:\/\/plasticseurope.org\/de\/nachhaltigkeit\/kreislaufwirtschaft\/\"},{\"@type\":\"ListItem\",\"position\":4,\"name\":\"Abfallmanagement und Abfallvermeidung\",\"item\":\"https:\/\/plasticseurope.org\/de\/nachhaltigkeit\/kreislaufwirtschaft\/abfallmanagement-und-abfallvermeidung\/\"},{\"@type\":\"ListItem\",\"position\":5,\"name\":\"Plastikm\u00fcll in den Meeren\"}]},{\"@type\":\"WebSite\",\"@id\":\"https:\/\/plasticseurope.org\/de\/#website\",\"url\":\"https:\/\/plasticseurope.org\/de\/\",\"name\":\"Plastics Europe DE\",\"description\":\"Enabling a sustainable future\",\"potentialAction\":[{\"@type\":\"SearchAction\",\"target\":{\"@type\":\"EntryPoint\",\"urlTemplate\":\"https:\/\/plasticseurope.org\/de\/?s={search_term_string}\"},\"query-input\":\"required name=search_term_string\"}],\"inLanguage\":\"de-DE\"}]}<\/script>\n<!-- \/ Yoast SEO plugin. -->","yoast_head_json":{"title":"Plastikm\u00fcll in den Meeren","description":"Plastikm\u00fcll in den Meeren ist ein wachsendes Problem, das in den letzten Jahren gro\u00dfe \u00f6ffentliche Aufmerksamkeit erregt hat.","robots":{"index":"index","follow":"follow","max-snippet":"max-snippet:-1","max-image-preview":"max-image-preview:large","max-video-preview":"max-video-preview:-1"},"canonical":"https:\/\/plasticseurope.org\/de\/nachhaltigkeit\/kreislaufwirtschaft\/abfallmanagement-und-abfallvermeidung\/plastikmuell-in-den-meeren\/","og_locale":"de_DE","og_type":"article","og_title":"Plastikm\u00fcll in den Meeren","og_description":"Plastikm\u00fcll in den Meeren ist ein wachsendes Problem, das in den letzten Jahren gro\u00dfe \u00f6ffentliche Aufmerksamkeit erregt hat.","og_url":"https:\/\/plasticseurope.org\/de\/nachhaltigkeit\/kreislaufwirtschaft\/abfallmanagement-und-abfallvermeidung\/plastikmuell-in-den-meeren\/","og_site_name":"Plastics Europe DE","article_modified_time":"2025-03-02T19:47:20+00:00","og_image":[{"width":1024,"height":576,"url":"https:\/\/plasticseurope.org\/de\/wp-content\/uploads\/sites\/3\/2023\/07\/gorodenkoff-16-1024x576.png","type":"image\/png"}],"twitter_card":"summary_large_image","twitter_title":"Plastikm\u00fcll in den Meeren","twitter_description":"Plastikm\u00fcll in den Meeren ist ein wachsendes Problem, das in den letzten Jahren gro\u00dfe \u00f6ffentliche Aufmerksamkeit erregt hat.","twitter_image":"https:\/\/plasticseurope.org\/de\/wp-content\/uploads\/sites\/3\/2023\/07\/gorodenkoff-16.png","twitter_misc":{"Gesch\u00e4tzte Lesezeit":"5 Minuten"},"schema":{"@context":"https:\/\/schema.org","@graph":[{"@type":"WebPage","@id":"https:\/\/plasticseurope.org\/de\/nachhaltigkeit\/kreislaufwirtschaft\/abfallmanagement-und-abfallvermeidung\/plastikmuell-in-den-meeren\/","url":"https:\/\/plasticseurope.org\/de\/nachhaltigkeit\/kreislaufwirtschaft\/abfallmanagement-und-abfallvermeidung\/plastikmuell-in-den-meeren\/","name":"Plastikm\u00fcll in den Meeren","isPartOf":{"@id":"https:\/\/plasticseurope.org\/de\/#website"},"datePublished":"2023-07-17T12:19:05+00:00","dateModified":"2025-03-02T19:47:20+00:00","description":"Plastikm\u00fcll in den Meeren ist ein wachsendes Problem, das in den letzten Jahren gro\u00dfe \u00f6ffentliche Aufmerksamkeit erregt hat.","breadcrumb":{"@id":"https:\/\/plasticseurope.org\/de\/nachhaltigkeit\/kreislaufwirtschaft\/abfallmanagement-und-abfallvermeidung\/plastikmuell-in-den-meeren\/#breadcrumb"},"inLanguage":"de-DE","potentialAction":[{"@type":"ReadAction","target":["https:\/\/plasticseurope.org\/de\/nachhaltigkeit\/kreislaufwirtschaft\/abfallmanagement-und-abfallvermeidung\/plastikmuell-in-den-meeren\/"]}]},{"@type":"BreadcrumbList","@id":"https:\/\/plasticseurope.org\/de\/nachhaltigkeit\/kreislaufwirtschaft\/abfallmanagement-und-abfallvermeidung\/plastikmuell-in-den-meeren\/#breadcrumb","itemListElement":[{"@type":"ListItem","position":1,"name":"Home","item":"https:\/\/plasticseurope.org\/de\/"},{"@type":"ListItem","position":2,"name":"Nachhaltigkeit","item":"https:\/\/plasticseurope.org\/de\/nachhaltigkeit\/"},{"@type":"ListItem","position":3,"name":"Kreislaufwirtschaft","item":"https:\/\/plasticseurope.org\/de\/nachhaltigkeit\/kreislaufwirtschaft\/"},{"@type":"ListItem","position":4,"name":"Abfallmanagement und Abfallvermeidung","item":"https:\/\/plasticseurope.org\/de\/nachhaltigkeit\/kreislaufwirtschaft\/abfallmanagement-und-abfallvermeidung\/"},{"@type":"ListItem","position":5,"name":"Plastikm\u00fcll in den Meeren"}]},{"@type":"WebSite","@id":"https:\/\/plasticseurope.org\/de\/#website","url":"https:\/\/plasticseurope.org\/de\/","name":"Plastics Europe DE","description":"Enabling a sustainable future","potentialAction":[{"@type":"SearchAction","target":{"@type":"EntryPoint","urlTemplate":"https:\/\/plasticseurope.org\/de\/?s={search_term_string}"},"query-input":"required name=search_term_string"}],"inLanguage":"de-DE"}]}},"_links":{"self":[{"href":"https:\/\/plasticseurope.org\/de\/wp-json\/wp\/v2\/pages\/3386","targetHints":{"allow":["GET"]}}],"collection":[{"href":"https:\/\/plasticseurope.org\/de\/wp-json\/wp\/v2\/pages"}],"about":[{"href":"https:\/\/plasticseurope.org\/de\/wp-json\/wp\/v2\/types\/page"}],"author":[{"embeddable":true,"href":"https:\/\/plasticseurope.org\/de\/wp-json\/wp\/v2\/users\/1"}],"replies":[{"embeddable":true,"href":"https:\/\/plasticseurope.org\/de\/wp-json\/wp\/v2\/comments?post=3386"}],"version-history":[{"count":0,"href":"https:\/\/plasticseurope.org\/de\/wp-json\/wp\/v2\/pages\/3386\/revisions"}],"up":[{"embeddable":true,"href":"https:\/\/plasticseurope.org\/de\/wp-json\/wp\/v2\/pages\/3363"}],"wp:featuredmedia":[{"embeddable":true,"href":"https:\/\/plasticseurope.org\/de\/wp-json\/wp\/v2\/media\/3443"}],"wp:attachment":[{"href":"https:\/\/plasticseurope.org\/de\/wp-json\/wp\/v2\/media?parent=3386"}],"curies":[{"name":"wp","href":"https:\/\/api.w.org\/{rel}","templated":true}]}}