{"id":12842,"date":"2025-11-06T13:46:20","date_gmt":"2025-11-06T13:46:20","guid":{"rendered":"https:\/\/plasticseurope.org\/de\/?page_id=12842"},"modified":"2025-11-06T13:49:50","modified_gmt":"2025-11-06T13:49:50","slug":"kunststoffe-im-rhein-warum-sind-beads-nicht-verboten","status":"publish","type":"page","link":"https:\/\/plasticseurope.org\/de\/nachhaltigkeit\/kreislaufwirtschaft\/abfallmanagement-und-abfallvermeidung\/vermeidung-von-pelletverlusten\/kunststoffe-im-rhein-warum-sind-beads-nicht-verboten\/","title":{"rendered":"Kunststoffe im Rhein \u2013 Warum sind \u201eBeads\u201c nicht verboten?"},"content":{"rendered":"\n<h2 class=\"wp-block-heading\">Hintergrundpapier: Kunststoffe im Rhein \u2013 Warum sind \u201eBeads\u201c nicht verboten?<\/h2>\n\n\n\n<p>In der EU gilt seit dem 17. Oktober 2023 eine REACH-Beschr\u00e4nkung f\u00fcr absichtlich zugesetztes Mikroplastik. \u201eMikrobeads\u201c als Schleifk\u00f6rper in Peelings oder Putzmitteln &nbsp;sind in der EU seitdem verboten. Solange die Freisetzung von Mikrobeads w\u00e4hrend der Nutzung ausgeschlossen werden kann, z.B. bei Nutzung in einem geschlossenen System oder durch die dauerhafte Integration ins Material, d\u00fcrfen Microbeads weiterverwendet werden. F\u00fcr einige Anwendungen, gibt es zudem l\u00e4ngere \u00dcbergangsfristen.<\/p>\n\n\n\n<div style=\"height:100px\" aria-hidden=\"true\" class=\"wp-block-spacer is-style-small\"><\/div>\n\n\n\n<h2 class=\"wp-block-heading\">Was sind Beads \u2013 und wof\u00fcr werden sie genutzt?<\/h2>\n\n\n\n<p>\u201eBeads\u201c sind <strong>perfekt runde Kunststoffk\u00fcgelchen<\/strong> (typisch 10\u20131000 \u00b5m), also mit weniger als 1 mm Durchmesser. Sie werden f\u00fcr bestimmte Anwendungen gezielt hergestellt und wurden in der Vergangenheit beispielsweise in Reinigungs- und Kosmetikprodukten, Pulverlacken, Schleifmitteln und Ionenaustauscher-Harzen in der Wasseraufbereitung eingesetzt. Ihre Nutzung erfolgt heute nur noch in geschlossenen Systemen, oder in gebundener Form, was Freisetzung bei sachgerechter Anwendung ausschlie\u00dft. Dennoch kann es durch fehlerhafte Handhabung oder durch Unf\u00e4lle vorkommen, dass Verluste bei Produktion, Lagerung, Transport, oder bei R\u00fccksp\u00fclvorg\u00e4ngen in Aufbereitungsanlagen auftreten.<\/p>\n\n\n\n<p>Um solchen Verlusten vorzubeugen, m\u00fcssen Unternehmen Risikoanalysen durchf\u00fchren und jedes Jahr melden, wie viele Beads bei solchen Vorg\u00e4ngen potentiell freigesetzt werden k\u00f6nnten. Diese Auflage ist f\u00fcr alle Hersteller von Beads ab 2026 verpflichtend. F\u00fcr nachgeschaltete industrielle Anwender, die mit Beads arbeiten, gilt diese Regelung ab 2027 (<a href=\"https:\/\/eur-lex.europa.eu\/legal-content\/DE\/TXT\/PDF\/?uri=CELEX:32023R2055\">Eintrag 78, Abs\u00e4tze 11 und 12, des Anhangs XVII der Verordnung (EG) Nr. 1907\/2006 (REACH), in der Fassung der Verordnung (EU) 2023\/2055 der Kommission<\/a>). Dar\u00fcber hinaus sind die Bestimmungen der <a href=\"https:\/\/eur-lex.europa.eu\/legal-content\/DE\/TXT\/HTML\/?uri=CELEX:52023PC0645\">neuen EU-Pellet-Loss-Regulation<\/a> einzuhalten.<\/p>\n\n\n\n<div style=\"height:100px\" aria-hidden=\"true\" class=\"wp-block-spacer is-style-small\"><\/div>\n\n\n\n<h2 class=\"wp-block-heading\">Was regelt die EU konkret?<\/h2>\n\n\n\n<p>Die <a href=\"https:\/\/eur-lex.europa.eu\/legal-content\/DE\/TXT\/PDF\/?uri=CELEX:32023R2055\">Verordnung (EU) 2023\/2055<\/a> verbietet, dass synthetische Kunststoff-Mikropartikel (prim\u00e4rer \u201eMikroplastik\u201c), entweder in reiner Form oder absichtlich als Bestandteil von Mischungen, auf den Markt gebracht werden. Insbesondere f\u00fcr sogenannte <em>Mikrobeads<\/em>, die zum Schrubben, Polieren oder Reinigen eingesetzt werden, gilt das Verbot ohne \u00dcbergangsfrist: Sie sind sofort untersagt.<\/p>\n\n\n\n<div style=\"height:100px\" aria-hidden=\"true\" class=\"wp-block-spacer is-style-small\"><\/div>\n\n\n\n<h2 class=\"wp-block-heading\">Warum sind Beads nicht komplett verboten?<\/h2>\n\n\n\n<p>F\u00fcr einige Nutzungen f\u00fcr Beads, f\u00fcr die es bislang keine Alternative gibt, wurden in der EU teilweise Ausnahmen und \u00dcbergangsfristen geschaffen. Die Nutzung ist hier unter strengen Auflagen weiterhin erlaubt:<\/p>\n\n\n\n<div style=\"height:16px\" aria-hidden=\"true\" class=\"wp-block-spacer is-style-small\"><\/div>\n\n\n\n<ul class=\"wp-block-list\">\n<li><strong>Nutzung in Lacken und Beschichtungen: <\/strong>Wenn die Kunststoffk\u00fcgelchen beim Gebrauch fest im Produkt eingebunden sind, etwa in einer Lack- oder Beschichtungsschicht, k\u00f6nnen sie einzeln nicht einfach freigesetzt werden. Solche Produkte sind ausgenommen, solange der Hersteller informiert, dass sie Mikroplastik enthalten.<\/li>\n<\/ul>\n\n\n\n<div style=\"height:16px\" aria-hidden=\"true\" class=\"wp-block-spacer is-style-small\"><\/div>\n\n\n\n<ul class=\"wp-block-list\">\n<li><strong>Einsatz in geschlossenem System: <\/strong>Beads, die innerhalb von Industrieanlagen verwendet werden, zum Beispiel in Wasseraufbereitungsanlagen oder als Rohstoff, sind nicht automatisch verboten. Die Idee dahinter: In geschlossenen Prozessen und bei sachgem\u00e4\u00dfer Nutzung verlassen keine Microbeads das geschlossene System und gelangen somit nicht in die Umwelt. Eine solche Nutzung ist mit beh\u00f6rdlichen Auflagen verbunden, wie bspw. Dokumentation der Nutzung und Entsorgung.<\/li>\n<\/ul>\n\n\n\n<div style=\"height:16px\" aria-hidden=\"true\" class=\"wp-block-spacer is-style-small\"><\/div>\n\n\n\n<ul class=\"wp-block-list\">\n<li><strong>Unverzichtbarer Einsatz in versorgungskritischen Bereichen oder Ausnahmen: <\/strong>Manche Anwendungen sind dauerhaft erlaubt, weil sie unter andere Gesetze fallen oder als unverzichtbar gelten. Dazu geh\u00f6ren z. B. medizinische Labortests (In-vitro-Diagnostika), Arzneimittel, CE-gekennzeichnete D\u00fcngemittel sowie Lebens- und Futtermittel.<\/li>\n<\/ul>\n\n\n\n<div style=\"height:16px\" aria-hidden=\"true\" class=\"wp-block-spacer is-style-medium\"><\/div>\n\n\n\n<h2 class=\"wp-block-heading\">Verbote &amp; \u00dcbergangsfristen \u2013 die wichtigsten Daten f\u00fcr \u201eBeads\u201c<\/h2>\n\n\n\n<p>Die EU-Verordnung (EU) 2023\/2055 legt f\u00fcr verschiedene Produkte mit absichtlich zugesetztem Mikroplastik, z.B. f\u00fcr Beads, gestaffelte \u00dcbergangsfristen fest. Wichtig: F\u00fcr alle anderen nicht gelisteten Verwendungen gilt das Verbot seit dem 17. Okt 2023, sofern keine Ausnahmen greifen.<\/p>\n\n\n\n<div style=\"height:100px\" aria-hidden=\"true\" class=\"wp-block-spacer is-style-small\"><\/div>\n\n\n\n<ul class=\"wp-block-list\">\n<li><strong>Mikrobeads<\/strong> (Schleifk\u00f6rper in Kosmetik, Make-up, Wachsen\/Polituren): sofort verboten (kein Aufschub).<\/li>\n\n\n\n<li><strong>Medizinprodukte (nicht IVD)<\/strong>: bis 17. Okt 2029; Beads darin sofort verboten. In-vitro-Diagnostika (IVD) sind dauerhaft ausgenommen.<\/li>\n\n\n\n<li><strong>Rinse-off-Kosmetika<\/strong> (ohne Beads): bis 17. Okt 2027; Beads darin sofort verboten<\/li>\n\n\n\n<li><strong>Nicht-CE-D\u00fcngemittel<\/strong>: bis 17. Okt 2028. CE-D\u00fcngemittel sind ausgenommen.<\/li>\n\n\n\n<li><strong>Sonstige Agrar-\/Garten-Anwendungen<\/strong>: bis 17. Okt 2028.<\/li>\n\n\n\n<li><strong>Detergenzien, Wachse, Polituren, Lufterfrischer<\/strong>: bis 17. Okt 2028; Beads darin sofort verboten; Duftkapseln bis 2029.<\/li>\n\n\n\n<li><strong>Duftkapseln (Fragrance encapsulation)<\/strong>: bis 17. Okt 2029; danach verboten.<\/li>\n\n\n\n<li><strong>Leave-on-Kosmetika<\/strong>: bis 17. Okt 2029<\/li>\n\n\n\n<li><strong>Make-up, Lippen-, Nagelprodukte<\/strong>: bis 17. Okt 2035; Kennzeichnungspflicht \u201eDieses Produkt enth\u00e4lt Mikroplastik\u201c ab 17. Okt 2031. Beads darin sofort verboten.<\/li>\n\n\n\n<li><strong>Pflanzenschutzmittel, behandelte Saatgutk\u00f6rner &amp; Biozide<\/strong>: bis 17. Okt 2031.<\/li>\n\n\n\n<li><strong>Granulat-Infill f\u00fcr Kunstrasen und Sportb\u00f6den<\/strong>: bis 17. Okt 2031.<\/li>\n<\/ul>\n\n\n\n<div style=\"height:100px\" aria-hidden=\"true\" class=\"wp-block-spacer\"><\/div>\n\n\n\n<h2 class=\"wp-block-heading\">Warum landen Beads im Rhein?<\/h2>\n\n\n\n<p>Die Ursachen k\u00f6nnen vielf\u00e4ltig sein und sind schwer nachzuverfolgen. Denkbar w\u00e4re der menschliche Faktor, wie etwa durch fehlerhafte Handhabung bei Produktion, Verarbeitung, Transport oder Recycling. Weiterhin k\u00f6nnen technische Defekte, wie bspw. Undichtigkeiten oder R\u00fccksp\u00fclverluste nicht komplett ausgeschlossen werden.<\/p>\n\n\n\n<div id=\"explore-block_567bb3509161c8c0da7500f4c73bb18d\" class=\"explore-further\">\n  <div class=\"flex flex-col bg-mist-900 rounded-md mt-8 md:mt-28 md:w-1\/2 md:mr-auto\">\n    <div class=\"flex-1 relative p-6 md:px-10 md:py-8\">\n      <div class=\"absolute top-0 left-0 p-5 inline-block transform -translate-x-1\/2 -translate-y-1\/2\">\n      <\/div>\n      \n\n<h3 class=\"wp-block-heading\">Weiterf\u00fchrende Links<\/h3>\n\n\n\n<p><a href=\"https:\/\/plasticseurope.org\/de\/2025\/08\/18\/forscher-finden-kunststoff-im-rhein\/\">Pressemitteilung: Forscher finden Mikroplastik im Rhein<\/a><\/p>\n\n\n\n<p><a href=\"https:\/\/plasticseurope.org\/de\/nachhaltigkeit\/kreislaufwirtschaft\/abfallmanagement-und-abfallvermeidung\/vermeidung-von-pelletverlusten\/mikroplastik-im-rhein-was-sind-die-erkenntnisse-der-lanuk-studie\/\">Mikroplastik im Rhein: Was sind die Erkenntnisse der LANUK-Studie?<\/a><\/p>\n\n\n\n<p><a href=\"https:\/\/plasticseurope.org\/de\/nachhaltigkeit\/kreislaufwirtschaft\/abfallmanagement-und-abfallvermeidung\/vermeidung-von-pelletverlusten\/faq-kunststoff-pellets-und-mikroplastik-in-gewaessern\/\">FAQ: Kunststoff-Pellets und Mikroplastik in Gew\u00e4ssern<\/a><\/p>\n\n\n\n<p><a href=\"https:\/\/plasticseurope.org\/de\/nachhaltigkeit\/kreislaufwirtschaft\/abfallmanagement-und-abfallvermeidung\/vermeidung-von-pelletverlusten\/kunststoffe-im-rhein-warum-sind-beads-nicht-verboten\/\">Hintergrundpapier: Warum sind &#8222;Beads&#8220; nicht verboten?<\/a><\/p>\n\n\n\n<p><a href=\"https:\/\/www.opcleansweep.eu\" target=\"_blank\" rel=\"noreferrer noopener\">Operation Clean Sweep\u00ae<\/a><\/p>\n\n\n    <\/div>\n  <\/div>\n<\/div>\n","protected":false},"excerpt":{"rendered":"<p>Hintergrundpapier: Kunststoffe im Rhein \u2013 Warum sind \u201eBeads\u201c nicht verboten? In der EU gilt seit dem 17. Oktober 2023 eine REACH-Beschr\u00e4nkung f\u00fcr absichtlich zugesetztes Mikroplastik. \u201eMikrobeads\u201c als Schleifk\u00f6rper in Peelings oder Putzmitteln &nbsp;sind in der EU seitdem verboten. Solange die Freisetzung von Mikrobeads w\u00e4hrend der Nutzung ausgeschlossen werden kann, z.B. bei Nutzung in einem geschlossenen [&hellip;]<\/p>\n","protected":false},"author":1,"featured_media":2885,"parent":3403,"menu_order":0,"comment_status":"closed","ping_status":"closed","template":"","meta":{"footnotes":""},"class_list":["post-12842","page","type-page","status-publish","has-post-thumbnail","hentry"],"acf":[],"yoast_head":"<!-- This site is optimized with the Yoast SEO plugin v21.6 - https:\/\/yoast.com\/wordpress\/plugins\/seo\/ -->\n<title>Kunststoffe im Rhein \u2013 Warum sind \u201eBeads\u201c nicht verboten?<\/title>\n<meta name=\"description\" content=\"In der EU gilt seit dem 17. Oktober 2023 eine REACH-Beschr\u00e4nkung f\u00fcr absichtlich zugesetztes Mikroplastik. Doch es gibt Ausnahmen und \u00dcbergansfristen.\" \/>\n<meta name=\"robots\" content=\"index, follow, max-snippet:-1, max-image-preview:large, max-video-preview:-1\" \/>\n<link rel=\"canonical\" href=\"https:\/\/plasticseurope.org\/de\/nachhaltigkeit\/kreislaufwirtschaft\/abfallmanagement-und-abfallvermeidung\/vermeidung-von-pelletverlusten\/kunststoffe-im-rhein-warum-sind-beads-nicht-verboten\/\" \/>\n<meta property=\"og:locale\" content=\"de_DE\" \/>\n<meta property=\"og:type\" content=\"article\" \/>\n<meta property=\"og:title\" content=\"Kunststoffe im Rhein \u2013 Warum sind \u201eBeads\u201c nicht verboten?\" \/>\n<meta property=\"og:description\" content=\"In der EU gilt seit dem 17. Oktober 2023 eine REACH-Beschr\u00e4nkung f\u00fcr absichtlich zugesetztes Mikroplastik. Doch es gibt Ausnahmen und \u00dcbergansfristen.\" \/>\n<meta property=\"og:url\" content=\"https:\/\/plasticseurope.org\/de\/nachhaltigkeit\/kreislaufwirtschaft\/abfallmanagement-und-abfallvermeidung\/vermeidung-von-pelletverlusten\/kunststoffe-im-rhein-warum-sind-beads-nicht-verboten\/\" \/>\n<meta property=\"og:site_name\" content=\"Plastics Europe DE\" \/>\n<meta property=\"article:modified_time\" content=\"2025-11-06T13:49:50+00:00\" \/>\n<meta property=\"og:image\" content=\"https:\/\/plasticseurope.org\/de\/wp-content\/uploads\/sites\/3\/2025\/08\/Forscher-finden-Kusntstoff-im-Rhein-1024x768.png\" \/>\n\t<meta property=\"og:image:width\" content=\"1024\" \/>\n\t<meta property=\"og:image:height\" content=\"768\" \/>\n\t<meta property=\"og:image:type\" content=\"image\/png\" \/>\n<meta name=\"twitter:card\" content=\"summary_large_image\" \/>\n<meta name=\"twitter:title\" content=\"Kunststoffe im Rhein \u2013 Warum sind \u201eBeads\u201c nicht verboten?\" \/>\n<meta name=\"twitter:description\" content=\"In der EU gilt seit dem 17. Oktober 2023 eine REACH-Beschr\u00e4nkung f\u00fcr absichtlich zugesetztes Mikroplastik. Doch es gibt Ausnahmen und \u00dcbergansfristen.\" \/>\n<meta name=\"twitter:image\" content=\"https:\/\/plasticseurope.org\/de\/wp-content\/uploads\/sites\/3\/2025\/08\/Forscher-finden-Kusntstoff-im-Rhein.png\" \/>\n<meta name=\"twitter:label1\" content=\"Gesch\u00e4tzte Lesezeit\" \/>\n\t<meta name=\"twitter:data1\" content=\"4 Minuten\" \/>\n<script type=\"application\/ld+json\" class=\"yoast-schema-graph\">{\"@context\":\"https:\/\/schema.org\",\"@graph\":[{\"@type\":\"WebPage\",\"@id\":\"https:\/\/plasticseurope.org\/de\/nachhaltigkeit\/kreislaufwirtschaft\/abfallmanagement-und-abfallvermeidung\/vermeidung-von-pelletverlusten\/kunststoffe-im-rhein-warum-sind-beads-nicht-verboten\/\",\"url\":\"https:\/\/plasticseurope.org\/de\/nachhaltigkeit\/kreislaufwirtschaft\/abfallmanagement-und-abfallvermeidung\/vermeidung-von-pelletverlusten\/kunststoffe-im-rhein-warum-sind-beads-nicht-verboten\/\",\"name\":\"Kunststoffe im Rhein \u2013 Warum sind \u201eBeads\u201c nicht verboten?\",\"isPartOf\":{\"@id\":\"https:\/\/plasticseurope.org\/de\/#website\"},\"datePublished\":\"2025-11-06T13:46:20+00:00\",\"dateModified\":\"2025-11-06T13:49:50+00:00\",\"description\":\"In der EU gilt seit dem 17. Oktober 2023 eine REACH-Beschr\u00e4nkung f\u00fcr absichtlich zugesetztes Mikroplastik. Doch es gibt Ausnahmen und \u00dcbergansfristen.\",\"breadcrumb\":{\"@id\":\"https:\/\/plasticseurope.org\/de\/nachhaltigkeit\/kreislaufwirtschaft\/abfallmanagement-und-abfallvermeidung\/vermeidung-von-pelletverlusten\/kunststoffe-im-rhein-warum-sind-beads-nicht-verboten\/#breadcrumb\"},\"inLanguage\":\"de-DE\",\"potentialAction\":[{\"@type\":\"ReadAction\",\"target\":[\"https:\/\/plasticseurope.org\/de\/nachhaltigkeit\/kreislaufwirtschaft\/abfallmanagement-und-abfallvermeidung\/vermeidung-von-pelletverlusten\/kunststoffe-im-rhein-warum-sind-beads-nicht-verboten\/\"]}]},{\"@type\":\"BreadcrumbList\",\"@id\":\"https:\/\/plasticseurope.org\/de\/nachhaltigkeit\/kreislaufwirtschaft\/abfallmanagement-und-abfallvermeidung\/vermeidung-von-pelletverlusten\/kunststoffe-im-rhein-warum-sind-beads-nicht-verboten\/#breadcrumb\",\"itemListElement\":[{\"@type\":\"ListItem\",\"position\":1,\"name\":\"Home\",\"item\":\"https:\/\/plasticseurope.org\/de\/\"},{\"@type\":\"ListItem\",\"position\":2,\"name\":\"Nachhaltigkeit\",\"item\":\"https:\/\/plasticseurope.org\/de\/nachhaltigkeit\/\"},{\"@type\":\"ListItem\",\"position\":3,\"name\":\"Kreislaufwirtschaft\",\"item\":\"https:\/\/plasticseurope.org\/de\/nachhaltigkeit\/kreislaufwirtschaft\/\"},{\"@type\":\"ListItem\",\"position\":4,\"name\":\"Abfallmanagement und Abfallvermeidung\",\"item\":\"https:\/\/plasticseurope.org\/de\/nachhaltigkeit\/kreislaufwirtschaft\/abfallmanagement-und-abfallvermeidung\/\"},{\"@type\":\"ListItem\",\"position\":5,\"name\":\"Vermeidung von Pelletverlusten\",\"item\":\"https:\/\/plasticseurope.org\/de\/nachhaltigkeit\/kreislaufwirtschaft\/abfallmanagement-und-abfallvermeidung\/vermeidung-von-pelletverlusten\/\"},{\"@type\":\"ListItem\",\"position\":6,\"name\":\"Kunststoffe im Rhein \u2013 Warum sind \u201eBeads\u201c nicht verboten?\"}]},{\"@type\":\"WebSite\",\"@id\":\"https:\/\/plasticseurope.org\/de\/#website\",\"url\":\"https:\/\/plasticseurope.org\/de\/\",\"name\":\"Plastics Europe DE\",\"description\":\"Enabling a sustainable future\",\"potentialAction\":[{\"@type\":\"SearchAction\",\"target\":{\"@type\":\"EntryPoint\",\"urlTemplate\":\"https:\/\/plasticseurope.org\/de\/?s={search_term_string}\"},\"query-input\":\"required name=search_term_string\"}],\"inLanguage\":\"de-DE\"}]}<\/script>\n<!-- \/ Yoast SEO plugin. -->","yoast_head_json":{"title":"Kunststoffe im Rhein \u2013 Warum sind \u201eBeads\u201c nicht verboten?","description":"In der EU gilt seit dem 17. Oktober 2023 eine REACH-Beschr\u00e4nkung f\u00fcr absichtlich zugesetztes Mikroplastik. Doch es gibt Ausnahmen und \u00dcbergansfristen.","robots":{"index":"index","follow":"follow","max-snippet":"max-snippet:-1","max-image-preview":"max-image-preview:large","max-video-preview":"max-video-preview:-1"},"canonical":"https:\/\/plasticseurope.org\/de\/nachhaltigkeit\/kreislaufwirtschaft\/abfallmanagement-und-abfallvermeidung\/vermeidung-von-pelletverlusten\/kunststoffe-im-rhein-warum-sind-beads-nicht-verboten\/","og_locale":"de_DE","og_type":"article","og_title":"Kunststoffe im Rhein \u2013 Warum sind \u201eBeads\u201c nicht verboten?","og_description":"In der EU gilt seit dem 17. Oktober 2023 eine REACH-Beschr\u00e4nkung f\u00fcr absichtlich zugesetztes Mikroplastik. Doch es gibt Ausnahmen und \u00dcbergansfristen.","og_url":"https:\/\/plasticseurope.org\/de\/nachhaltigkeit\/kreislaufwirtschaft\/abfallmanagement-und-abfallvermeidung\/vermeidung-von-pelletverlusten\/kunststoffe-im-rhein-warum-sind-beads-nicht-verboten\/","og_site_name":"Plastics Europe DE","article_modified_time":"2025-11-06T13:49:50+00:00","og_image":[{"width":1024,"height":768,"url":"https:\/\/plasticseurope.org\/de\/wp-content\/uploads\/sites\/3\/2025\/08\/Forscher-finden-Kusntstoff-im-Rhein-1024x768.png","type":"image\/png"}],"twitter_card":"summary_large_image","twitter_title":"Kunststoffe im Rhein \u2013 Warum sind \u201eBeads\u201c nicht verboten?","twitter_description":"In der EU gilt seit dem 17. Oktober 2023 eine REACH-Beschr\u00e4nkung f\u00fcr absichtlich zugesetztes Mikroplastik. Doch es gibt Ausnahmen und \u00dcbergansfristen.","twitter_image":"https:\/\/plasticseurope.org\/de\/wp-content\/uploads\/sites\/3\/2025\/08\/Forscher-finden-Kusntstoff-im-Rhein.png","twitter_misc":{"Gesch\u00e4tzte Lesezeit":"4 Minuten"},"schema":{"@context":"https:\/\/schema.org","@graph":[{"@type":"WebPage","@id":"https:\/\/plasticseurope.org\/de\/nachhaltigkeit\/kreislaufwirtschaft\/abfallmanagement-und-abfallvermeidung\/vermeidung-von-pelletverlusten\/kunststoffe-im-rhein-warum-sind-beads-nicht-verboten\/","url":"https:\/\/plasticseurope.org\/de\/nachhaltigkeit\/kreislaufwirtschaft\/abfallmanagement-und-abfallvermeidung\/vermeidung-von-pelletverlusten\/kunststoffe-im-rhein-warum-sind-beads-nicht-verboten\/","name":"Kunststoffe im Rhein \u2013 Warum sind \u201eBeads\u201c nicht verboten?","isPartOf":{"@id":"https:\/\/plasticseurope.org\/de\/#website"},"datePublished":"2025-11-06T13:46:20+00:00","dateModified":"2025-11-06T13:49:50+00:00","description":"In der EU gilt seit dem 17. Oktober 2023 eine REACH-Beschr\u00e4nkung f\u00fcr absichtlich zugesetztes Mikroplastik. Doch es gibt Ausnahmen und \u00dcbergansfristen.","breadcrumb":{"@id":"https:\/\/plasticseurope.org\/de\/nachhaltigkeit\/kreislaufwirtschaft\/abfallmanagement-und-abfallvermeidung\/vermeidung-von-pelletverlusten\/kunststoffe-im-rhein-warum-sind-beads-nicht-verboten\/#breadcrumb"},"inLanguage":"de-DE","potentialAction":[{"@type":"ReadAction","target":["https:\/\/plasticseurope.org\/de\/nachhaltigkeit\/kreislaufwirtschaft\/abfallmanagement-und-abfallvermeidung\/vermeidung-von-pelletverlusten\/kunststoffe-im-rhein-warum-sind-beads-nicht-verboten\/"]}]},{"@type":"BreadcrumbList","@id":"https:\/\/plasticseurope.org\/de\/nachhaltigkeit\/kreislaufwirtschaft\/abfallmanagement-und-abfallvermeidung\/vermeidung-von-pelletverlusten\/kunststoffe-im-rhein-warum-sind-beads-nicht-verboten\/#breadcrumb","itemListElement":[{"@type":"ListItem","position":1,"name":"Home","item":"https:\/\/plasticseurope.org\/de\/"},{"@type":"ListItem","position":2,"name":"Nachhaltigkeit","item":"https:\/\/plasticseurope.org\/de\/nachhaltigkeit\/"},{"@type":"ListItem","position":3,"name":"Kreislaufwirtschaft","item":"https:\/\/plasticseurope.org\/de\/nachhaltigkeit\/kreislaufwirtschaft\/"},{"@type":"ListItem","position":4,"name":"Abfallmanagement und Abfallvermeidung","item":"https:\/\/plasticseurope.org\/de\/nachhaltigkeit\/kreislaufwirtschaft\/abfallmanagement-und-abfallvermeidung\/"},{"@type":"ListItem","position":5,"name":"Vermeidung von Pelletverlusten","item":"https:\/\/plasticseurope.org\/de\/nachhaltigkeit\/kreislaufwirtschaft\/abfallmanagement-und-abfallvermeidung\/vermeidung-von-pelletverlusten\/"},{"@type":"ListItem","position":6,"name":"Kunststoffe im Rhein \u2013 Warum sind \u201eBeads\u201c nicht verboten?"}]},{"@type":"WebSite","@id":"https:\/\/plasticseurope.org\/de\/#website","url":"https:\/\/plasticseurope.org\/de\/","name":"Plastics Europe DE","description":"Enabling a sustainable future","potentialAction":[{"@type":"SearchAction","target":{"@type":"EntryPoint","urlTemplate":"https:\/\/plasticseurope.org\/de\/?s={search_term_string}"},"query-input":"required name=search_term_string"}],"inLanguage":"de-DE"}]}},"_links":{"self":[{"href":"https:\/\/plasticseurope.org\/de\/wp-json\/wp\/v2\/pages\/12842","targetHints":{"allow":["GET"]}}],"collection":[{"href":"https:\/\/plasticseurope.org\/de\/wp-json\/wp\/v2\/pages"}],"about":[{"href":"https:\/\/plasticseurope.org\/de\/wp-json\/wp\/v2\/types\/page"}],"author":[{"embeddable":true,"href":"https:\/\/plasticseurope.org\/de\/wp-json\/wp\/v2\/users\/1"}],"replies":[{"embeddable":true,"href":"https:\/\/plasticseurope.org\/de\/wp-json\/wp\/v2\/comments?post=12842"}],"version-history":[{"count":0,"href":"https:\/\/plasticseurope.org\/de\/wp-json\/wp\/v2\/pages\/12842\/revisions"}],"up":[{"embeddable":true,"href":"https:\/\/plasticseurope.org\/de\/wp-json\/wp\/v2\/pages\/3403"}],"wp:featuredmedia":[{"embeddable":true,"href":"https:\/\/plasticseurope.org\/de\/wp-json\/wp\/v2\/media\/2885"}],"wp:attachment":[{"href":"https:\/\/plasticseurope.org\/de\/wp-json\/wp\/v2\/media?parent=12842"}],"curies":[{"name":"wp","href":"https:\/\/api.w.org\/{rel}","templated":true}]}}